{"id":54318,"date":"2023-02-20T14:04:42","date_gmt":"2023-02-20T13:04:42","guid":{"rendered":"https:\/\/www.greenpeace.org\/sweden\/?page_id=54318"},"modified":"2026-04-08T10:00:04","modified_gmt":"2026-04-08T09:00:04","slug":"greenwashing","status":"publish","type":"page","link":"https:\/\/www.greenpeace.org\/sweden\/klimat\/greenwashing\/","title":{"rendered":"Greenwashing"},"content":{"rendered":"\n<div class=\"wp-block-group is-pattern-p4-deep-dive-topic-pattern-layout mb-0 is-layout-flow wp-block-group-is-layout-flow\">\n\n<div class=\"wp-block-group alignfull has-grey-100-background-color has-background is-layout-flow wp-block-group-is-layout-flow\" style=\"padding-top:56px;padding-bottom:56px\">\n<div class=\"wp-block-group container is-layout-flow wp-block-group-is-layout-flow\">\n<div class=\"wp-block-media-text alignfull has-media-on-the-right is-stacked-on-mobile is-pattern-p4-page-header is-style-parallax\"><div class=\"wp-block-media-text__content\">\n<div class=\"wp-block-group is-layout-flow wp-block-group-is-layout-flow\">\n<h1 class=\"wp-block-heading has-grey-100-background-color has-background\">Greenwashing &#8211; vad \u00e4r det?<\/h1>\n<\/div>\n\n\n\n<p style=\"font-size:1.25rem\">Greenwashing \u00e4r vilseledande eller olaglig marknadsf\u00f6ring. Det inneb\u00e4r att ett f\u00f6retag f\u00f6rs\u00f6ker skapa en bild av att vara milj\u00f6v\u00e4nliga genom att belysa enskilda milj\u00f6v\u00e4nliga insatser i sin marknadsf\u00f6ring.<\/p>\n\n\n\n<div class=\"wp-block-buttons is-layout-flex wp-block-buttons-is-layout-flex\"><\/div>\n<\/div><figure class=\"wp-block-media-text__media\"><img loading=\"lazy\" decoding=\"async\" width=\"800\" height=\"515\" src=\"https:\/\/www.greenpeace.org\/static\/planet4-sweden-stateless\/2023\/02\/77ff63a5-gp1sxk1c_web_size.jpg\" alt=\"Emma Thompson i aktion mot greenwashing med Greenpeace\" sizes=\"auto, (min-width: 601px) 50vw, 100vw\" srcset=\"https:\/\/www.greenpeace.org\/static\/planet4-sweden-stateless\/2023\/02\/77ff63a5-gp1sxk1c_web_size.jpg 800w, https:\/\/www.greenpeace.org\/static\/planet4-sweden-stateless\/2023\/02\/77ff63a5-gp1sxk1c_web_size-300x193.jpg 300w, https:\/\/www.greenpeace.org\/static\/planet4-sweden-stateless\/2023\/02\/77ff63a5-gp1sxk1c_web_size-768x494.jpg 768w, https:\/\/www.greenpeace.org\/static\/planet4-sweden-stateless\/2023\/02\/77ff63a5-gp1sxk1c_web_size-510x328.jpg 510w\" class=\"wp-image-54905 size-full\"\/><\/figure><\/div>\n<\/div>\n<\/div>\n\n\n\n\n<style>.wp-block-group.alignfull.has-background.is-layout-flow{padding:0!important;}<\/style>\n\n<div style=\"height:15px\" aria-hidden=\"true\" class=\"wp-block-spacer\"><\/div>\n\n<div class=\"wp-block-columns is-style-mobile-carousel secondary-menu is-layout-flex wp-container-core-columns-is-layout-9d6595d7 wp-block-columns-is-layout-flex\">\n<div class=\"wp-block-column is-layout-flow wp-block-column-is-layout-flow\" style=\"flex-basis:15%\"><\/div>\n\n\n\n<div class=\"wp-block-column brdr-bottom is-layout-flow wp-block-column-is-layout-flow\">\n<div class=\"wp-block-group is-style-reset-margin flex-wrap is-content-justification-center is-nowrap is-layout-flex wp-container-core-group-is-layout-499140ed wp-block-group-is-layout-flex\">\n<p class=\"has-text-align-center is-style-roboto-font-family nav-link\" style=\"font-size:16px\"><a href=\"#problemet\">Problemet<\/a><\/p>\n\n\n\n<div style=\"height:30px;width:0px\" aria-hidden=\"true\" class=\"wp-block-spacer wp-container-content-728072c3\"><\/div>\n\n\n\n<p>\u2022<\/p>\n\n\n\n<div style=\"height:30px;width:0px\" aria-hidden=\"true\" class=\"wp-block-spacer wp-container-content-728072c3\"><\/div>\n\n\n\n<p class=\"has-text-align-center is-style-roboto-font-family nav-link\" style=\"font-size:16px\"><a href=\"#vad-vi-gor\">Vad vi g\u00f6r<\/a><\/p>\n\n\n\n<div style=\"height:30px;width:0px\" aria-hidden=\"true\" class=\"wp-block-spacer wp-container-content-728072c3\"><\/div>\n\n\n\n<p>\u2022<\/p>\n\n\n\n<div style=\"height:30px;width:0px\" aria-hidden=\"true\" class=\"wp-block-spacer wp-container-content-728072c3\"><\/div>\n\n\n\n<p class=\"has-text-align-center is-style-roboto-font-family nav-link\" style=\"font-size:16px\"><a href=\"#vad-kan-du-gora\">Vad du kan g\u00f6ra<\/a><\/p>\n\n\n\n<div style=\"height:30px;width:0px\" aria-hidden=\"true\" class=\"wp-block-spacer wp-container-content-728072c3\"><\/div>\n\n\n\n<p>\u2022<\/p>\n\n\n\n<div style=\"height:30px;width:0px\" aria-hidden=\"true\" class=\"wp-block-spacer wp-container-content-728072c3\"><\/div>\n\n\n\n<p class=\"is-style-roboto-font-family nav-link\" style=\"font-size:16px\"><a href=\"#senaste-nytt\">Senaste nytt<\/a><\/p>\n\n\n\n<div style=\"height:30px;width:0px\" aria-hidden=\"true\" class=\"wp-block-spacer wp-container-content-728072c3\"><\/div>\n<\/div>\n<\/div>\n\n\n\n<div class=\"wp-block-column is-layout-flow wp-block-column-is-layout-flow\" style=\"flex-basis:15%\"><\/div>\n<\/div>\n\n\n\n<div style=\"height:64px\" aria-hidden=\"true\" class=\"wp-block-spacer\"><\/div>\n\n\n\n\n<div class=\"wp-block-media-text alignwide is-stacked-on-mobile\"><figure class=\"wp-block-media-text__media\"><img loading=\"lazy\" decoding=\"async\" width=\"800\" height=\"533\" src=\"https:\/\/www.greenpeace.org\/static\/planet4-sweden-stateless\/2023\/02\/ea7d57c0-gp1su043_web_size.jpg\" alt=\"Gustav Martner fr\u00e5n Greenpeace i aktion mot Preem's greenwashing.\" sizes=\"auto, (min-width: 1600px) calc((1320px - 24px) \/ 2),(min-width: 1200px) calc((1140px - 24px) \/ 2),(min-width: 992px) calc((960px - 24px) \/ 2),(min-width: 768px) calc((720px - 24px) \/ 2),(min-width: 601px) calc((540px - 24px) \/ 2),(min-width: 577px) calc((540px - 24px) \/ 1), calc(100vw - 24px)\" srcset=\"https:\/\/www.greenpeace.org\/static\/planet4-sweden-stateless\/2023\/02\/ea7d57c0-gp1su043_web_size.jpg 800w, https:\/\/www.greenpeace.org\/static\/planet4-sweden-stateless\/2023\/02\/ea7d57c0-gp1su043_web_size-300x200.jpg 300w, https:\/\/www.greenpeace.org\/static\/planet4-sweden-stateless\/2023\/02\/ea7d57c0-gp1su043_web_size-768x512.jpg 768w, https:\/\/www.greenpeace.org\/static\/planet4-sweden-stateless\/2023\/02\/ea7d57c0-gp1su043_web_size-510x340.jpg 510w\" class=\"wp-image-54913 size-full\"\/><\/figure><div class=\"wp-block-media-text__content\">\n<div style=\"height:30px\" aria-hidden=\"true\" id=\"problemet\" class=\"wp-block-spacer\"><\/div>\n\n\n\n<h2 class=\"wp-block-heading\">Vad \u00e4r problemet med greenwashing?<\/h2>\n\n\n\n<p>Greenpeace arbetar intensivt f\u00f6r att stoppa all greenwashing, bland annat genom att granska p\u00e5st\u00e5enden i reklam och (i de fall de \u00e4r felaktiga i milj\u00f6h\u00e4nseende) anm\u00e4la den till Reklamombudsmannen eller Konsumentverket I de fall f\u00f6retagen f\u00e4lls f\u00f6rs\u00f6ker vi sprida nyheten om detta s\u00e5 brett vi kan, s\u00e5 att det ska svida ordentligt f\u00f6r f\u00f6retagens anseende att f\u00e4llas. Vi arbetar ocks\u00e5 f\u00f6r lagf\u00f6rb\u00e4ttringar inom reklam- och marknadsf\u00f6ring . V\u00e5rt m\u00e5l \u00e4r bl a att all fossil reklam ska f\u00f6rbjudas och att straffen f\u00f6r greenwashing ska sk\u00e4rpas. Nyligen lyckades <a href=\"https:\/\/www.greenpeace.org\/sweden\/artiklar\/klimat\/stockholm-stad-infor-fossilreklamforbud-pa-reklamtavlor\/\">vi f\u00e5 Stockholms Stad att p\u00e5b\u00f6rja ett inf\u00f6rande av fossilreklamf\u00f6rbud<\/a>.<\/p>\n\n\n\n<div class=\"wp-block-buttons is-layout-flex wp-block-buttons-is-layout-flex\"><\/div>\n\n\n\n<div style=\"height:30px\" aria-hidden=\"true\" class=\"wp-block-spacer\"><\/div>\n<\/div><\/div>\n\n\n\n\n\n<div class=\"wp-block-media-text alignwide has-media-on-the-right is-stacked-on-mobile is-image-fill-element\"><div class=\"wp-block-media-text__content\">\n<div style=\"height:30px\" aria-hidden=\"true\" id=\"vad-vi-gor\" class=\"wp-block-spacer\"><\/div>\n\n\n\n<h2 class=\"wp-block-heading\">Vad vi g\u00f6r mot greenwashing<\/h2>\n\n\n\n<p>Greenpeace arbetar intensivt f\u00f6r att stoppa all greenwashing, bland annat genom att granska p\u00e5st\u00e5enden i reklam och (i de fall de \u00e4r felaktiga i milj\u00f6h\u00e4nseende) anm\u00e4la den till Reklamombudsmannen eller Konsumentverket I de fall f\u00f6retagen f\u00e4lls f\u00f6rs\u00f6ker vi sprida nyheten om detta s\u00e5 brett vi kan, s\u00e5 att det ska svida ordentligt f\u00f6r f\u00f6retagens anseende att f\u00e4llas. Vi arbetar ocks\u00e5 f\u00f6r lagf\u00f6rb\u00e4ttringar inom reklam- och marknadsf\u00f6ring . V\u00e5rt m\u00e5l \u00e4r bl a att all fossil reklam ska f\u00f6rbjudas och att straffen f\u00f6r greenwashing ska sk\u00e4rpas. Nyligen lyckades vi f\u00e5 Stockholms Stad att p\u00e5b\u00f6rja ett<a href=\"https:\/\/www.greenpeace.org\/sweden\/pressmeddelanden\/52997\/stockholm-stad-infor-fossilreklamforbud-pa-reklamtavlor\/\"> inf\u00f6rande av fossilreklamf\u00f6rbud<\/a>.<\/p>\n\n\n\n<p>Det \u00e4r lyckligtvis fler och fler som aktivt arbetar f\u00f6r att stoppa greenwashing. Flera europeiska st\u00e4der inf\u00f6r nu f\u00f6rbud mot klimatskadlig reklam, Youtube och Google har beslutat om nolltolerans n\u00e4r det g\u00e4ller desinformation om klimatkrisen och \u00e4ven reklambranschen har b\u00f6rjat diskutera hur de ska motverka greenwashing.<\/p>\n\n\n\n<p>Andra f\u00f6retag som vi granskat och lyckats f\u00e4lla f\u00f6r greenwashing \u00e4r <a href=\"https:\/\/www.greenpeace.org\/sweden\/nyheter\/46329\/greenpeace-granskade-bmw-falldes\/\">BMW<\/a>, Lufthansa och <a href=\"https:\/\/www.greenpeace.org\/sweden\/bakgrund\/50284\/klimatkompensation-ar-en-vilseledande-distraktion\/\">Arla<\/a>.<\/p>\n\n\n\n<div class=\"wp-block-buttons is-layout-flex wp-block-buttons-is-layout-flex\"><\/div>\n\n\n\n<div style=\"height:3px\" aria-hidden=\"true\" class=\"wp-block-spacer\"><\/div>\n<\/div><figure class=\"wp-block-media-text__media\"><img loading=\"lazy\" decoding=\"async\" width=\"800\" height=\"533\" src=\"https:\/\/www.greenpeace.org\/static\/planet4-sweden-stateless\/2023\/02\/a0c0887a-gp1sw2hs_web_size.jpg\" alt=\"\" sizes=\"auto, (min-width: 1600px) calc((1320px - 24px) \/ 2),(min-width: 1200px) calc((1140px - 24px) \/ 2),(min-width: 992px) calc((960px - 24px) \/ 2),(min-width: 768px) calc((720px - 24px) \/ 2),(min-width: 601px) calc((540px - 24px) \/ 2),(min-width: 577px) calc((540px - 24px) \/ 1), calc(100vw - 24px)\" srcset=\"https:\/\/www.greenpeace.org\/static\/planet4-sweden-stateless\/2023\/02\/a0c0887a-gp1sw2hs_web_size.jpg 800w, https:\/\/www.greenpeace.org\/static\/planet4-sweden-stateless\/2023\/02\/a0c0887a-gp1sw2hs_web_size-300x200.jpg 300w, https:\/\/www.greenpeace.org\/static\/planet4-sweden-stateless\/2023\/02\/a0c0887a-gp1sw2hs_web_size-768x512.jpg 768w, https:\/\/www.greenpeace.org\/static\/planet4-sweden-stateless\/2023\/02\/a0c0887a-gp1sw2hs_web_size-510x340.jpg 510w\" class=\"wp-image-54921 size-full\" style=\"object-position:46% 67%\"\/><\/figure><\/div>\n\n\n\n\n\n<div class=\"wp-block-media-text alignwide is-stacked-on-mobile is-image-fill-element\"><figure class=\"wp-block-media-text__media\"><img loading=\"lazy\" decoding=\"async\" width=\"800\" height=\"600\" src=\"https:\/\/www.greenpeace.org\/static\/planet4-sweden-stateless\/2023\/02\/2b6d9d0a-gp1su04v_web_size.jpg\" alt=\"\" sizes=\"auto, (min-width: 1600px) calc((1320px - 24px) \/ 2),(min-width: 1200px) calc((1140px - 24px) \/ 2),(min-width: 992px) calc((960px - 24px) \/ 2),(min-width: 768px) calc((720px - 24px) \/ 2),(min-width: 601px) calc((540px - 24px) \/ 2),(min-width: 577px) calc((540px - 24px) \/ 1), calc(100vw - 24px)\" srcset=\"https:\/\/www.greenpeace.org\/static\/planet4-sweden-stateless\/2023\/02\/2b6d9d0a-gp1su04v_web_size.jpg 800w, https:\/\/www.greenpeace.org\/static\/planet4-sweden-stateless\/2023\/02\/2b6d9d0a-gp1su04v_web_size-300x225.jpg 300w, https:\/\/www.greenpeace.org\/static\/planet4-sweden-stateless\/2023\/02\/2b6d9d0a-gp1su04v_web_size-768x576.jpg 768w, https:\/\/www.greenpeace.org\/static\/planet4-sweden-stateless\/2023\/02\/2b6d9d0a-gp1su04v_web_size-453x340.jpg 453w\" class=\"wp-image-55039 size-full\" style=\"object-position:55% 39%\"\/><\/figure><div class=\"wp-block-media-text__content\">\n<div style=\"height:30px\" aria-hidden=\"true\" class=\"wp-block-spacer\"><\/div>\n\n\n\n<h2 class=\"wp-block-heading\">Preems reklamkampanjer<\/h2>\n\n\n\n<p>En av de mest uppm\u00e4rksammade fallen av greenwashing i Sverige \u00e4r oljebolaget Preems reklamkampanjer. Med bilder p\u00e5 gr\u00f6na skogar, folkk\u00e4ra k\u00e4ndisar och prat om milj\u00f6- och klimatf\u00f6rdelar f\u00f6rs\u00f6ker Preem f\u00e5 sin utsl\u00e4ppstunga verksamhet att framst\u00e5 som n\u00e5got bra f\u00f6r planeten. Det \u00e4r l\u00e5ngt ifr\u00e5n sanningen. Under 2019 k\u00f6rde Preem en omfattande p\u00e5verkanskampanj med en redaktionell och informativ ton. Annonserna var utformade f\u00f6r att likna journalistiska artiklar och reportage, vilket gjorde det sv\u00e5rt att skilja reklamen fr\u00e5n redaktionellt inneh\u00e5ll. Kampanjen f\u00f6rs\u00f6kte p\u00e5 ett omfattande och systematiskt s\u00e4tt p\u00e5verka allm\u00e4nhet och beslutsfattare under den tillst\u00e5ndsprocess som p\u00e5gick kring Preems ans\u00f6kan om att f\u00e5 expandera sitt oljeraffinaderi i Lysekil. Projektet skulle \u00f6ka koldioxidutsl\u00e4ppen med 1 miljon ton och g\u00f6ra raffinaderiet till Sveriges enskilt st\u00f6rsta utsl\u00e4ppsk\u00e4lla och p\u00e5verka v\u00e5ra m\u00f6jligheter att leva upp till internationella klimat\u00e5taganden.<\/p>\n\n\n\n<p>P\u00e5 \u201c<a rel=\"noreferrer noopener\" href=\"https:\/\/preemwashing.se\/\" target=\"_blank\"><strong>preemwashing.se<\/strong><\/a>\u201d publicerade vi den fullst\u00e4ndiga granskningen, med detaljerade exempel p\u00e5 hur Preems olika reklamannonser bryter mot marknadsf\u00f6ringslagen, vilseleder och ger ett missvisande intryck av att Preems verksamhet \u00e4r h\u00e5llbar och bra f\u00f6r klimatet. P\u00e5 sajten finns \u00e4ven en redog\u00f6relse f\u00f6r den <a rel=\"noreferrer noopener\" href=\"https:\/\/preemwashing.se\/vad-kan-du-gora\/\" target=\"_blank\"><strong>etablerade metod<\/strong><\/a> som anv\u00e4nts f\u00f6r att identifiera Preems greenwashing, samt den <a rel=\"noreferrer noopener\" href=\"https:\/\/preemwashing.se\/var-anmalan\/\" target=\"_blank\"><strong>anm\u00e4lan som Greenpeace skickat till Konsumentverket<\/strong><\/a>. V\u00e5r granskning ledde till att Konsumentverket inledde ett tillsyns\u00e4rende mot Preem. S\u00e5 sm\u00e5ningom drog Preem tillbaka sin ans\u00f6kan f\u00f6r att bygga ut sitt raffinaderi &#8211; att vi avsl\u00f6jade deras greenwashing var f\u00f6rsta steget f\u00f6r att lyckas stoppa deras planer.<\/p>\n\n\n\n<div class=\"wp-block-columns is-layout-flex wp-container-core-columns-is-layout-9d6595d7 wp-block-columns-is-layout-flex\">\n<div class=\"wp-block-column is-content-justification-left is-layout-constrained wp-container-core-column-is-layout-8c890d92 wp-block-column-is-layout-constrained\" style=\"flex-basis:50%\">\n<div class=\"wp-block-buttons mx-2 is-content-justification-left is-layout-flex wp-container-core-buttons-is-layout-fdcfc74e wp-block-buttons-is-layout-flex\">\n<div class=\"wp-block-button is-style-secondary\"><a class=\"wp-block-button__link wp-element-button\" href=\"https:\/\/preemwashing.se\/\" target=\"_blank\" rel=\"noreferrer noopener\">G\u00e5 in p\u00e5 preemwashing.se<\/a><\/div>\n<\/div>\n<\/div>\n<\/div>\n\n\n\n<div style=\"height:3px\" aria-hidden=\"true\" class=\"wp-block-spacer\"><\/div>\n<\/div><\/div>\n\n\n\n\n<div class=\"wp-block-columns my-0 py-0 is-layout-flex wp-container-core-columns-is-layout-9d6595d7 wp-block-columns-is-layout-flex\">\n<div class=\"wp-block-column is-layout-flow wp-block-column-is-layout-flow\" style=\"flex-basis:49%\">\n<div style=\"height:40px\" aria-hidden=\"true\" class=\"wp-block-spacer\"><\/div>\n\n\n\n<h3 class=\"wp-block-heading\">Mer om greenwashing: Om hur Preem struntar i Konsumentverket.<\/h3>\n\n\n\n<p>Sedan Greenpeace sl\u00e4ppte unders\u00f6kningen om Preems massiva och vilseledande p\u00e5verkanskampanj har tusentals svenskar engagerat sig i namnunderskrifter och protester mot greenwashingen och uppmanar Konsumentverket att agera. Nu visar det sig att Konsumentverket kritiserade Preem redan 2012 och att Preem d\u00e5 lovade att vara f\u00f6rsiktigare med sin milj\u00f6argumentation. Ett l\u00f6fte som bevisligen inte v\u00e4rt n\u00e5nting nu n\u00e4r Preem \u00e4r sugna p\u00e5 att bygga ut. Nu undrar vi: Vad g\u00f6r Konsumentverket n\u00e4r f\u00f6retag struntar i sina l\u00f6ften?<\/p>\n\n\n\n<div style=\"height:10px\" aria-hidden=\"true\" class=\"wp-block-spacer\"><\/div>\n<\/div>\n\n\n\n<div class=\"wp-block-column is-layout-flow wp-block-column-is-layout-flow\" style=\"flex-basis:51%\">\n<figure class=\"wp-block-embed is-type-video is-provider-youtube wp-block-embed-youtube wp-embed-aspect-16-9 wp-has-aspect-ratio\"><div class=\"wp-block-embed__wrapper\">\n<iframe loading=\"lazy\" title=\"Mer om greenwashing: Om hur Preem struntar i Konsumentverket.\" width=\"500\" height=\"281\" src=\"https:\/\/www.youtube.com\/embed\/_wqsE14x97Q?feature=oembed\" frameborder=\"0\" allow=\"accelerometer; autoplay; clipboard-write; encrypted-media; gyroscope; picture-in-picture; web-share\" referrerpolicy=\"strict-origin-when-cross-origin\" allowfullscreen><\/iframe>\n<\/div><\/figure>\n<\/div>\n<\/div>\n\n\n\n<div class=\"wp-block-columns my-0 py-0 is-layout-flex wp-container-core-columns-is-layout-9d6595d7 wp-block-columns-is-layout-flex\">\n<div class=\"wp-block-column is-layout-flow wp-block-column-is-layout-flow\" style=\"flex-basis:51%\">\n<figure class=\"wp-block-embed is-type-video is-provider-youtube wp-block-embed-youtube wp-embed-aspect-16-9 wp-has-aspect-ratio\"><div class=\"wp-block-embed__wrapper\">\n<iframe loading=\"lazy\" title=\"Gustav ber\u00e4ttar om ett fossilt reklamf\u00f6rbud och civil olydnad\" width=\"500\" height=\"281\" src=\"https:\/\/www.youtube.com\/embed\/rVu8RBijAt4?feature=oembed\" frameborder=\"0\" allow=\"accelerometer; autoplay; clipboard-write; encrypted-media; gyroscope; picture-in-picture; web-share\" referrerpolicy=\"strict-origin-when-cross-origin\" allowfullscreen><\/iframe>\n<\/div><\/figure>\n<\/div>\n\n\n\n<div class=\"wp-block-column is-layout-flow wp-block-column-is-layout-flow\" style=\"flex-basis:49%\">\n<div style=\"height:40px\" aria-hidden=\"true\" class=\"wp-block-spacer\"><\/div>\n\n\n\n<h3 class=\"wp-block-heading my-0 py-0\">Gustav ber\u00e4ttar om ett fossilt reklamf\u00f6rbud och civil olydnad<\/h3>\n\n\n\n<p>Kampanjen f\u00f6r ett fossilreklamf\u00f6rbud arbetar f\u00f6r ett f\u00f6rbud p\u00e5 EU-niv\u00e5, genom ett europeiskt medborgarinitiativ. H\u00f6r aktivisten Gustav Martner ber\u00e4tta om kampanjen, om fredliga aktioner och civil olydnad. N\u00e5got som Greenpeace anv\u00e4nt \u00e4ven i den h\u00e4r kampanjen.<\/p>\n\n\n\n<div style=\"height:50px\" aria-hidden=\"true\" class=\"wp-block-spacer\"><\/div>\n<\/div>\n<\/div>\n\n\n\n<div class=\"wp-block-columns my-0 py-0 is-layout-flex wp-container-core-columns-is-layout-9d6595d7 wp-block-columns-is-layout-flex\">\n<div class=\"wp-block-column is-layout-flow wp-block-column-is-layout-flow\" style=\"flex-basis:49%\">\n<div style=\"height:40px\" aria-hidden=\"true\" class=\"wp-block-spacer\"><\/div>\n\n\n\n<h3 class=\"wp-block-heading\">Kapten R\u00f6d l\u00e4ser sagan om bj\u00f6rnen Boel och fossilreklamen<\/h3>\n\n\n\n<p>Hur kommer det sig att f\u00f6retagen som sl\u00e4pper ut mest koldioxid \u00e4r mest f\u00f6rtjusta i att visa sn\u00f6 och is i sina annonser? Det undrar isbj\u00f6rnen Boel vars nyfikenhet leder till f\u00e5ngenskap, d\u00f6da skogar och event marketing. Sagan om bj\u00f6rnen Boel och fossilreklamen \u00e4r ber\u00e4ttad av Bj\u00f6rn Nilsson, a k a Kapten R\u00f6d, musiken \u00e4r av Hofm\u00e4starn och illustrationerna av Mikel Nilsson. Civil olydnad av Greenpeace.<\/p>\n\n\n\n<div style=\"height:10px\" aria-hidden=\"true\" class=\"wp-block-spacer\"><\/div>\n<\/div>\n\n\n\n<div class=\"wp-block-column is-layout-flow wp-block-column-is-layout-flow\" style=\"flex-basis:51%\">\n<figure class=\"wp-block-embed is-type-video is-provider-youtube wp-block-embed-youtube wp-embed-aspect-16-9 wp-has-aspect-ratio\"><div class=\"wp-block-embed__wrapper\">\n<iframe loading=\"lazy\" title=\"\ud83d\udc3b\u200d\u2744\ufe0f KAPTEN R\u00d6D L\u00c4SER SAGAN OM BJ\u00d6RNEN BOEL OCH FOSSILREKLAMEN\ud83d\udd25\u26fd\ufe0f\" width=\"500\" height=\"281\" src=\"https:\/\/www.youtube.com\/embed\/-Iyea3xCBF8?feature=oembed\" frameborder=\"0\" allow=\"accelerometer; autoplay; clipboard-write; encrypted-media; gyroscope; picture-in-picture; web-share\" referrerpolicy=\"strict-origin-when-cross-origin\" allowfullscreen><\/iframe>\n<\/div><\/figure>\n<\/div>\n<\/div>\n\n\n\n<div style=\"height:30px\" aria-hidden=\"true\" id=\"vad-kan-du-gora\" class=\"wp-block-spacer\"><\/div>\n\n\n\n<div class=\"wp-block-query mb-0 actions-list p4-query-loop is-custom-layout-carousel is-layout-flex wp-block-query-is-layout-flex\">\n<h2 class=\"wp-block-heading\">Vad kan du g\u00f6ra f\u00f6r att stoppa f\u00f6retagens greenwashing<\/h2>\n\n\n\n<p style=\"margin-top: 24px; margin-bottom: 32px;\">Det kan vara sv\u00e5rt som konsument att genomsk\u00e5da greenwashing. Men h\u00e4r \u00e4r n\u00e5gra tecken p\u00e5 att det du ser \u00e4r greenwashing:<br><br>1. Det \u00e4r m\u00e5nga fina ord och p\u00e5st\u00e5enden om gr\u00f6na satsningar, men konkret information och k\u00e4llh\u00e4nvisningar saknas.<br>2. De gr\u00f6na satsningarna beskrivs som omfattande men information om hur mycket utsl\u00e4pp som totalt minskas saknas.<br>3. Som regel visas snygga, v\u00e4lproducerade bilder som ska lura in dig i f\u00f6rest\u00e4llningen att f\u00f6retaget \u00e4r gr\u00f6nt och h\u00e5llbart utan n\u00e5gon dokumentation av konkreta handlingar finns, t ex kanske det p\u00e5st\u00e5s att ett flyg \u00e4r \u201cgr\u00f6nt\u201d.<br>4. Reklamen handlar inte om minskade utsl\u00e4pp h\u00e4r och nu, utan pratar om en framtidsvision, t ex att utsl\u00e4ppen ska ner till 2030 eller 2050. Mycket s\u00e4llan \u00e4r dessa l\u00f6ften bindande eller ger n\u00e5gra konsekvenser f\u00f6r f\u00f6retaget om de inte uppn\u00e5s.<br><br>Du kan vara med och bek\u00e4mpa greenwashing p\u00e5 flera s\u00e4tt. Ett s\u00e4tt \u00e4r naturligtvis att undvika att k\u00f6pa produkter eller tj\u00e4nster fr\u00e5n f\u00f6retag som bedriver greenwashing. Men du kan ocks\u00e5 hj\u00e4lpa oss och sprida ordet. Ladda ner v\u00e5r rapport <a href=u0022https:\/\/www.greenpeace.org\/static\/planet4-sweden-stateless\/2022\/10\/31e479f0-fossiladban_rapport.pdfu0022>h\u00e4r<\/a> och dela med v\u00e4nner och familj s\u00e5 fler blir medvetna om greenwashing och dess konsekvenser. Du kan \u00e4ven hj\u00e4lpa oss i kampen mot greenwashing och f\u00f6r ett f\u00f6rbud mot all fossil reklam genom att st\u00f6tta oss med ett valfritt bidrag varje m\u00e5nad <a href=u0022https:\/\/www.greenpeace.org\/static\/planet4-sweden-stateless\/2022\/10\/31e479f0-fossiladban_rapport.pdfu0022>h\u00e4r<\/a>. Pengarna g\u00e5r t ex till att bekosta experter som kan granska p\u00e5st\u00e5enden i reklam och anm\u00e4la de som \u00e4r felaktiga.<br><br><strong>Tillsammans kan vi g\u00f6ra skillnad i kampen f\u00f6r en h\u00e5llbar framtid f\u00f6r planeten.<\/strong><br><\/p>\n\n\n\n\n<ul class=\"wp-block-post-template is-layout-flow wp-block-post-template-is-layout-flow\"><li class=\"wp-block-post post-65601 page type-page status-publish has-post-thumbnail hentry category-klimat tag-fossilreklamforbud\">\n<figure class=\"wp-block-post-featured-image\"><img loading=\"lazy\" decoding=\"async\" width=\"1200\" height=\"600\" src=\"https:\/\/www.greenpeace.org\/static\/planet4-sweden-stateless\/2026\/02\/6f1de971-oilympics-1200-x-600-px-1.png\" class=\"attachment-post-thumbnail size-post-thumbnail wp-post-image wp-stateless-item\" alt=\"\" style=\"object-fit:cover;\" srcset=\"https:\/\/www.greenpeace.org\/static\/planet4-sweden-stateless\/2026\/02\/6f1de971-oilympics-1200-x-600-px-1.png 1200w, https:\/\/www.greenpeace.org\/static\/planet4-sweden-stateless\/2026\/02\/6f1de971-oilympics-1200-x-600-px-1-300x150.png 300w, https:\/\/www.greenpeace.org\/static\/planet4-sweden-stateless\/2026\/02\/6f1de971-oilympics-1200-x-600-px-1-1024x512.png 1024w, https:\/\/www.greenpeace.org\/static\/planet4-sweden-stateless\/2026\/02\/6f1de971-oilympics-1200-x-600-px-1-768x384.png 768w, https:\/\/www.greenpeace.org\/static\/planet4-sweden-stateless\/2026\/02\/6f1de971-oilympics-1200-x-600-px-1-510x255.png 510w\" sizes=\"auto, (max-width: 1200px) 100vw, 1200px\" data-image-size=\"post-thumbnail\" data-stateless-media-bucket=\"planet4-sweden-stateless\" data-stateless-media-name=\"2026\/02\/6f1de971-oilympics-1200-x-600-px-1.png\" \/><\/figure>\n\n\n                <div class=\"wp-block-group group-stretched-link is-layout-flow wp-block-group-is-layout-flow\"><div class=\"wp-block-post-terms\">Klimat<\/div>\n                <h3 class=\"wp-block-post-title\"><a href=\"https:\/\/www.greenpeace.org\/sweden\/agera\/stoppa-fossilreklam-i-vinter-os-skriv-under-vart-upprop\/\" target=\"_self\" >Stoppa fossilreklam i vinter-OS \u2013 Skriv under v\u00e5rt upprop<\/a><\/h3>\n                <div class=\"wp-block-post-excerpt\"><p class=\"wp-block-post-excerpt__excerpt\">Klimatkrisen hotar vintersportens framtid. Samtidigt sponsrar oljebolaget Eni vinter-OS 2026. Skriv under Greenpeace kampanj f\u00f6r ett fossilfritt OS! <\/p><\/div><\/div>\n                \n\n\n<div class=\"wp-block-group read-more-nav is-layout-flow wp-block-group-is-layout-flow\"><a href=\"https:\/\/www.greenpeace.org\/sweden\/agera\/stoppa-fossilreklam-i-vinter-os-skriv-under-vart-upprop\/\" class=\"btn btn-primary btn-small\" aria-label=\"Engagera dig\">Engagera dig<\/a><\/div>\n\n<\/li><li class=\"wp-block-post post-63432 page type-page status-publish has-post-thumbnail hentry category-greenpeace tag-stod-oss\">\n<figure class=\"wp-block-post-featured-image\"><img loading=\"lazy\" decoding=\"async\" width=\"2560\" height=\"1440\" src=\"https:\/\/www.greenpeace.org\/static\/planet4-sweden-stateless\/2025\/06\/e5f5ca64-img_7527-scaled.jpg\" class=\"attachment-post-thumbnail size-post-thumbnail wp-post-image wp-stateless-item\" alt=\"\" style=\"object-fit:cover;\" srcset=\"https:\/\/www.greenpeace.org\/static\/planet4-sweden-stateless\/2025\/06\/e5f5ca64-img_7527-scaled.jpg 2560w, https:\/\/www.greenpeace.org\/static\/planet4-sweden-stateless\/2025\/06\/e5f5ca64-img_7527-300x169.jpg 300w, https:\/\/www.greenpeace.org\/static\/planet4-sweden-stateless\/2025\/06\/e5f5ca64-img_7527-1024x576.jpg 1024w, https:\/\/www.greenpeace.org\/static\/planet4-sweden-stateless\/2025\/06\/e5f5ca64-img_7527-768x432.jpg 768w, https:\/\/www.greenpeace.org\/static\/planet4-sweden-stateless\/2025\/06\/e5f5ca64-img_7527-1536x864.jpg 1536w, https:\/\/www.greenpeace.org\/static\/planet4-sweden-stateless\/2025\/06\/e5f5ca64-img_7527-2048x1152.jpg 2048w, https:\/\/www.greenpeace.org\/static\/planet4-sweden-stateless\/2025\/06\/e5f5ca64-img_7527-510x287.jpg 510w\" sizes=\"auto, (max-width: 2560px) 100vw, 2560px\" data-image-size=\"post-thumbnail\" data-stateless-media-bucket=\"planet4-sweden-stateless\" data-stateless-media-name=\"2025\/06\/e5f5ca64-img_7527-scaled.jpg\" \/><\/figure>\n\n\n                <div class=\"wp-block-group group-stretched-link is-layout-flow wp-block-group-is-layout-flow\"><div class=\"wp-block-post-terms\">Greenpeace<\/div>\n                <h3 class=\"wp-block-post-title\"><a href=\"https:\/\/www.greenpeace.org\/sweden\/agera\/stora-gavor\/\" target=\"_self\" >Stora g\u00e5vor &amp; filantropi &#8211; partnerskap f\u00f6r planeten<\/a><\/h3>\n                <div class=\"wp-block-post-excerpt\"><p class=\"wp-block-post-excerpt__excerpt\">Greenpeace \u00e4r en oberoende milj\u00f6organisation som arbetar globalt f\u00f6r att skydda v\u00e5r planet. Vi tar inte emot pengar fr\u00e5n stater eller f\u00f6retag, d\u00e4rf\u00f6r \u00e4r st\u00f6d fr\u00e5n privatpersoner och stiftelser avg\u00f6rande f\u00f6r v\u00e5rt arbete. <\/p><\/div><\/div>\n                \n\n\n<div class=\"wp-block-group read-more-nav is-layout-flow wp-block-group-is-layout-flow\"><a href=\"https:\/\/www.greenpeace.org\/sweden\/agera\/stora-gavor\/\" class=\"btn btn-primary btn-small\" aria-label=\"Engagera dig\">Engagera dig<\/a><\/div>\n\n<\/li><li class=\"wp-block-post post-61522 page type-page status-publish has-post-thumbnail hentry category-greenpeace tag-stod-oss tag-aktivism\">\n<figure class=\"wp-block-post-featured-image\"><img loading=\"lazy\" decoding=\"async\" width=\"800\" height=\"533\" src=\"https:\/\/www.greenpeace.org\/static\/planet4-sweden-stateless\/2024\/10\/70f8003d-1699447749698_gp0stv8zywebsize.jpg\" class=\"attachment-post-thumbnail size-post-thumbnail wp-post-image wp-stateless-item\" alt=\"Two more Greenpeace climbers board the Shell oil platform that is being transported to an oilfield north of the Shetland Islands.\" style=\"object-fit:cover;\" srcset=\"https:\/\/www.greenpeace.org\/static\/planet4-sweden-stateless\/2024\/10\/70f8003d-1699447749698_gp0stv8zywebsize.jpg 800w, https:\/\/www.greenpeace.org\/static\/planet4-sweden-stateless\/2024\/10\/70f8003d-1699447749698_gp0stv8zywebsize-300x200.jpg 300w, https:\/\/www.greenpeace.org\/static\/planet4-sweden-stateless\/2024\/10\/70f8003d-1699447749698_gp0stv8zywebsize-768x512.jpg 768w, https:\/\/www.greenpeace.org\/static\/planet4-sweden-stateless\/2024\/10\/70f8003d-1699447749698_gp0stv8zywebsize-510x340.jpg 510w\" sizes=\"auto, (max-width: 800px) 100vw, 800px\" data-image-size=\"post-thumbnail\" data-stateless-media-bucket=\"planet4-sweden-stateless\" data-stateless-media-name=\"2024\/10\/70f8003d-1699447749698_gp0stv8zywebsize.jpg\" \/><\/figure>\n\n\n                <div class=\"wp-block-group group-stretched-link is-layout-flow wp-block-group-is-layout-flow\"><div class=\"wp-block-post-terms\">Greenpeace<\/div>\n                <h3 class=\"wp-block-post-title\"><a href=\"https:\/\/www.greenpeace.org\/sweden\/agera\/sta-upp-med-oss-mot-oljejattarna\/\" target=\"_self\" >St\u00e5 upp med oss mot oljej\u00e4ttarna!<\/a><\/h3>\n                <div class=\"wp-block-post-excerpt\"><p class=\"wp-block-post-excerpt__excerpt\">Vi beh\u00f6ver din hj\u00e4lp! St\u00e5 upp med oss och swisha ditt st\u00f6d. <\/p><\/div><\/div>\n                \n\n\n<div class=\"wp-block-group read-more-nav is-layout-flow wp-block-group-is-layout-flow\"><a href=\"https:\/\/www.greenpeace.org\/sweden\/agera\/sta-upp-med-oss-mot-oljejattarna\/\" class=\"btn btn-primary btn-small\" aria-label=\"Engagera dig\">Engagera dig<\/a><\/div>\n\n<\/li><li class=\"wp-block-post post-58840 page type-page status-publish has-post-thumbnail hentry category-greenpeace category-hav tag-stod-oss\">\n<figure class=\"wp-block-post-featured-image\"><img loading=\"lazy\" decoding=\"async\" width=\"1080\" height=\"1080\" src=\"https:\/\/www.greenpeace.org\/static\/planet4-sweden-stateless\/2024\/01\/1d71725c-1-plastkampen.png\" class=\"attachment-post-thumbnail size-post-thumbnail wp-post-image wp-stateless-item\" alt=\"\" style=\"object-fit:cover;\" srcset=\"https:\/\/www.greenpeace.org\/static\/planet4-sweden-stateless\/2024\/01\/1d71725c-1-plastkampen.png 1080w, https:\/\/www.greenpeace.org\/static\/planet4-sweden-stateless\/2024\/01\/1d71725c-1-plastkampen-300x300.png 300w, https:\/\/www.greenpeace.org\/static\/planet4-sweden-stateless\/2024\/01\/1d71725c-1-plastkampen-1024x1024.png 1024w, https:\/\/www.greenpeace.org\/static\/planet4-sweden-stateless\/2024\/01\/1d71725c-1-plastkampen-150x150.png 150w, https:\/\/www.greenpeace.org\/static\/planet4-sweden-stateless\/2024\/01\/1d71725c-1-plastkampen-768x768.png 768w, https:\/\/www.greenpeace.org\/static\/planet4-sweden-stateless\/2024\/01\/1d71725c-1-plastkampen-340x340.png 340w\" sizes=\"auto, (max-width: 1080px) 100vw, 1080px\" data-image-size=\"post-thumbnail\" data-stateless-media-bucket=\"planet4-sweden-stateless\" data-stateless-media-name=\"2024\/01\/1d71725c-1-plastkampen.png\" \/><\/figure>\n\n\n                <div class=\"wp-block-group group-stretched-link is-layout-flow wp-block-group-is-layout-flow\"><div class=\"wp-block-post-terms\">Greenpeace<\/div>\n                <h3 class=\"wp-block-post-title\"><a href=\"https:\/\/www.greenpeace.org\/sweden\/agera\/ga-med-i-plastkampen\/\" target=\"_self\" >Stoppa plastkrisen!<\/a><\/h3>\n                <div class=\"wp-block-post-excerpt\"><p class=\"wp-block-post-excerpt__excerpt\">V\u00e5r bl\u00e5 planet drunknar i plast. Men nu har vi en historisk chans att stoppa plastkrisen vid k\u00e4llan. En chans att kr\u00e4va ett starkt global plastavtal som stoppar katastrofen. St\u00f6tta Greenpeace arbete f\u00f6r v\u00e4rldens hav &#8211; ge ett bidrag till Plastkampen idag :blue_heart: <\/p><\/div><\/div>\n                \n\n\n<div class=\"wp-block-group read-more-nav is-layout-flow wp-block-group-is-layout-flow\"><a href=\"https:\/\/www.greenpeace.org\/sweden\/agera\/ga-med-i-plastkampen\/\" class=\"btn btn-primary btn-small\" aria-label=\"Engagera dig\">Engagera dig<\/a><\/div>\n\n<\/li><li class=\"wp-block-post post-57122 page type-page status-publish has-post-thumbnail hentry category-greenpeace tag-stod-oss\">\n<figure class=\"wp-block-post-featured-image\"><img loading=\"lazy\" decoding=\"async\" width=\"800\" height=\"565\" src=\"https:\/\/www.greenpeace.org\/static\/planet4-sweden-stateless\/2023\/02\/dae254b1-gp1sw4h4_web_size.jpg\" class=\"attachment-post-thumbnail size-post-thumbnail wp-post-image wp-stateless-item\" alt=\"\" style=\"object-fit:cover;\" srcset=\"https:\/\/www.greenpeace.org\/static\/planet4-sweden-stateless\/2023\/02\/dae254b1-gp1sw4h4_web_size.jpg 800w, https:\/\/www.greenpeace.org\/static\/planet4-sweden-stateless\/2023\/02\/dae254b1-gp1sw4h4_web_size-300x212.jpg 300w, https:\/\/www.greenpeace.org\/static\/planet4-sweden-stateless\/2023\/02\/dae254b1-gp1sw4h4_web_size-768x542.jpg 768w, https:\/\/www.greenpeace.org\/static\/planet4-sweden-stateless\/2023\/02\/dae254b1-gp1sw4h4_web_size-481x340.jpg 481w\" sizes=\"auto, (max-width: 800px) 100vw, 800px\" data-image-size=\"post-thumbnail\" data-stateless-media-bucket=\"planet4-sweden-stateless\" data-stateless-media-name=\"2023\/02\/dae254b1-gp1sw4h4_web_size.jpg\" \/><\/figure>\n\n\n                <div class=\"wp-block-group group-stretched-link is-layout-flow wp-block-group-is-layout-flow\"><div class=\"wp-block-post-terms\">Greenpeace<\/div>\n                <h3 class=\"wp-block-post-title\"><a href=\"https:\/\/www.greenpeace.org\/sweden\/agera\/starta-din-egen-insamling\/\" target=\"_self\" >Starta din egen insamling<\/a><\/h3>\n                <div class=\"wp-block-post-excerpt\"><p class=\"wp-block-post-excerpt__excerpt\"> <\/p><\/div><\/div>\n                \n\n\n<div class=\"wp-block-group read-more-nav is-layout-flow wp-block-group-is-layout-flow\"><a href=\"https:\/\/www.greenpeace.org\/sweden\/agera\/starta-din-egen-insamling\/\" class=\"btn btn-primary btn-small\" aria-label=\"Engagera dig\">Engagera dig<\/a><\/div>\n\n<\/li><li class=\"wp-block-post post-57118 page type-page status-publish has-post-thumbnail hentry category-greenpeace tag-stod-oss\">\n<figure class=\"wp-block-post-featured-image\"><img loading=\"lazy\" decoding=\"async\" width=\"2168\" height=\"1216\" src=\"https:\/\/www.greenpeace.org\/static\/planet4-sweden-stateless\/2025\/05\/87d19db1-uggla-memorial-e1747648868499.jpg\" class=\"attachment-post-thumbnail size-post-thumbnail wp-post-image wp-stateless-item\" alt=\"\" style=\"object-fit:cover;\" srcset=\"https:\/\/www.greenpeace.org\/static\/planet4-sweden-stateless\/2025\/05\/87d19db1-uggla-memorial-e1747648868499.jpg 2168w, https:\/\/www.greenpeace.org\/static\/planet4-sweden-stateless\/2025\/05\/87d19db1-uggla-memorial-e1747648868499-300x168.jpg 300w, https:\/\/www.greenpeace.org\/static\/planet4-sweden-stateless\/2025\/05\/87d19db1-uggla-memorial-e1747648868499-1024x574.jpg 1024w, https:\/\/www.greenpeace.org\/static\/planet4-sweden-stateless\/2025\/05\/87d19db1-uggla-memorial-e1747648868499-768x431.jpg 768w, https:\/\/www.greenpeace.org\/static\/planet4-sweden-stateless\/2025\/05\/87d19db1-uggla-memorial-e1747648868499-1536x862.jpg 1536w, https:\/\/www.greenpeace.org\/static\/planet4-sweden-stateless\/2025\/05\/87d19db1-uggla-memorial-e1747648868499-2048x1149.jpg 2048w, https:\/\/www.greenpeace.org\/static\/planet4-sweden-stateless\/2025\/05\/87d19db1-uggla-memorial-e1747648868499-510x286.jpg 510w\" sizes=\"auto, (max-width: 2168px) 100vw, 2168px\" data-image-size=\"post-thumbnail\" data-stateless-media-bucket=\"planet4-sweden-stateless\" data-stateless-media-name=\"2025\/05\/87d19db1-uggla-memorial-e1747648868499.jpg\" \/><\/figure>\n\n\n                <div class=\"wp-block-group group-stretched-link is-layout-flow wp-block-group-is-layout-flow\"><div class=\"wp-block-post-terms\">Greenpeace<\/div>\n                <h3 class=\"wp-block-post-title\"><a href=\"https:\/\/www.greenpeace.org\/sweden\/agera\/ge-en-minnesgava\/\" target=\"_self\" >Ge en minnesg\u00e5va<\/a><\/h3>\n                <div class=\"wp-block-post-excerpt\"><p class=\"wp-block-post-excerpt__excerpt\">Bevara milj\u00f6n med en minnesg\u00e5va. Hedra minnet av n\u00e5gon som betytt mycket f\u00f6r dig. Att sk\u00e4nka en minnesg\u00e5va \u00e4r en hyllning till b\u00e5de den bortg\u00e5ngne och till v\u00e5r vackra men s\u00e5rbara planet. N\u00e4r du ger en minnesg\u00e5va f\u00e5r du ett fint minnesblad att l\u00e4mna vid begravningen. <\/p><\/div><\/div>\n                \n\n\n<div class=\"wp-block-group read-more-nav is-layout-flow wp-block-group-is-layout-flow\"><a href=\"https:\/\/www.greenpeace.org\/sweden\/agera\/ge-en-minnesgava\/\" class=\"btn btn-primary btn-small\" aria-label=\"Engagera dig\">Engagera dig<\/a><\/div>\n\n<\/li><li class=\"wp-block-post post-57114 page type-page status-publish has-post-thumbnail hentry category-greenpeace tag-stod-oss\">\n<figure class=\"wp-block-post-featured-image\"><img loading=\"lazy\" decoding=\"async\" width=\"1080\" height=\"720\" src=\"https:\/\/www.greenpeace.org\/static\/planet4-sweden-stateless\/2025\/05\/07f1ab43-1739182288707_tealflushotinstagrampost2-e1747836197212.png\" class=\"attachment-post-thumbnail size-post-thumbnail wp-post-image wp-stateless-item\" alt=\"\" style=\"object-fit:cover;\" srcset=\"https:\/\/www.greenpeace.org\/static\/planet4-sweden-stateless\/2025\/05\/07f1ab43-1739182288707_tealflushotinstagrampost2-e1747836197212.png 1080w, https:\/\/www.greenpeace.org\/static\/planet4-sweden-stateless\/2025\/05\/07f1ab43-1739182288707_tealflushotinstagrampost2-e1747836197212-300x200.png 300w, https:\/\/www.greenpeace.org\/static\/planet4-sweden-stateless\/2025\/05\/07f1ab43-1739182288707_tealflushotinstagrampost2-e1747836197212-1024x683.png 1024w, https:\/\/www.greenpeace.org\/static\/planet4-sweden-stateless\/2025\/05\/07f1ab43-1739182288707_tealflushotinstagrampost2-e1747836197212-768x512.png 768w, https:\/\/www.greenpeace.org\/static\/planet4-sweden-stateless\/2025\/05\/07f1ab43-1739182288707_tealflushotinstagrampost2-e1747836197212-510x340.png 510w\" sizes=\"auto, (max-width: 1080px) 100vw, 1080px\" data-image-size=\"post-thumbnail\" data-stateless-media-bucket=\"planet4-sweden-stateless\" data-stateless-media-name=\"2025\/05\/07f1ab43-1739182288707_tealflushotinstagrampost2-e1747836197212.png\" \/><\/figure>\n\n\n                <div class=\"wp-block-group group-stretched-link is-layout-flow wp-block-group-is-layout-flow\"><div class=\"wp-block-post-terms\">Greenpeace<\/div>\n                <h3 class=\"wp-block-post-title\"><a href=\"https:\/\/www.greenpeace.org\/sweden\/agera\/ge-en-gratulationsgava\/\" target=\"_self\" >Ge en gratulationsg\u00e5va<\/a><\/h3>\n                <div class=\"wp-block-post-excerpt\"><p class=\"wp-block-post-excerpt__excerpt\">Ge en g\u00e5va som g\u00f6r skillnad. Ge bort ett fint g\u00e5vobevis fr\u00e5n Greenpeace till n\u00e5gon du tycker om s\u00e5 st\u00f6ttar du samtidigt arbetet f\u00f6r att skydda v\u00e5r vackra, men s\u00e5rbara planet. <\/p><\/div><\/div>\n                \n\n\n<div class=\"wp-block-group read-more-nav is-layout-flow wp-block-group-is-layout-flow\"><a href=\"https:\/\/www.greenpeace.org\/sweden\/agera\/ge-en-gratulationsgava\/\" class=\"btn btn-primary btn-small\" aria-label=\"Engagera dig\">Engagera dig<\/a><\/div>\n\n<\/li><li class=\"wp-block-post post-57111 page type-page status-publish has-post-thumbnail hentry category-greenpeace tag-stod-oss\">\n<figure class=\"wp-block-post-featured-image\"><img loading=\"lazy\" decoding=\"async\" width=\"1200\" height=\"580\" src=\"https:\/\/www.greenpeace.org\/static\/planet4-sweden-stateless\/2025\/05\/116c87e8-hands.jpg\" class=\"attachment-post-thumbnail size-post-thumbnail wp-post-image wp-stateless-item\" alt=\"\" style=\"object-fit:cover;\" srcset=\"https:\/\/www.greenpeace.org\/static\/planet4-sweden-stateless\/2025\/05\/116c87e8-hands.jpg 1200w, https:\/\/www.greenpeace.org\/static\/planet4-sweden-stateless\/2025\/05\/116c87e8-hands-300x145.jpg 300w, https:\/\/www.greenpeace.org\/static\/planet4-sweden-stateless\/2025\/05\/116c87e8-hands-1024x495.jpg 1024w, https:\/\/www.greenpeace.org\/static\/planet4-sweden-stateless\/2025\/05\/116c87e8-hands-768x371.jpg 768w, https:\/\/www.greenpeace.org\/static\/planet4-sweden-stateless\/2025\/05\/116c87e8-hands-510x247.jpg 510w\" sizes=\"auto, (max-width: 1200px) 100vw, 1200px\" data-image-size=\"post-thumbnail\" data-stateless-media-bucket=\"planet4-sweden-stateless\" data-stateless-media-name=\"2025\/05\/116c87e8-hands.jpg\" \/><\/figure>\n\n\n                <div class=\"wp-block-group group-stretched-link is-layout-flow wp-block-group-is-layout-flow\"><div class=\"wp-block-post-terms\">Greenpeace<\/div>\n                <h3 class=\"wp-block-post-title\"><a href=\"https:\/\/www.greenpeace.org\/sweden\/agera\/bli-manadsgivare\/\" target=\"_self\" >Bli m\u00e5nadsgivare<\/a><\/h3>\n                <div class=\"wp-block-post-excerpt\"><p class=\"wp-block-post-excerpt__excerpt\">Att bli m\u00e5nadsgivare \u00e4r det mest effektiva s\u00e4ttet att bidra till Greenpeace, d\u00e5 st\u00f6det fr\u00e5n v\u00e5ra m\u00e5nadsgivare g\u00f6r det m\u00f6jligt f\u00f6r oss att planera l\u00e5ngsiktigt kampanjarbete som \u00e4r avg\u00f6rande f\u00f6r att kunna vinna livsviktiga segrar f\u00f6r milj\u00f6n. <\/p><\/div><\/div>\n                \n\n\n<div class=\"wp-block-group read-more-nav is-layout-flow wp-block-group-is-layout-flow\"><a href=\"https:\/\/www.greenpeace.org\/sweden\/agera\/bli-manadsgivare\/\" class=\"btn btn-primary btn-small\" aria-label=\"Engagera dig\">Engagera dig<\/a><\/div>\n\n<\/li><li class=\"wp-block-post post-4033 page type-page status-publish has-post-thumbnail hentry category-greenpeace tag-stod-oss tag-aktivism\">\n<figure class=\"wp-block-post-featured-image\"><img loading=\"lazy\" decoding=\"async\" width=\"800\" height=\"533\" src=\"https:\/\/www.greenpeace.org\/static\/planet4-sweden-stateless\/2020\/06\/5fef18fc-gp0sttv2q_web_size.jpg\" class=\"attachment-post-thumbnail size-post-thumbnail wp-post-image wp-stateless-item\" alt=\"\" style=\"object-fit:cover;\" srcset=\"https:\/\/www.greenpeace.org\/static\/planet4-sweden-stateless\/2020\/06\/5fef18fc-gp0sttv2q_web_size.jpg 800w, https:\/\/www.greenpeace.org\/static\/planet4-sweden-stateless\/2020\/06\/5fef18fc-gp0sttv2q_web_size-300x200.jpg 300w, https:\/\/www.greenpeace.org\/static\/planet4-sweden-stateless\/2020\/06\/5fef18fc-gp0sttv2q_web_size-768x512.jpg 768w, https:\/\/www.greenpeace.org\/static\/planet4-sweden-stateless\/2020\/06\/5fef18fc-gp0sttv2q_web_size-510x340.jpg 510w\" sizes=\"auto, (max-width: 800px) 100vw, 800px\" data-image-size=\"post-thumbnail\" data-stateless-media-bucket=\"planet4-sweden-stateless\" data-stateless-media-name=\"2020\/06\/5fef18fc-gp0sttv2q_web_size.jpg\" \/><\/figure>\n\n\n                <div class=\"wp-block-group group-stretched-link is-layout-flow wp-block-group-is-layout-flow\"><div class=\"wp-block-post-terms\">Greenpeace<\/div>\n                <h3 class=\"wp-block-post-title\"><a href=\"https:\/\/www.greenpeace.org\/sweden\/agera\/testamente\/\" target=\"_self\" >Testamentera en g\u00e5va till Greenpeace<\/a><\/h3>\n                <div class=\"wp-block-post-excerpt\"><p class=\"wp-block-post-excerpt__excerpt\">Genom att inkludera Greenpeace i ditt testamente kan du vara med och s\u00e4kerst\u00e4lla att kampen f\u00f6r en frisk planet kan forts\u00e4tta \u00e4ven i framtiden. <\/p><\/div><\/div>\n                \n\n\n<div class=\"wp-block-group read-more-nav is-layout-flow wp-block-group-is-layout-flow\"><a href=\"https:\/\/www.greenpeace.org\/sweden\/agera\/testamente\/\" class=\"btn btn-primary btn-small\" aria-label=\"Engagera dig\">Engagera dig<\/a><\/div>\n\n<\/li><li class=\"wp-block-post post-2083 page type-page status-publish has-post-thumbnail hentry category-greenpeace tag-stod-oss\">\n<figure class=\"wp-block-post-featured-image\"><img loading=\"lazy\" decoding=\"async\" width=\"2400\" height=\"1600\" src=\"https:\/\/www.greenpeace.org\/static\/planet4-sweden-stateless\/2019\/02\/243193ac-hallifornia_gp_jana_eriksson-4413.jpg\" class=\"attachment-post-thumbnail size-post-thumbnail wp-post-image wp-stateless-item\" alt=\"\" style=\"object-fit:cover;\" srcset=\"https:\/\/www.greenpeace.org\/static\/planet4-sweden-stateless\/2019\/02\/243193ac-hallifornia_gp_jana_eriksson-4413.jpg 2400w, https:\/\/www.greenpeace.org\/static\/planet4-sweden-stateless\/2019\/02\/243193ac-hallifornia_gp_jana_eriksson-4413-300x200.jpg 300w, https:\/\/www.greenpeace.org\/static\/planet4-sweden-stateless\/2019\/02\/243193ac-hallifornia_gp_jana_eriksson-4413-768x512.jpg 768w, https:\/\/www.greenpeace.org\/static\/planet4-sweden-stateless\/2019\/02\/243193ac-hallifornia_gp_jana_eriksson-4413-1024x683.jpg 1024w, https:\/\/www.greenpeace.org\/static\/planet4-sweden-stateless\/2019\/02\/243193ac-hallifornia_gp_jana_eriksson-4413-2048x1366.jpg 2048w, https:\/\/www.greenpeace.org\/static\/planet4-sweden-stateless\/2019\/02\/243193ac-hallifornia_gp_jana_eriksson-4413-510x340.jpg 510w\" sizes=\"auto, (max-width: 2400px) 100vw, 2400px\" data-image-size=\"post-thumbnail\" data-stateless-media-bucket=\"planet4-sweden-stateless\" data-stateless-media-name=\"2019\/02\/243193ac-hallifornia_gp_jana_eriksson-4413.jpg\" \/><\/figure>\n\n\n                <div class=\"wp-block-group group-stretched-link is-layout-flow wp-block-group-is-layout-flow\"><div class=\"wp-block-post-terms\">Greenpeace<\/div>\n                <h3 class=\"wp-block-post-title\"><a href=\"https:\/\/www.greenpeace.org\/sweden\/agera\/jobba-for-greenpeace\/\" target=\"_self\" >Jobba f\u00f6r Greenpeace<\/a><\/h3>\n                <div class=\"wp-block-post-excerpt\"><p class=\"wp-block-post-excerpt__excerpt\">Vill du ocks\u00e5 jobba med att g\u00f6ra skillnad f\u00f6r klimat och milj\u00f6? Bes\u00f6k v\u00e5r jobbportal d\u00e4r lediga tj\u00e4nster publiceras. <\/p><\/div><\/div>\n                \n\n\n<div class=\"wp-block-group read-more-nav is-layout-flow wp-block-group-is-layout-flow\"><a href=\"https:\/\/www.greenpeace.org\/sweden\/agera\/jobba-for-greenpeace\/\" class=\"btn btn-primary btn-small\" aria-label=\"Engagera dig\">Engagera dig<\/a><\/div>\n\n<\/li><li class=\"wp-block-post post-55641 page type-page status-publish has-post-thumbnail hentry category-klimat tag-falskmarknadsforing tag-fossilenergi\">\n<figure class=\"wp-block-post-featured-image\"><img loading=\"lazy\" decoding=\"async\" width=\"1642\" height=\"571\" src=\"https:\/\/www.greenpeace.org\/static\/planet4-sweden-stateless\/2023\/03\/6fd88c72-fb-event-graphics.png\" class=\"attachment-post-thumbnail size-post-thumbnail wp-post-image wp-stateless-item\" alt=\"En omgjorde nummerlapp f\u00f6r deltagande i Vasaloppet f\u00f6r att uppm\u00e4rksamma om Preems greenwashing. Startlappen har siffrorna 419 PPM (halten av koldioxid uppm\u00e4tt under januari m\u00e5nad 2023) och under st\u00e5r orden &quot;Preem ljuger&quot;\" style=\"object-fit:cover;\" srcset=\"https:\/\/www.greenpeace.org\/static\/planet4-sweden-stateless\/2023\/03\/6fd88c72-fb-event-graphics.png 1642w, https:\/\/www.greenpeace.org\/static\/planet4-sweden-stateless\/2023\/03\/6fd88c72-fb-event-graphics-300x104.png 300w, https:\/\/www.greenpeace.org\/static\/planet4-sweden-stateless\/2023\/03\/6fd88c72-fb-event-graphics-1024x356.png 1024w, https:\/\/www.greenpeace.org\/static\/planet4-sweden-stateless\/2023\/03\/6fd88c72-fb-event-graphics-768x267.png 768w, https:\/\/www.greenpeace.org\/static\/planet4-sweden-stateless\/2023\/03\/6fd88c72-fb-event-graphics-1536x534.png 1536w, https:\/\/www.greenpeace.org\/static\/planet4-sweden-stateless\/2023\/03\/6fd88c72-fb-event-graphics-510x177.png 510w\" sizes=\"auto, (max-width: 1642px) 100vw, 1642px\" data-image-size=\"post-thumbnail\" data-stateless-media-bucket=\"planet4-sweden-stateless\" data-stateless-media-name=\"2023\/03\/6fd88c72-fb-event-graphics.png\" \/><\/figure>\n\n\n                <div class=\"wp-block-group group-stretched-link is-layout-flow wp-block-group-is-layout-flow\"><div class=\"wp-block-post-terms\">Klimat<\/div>\n                <h3 class=\"wp-block-post-title\"><a href=\"https:\/\/www.greenpeace.org\/sweden\/agera\/stoppa-preem-radda-vasaloppet\/\" target=\"_self\" >Stoppa Preem, r\u00e4dda Vasaloppet!<\/a><\/h3>\n                <div class=\"wp-block-post-excerpt\"><p class=\"wp-block-post-excerpt__excerpt\">Hj\u00e4lp oss kasta ut dom som sm\u00e4lter sn\u00f6n fr\u00e5n Vasaloppet. Preem, Sveriges n\u00e4st st\u00f6rsta utsl\u00e4ppare, till\u00e5ts anv\u00e4nda v\u00e5rt folkk\u00e4ra Vasalopp f\u00f6r greenwashing och sprida l\u00f6gner om att de skulle bidra till att r\u00e4dda klimatet. Sanningen \u00e4r att deras produkter i allra h\u00f6gsta grad bidrar till den globala uppv\u00e4rmning som direkt hotar Vasaloppets \u00f6verlevnad. St\u00e5 upp&hellip; <\/p><\/div><\/div>\n                \n\n\n<div class=\"wp-block-group read-more-nav is-layout-flow wp-block-group-is-layout-flow\"><a href=\"https:\/\/www.greenpeace.org\/sweden\/agera\/stoppa-preem-radda-vasaloppet\/\" class=\"btn btn-primary btn-small\" aria-label=\"Engagera dig\">Engagera dig<\/a><\/div>\n\n<\/li><li class=\"wp-block-post post-52992 page type-page status-publish has-post-thumbnail hentry category-energi category-klimat tag-bioenergi tag-falskmarknadsforing tag-hallbarenergi tag-globaluppvarmning tag-svenskpolitik\">\n<figure class=\"wp-block-post-featured-image\"><img loading=\"lazy\" decoding=\"async\" width=\"800\" height=\"533\" src=\"https:\/\/www.greenpeace.org\/static\/planet4-sweden-stateless\/2022\/11\/15514195-gp1sy3eu_web_size.jpg\" class=\"attachment-post-thumbnail size-post-thumbnail wp-post-image wp-stateless-item\" alt=\"\" style=\"object-fit:cover;\" srcset=\"https:\/\/www.greenpeace.org\/static\/planet4-sweden-stateless\/2022\/11\/15514195-gp1sy3eu_web_size.jpg 800w, https:\/\/www.greenpeace.org\/static\/planet4-sweden-stateless\/2022\/11\/15514195-gp1sy3eu_web_size-300x200.jpg 300w, https:\/\/www.greenpeace.org\/static\/planet4-sweden-stateless\/2022\/11\/15514195-gp1sy3eu_web_size-768x512.jpg 768w, https:\/\/www.greenpeace.org\/static\/planet4-sweden-stateless\/2022\/11\/15514195-gp1sy3eu_web_size-510x340.jpg 510w\" sizes=\"auto, (max-width: 800px) 100vw, 800px\" data-image-size=\"post-thumbnail\" data-stateless-media-bucket=\"planet4-sweden-stateless\" data-stateless-media-name=\"2022\/11\/15514195-gp1sy3eu_web_size.jpg\" \/><\/figure>\n\n\n                <div class=\"wp-block-group group-stretched-link is-layout-flow wp-block-group-is-layout-flow\"><div class=\"wp-block-post-terms\">Energi<\/div>\n                <h3 class=\"wp-block-post-title\"><a href=\"https:\/\/www.greenpeace.org\/sweden\/agera\/stoppa-biobranslebluffen\/\" target=\"_self\" >Skriv under f\u00f6r att syna biobr\u00e4nslebluffen<\/a><\/h3>\n                <div class=\"wp-block-post-excerpt\"><p class=\"wp-block-post-excerpt__excerpt\">P\u00e5 pappret ser det ut som att Sverige stadigt minskat utsl\u00e4ppen sedan 1990, men det \u00e4r en bluff. Vi har bara bytt ut v\u00e5ra fossila utsl\u00e4pp till biogena \u2013 var med och syna den falska klimatl\u00f6sningen! <\/p><\/div><\/div>\n                \n\n\n<div class=\"wp-block-group read-more-nav is-layout-flow wp-block-group-is-layout-flow\"><a href=\"https:\/\/www.greenpeace.org\/sweden\/agera\/stoppa-biobranslebluffen\/\" class=\"btn btn-primary btn-small\" aria-label=\"Engagera dig\">Engagera dig<\/a><\/div>\n\n<\/li><li class=\"wp-block-post post-30 page type-page status-publish has-post-thumbnail hentry category-greenpeace tag-stod-oss tag-omgreenpeace\">\n<figure class=\"wp-block-post-featured-image\"><img loading=\"lazy\" decoding=\"async\" width=\"1200\" height=\"803\" src=\"https:\/\/www.greenpeace.org\/static\/planet4-sweden-stateless\/2025\/05\/87a738a4-gp034ks_medium-res-1200px.jpg\" class=\"attachment-post-thumbnail size-post-thumbnail wp-post-image wp-stateless-item\" alt=\"\" style=\"object-fit:cover;\" srcset=\"https:\/\/www.greenpeace.org\/static\/planet4-sweden-stateless\/2025\/05\/87a738a4-gp034ks_medium-res-1200px.jpg 1200w, https:\/\/www.greenpeace.org\/static\/planet4-sweden-stateless\/2025\/05\/87a738a4-gp034ks_medium-res-1200px-300x201.jpg 300w, https:\/\/www.greenpeace.org\/static\/planet4-sweden-stateless\/2025\/05\/87a738a4-gp034ks_medium-res-1200px-1024x685.jpg 1024w, https:\/\/www.greenpeace.org\/static\/planet4-sweden-stateless\/2025\/05\/87a738a4-gp034ks_medium-res-1200px-768x514.jpg 768w, https:\/\/www.greenpeace.org\/static\/planet4-sweden-stateless\/2025\/05\/87a738a4-gp034ks_medium-res-1200px-508x340.jpg 508w\" sizes=\"auto, (max-width: 1200px) 100vw, 1200px\" data-image-size=\"post-thumbnail\" data-stateless-media-bucket=\"planet4-sweden-stateless\" data-stateless-media-name=\"2025\/05\/87a738a4-gp034ks_medium-res-1200px.jpg\" \/><\/figure>\n\n\n                <div class=\"wp-block-group group-stretched-link is-layout-flow wp-block-group-is-layout-flow\"><div class=\"wp-block-post-terms\">Greenpeace<\/div>\n                <h3 class=\"wp-block-post-title\"><a href=\"https:\/\/www.greenpeace.org\/sweden\/agera\/stod-oss\/\" target=\"_self\" >St\u00f6d Greenpeace arbete<\/a><\/h3>\n                <div class=\"wp-block-post-excerpt\"><p class=\"wp-block-post-excerpt__excerpt\">Vill du vara med och skapa en b\u00e4ttre v\u00e4rld f\u00f6r nuvarande och kommande generationer? Bli m\u00e5nadsgivare idag. <\/p><\/div><\/div>\n                \n\n\n<div class=\"wp-block-group read-more-nav is-layout-flow wp-block-group-is-layout-flow\"><a href=\"https:\/\/www.greenpeace.org\/sweden\/agera\/stod-oss\/\" class=\"btn btn-primary btn-small\" aria-label=\"Engagera dig\">Engagera dig<\/a><\/div>\n\n<\/li><li class=\"wp-block-post post-6273 page type-page status-publish has-post-thumbnail hentry category-greenpeace tag-stod-oss\">\n<figure class=\"wp-block-post-featured-image\"><img loading=\"lazy\" decoding=\"async\" width=\"1200\" height=\"803\" src=\"https:\/\/www.greenpeace.org\/static\/planet4-sweden-stateless\/2025\/05\/87a738a4-gp034ks_medium-res-1200px.jpg\" class=\"attachment-post-thumbnail size-post-thumbnail wp-post-image wp-stateless-item\" alt=\"\" style=\"object-fit:cover;\" srcset=\"https:\/\/www.greenpeace.org\/static\/planet4-sweden-stateless\/2025\/05\/87a738a4-gp034ks_medium-res-1200px.jpg 1200w, https:\/\/www.greenpeace.org\/static\/planet4-sweden-stateless\/2025\/05\/87a738a4-gp034ks_medium-res-1200px-300x201.jpg 300w, https:\/\/www.greenpeace.org\/static\/planet4-sweden-stateless\/2025\/05\/87a738a4-gp034ks_medium-res-1200px-1024x685.jpg 1024w, https:\/\/www.greenpeace.org\/static\/planet4-sweden-stateless\/2025\/05\/87a738a4-gp034ks_medium-res-1200px-768x514.jpg 768w, https:\/\/www.greenpeace.org\/static\/planet4-sweden-stateless\/2025\/05\/87a738a4-gp034ks_medium-res-1200px-508x340.jpg 508w\" sizes=\"auto, (max-width: 1200px) 100vw, 1200px\" data-image-size=\"post-thumbnail\" data-stateless-media-bucket=\"planet4-sweden-stateless\" data-stateless-media-name=\"2025\/05\/87a738a4-gp034ks_medium-res-1200px.jpg\" \/><\/figure>\n\n\n                <div class=\"wp-block-group group-stretched-link is-layout-flow wp-block-group-is-layout-flow\"><div class=\"wp-block-post-terms\">Greenpeace<\/div>\n                <h3 class=\"wp-block-post-title\"><a href=\"https:\/\/www.greenpeace.org\/sweden\/agera\/ge-en-engangsgava\/\" target=\"_self\" >Ge en eng\u00e5ngsg\u00e5va<\/a><\/h3>\n                <div class=\"wp-block-post-excerpt\"><p class=\"wp-block-post-excerpt__excerpt\">Ge en eng\u00e5ngsg\u00e5va till arbetet f\u00f6r att skydda v\u00e5r planet. <\/p><\/div><\/div>\n                \n\n\n<div class=\"wp-block-group read-more-nav is-layout-flow wp-block-group-is-layout-flow\"><a href=\"https:\/\/www.greenpeace.org\/sweden\/agera\/ge-en-engangsgava\/\" class=\"btn btn-primary btn-small\" aria-label=\"Engagera dig\">Engagera dig<\/a><\/div>\n\n<\/li><\/ul>\n\n\n<div class=\"wp-block-buttons carousel-controls is-horizontal is-content-justification-space-between is-nowrap is-layout-flex wp-container-core-buttons-is-layout-044bd602 wp-block-buttons-is-layout-flex\">\n<div class=\"wp-block-button carousel-control-prev\"><button type=\"button\" class=\"wp-block-button__link wp-element-button\">Prev<\/button><\/div>\n\n\n\n<div class=\"wp-block-button carousel-control-next\"><button type=\"button\" class=\"wp-block-button__link wp-element-button\">Next<\/button><\/div>\n<\/div>\n\n\n\n<div class=\"wp-block-buttons load-more-actions-container is-content-justification-center is-layout-flex wp-container-core-buttons-is-layout-16018d1d wp-block-buttons-is-layout-flex\">\n<div class=\"wp-block-button is-style-secondary\"><button type=\"button\" class=\"wp-block-button__link wp-element-button\">Load more<\/button><\/div>\n<\/div>\n<\/div>\n\n\n\n<div style=\"height:10px\" aria-hidden=\"true\" id=\"senaste-nytt\" class=\"wp-block-spacer\"><\/div>\n\n\n\n<div class=\"wp-block-query posts-list p4-query-loop is-custom-layout-list is-layout-flow wp-block-query-is-layout-flow\">\n<div class=\"wp-block-group is-content-justification-space-between is-layout-flex wp-container-core-group-is-layout-3d213aab wp-block-group-is-layout-flex\">\n<h2 class=\"wp-block-heading\">Senaste nytt<\/h2>\n\n\n<li class=\" wp-block-navigation-item see-all-link wp-block-navigation-link\"><a class=\"wp-block-navigation-item__content\"  href=\"https:\/\/www.greenpeace.org\/sweden\/nyheter\/?tag=fossilreklamforbud&#038;post-type=artiklar\"><span class=\"wp-block-navigation-item__label\">See all posts<\/span><\/a><\/li><\/div>\n\n\n\n<p style=\"margin-top:24px;margin-bottom:36px\"><\/p>\n\n\n\n\n<ul class=\"wp-block-post-template is-layout-flow wp-block-post-template-is-layout-flow\"><li class=\"wp-block-post post-65661 post type-post status-publish format-standard has-post-thumbnail hentry category-klimat tag-fossilenergi tag-olja tag-fossilreklamforbud p4-page-type-artiklar\">\n\n<div class=\"wp-block-columns is-layout-flex wp-container-core-columns-is-layout-9d6595d7 wp-block-columns-is-layout-flex\"><figure class=\"wp-block-post-featured-image\"><a href=\"https:\/\/www.greenpeace.org\/sweden\/artiklar\/klimat\/greenpeace-italien-oljejatten-eni-stjal-vara-vintrar\/\" target=\"_self\"  ><img loading=\"lazy\" decoding=\"async\" width=\"1200\" height=\"600\" src=\"https:\/\/www.greenpeace.org\/static\/planet4-sweden-stateless\/2026\/02\/3a02361b-email-header-olympic-rings-w-oil-1200-x-600-px-1.jpg\" class=\"attachment-post-thumbnail size-post-thumbnail wp-post-image wp-stateless-item\" alt=\"Greenpeace Italien: &#8221;Oljej\u00e4tten Eni stj\u00e4l v\u00e5ra vintrar&#8221;\" style=\"object-fit:cover;\" srcset=\"https:\/\/www.greenpeace.org\/static\/planet4-sweden-stateless\/2026\/02\/3a02361b-email-header-olympic-rings-w-oil-1200-x-600-px-1.jpg 1200w, https:\/\/www.greenpeace.org\/static\/planet4-sweden-stateless\/2026\/02\/3a02361b-email-header-olympic-rings-w-oil-1200-x-600-px-1-300x150.jpg 300w, https:\/\/www.greenpeace.org\/static\/planet4-sweden-stateless\/2026\/02\/3a02361b-email-header-olympic-rings-w-oil-1200-x-600-px-1-1024x512.jpg 1024w, https:\/\/www.greenpeace.org\/static\/planet4-sweden-stateless\/2026\/02\/3a02361b-email-header-olympic-rings-w-oil-1200-x-600-px-1-768x384.jpg 768w, https:\/\/www.greenpeace.org\/static\/planet4-sweden-stateless\/2026\/02\/3a02361b-email-header-olympic-rings-w-oil-1200-x-600-px-1-510x255.jpg 510w\" sizes=\"auto, (max-width: 1200px) 100vw, 1200px\" data-image-size=\"post-thumbnail\" data-stateless-media-bucket=\"planet4-sweden-stateless\" data-stateless-media-name=\"2026\/02\/3a02361b-email-header-olympic-rings-w-oil-1200-x-600-px-1.jpg\" \/><\/a><\/figure>\n\n\n<div class=\"wp-block-group is-layout-flow wp-block-group-is-layout-flow\">\n<div class=\"wp-block-group is-layout-flex wp-block-group-is-layout-flex\"><div class=\"wp-block-post-terms\"><a href=\"https:\/\/www.greenpeace.org\/sweden\/kategori\/klimat\/\">Klimat<\/a><\/div>\n\n<div class=\"taxonomy-post_tag wp-block-post-terms\"><a href=\"https:\/\/www.greenpeace.org\/sweden\/tag\/fossilenergi\/\" rel=\"tag\">fossilenergi<\/a><span class=\"wp-block-post-terms__separator\"> <\/span><a href=\"https:\/\/www.greenpeace.org\/sweden\/tag\/olja\/\" rel=\"tag\">olja<\/a><span class=\"wp-block-post-terms__separator\"> <\/span><a href=\"https:\/\/www.greenpeace.org\/sweden\/tag\/fossilreklamforbud\/\" rel=\"tag\">fossilreklamf\u00f6rbud<\/a><\/div><\/div>\n\n\n<h3 class=\"wp-block-post-title\"><a href=\"https:\/\/www.greenpeace.org\/sweden\/artiklar\/klimat\/greenpeace-italien-oljejatten-eni-stjal-vara-vintrar\/\" target=\"_self\" >Greenpeace Italien: &#8221;Oljej\u00e4tten Eni stj\u00e4l v\u00e5ra vintrar&#8221;<\/a><\/h3>\n\n<div class=\"wp-block-post-excerpt\"><p class=\"wp-block-post-excerpt__excerpt\">S\u00e5 vill oljej\u00e4tten anv\u00e4nda OS: snart invigs vinter-OS i Milano Cortina 2026. En av huvudsponsorerna \u00e4r italienska olje- och gasj\u00e4tten ENI. <\/p><\/div>\n\n\n<div class=\"wp-block-group posts-list-meta is-layout-flow wp-block-group-is-layout-flow\"><span class='article-list-item-author'>Greenpeace Sverige<\/span>\n\n<div class=\"wp-block-post-date\"><time datetime=\"2026-02-03T08:15:40+01:00\">februari 3, 2026<\/time><\/div><\/div>\n<\/div>\n<\/div>\n\n<\/li><li class=\"wp-block-post post-63351 post type-post status-publish format-standard has-post-thumbnail hentry category-klimat tag-biodiversitet tag-falskmarknadsforing tag-globaluppvarmning tag-matproduktion p4-page-type-artiklar\">\n\n<div class=\"wp-block-columns is-layout-flex wp-container-core-columns-is-layout-9d6595d7 wp-block-columns-is-layout-flex\"><figure class=\"wp-block-post-featured-image\"><a href=\"https:\/\/www.greenpeace.org\/sweden\/artiklar\/klimat\/vi-spoofar-internationella-mjolkdagen\/\" target=\"_self\"  ><img loading=\"lazy\" decoding=\"async\" width=\"1800\" height=\"1200\" src=\"https:\/\/www.greenpeace.org\/static\/planet4-sweden-stateless\/2025\/05\/8d9bec24-greenwshing-blogg-bild.jpg\" class=\"attachment-post-thumbnail size-post-thumbnail wp-post-image wp-stateless-item\" alt=\"Vi spoofar internationella mj\u00f6lkdagen!\" style=\"object-fit:cover;\" srcset=\"https:\/\/www.greenpeace.org\/static\/planet4-sweden-stateless\/2025\/05\/8d9bec24-greenwshing-blogg-bild.jpg 1800w, https:\/\/www.greenpeace.org\/static\/planet4-sweden-stateless\/2025\/05\/8d9bec24-greenwshing-blogg-bild-300x200.jpg 300w, https:\/\/www.greenpeace.org\/static\/planet4-sweden-stateless\/2025\/05\/8d9bec24-greenwshing-blogg-bild-1024x683.jpg 1024w, https:\/\/www.greenpeace.org\/static\/planet4-sweden-stateless\/2025\/05\/8d9bec24-greenwshing-blogg-bild-768x512.jpg 768w, https:\/\/www.greenpeace.org\/static\/planet4-sweden-stateless\/2025\/05\/8d9bec24-greenwshing-blogg-bild-1536x1024.jpg 1536w, https:\/\/www.greenpeace.org\/static\/planet4-sweden-stateless\/2025\/05\/8d9bec24-greenwshing-blogg-bild-510x340.jpg 510w\" sizes=\"auto, (max-width: 1800px) 100vw, 1800px\" data-image-size=\"post-thumbnail\" data-stateless-media-bucket=\"planet4-sweden-stateless\" data-stateless-media-name=\"2025\/05\/8d9bec24-greenwshing-blogg-bild.jpg\" \/><\/a><\/figure>\n\n\n<div class=\"wp-block-group is-layout-flow wp-block-group-is-layout-flow\">\n<div class=\"wp-block-group is-layout-flex wp-block-group-is-layout-flex\"><div class=\"wp-block-post-terms\"><a href=\"https:\/\/www.greenpeace.org\/sweden\/kategori\/klimat\/\">Klimat<\/a><\/div>\n\n<div class=\"taxonomy-post_tag wp-block-post-terms\"><a href=\"https:\/\/www.greenpeace.org\/sweden\/tag\/biodiversitet\/\" rel=\"tag\">biodiversitet<\/a><span class=\"wp-block-post-terms__separator\"> <\/span><a href=\"https:\/\/www.greenpeace.org\/sweden\/tag\/falskmarknadsforing\/\" rel=\"tag\">falskmarknadsf\u00f6ring<\/a><span class=\"wp-block-post-terms__separator\"> <\/span><a href=\"https:\/\/www.greenpeace.org\/sweden\/tag\/globaluppvarmning\/\" rel=\"tag\">globaluppv\u00e4rmning<\/a><span class=\"wp-block-post-terms__separator\"> <\/span><a href=\"https:\/\/www.greenpeace.org\/sweden\/tag\/matproduktion\/\" rel=\"tag\">matproduktion<\/a><\/div><\/div>\n\n\n<h3 class=\"wp-block-post-title\"><a href=\"https:\/\/www.greenpeace.org\/sweden\/artiklar\/klimat\/vi-spoofar-internationella-mjolkdagen\/\" target=\"_self\" >Vi spoofar internationella mj\u00f6lkdagen!<\/a><\/h3>\n\n<div class=\"wp-block-post-excerpt\"><p class=\"wp-block-post-excerpt__excerpt\">Varje \u00e5r den 1 juni hyllas mj\u00f6lkens roll i v\u00e5ra liv med den internationella mj\u00f6lkdagen, en global temadag d\u00e4r mejeriindustrin visar upp glada kor p\u00e5 gr\u00f6na \u00e4ngar, barn med mj\u00f6lkmustacher&hellip; <\/p><\/div>\n\n\n<div class=\"wp-block-group posts-list-meta is-layout-flow wp-block-group-is-layout-flow\"><span class='article-list-item-author'><a href='https:\/\/www.greenpeace.org\/sweden\/author\/slamborn\/'>Sandra Lamborn<\/a><\/span>\n\n<div class=\"wp-block-post-date\"><time datetime=\"2025-06-01T11:02:41+01:00\">juni 1, 2025<\/time><\/div><\/div>\n<\/div>\n<\/div>\n\n<\/li><li class=\"wp-block-post post-63092 post type-post status-publish format-standard has-post-thumbnail hentry category-klimat tag-falskmarknadsforing tag-biodiversitet tag-globaluppvarmning tag-matproduktion p4-page-type-artiklar\">\n\n<div class=\"wp-block-columns is-layout-flex wp-container-core-columns-is-layout-9d6595d7 wp-block-columns-is-layout-flex\"><figure class=\"wp-block-post-featured-image\"><a href=\"https:\/\/www.greenpeace.org\/sweden\/artiklar\/klimat\/greenpeace-dubbelanmaler-arla-for-greenwashing\/\" target=\"_self\"  ><img loading=\"lazy\" decoding=\"async\" width=\"1200\" height=\"800\" src=\"https:\/\/www.greenpeace.org\/static\/planet4-sweden-stateless\/2025\/04\/3c8915e9-blogg-pic-arla-greenwashing-2.jpg\" class=\"attachment-post-thumbnail size-post-thumbnail wp-post-image wp-stateless-item\" alt=\"Greenpeace dubbelanm\u00e4ler Arla f\u00f6r greenwashing\" style=\"object-fit:cover;\" srcset=\"https:\/\/www.greenpeace.org\/static\/planet4-sweden-stateless\/2025\/04\/3c8915e9-blogg-pic-arla-greenwashing-2.jpg 1200w, https:\/\/www.greenpeace.org\/static\/planet4-sweden-stateless\/2025\/04\/3c8915e9-blogg-pic-arla-greenwashing-2-300x200.jpg 300w, https:\/\/www.greenpeace.org\/static\/planet4-sweden-stateless\/2025\/04\/3c8915e9-blogg-pic-arla-greenwashing-2-1024x683.jpg 1024w, https:\/\/www.greenpeace.org\/static\/planet4-sweden-stateless\/2025\/04\/3c8915e9-blogg-pic-arla-greenwashing-2-768x512.jpg 768w, https:\/\/www.greenpeace.org\/static\/planet4-sweden-stateless\/2025\/04\/3c8915e9-blogg-pic-arla-greenwashing-2-510x340.jpg 510w\" sizes=\"auto, (max-width: 1200px) 100vw, 1200px\" data-image-size=\"post-thumbnail\" data-stateless-media-bucket=\"planet4-sweden-stateless\" data-stateless-media-name=\"2025\/04\/3c8915e9-blogg-pic-arla-greenwashing-2.jpg\" \/><\/a><\/figure>\n\n\n<div class=\"wp-block-group is-layout-flow wp-block-group-is-layout-flow\">\n<div class=\"wp-block-group is-layout-flex wp-block-group-is-layout-flex\"><div class=\"wp-block-post-terms\"><a href=\"https:\/\/www.greenpeace.org\/sweden\/kategori\/klimat\/\">Klimat<\/a><\/div>\n\n<div class=\"taxonomy-post_tag wp-block-post-terms\"><a href=\"https:\/\/www.greenpeace.org\/sweden\/tag\/falskmarknadsforing\/\" rel=\"tag\">falskmarknadsf\u00f6ring<\/a><span class=\"wp-block-post-terms__separator\"> <\/span><a href=\"https:\/\/www.greenpeace.org\/sweden\/tag\/biodiversitet\/\" rel=\"tag\">biodiversitet<\/a><span class=\"wp-block-post-terms__separator\"> <\/span><a href=\"https:\/\/www.greenpeace.org\/sweden\/tag\/globaluppvarmning\/\" rel=\"tag\">globaluppv\u00e4rmning<\/a><span class=\"wp-block-post-terms__separator\"> <\/span><a href=\"https:\/\/www.greenpeace.org\/sweden\/tag\/matproduktion\/\" rel=\"tag\">matproduktion<\/a><\/div><\/div>\n\n\n<h3 class=\"wp-block-post-title\"><a href=\"https:\/\/www.greenpeace.org\/sweden\/artiklar\/klimat\/greenpeace-dubbelanmaler-arla-for-greenwashing\/\" target=\"_self\" >Greenpeace dubbelanm\u00e4ler Arla f\u00f6r greenwashing<\/a><\/h3>\n\n<div class=\"wp-block-post-excerpt\"><p class=\"wp-block-post-excerpt__excerpt\">Greenpeace Sverige har l\u00e4mnat in dubbla anm\u00e4lningar mot Arla \u2013 en till Konsumentverket och en till N\u00e4mnden f\u00f6r svensk redovisningstillsyn. Vi g\u00f6r detta eftersom Arla, trots att de blivit f\u00e4llda&hellip; <\/p><\/div>\n\n\n<div class=\"wp-block-group posts-list-meta is-layout-flow wp-block-group-is-layout-flow\"><span class='article-list-item-author'><a href='https:\/\/www.greenpeace.org\/sweden\/author\/slamborn\/'>Sandra Lamborn<\/a><\/span>\n\n<div class=\"wp-block-post-date\"><time datetime=\"2025-04-24T10:27:27+01:00\">april 24, 2025<\/time><\/div><\/div>\n<\/div>\n<\/div>\n\n<\/li><\/ul>\n\n\n<div class=\"wp-block-buttons carousel-controls is-horizontal is-content-justification-space-between is-nowrap is-layout-flex wp-container-core-buttons-is-layout-044bd602 wp-block-buttons-is-layout-flex\">\n<div class=\"wp-block-button carousel-control-prev\"><button type=\"button\" class=\"wp-block-button__link wp-element-button\">Previous Carousel Slide<\/button><\/div>\n\n\n\n<div class=\"wp-block-button carousel-control-next\"><button type=\"button\" class=\"wp-block-button__link wp-element-button\">Next Carousel Slide<\/button><\/div>\n<\/div>\n\n\n<li class=\" wp-block-navigation-item see-all-link wp-block-navigation-link\"><a class=\"wp-block-navigation-item__content\"  href=\"https:\/\/www.greenpeace.org\/sweden\/nyheter\/?tag=fossilreklamforbud&#038;post-type=artiklar\"><span class=\"wp-block-navigation-item__label\">L\u00e4s mer<\/span><\/a><\/li><\/div>\n\n\n\n\n<div class=\"wp-block-group alignfull block has-grey-100-background-color has-background is-layout-flow wp-block-group-is-layout-flow\">\n<div class=\"wp-block-group container is-layout-flow wp-block-group-is-layout-flow\">\n<div style=\"height:24px\" aria-hidden=\"true\" class=\"wp-block-spacer\"><\/div>\n\n\n\n<h3 class=\"wp-block-heading has-text-align-center\">L\u00e4s mer om detta \u00e4mne<\/h3>\n\n\n\n<div style=\"height:24px\" aria-hidden=\"true\" class=\"wp-block-spacer\"><\/div>\n\n\n\n<div class=\"wp-block-columns is-layout-flex wp-container-core-columns-is-layout-9d6595d7 wp-block-columns-is-layout-flex\">\n<div class=\"wp-block-column is-layout-flow wp-block-column-is-layout-flow\">\n<div class=\"wp-block-group group-stretched-link is-layout-flow wp-block-group-is-layout-flow\">\n<figure class=\"wp-block-image aligncenter size-full is-resized force-no-lightbox force-no-caption is-style-rounded-180\"><img loading=\"lazy\" decoding=\"async\" src=\"https:\/\/www.greenpeace.org\/static\/planet4-sweden-stateless\/2023\/02\/86a1c169-climate-change-gp028bb_web_size.jpeg\" title=\"\u00d6vergivna uttorkade odlingsf\u00e4lt i Guangdong-provinsen i Kina.\" alt=\"\u00d6vergivna uttorkade odlingsf\u00e4lt i Guangdong-provinsen i Kina. \" class=\"wp-image-55318\" width=\"180\" height=\"180\"\/><figcaption class=\"wp-element-caption\">Once fertile, these fields outside Gurao in Shantou, have now been abandoned. In Gurao, where the economy is centered around textile production, Greenpeace has found high levels of industrial pollution and has documented the effects on the community.<\/figcaption><\/figure>\n\n\n\n<h5 class=\"wp-block-heading has-text-align-center is-style-chevron\" style=\"font-size:1rem\"><a href=\"https:\/\/www.greenpeace.org\/sweden\/?page_id=54263\">Klimatf\u00f6r\u00e4ndringar<\/a><\/h5>\n\n\n\n<div style=\"height:16px\" aria-hidden=\"true\" class=\"wp-block-spacer\"><\/div>\n<\/div>\n<\/div>\n\n\n\n<div class=\"wp-block-column is-layout-flow wp-block-column-is-layout-flow\">\n<div class=\"wp-block-group group-stretched-link is-layout-flow wp-block-group-is-layout-flow\">\n<figure class=\"wp-block-image aligncenter size-full is-resized force-no-lightbox force-no-caption is-style-rounded-180\"><img loading=\"lazy\" decoding=\"async\" src=\"https:\/\/www.greenpeace.org\/static\/planet4-sweden-stateless\/2023\/02\/2b507528-gp0str9ex_web_size.jpg\" title=\"Demonstration under FNs klimatf\u00f6rhandlingar me en skylt som s\u00e4ger Bla, bla, bla. Act Now!\" alt=\"Demonstration under FNs klimatf\u00f6rhandlingar me en skylt som s\u00e4ger Bla, bla, bla. Act Now!\" class=\"wp-image-55051\" width=\"180\" height=\"180\"\/><figcaption class=\"wp-element-caption\">Greenpeace activists at the climate march in Bonn. The environmental activists display a banner with the message &#8221;No to coal. Yes to renewables&#8221; to demand Europe to act for climate protection and shift to green energy.\nThe twenty-third session of the Conference of the Parties (COP 23) takes place from 6-17 November in Bonn and will be presided over by the Government of Fiji.<\/figcaption><\/figure>\n\n\n\n<h5 class=\"wp-block-heading has-text-align-center is-style-chevron\" style=\"font-size:1rem\"><a href=\"https:\/\/www.greenpeace.org\/sweden\/?page_id=54266\">Klimatpolitik<\/a><\/h5>\n\n\n\n<div style=\"height:16px\" aria-hidden=\"true\" class=\"wp-block-spacer\"><\/div>\n<\/div>\n<\/div>\n\n\n\n<div class=\"wp-block-column is-layout-flow wp-block-column-is-layout-flow\">\n<div class=\"wp-block-group group-stretched-link is-layout-flow wp-block-group-is-layout-flow\">\n<figure class=\"wp-block-image aligncenter size-full is-resized force-no-lightbox force-no-caption is-style-rounded-180\"><img loading=\"lazy\" decoding=\"async\" src=\"https:\/\/www.greenpeace.org\/static\/planet4-sweden-stateless\/2020\/06\/578665b4-gp0sts379_web_size_with_credit_line.jpg\" alt=\"Aktivisterna fr\u00e5n Greenpeace har h\u00e4ngt upp tavlor i Tredje AP-fondens m\u00f6tesrum och en banner fr\u00e5n myndighetens tak med texten \u201dLyd Lagen, Flytta Pengarna\" class=\"wp-image-11498\" width=\"180\" height=\"180\"\/><figcaption class=\"wp-element-caption\">Greenpeace in action at the Third AP-fund office in Stockholm in protest against their investments in fossil fuels in in violation of the Swedish climate goals and constitution.<\/figcaption><\/figure>\n\n\n\n<h5 class=\"wp-block-heading has-text-align-center is-style-chevron\" style=\"font-size:1rem\"><a href=\"https:\/\/www.greenpeace.org\/sweden\/?page_id=54268\">Finans och h\u00e5llbara investeringar<\/a><\/h5>\n\n\n\n<div style=\"height:16px\" aria-hidden=\"true\" class=\"wp-block-spacer\"><\/div>\n<\/div>\n<\/div>\n\n\n\n<div class=\"wp-block-column is-layout-flow wp-block-column-is-layout-flow\">\n<div class=\"wp-block-group group-stretched-link is-layout-flow wp-block-group-is-layout-flow\">\n<figure class=\"wp-block-image aligncenter size-full is-resized force-no-lightbox force-no-caption is-style-rounded-180\"><img loading=\"lazy\" decoding=\"async\" src=\"https:\/\/www.greenpeace.org\/static\/planet4-sweden-stateless\/2023\/02\/7fc0755c-konsumtion_miljogifter-greenpeace_gp0stsqbc_web_size.jpeg\" alt=\"Under f\u00e4ltstudier genomf\u00f6rda av Greenpeace Malaysia uppt\u00e4cktes en dumpplats (soptipp) d\u00e4r avfall fr\u00e5n \u00f6ver 19 olika l\u00e4nder dumpats. Unders\u00f6kningen avsl\u00f6jade olagliga tillv\u00e4gag\u00e5ngss\u00e4tt och brott mot milj\u00f6policys som b\u00e5de skadar m\u00e4nniskors h\u00e4lsa och v\u00e5r planet. \" class=\"wp-image-55309\" width=\"180\" height=\"180\"\/><figcaption class=\"wp-element-caption\">Greenpeace Malaysia has been conducting a field investigation on the broken system of recycling and how it impacts Malaysian society. The findings were shocking: a new \u2018dump site\u2019 of plastic waste from more than 19 countries &#8212; most of them are developed countries. The investigation found illegal practices, and blatant violations causing environmental pollution as well as harming people\u2019s health conditions.\nSince China banned plastic waste imports in January 2018, countries in Southeast Asia &#8211; particularly Vietnam, Thailand and Malaysia &#8211; have accepted an increased amount of plastic waste. Between January and July 2018 alone, Malaysia imported 754,000 metric tonnes of plastic &#8212; the weight of approximately 100,000 large elephants. It came from countries like the United States, Japan, UK, Australia, New Zealand, Finland, France, Belgium, Germany, Spain, Sweden and Switzerland.<\/figcaption><\/figure>\n\n\n\n<h5 class=\"wp-block-heading has-text-align-center is-style-chevron\" style=\"font-size:1rem\"><a href=\"https:\/\/www.greenpeace.org\/sweden\/?page_id=54314\">Konsumtion<\/a><\/h5>\n\n\n\n<div style=\"height:16px\" aria-hidden=\"true\" class=\"wp-block-spacer\"><\/div>\n<\/div>\n<\/div>\n<\/div>\n<\/div>\n<\/div>\n\n\n\n\n\n<div class=\"wp-block-group alignfull block mb-0 has-white-background-color has-background is-layout-flow wp-block-group-is-layout-flow\">\n<div class=\"wp-block-group container is-layout-flow wp-block-group-is-layout-flow\">\n<h5 class=\"wp-block-heading has-text-align-center\">Utforska andra \u00e4mnen<\/h5>\n\n\n\n<div style=\"height:24px\" aria-hidden=\"true\" class=\"wp-block-spacer\"><\/div>\n\n\n\n<div class=\"wp-block-columns is-not-stacked-on-mobile is-style-mobile-carousel is-layout-flex wp-container-core-columns-is-layout-9d6595d7 wp-block-columns-is-layout-flex\">\n<div class=\"wp-block-column is-layout-flow wp-block-column-is-layout-flow\">\n<div class=\"wp-block-group group-stretched-link is-layout-flow wp-block-group-is-layout-flow\">\n<figure class=\"wp-block-image aligncenter size-full is-resized is-style-rounded-90 force-no-lightbox force-no-caption mb-0\"><img loading=\"lazy\" decoding=\"async\" width=\"800\" height=\"553\" src=\"https:\/\/www.greenpeace.org\/static\/planet4-sweden-stateless\/2023\/02\/2f51be5c-gp02k1m_web_size.jpg\" alt=\"F\u00e4rgglada fiskar framf\u00f6r korallrev\" class=\"wp-image-54884\" srcset=\"https:\/\/www.greenpeace.org\/static\/planet4-sweden-stateless\/2023\/02\/2f51be5c-gp02k1m_web_size.jpg 800w, https:\/\/www.greenpeace.org\/static\/planet4-sweden-stateless\/2023\/02\/2f51be5c-gp02k1m_web_size-300x207.jpg 300w, https:\/\/www.greenpeace.org\/static\/planet4-sweden-stateless\/2023\/02\/2f51be5c-gp02k1m_web_size-768x531.jpg 768w, https:\/\/www.greenpeace.org\/static\/planet4-sweden-stateless\/2023\/02\/2f51be5c-gp02k1m_web_size-492x340.jpg 492w\" sizes=\"auto, (max-width: 800px) 100vw, 800px\" \/><figcaption class=\"wp-element-caption\">Schooling fish swim over a coral reef. Once having the highest income per capita in the Pacific, Nauru&#8217;s economy and environment collapsed after decades of phosphate mining had been depleted. With virtually nothing more to trade, the island nation is staking its hopes on protection of fisheries in its waters and the nearby international waters.<\/figcaption><\/figure>\n\n\n\n<div style=\"height:16px\" aria-hidden=\"true\" class=\"wp-block-spacer\"><\/div>\n\n\n\n<h5 class=\"wp-block-heading has-text-align-center\" style=\"font-size:1rem\"><a href=\"https:\/\/www.greenpeace.org\/sweden\/?page_id=54247\">Hav<\/a><\/h5>\n<\/div>\n<\/div>\n\n\n\n<div class=\"wp-block-column is-layout-flow wp-block-column-is-layout-flow\">\n<div class=\"wp-block-group group-stretched-link is-layout-flow wp-block-group-is-layout-flow\">\n<figure class=\"wp-block-image aligncenter size-full is-resized is-style-rounded-90 force-no-lightbox force-no-caption mb-0\"><img loading=\"lazy\" decoding=\"async\" width=\"799\" height=\"449\" src=\"https:\/\/www.greenpeace.org\/static\/planet4-sweden-stateless\/2023\/02\/d7cd8025-gp0str3iq_web_size.jpg\" alt=\"Bild p\u00e5 tr\u00e4d tagna rakt uppifr\u00e5n fr\u00e5n luften\" class=\"wp-image-54625\" srcset=\"https:\/\/www.greenpeace.org\/static\/planet4-sweden-stateless\/2023\/02\/d7cd8025-gp0str3iq_web_size.jpg 799w, https:\/\/www.greenpeace.org\/static\/planet4-sweden-stateless\/2023\/02\/d7cd8025-gp0str3iq_web_size-300x169.jpg 300w, https:\/\/www.greenpeace.org\/static\/planet4-sweden-stateless\/2023\/02\/d7cd8025-gp0str3iq_web_size-768x432.jpg 768w, https:\/\/www.greenpeace.org\/static\/planet4-sweden-stateless\/2023\/02\/d7cd8025-gp0str3iq_web_size-510x287.jpg 510w\" sizes=\"auto, (max-width: 799px) 100vw, 799px\" \/><\/figure>\n\n\n\n<div style=\"height:16px\" aria-hidden=\"true\" class=\"wp-block-spacer\"><\/div>\n\n\n\n<h5 class=\"wp-block-heading has-text-align-center\" style=\"font-size:1rem\"><a href=\"https:\/\/www.greenpeace.org\/sweden\/?page_id=54244\">Skog<\/a><\/h5>\n<\/div>\n<\/div>\n\n\n\n<div class=\"wp-block-column is-layout-flow wp-block-column-is-layout-flow\">\n<div class=\"wp-block-group group-stretched-link is-layout-flow wp-block-group-is-layout-flow\">\n<figure class=\"wp-block-image aligncenter size-full is-resized is-style-rounded-90 force-no-lightbox force-no-caption mb-0\"><img loading=\"lazy\" decoding=\"async\" width=\"800\" height=\"451\" src=\"https:\/\/www.greenpeace.org\/static\/planet4-sweden-stateless\/2023\/02\/406677f9-gp1su99g_web_size.jpg\" alt=\"oljerigg i solnedg\u00e5ng med r\u00f6d himmel\" class=\"wp-image-54903\" srcset=\"https:\/\/www.greenpeace.org\/static\/planet4-sweden-stateless\/2023\/02\/406677f9-gp1su99g_web_size.jpg 800w, https:\/\/www.greenpeace.org\/static\/planet4-sweden-stateless\/2023\/02\/406677f9-gp1su99g_web_size-300x169.jpg 300w, https:\/\/www.greenpeace.org\/static\/planet4-sweden-stateless\/2023\/02\/406677f9-gp1su99g_web_size-768x433.jpg 768w, https:\/\/www.greenpeace.org\/static\/planet4-sweden-stateless\/2023\/02\/406677f9-gp1su99g_web_size-510x288.jpg 510w\" sizes=\"auto, (max-width: 800px) 100vw, 800px\" \/><figcaption class=\"wp-element-caption\">The sun sets behind Total&#8217;s Culzean Platforms located in the Culzean Field. Culzean is a gas condensate field located in the British North Sea, 230 kilometres off the coast of Aberdeen.\nDie Sonne geht hinter den von Total betriebenen Culzean-Plattformen unter. Die Plattformen stehen im  Culzean Feld, einem Gaskondensatfeld in der britischen Nordsee, etwa 230 Kilometer vor der K\u00fcste von Aberdeen entfernt.<\/figcaption><\/figure>\n\n\n\n<div style=\"height:16px\" aria-hidden=\"true\" class=\"wp-block-spacer\"><\/div>\n\n\n\n<h5 class=\"wp-block-heading has-text-align-center\" style=\"font-size:1rem\"><a href=\"https:\/\/www.greenpeace.org\/sweden\/?page_id=54250\">Energi<\/a><\/h5>\n<\/div>\n<\/div>\n<\/div>\n<\/div>\n<\/div>\n\n<\/div>\n","protected":false},"excerpt":{"rendered":"<p>Greenwashing \u00e4r vilseledande eller olaglig marknadsf\u00f6ring. Det inneb\u00e4r att ett f\u00f6retag f\u00f6rs\u00f6ker skapa en bild av att vara milj\u00f6v\u00e4nliga genom att belysa enskilda milj\u00f6v\u00e4nliga insatser i sin marknadsf\u00f6ring.<\/p>\n","protected":false},"author":45,"featured_media":54699,"parent":54216,"menu_order":0,"comment_status":"closed","ping_status":"closed","template":"","meta":{"ep_exclude_from_search":false,"p4_hide_page_title_checkbox":"on","p4_title":"","p4_subtitle":"","p4_description":"","background_image_id":"","background_image":"","p4_button_title":"","p4_button_link":"","p4_button_link_checkbox":"","p4_og_title":"","p4_og_description":"","p4_og_image":"","p4_og_image_id":"","p4_seo_canonical_url":"","p4_campaign_name":"not set","p4_local_project":"not set","p4_basket_name":"not set","p4_department":"","footnotes":""},"categories":[2],"tags":[58,57],"class_list":["post-54318","page","type-page","status-publish","has-post-thumbnail","hentry","category-klimat","tag-falskmarknadsforing","tag-fossilreklamforbud"],"_links":{"self":[{"href":"https:\/\/www.greenpeace.org\/sweden\/wp-json\/wp\/v2\/pages\/54318","targetHints":{"allow":["GET"]}}],"collection":[{"href":"https:\/\/www.greenpeace.org\/sweden\/wp-json\/wp\/v2\/pages"}],"about":[{"href":"https:\/\/www.greenpeace.org\/sweden\/wp-json\/wp\/v2\/types\/page"}],"author":[{"embeddable":true,"href":"https:\/\/www.greenpeace.org\/sweden\/wp-json\/wp\/v2\/users\/45"}],"replies":[{"embeddable":true,"href":"https:\/\/www.greenpeace.org\/sweden\/wp-json\/wp\/v2\/comments?post=54318"}],"version-history":[{"count":20,"href":"https:\/\/www.greenpeace.org\/sweden\/wp-json\/wp\/v2\/pages\/54318\/revisions"}],"predecessor-version":[{"id":66306,"href":"https:\/\/www.greenpeace.org\/sweden\/wp-json\/wp\/v2\/pages\/54318\/revisions\/66306"}],"up":[{"embeddable":true,"href":"https:\/\/www.greenpeace.org\/sweden\/wp-json\/wp\/v2\/pages\/54216"}],"wp:featuredmedia":[{"embeddable":true,"href":"https:\/\/www.greenpeace.org\/sweden\/wp-json\/wp\/v2\/media\/54699"}],"wp:attachment":[{"href":"https:\/\/www.greenpeace.org\/sweden\/wp-json\/wp\/v2\/media?parent=54318"}],"wp:term":[{"taxonomy":"category","embeddable":true,"href":"https:\/\/www.greenpeace.org\/sweden\/wp-json\/wp\/v2\/categories?post=54318"},{"taxonomy":"post_tag","embeddable":true,"href":"https:\/\/www.greenpeace.org\/sweden\/wp-json\/wp\/v2\/tags?post=54318"}],"curies":[{"name":"wp","href":"https:\/\/api.w.org\/{rel}","templated":true}]}}