{"id":57013,"date":"2023-07-03T12:08:39","date_gmt":"2023-07-03T11:08:39","guid":{"rendered":"https:\/\/www.greenpeace.org\/sweden\/?page_id=57013"},"modified":"2025-09-23T11:12:13","modified_gmt":"2025-09-23T10:12:13","slug":"civil-disobedience-and-our-actions","status":"publish","type":"page","link":"https:\/\/www.greenpeace.org\/sweden\/om-oss\/civil-disobedience-and-our-actions\/","title":{"rendered":"Civil disobedience and our actions"},"content":{"rendered":"\n<div class=\"wp-block-planet4-blocks-carousel-header\"><div data-hydrate=\"planet4-blocks\/carousel-header\" data-attributes=\"{&quot;carousel_autoplay&quot;:false,&quot;slides&quot;:[{&quot;image&quot;:55401,&quot;focal_points&quot;:{&quot;x&quot;:0.93,&quot;y&quot;:0.15},&quot;header&quot;:&quot;Civil disobedience&quot;,&quot;description&quot;:&quot;Civil Disobedience is part of Greenpeace\u2019s DNA. For more than 50 years, Greenpeace activists have been using peaceful tactics and Civil Disobedience to campaign against dirty corporations who are ruining the future for all of us. We are always peaceful and we always take personal responsibility for our actions.&quot;,&quot;link_text&quot;:&quot;Join us&quot;,&quot;link_url&quot;:&quot;https:\/\/greenpeace.community\/page\/introduction-to-civil-disobedience&quot;,&quot;link_url_new_tab&quot;:true,&quot;image_url&quot;:&quot;https:\/\/www.greenpeace.org\/static\/planet4-sweden-stateless\/2023\/02\/ff64498d-09_topten_gp1sx8x8.jpg&quot;,&quot;image_srcset&quot;:&quot;https:\/\/www.greenpeace.org\/static\/planet4-sweden-stateless\/2023\/02\/ff64498d-09_topten_gp1sx8x8-150x150.jpg 150w,https:\/\/www.greenpeace.org\/static\/planet4-sweden-stateless\/2023\/02\/ff64498d-09_topten_gp1sx8x8-300x169.jpg 300w,https:\/\/www.greenpeace.org\/static\/planet4-sweden-stateless\/2023\/02\/ff64498d-09_topten_gp1sx8x8-510x287.jpg 510w,https:\/\/www.greenpeace.org\/static\/planet4-sweden-stateless\/2023\/02\/ff64498d-09_topten_gp1sx8x8.jpg 800w&quot;}],&quot;currentImageIndex&quot;:0}\"><section class=\"block block-header alignfull carousel-header \"><div class=\"carousel-wrapper-header\"><div class=\"carousel-inner\" role=\"listbox\"><div class=\"carousel-item active\"><div class=\"carousel-item-mask\"><div class=\"background-holder\"><img decoding=\"async\" src=\"https:\/\/www.greenpeace.org\/static\/planet4-sweden-stateless\/2023\/02\/ff64498d-09_topten_gp1sx8x8.jpg\" style=\"object-position:93% 15%\" srcSet=\"https:\/\/www.greenpeace.org\/static\/planet4-sweden-stateless\/2023\/02\/ff64498d-09_topten_gp1sx8x8-150x150.jpg 150w,https:\/\/www.greenpeace.org\/static\/planet4-sweden-stateless\/2023\/02\/ff64498d-09_topten_gp1sx8x8-300x169.jpg 300w,https:\/\/www.greenpeace.org\/static\/planet4-sweden-stateless\/2023\/02\/ff64498d-09_topten_gp1sx8x8-510x287.jpg 510w,https:\/\/www.greenpeace.org\/static\/planet4-sweden-stateless\/2023\/02\/ff64498d-09_topten_gp1sx8x8.jpg 800w\"\/><\/div><div class=\"carousel-caption\"><div class=\"caption-overlay\"><\/div><div class=\"container main-header\"><div class=\"carousel-captions-wrapper\"><h2>Civil disobedience<\/h2><p>Civil Disobedience is part of Greenpeace\u2019s DNA. For more than 50 years, Greenpeace activists have been using peaceful tactics and Civil Disobedience to campaign against dirty corporations who are ruining the future for all of us. We are always peaceful and we always take personal responsibility for our actions.<\/p><\/div><div class=\"col-xs-12 col-sm-8 col-md-4 action-button\"><a href=\"https:\/\/greenpeace.community\/page\/introduction-to-civil-disobedience\" class=\"btn btn-primary\" data-ga-category=\"Carousel Header\" data-ga-action=\"Call to Action\" rel=\"noreferrer noopener\" target=\"_blank\"><span>Join us<\/span><\/a><\/div><\/div><\/div><\/div><\/div><\/div><\/div><\/section><\/div><\/div>\n\n<p>Many of us are feeling more and more desperate about our leaders&#8217; lack of action and denial of climate science. Our planet is cooking while emissions continue to rise. A million species are now at risk of extinction, and thousands have been lost before them. Our leaders\u2019 empty words will not save nature and our climate. We believe Civil Disobedience is an important tool to bring the change we so desperately need.&nbsp;<\/p>\n\n<p class=\"has-medium-font-size\">In Sweden, civil disobedience has been used for a long time to create change and strengthen democracy. The right to strike was created, for example, when the early labor movement, in violation of Swedish law at the time, went on strike, and thus the law was changed.<\/p>\n\n<figure class=\"wp-block-embed is-type-video is-provider-youtube wp-block-embed-youtube wp-embed-aspect-16-9 wp-has-aspect-ratio\"><div class=\"wp-block-embed__wrapper\">\n<iframe loading=\"lazy\" title=\"history of civil disobedience   SWE\" width=\"500\" height=\"281\" src=\"https:\/\/www.youtube.com\/embed\/lFANg0G-Jn0?feature=oembed\" frameborder=\"0\" allow=\"accelerometer; autoplay; clipboard-write; encrypted-media; gyroscope; picture-in-picture; web-share\" referrerpolicy=\"strict-origin-when-cross-origin\" allowfullscreen><\/iframe>\n<\/div><\/figure>\n\n<div style=\"height:30px\" aria-hidden=\"true\" class=\"wp-block-spacer\"><\/div>\n\n<h2 class=\"wp-block-heading\"><strong>What is civil disobedience and why do we do it?<\/strong><\/h2>\n\n<p class=\"has-medium-font-size\">Civil disobedience is a selfless and morally motivated act of breaking the law or social norms in order to prevent harm or create positive change for fellow human beings and society. Greenpeace uses Civil Disobedience because we believe, along with many others, that it is our moral duty to act to protect our planet, the only home we have.<\/p>\n\n<p class=\"has-medium-font-size\">Our legal system is not always in line with our moral consciousness, what is legal is not always morally justifiable and what is illegal is sometimes morally justifiable. For example, the oil companies that drill for oil and make billions in profits knowing that it is escalating an already burning climate crisis where people, especially in the global south, are forced to flee their homes and houses due to drought, floods or other extreme weather. They may act legally, but it is not morally justifiable. In a democracy, it is important that citizens are independent thinking and acting individuals with their own moral compass, sometimes this means that we become disobedient citizens. As Anne Ramberg, former secretary general of the Swedish Bar Association said in her <a rel=\"noreferrer noopener\" href=\"https:\/\/sverigesradio.se\/avsnitt\/1319481\" target=\"_blank\">Sommar i P1<\/a>, <\/p>\n\n<p class=\"has-medium-font-size\"><strong><em>&#8221;In a perfect democracy, disobedience is redundant. But such democracies do not exist. Not even in Sweden.&#8221;<\/em><\/strong><\/p>\n\n<p>Greenpeace uses civil disobedience as a last resort. Before we even consider direct action, we spend a lot of time gathering evidence, investigating the problem and finding solutions. We work to be constructive, we don&#8217;t just point the finger at the problems but also at the solutions that exist. Greenpeace&#8217;s thorough preparatory work means that we can confidently stand behind our actions.<\/p>\n\n<p>Civil disobedience is a safety valve in a democratic society. The willingness of ordinary people to carry out civil disobedience to fight against unjust and nature-destroying companies and leaders shows how serious the issue is. Greenpeace activists are willing to take risks to stand up for the planet we all depend on.<\/p>\n\n<div style=\"height:30px\" aria-hidden=\"true\" class=\"wp-block-spacer\"><\/div>\n<div data-hydrate=\"planet4-blocks\/gallery\" data-attributes=\"{&quot;attributes&quot;:{&quot;gallery_block_title&quot;:&quot;What is it like to be an activist with Greenpeace?&quot;,&quot;multiple_image&quot;:&quot;56536,482,2262&quot;,&quot;gallery_block_focus_points&quot;:&quot;{u0022482u0022:u002250% 50%u0022,u00223227u0022:u002226% 45%u0022,u002256536u0022:u002250% 50%u0022}&quot;,&quot;image_data&quot;:[{&quot;url&quot;:&quot;https:\\\/\\\/www.greenpeace.org\\\/static\\\/planet4-sweden-stateless\\\/2023\\\/06\\\/70398d26-001-sailing-in.00_04_09_19.still002.jpg&quot;,&quot;focalPoint&quot;:{&quot;x&quot;:0.5,&quot;y&quot;:0.5},&quot;id&quot;:56536},{&quot;url&quot;:&quot;https:\\\/\\\/www.greenpeace.org\\\/static\\\/planet4-sweden-stateless\\\/2019\\\/01\\\/e64f27bc-4a05e9c4-gp0stqq7j.jpg&quot;,&quot;focalPoint&quot;:{&quot;x&quot;:0.5,&quot;y&quot;:0.5},&quot;id&quot;:482},{&quot;url&quot;:&quot;https:\\\/\\\/www.greenpeace.org\\\/static\\\/planet4-sweden-stateless\\\/2019\\\/02\\\/9183c9fa-gp0stoefq.jpg&quot;,&quot;focalPoint&quot;:{&quot;x&quot;:0.5,&quot;y&quot;:0.5},&quot;id&quot;:2262}],&quot;className&quot;:&quot;is-style-three-columns&quot;,&quot;gallery_block_style&quot;:0,&quot;gallery_block_description&quot;:&quot;&quot;,&quot;images&quot;:[{&quot;image_src&quot;:&quot;https:\\\/\\\/www.greenpeace.org\\\/static\\\/planet4-sweden-stateless\\\/2023\\\/06\\\/70398d26-001-sailing-in.00_04_09_19.still002.jpg&quot;,&quot;image_srcset&quot;:&quot;https:\\\/\\\/www.greenpeace.org\\\/static\\\/planet4-sweden-stateless\\\/2023\\\/06\\\/70398d26-001-sailing-in.00_04_09_19.still002.jpg 1600w, https:\\\/\\\/www.greenpeace.org\\\/static\\\/planet4-sweden-stateless\\\/2023\\\/06\\\/70398d26-001-sailing-in.00_04_09_19.still002-300x169.jpg 300w, https:\\\/\\\/www.greenpeace.org\\\/static\\\/planet4-sweden-stateless\\\/2023\\\/06\\\/70398d26-001-sailing-in.00_04_09_19.still002-1024x576.jpg 1024w, https:\\\/\\\/www.greenpeace.org\\\/static\\\/planet4-sweden-stateless\\\/2023\\\/06\\\/70398d26-001-sailing-in.00_04_09_19.still002-768x432.jpg 768w, https:\\\/\\\/www.greenpeace.org\\\/static\\\/planet4-sweden-stateless\\\/2023\\\/06\\\/70398d26-001-sailing-in.00_04_09_19.still002-1536x864.jpg 1536w, https:\\\/\\\/www.greenpeace.org\\\/static\\\/planet4-sweden-stateless\\\/2023\\\/06\\\/70398d26-001-sailing-in.00_04_09_19.still002-510x287.jpg 510w&quot;,&quot;image_sizes&quot;:false,&quot;alt_text&quot;:&quot;&quot;,&quot;caption&quot;:&quot;&quot;,&quot;focus_image&quot;:&quot;&quot;,&quot;credits&quot;:&quot;&quot;},{&quot;image_src&quot;:&quot;https:\\\/\\\/www.greenpeace.org\\\/static\\\/planet4-sweden-stateless\\\/2019\\\/01\\\/e64f27bc-4a05e9c4-gp0stqq7j.jpg&quot;,&quot;image_srcset&quot;:&quot;https:\\\/\\\/www.greenpeace.org\\\/static\\\/planet4-sweden-stateless\\\/2019\\\/01\\\/e64f27bc-4a05e9c4-gp0stqq7j.jpg 1200w, https:\\\/\\\/www.greenpeace.org\\\/static\\\/planet4-sweden-stateless\\\/2019\\\/01\\\/e64f27bc-4a05e9c4-gp0stqq7j-300x200.jpg 300w, https:\\\/\\\/www.greenpeace.org\\\/static\\\/planet4-sweden-stateless\\\/2019\\\/01\\\/e64f27bc-4a05e9c4-gp0stqq7j-768x512.jpg 768w, https:\\\/\\\/www.greenpeace.org\\\/static\\\/planet4-sweden-stateless\\\/2019\\\/01\\\/e64f27bc-4a05e9c4-gp0stqq7j-1024x683.jpg 1024w, https:\\\/\\\/www.greenpeace.org\\\/static\\\/planet4-sweden-stateless\\\/2019\\\/01\\\/e64f27bc-4a05e9c4-gp0stqq7j-510x340.jpg 510w&quot;,&quot;image_sizes&quot;:false,&quot;alt_text&quot;:&quot;&quot;,&quot;caption&quot;:&quot;Greenpeace join a large coalition of protest groups and members of the public who are participating in a Climate March today in Copenhagen. The Greenpeace activists unfurl  a banner at the famous Cirkelbroen ( Circle Bridge ), join the procession along the waterside by kayak, and carry placards reading \\u2018RESIST\\u2019 during the hour long march, which commencies and concludes at Christiansborg Slotsplads. The Greenpeace marchers ask people that on this day, marked by 100 days of President Trumps backward facing policy, that Denmark and its leaders move forward and provide a clear mandate for a just Green and peaceful world.&quot;,&quot;focus_image&quot;:&quot;&quot;,&quot;credits&quot;:&quot;&quot;},{&quot;image_src&quot;:&quot;https:\\\/\\\/www.greenpeace.org\\\/static\\\/planet4-sweden-stateless\\\/2019\\\/02\\\/9183c9fa-gp0stoefq.jpg&quot;,&quot;image_srcset&quot;:&quot;https:\\\/\\\/www.greenpeace.org\\\/static\\\/planet4-sweden-stateless\\\/2019\\\/02\\\/9183c9fa-gp0stoefq.jpg 1200w, https:\\\/\\\/www.greenpeace.org\\\/static\\\/planet4-sweden-stateless\\\/2019\\\/02\\\/9183c9fa-gp0stoefq-300x200.jpg 300w, https:\\\/\\\/www.greenpeace.org\\\/static\\\/planet4-sweden-stateless\\\/2019\\\/02\\\/9183c9fa-gp0stoefq-768x512.jpg 768w, https:\\\/\\\/www.greenpeace.org\\\/static\\\/planet4-sweden-stateless\\\/2019\\\/02\\\/9183c9fa-gp0stoefq-1024x683.jpg 1024w, https:\\\/\\\/www.greenpeace.org\\\/static\\\/planet4-sweden-stateless\\\/2019\\\/02\\\/9183c9fa-gp0stoefq-510x340.jpg 510w&quot;,&quot;image_sizes&quot;:false,&quot;alt_text&quot;:&quot;Action at Statoil Rig in the Barents Sea. \\u00a9 Anonymous&quot;,&quot;caption&quot;:&quot;Aktivister ockuperar Statoils oljerigg i Barents hav.&quot;,&quot;focus_image&quot;:&quot;&quot;,&quot;credits&quot;:&quot;&quot;}]}}\"><section class=\"block split-three-column is-style-three-columns\"><header><h2 class=\"page-section-header\">What is it like to be an activist with Greenpeace?<\/h2><\/header><\/section><\/div>\n<p>Greenpeace activists are trained, committed and courageous. But they are also just ordinary people doing extraordinary things to safeguard our future.<br>Our activists work together and have each other\u2019s backs, and future activists should be prepared to commit to this strong sense of team spirit.&nbsp;<\/p>\n\n<p>Activism can be tough, there are highs and lows and being involved in an action is both exhilarating and exhausting. Yet you can also be guaranteed a safe environment, many laughs along the way plus new skills, new friendships and big adventures.&nbsp;&nbsp;&nbsp;<\/p>\n\n<p>The safety of the activists is always the number one priority during activities, and Greenpeace provides an extensive Duty of Care package for activists and volunteers who engage with Greenpeace. We ensure, to the highest reasonable level, the physical and psychological well-being and security of our people before, during and after involvement in an activity. Greenpeace also offers 1-aid training for all activists.&nbsp;<\/p>\n\n<div style=\"height:40px\" aria-hidden=\"true\" class=\"wp-block-spacer\"><\/div>\n\n\n<div class=\"wp-block-group block mb-0 has-grey-100-background-color has-background is-layout-flow wp-block-group-is-layout-flow\">\n<div class=\"wp-block-group container is-layout-flow wp-block-group-is-layout-flow\">\n<div style=\"height:24px\" aria-hidden=\"true\" class=\"wp-block-spacer\"><\/div>\n\n\n\n<div class=\"wp-block-columns is-layout-flex wp-container-core-columns-is-layout-9d6595d7 wp-block-columns-is-layout-flex\">\n<div class=\"wp-block-column is-vertically-aligned-center is-layout-flow wp-block-column-is-layout-flow\" style=\"flex-basis:5%\"><\/div>\n\n\n\n<div class=\"wp-block-column is-vertically-aligned-center is-layout-flow wp-block-column-is-layout-flow\" style=\"flex-basis:70%\">\n<p class=\"has-grey-900-color has-text-color has-medium-font-size\">I always feel a sense of community and camaraderie when we get together and prepare for actions &#8211; it feels like a family gathering!<\/p>\n\n\n\n<p class=\"has-gp-nor-green-color has-text-color\" style=\"font-size:14px\">Pattie, Greenpeace activist<\/p>\n<\/div>\n\n\n\n<div class=\"wp-block-column is-vertically-aligned-center is-layout-flow wp-block-column-is-layout-flow\" style=\"flex-basis:20%\">\n<figure class=\"wp-block-image aligncenter size-full is-resized is-style-rounded-180\"><img loading=\"lazy\" decoding=\"async\" src=\"https:\/\/www.greenpeace.org\/static\/planet4-sweden-stateless\/2023\/06\/2e5a399a-pattie-kitchen.jpg\" alt=\"\" class=\"wp-image-56789\" width=\"180\" height=\"180\" srcset=\"https:\/\/www.greenpeace.org\/static\/planet4-sweden-stateless\/2023\/06\/2e5a399a-pattie-kitchen.jpg 989w, https:\/\/www.greenpeace.org\/static\/planet4-sweden-stateless\/2023\/06\/2e5a399a-pattie-kitchen-300x300.jpg 300w, https:\/\/www.greenpeace.org\/static\/planet4-sweden-stateless\/2023\/06\/2e5a399a-pattie-kitchen-150x150.jpg 150w, https:\/\/www.greenpeace.org\/static\/planet4-sweden-stateless\/2023\/06\/2e5a399a-pattie-kitchen-768x768.jpg 768w, https:\/\/www.greenpeace.org\/static\/planet4-sweden-stateless\/2023\/06\/2e5a399a-pattie-kitchen-340x340.jpg 340w\" sizes=\"auto, (max-width: 180px) 100vw, 180px\" \/><\/figure>\n<\/div>\n<\/div>\n<\/div>\n<\/div>\n\n\n<div style=\"height:50px\" aria-hidden=\"true\" class=\"wp-block-spacer\"><\/div>\n\n<h2 class=\"wp-block-heading\"><strong>Who can be a Greenpeace activist?<\/strong><\/h2>\n\n<p>In short &#8211; everyone (as long as you are over 18 years old)! You don\u2019t have to be extra brave or super fit to be a Greenpeace activist. At Greenpeace, we believe that there are many ways to be an activist &#8211; climbing oil rigs or blocking a huge ship in a kayak isn\u2019t for everyone. Greenpeace\u2019s volunteers are also activists who do amazing work to spread awareness. Activism is also about painting banners, lobbying politicians through letter writing, doing talks at a school or helping with research at the Greenpeace offices or out in the field.&nbsp;&nbsp;<\/p>\n\n<p>Being an activist is about dedication and willingness to stand up for our future and create change. And the more we are, the more powerful we\u2019ll be.&nbsp;<\/p>\n\n<p>We\u2019re committed to help with any practical or financial barriers that might stop you being able to join us. Wherever possible, we\u2019ll accommodate your access needs.<\/p>\n\n<p>All you need to be an activist is a commitment to protecting our planet and the people on it. Does that sound like something for you? <a href=\"https:\/\/greenpeace.community\/page\/introduction-to-civil-disobedience\" target=\"_blank\" rel=\"noreferrer noopener\">Register your interest here<\/a>!<\/p>\n\n<div style=\"height:30px\" aria-hidden=\"true\" class=\"wp-block-spacer\"><\/div>\n\n<h2 class=\"wp-block-heading\">How do I become an activist for Greenpeace?<\/h2>\n\n<p class=\"has-medium-font-size\">The first step towards becoming an activist with us is to attend our full-day Introduction to Civil Disobedience training. In that training, you will learn more about peaceful civil disobedience and how Greenpeace uses the method. <strong><a rel=\"noreferrer noopener\" href=\"https:\/\/greenpeace.community\/page\/introduction-to-civil-disobedience?usp=sf_link\" target=\"_blank\">Sign up here<\/a>!<\/strong><\/p>\n\n<p>The next step is a weekend-long Nonviolent Direct Action (NVDA) training course. This course teaches you how to take action safely and efficiently. During the weekend, you have the chance to connect with other activists and challenge yourself in a safe environment. The training covers everything from how to physically and mentally prepare for taking action, to de-escalation tactics, safety, legal procedures, blocking techniques, media training and much much more. People who successfully complete this course are ready to take action with Greenpeace.<\/p>\n\n<p>Greenpeace activists can then choose to sign up to one of our specialist action teams, e.g. the climbing team, the kayak team or the boat team, all of which have extensive and thorough training. The action teams meet several weekends a year to maintain their knowledge and skills, weekends which are also perfect opportunities to socialize with fellow activists!<\/p>\n\n<p class=\"has-medium-font-size\"><strong>Greenpeace also provides other training programs for volunteers,<a href=\"https:\/\/www.greenpeace.org\/sweden\/agera\/bli-volontar\/volunteer-with-greenpeace-and-make-a-difference\/\"> learn more about volunteering here<\/a><\/strong>. <\/p>\n\n<p class=\"has-medium-font-size\">All training programs are free and Greenpeace covers all expenses for activists during training and activities, such as travel, food, accommodation etc.<\/p>\n\n<div style=\"height:30px\" aria-hidden=\"true\" class=\"wp-block-spacer\"><\/div>\n\n<div class=\"wp-block-cover has-parallax\"><div class=\"wp-block-cover__image-background wp-image-271 has-parallax\" style=\"background-position:50% 50%;background-image:url(https:\/\/storage.googleapis.com\/planet4-sweden-stateless-develop\/2018\/05\/6f53772c-act-now.jpg)\"><\/div><span aria-hidden=\"true\" class=\"wp-block-cover__background has-background-dim-60 has-background-dim\"><\/span><div class=\"wp-block-cover__inner-container is-layout-flow wp-block-cover-is-layout-flow\">\n<h2 class=\"wp-block-heading has-text-align-center\" style=\"font-size:30px\"><strong>Become a climate and environmental activist <\/strong>and make a difference!<\/h2>\n\n\n\n<p class=\"has-text-align-center has-medium-font-size\">The more we are, the stronger we become! We look forward to hearing from you.<\/p>\n\n\n\n<div style=\"height:20px\" aria-hidden=\"true\" class=\"wp-block-spacer\"><\/div>\n\n\n\n<div class=\"wp-block-buttons is-content-justification-center is-layout-flex wp-container-core-buttons-is-layout-16018d1d wp-block-buttons-is-layout-flex\">\n<div class=\"wp-block-button is-style-cta\"><a class=\"wp-block-button__link wp-element-button\" href=\"https:\/\/greenpeace.community\/page\/introduction-to-civil-disobedience\" target=\"_blank\" rel=\"noreferrer noopener\"><strong>Join the fight<\/strong>!<\/a><\/div>\n<\/div>\n<\/div><\/div>\n\n<div style=\"height:30px\" aria-hidden=\"true\" class=\"wp-block-spacer\"><\/div>\n\n\n<div class=\"wp-block-group alignfull block has-grey-100-background-color has-background is-layout-flow wp-block-group-is-layout-flow\">\n<div class=\"wp-block-group container is-layout-flow wp-block-group-is-layout-flow\">\n<div style=\"height:24px\" aria-hidden=\"true\" class=\"wp-block-spacer\"><\/div>\n\n\n\n<h2 class=\"wp-block-heading has-text-align-center\">Annual Nordic volunteer reports<\/h2>\n\n\n\n<p class=\"has-text-align-center\">Find out more about what Greenpeace volunteers have achieved over the years in our annual volunteer reports<\/p>\n\n\n\n<div class=\"wp-block-columns is-layout-flex wp-container-core-columns-is-layout-9d6595d7 wp-block-columns-is-layout-flex\">\n<div class=\"wp-block-column is-layout-flow wp-block-column-is-layout-flow\">\n<div class=\"wp-block-group group-stretched-link is-layout-flow wp-block-group-is-layout-flow\">\n<figure class=\"wp-block-image aligncenter size-full force-no-lightbox force-no-caption is-style-default\"><img loading=\"lazy\" decoding=\"async\" width=\"240\" height=\"340\" src=\"https:\/\/www.greenpeace.org\/static\/planet4-sweden-stateless\/2024\/03\/9c153724-vol2023.jpg\" title=\"nordic volunteer activities 2023 report cover, depicting crowd of people in helsinki\" alt=\"nordic volunteer activities 2023 report cover, depicting crowd of people in helsinki\" class=\"wp-image-59375\" style=\"aspect-ratio:0.7079646017699115;object-fit:cover\" srcset=\"https:\/\/www.greenpeace.org\/static\/planet4-sweden-stateless\/2024\/03\/9c153724-vol2023.jpg 240w, https:\/\/www.greenpeace.org\/static\/planet4-sweden-stateless\/2024\/03\/9c153724-vol2023-212x300.jpg 212w\" sizes=\"auto, (max-width: 240px) 100vw, 240px\" \/><\/figure>\n\n\n\n<h5 class=\"wp-block-heading has-text-align-center is-style-chevron\" style=\"font-size:1rem\"><a href=\"https:\/\/www.greenpeace.org\/static\/planet4-sweden-stateless\/2024\/03\/c3435ee6-2023-volunteer-activities-report.pdf\" data-type=\"link\" data-id=\"https:\/\/www.greenpeace.org\/static\/planet4-sweden-stateless\/2024\/03\/c3435ee6-2023-volunteer-activities-report.pdf\" target=\"_blank\" rel=\"noreferrer noopener\">L\u00e4s hela rapporten f\u00f6r 2023 h\u00e4r<\/a><\/h5>\n\n\n\n<div style=\"height:16px\" aria-hidden=\"true\" class=\"wp-block-spacer\"><\/div>\n<\/div>\n<\/div>\n\n\n\n<div class=\"wp-block-column is-layout-flow wp-block-column-is-layout-flow\">\n<div class=\"wp-block-group group-stretched-link is-layout-flow wp-block-group-is-layout-flow\">\n<figure class=\"wp-block-image aligncenter size-articles-medium-large force-no-lightbox force-no-caption is-style-default\"><img loading=\"lazy\" decoding=\"async\" width=\"240\" height=\"340\" src=\"https:\/\/www.greenpeace.org\/static\/planet4-sweden-stateless\/2023\/04\/918613f6-vol-2022-cover-240x340.jpg\" title=\"Nordic volunteering report 2022 cover\" alt=\"\" class=\"wp-image-56067\" srcset=\"https:\/\/www.greenpeace.org\/static\/planet4-sweden-stateless\/2023\/04\/918613f6-vol-2022-cover-240x340.jpg 240w, https:\/\/www.greenpeace.org\/static\/planet4-sweden-stateless\/2023\/04\/918613f6-vol-2022-cover-212x300.jpg 212w, https:\/\/www.greenpeace.org\/static\/planet4-sweden-stateless\/2023\/04\/918613f6-vol-2022-cover-724x1024.jpg 724w, https:\/\/www.greenpeace.org\/static\/planet4-sweden-stateless\/2023\/04\/918613f6-vol-2022-cover-768x1086.jpg 768w, https:\/\/www.greenpeace.org\/static\/planet4-sweden-stateless\/2023\/04\/918613f6-vol-2022-cover-966x1366.jpg 966w, https:\/\/www.greenpeace.org\/static\/planet4-sweden-stateless\/2023\/04\/918613f6-vol-2022-cover.jpg 992w\" sizes=\"auto, (max-width: 240px) 100vw, 240px\" \/><\/figure>\n\n\n\n<h5 class=\"wp-block-heading has-text-align-center is-style-chevron\" style=\"font-size:1rem\"><a href=\"https:\/\/www.greenpeace.org\/static\/planet4-sweden-stateless\/2023\/04\/b4364ac0-nordic-volunteer-activities-2022_final-version.pdf\" target=\"_blank\" rel=\"noreferrer noopener\">L\u00e4s hela rapporten f\u00f6r 2022 h\u00e4r<\/a><\/h5>\n\n\n\n<div style=\"height:16px\" aria-hidden=\"true\" class=\"wp-block-spacer\"><\/div>\n<\/div>\n<\/div>\n\n\n\n<div class=\"wp-block-column is-layout-flow wp-block-column-is-layout-flow\">\n<div class=\"wp-block-group group-stretched-link is-layout-flow wp-block-group-is-layout-flow\">\n<figure class=\"wp-block-image aligncenter size-articles-medium-large force-no-lightbox force-no-caption is-style-default\"><img loading=\"lazy\" decoding=\"async\" width=\"240\" height=\"340\" src=\"https:\/\/www.greenpeace.org\/static\/planet4-sweden-stateless\/2022\/08\/6959f663-nordic-volunteer-report-2021-240x340.jpg\" title=\"Omslagsbild av Nordic Volunteer Report 2021\" alt=\"Omslagsbild av Nordic Volunteer Report 2021\" class=\"wp-image-52465\" srcset=\"https:\/\/www.greenpeace.org\/static\/planet4-sweden-stateless\/2022\/08\/6959f663-nordic-volunteer-report-2021-240x340.jpg 240w, https:\/\/www.greenpeace.org\/static\/planet4-sweden-stateless\/2022\/08\/6959f663-nordic-volunteer-report-2021-212x300.jpg 212w, https:\/\/www.greenpeace.org\/static\/planet4-sweden-stateless\/2022\/08\/6959f663-nordic-volunteer-report-2021-724x1024.jpg 724w, https:\/\/www.greenpeace.org\/static\/planet4-sweden-stateless\/2022\/08\/6959f663-nordic-volunteer-report-2021-768x1086.jpg 768w, https:\/\/www.greenpeace.org\/static\/planet4-sweden-stateless\/2022\/08\/6959f663-nordic-volunteer-report-2021-966x1366.jpg 966w, https:\/\/www.greenpeace.org\/static\/planet4-sweden-stateless\/2022\/08\/6959f663-nordic-volunteer-report-2021.jpg 1042w\" sizes=\"auto, (max-width: 240px) 100vw, 240px\" \/><figcaption><div class=\"credit icon-left\"> \u00a9 Greenpeace Nordic Volunteer Unit<\/div><\/figcaption><\/figure>\n\n\n\n<h5 class=\"wp-block-heading has-text-align-center is-style-chevron\" style=\"font-size:1rem\"><a href=\"https:\/\/www.greenpeace.org\/static\/planet4-sweden-stateless\/2022\/08\/7443d817-nordic-volunteer-report-2021.pdf\" target=\"_blank\" rel=\"noreferrer noopener\">L\u00e4s hela rapporten f\u00f6r 2021 h\u00e4r<\/a><\/h5>\n\n\n\n<div style=\"height:16px\" aria-hidden=\"true\" class=\"wp-block-spacer\"><\/div>\n<\/div>\n<\/div>\n\n\n\n<div class=\"wp-block-column is-layout-flow wp-block-column-is-layout-flow\">\n<div class=\"wp-block-group group-stretched-link is-layout-flow wp-block-group-is-layout-flow\">\n<figure class=\"wp-block-image aligncenter size-articles-medium-large force-no-lightbox force-no-caption is-style-default\"><img loading=\"lazy\" decoding=\"async\" width=\"240\" height=\"340\" src=\"https:\/\/www.greenpeace.org\/static\/planet4-sweden-stateless\/2022\/08\/8ce9a637-nordic-volunteer-report-2020-240x340.jpg\" title=\"Omslagsbild av Nordic Volunteer Report 2020\" alt=\"Omslagsbild av Nordic Volunteer Report 2020\" class=\"wp-image-52466\" srcset=\"https:\/\/www.greenpeace.org\/static\/planet4-sweden-stateless\/2022\/08\/8ce9a637-nordic-volunteer-report-2020-240x340.jpg 240w, https:\/\/www.greenpeace.org\/static\/planet4-sweden-stateless\/2022\/08\/8ce9a637-nordic-volunteer-report-2020-212x300.jpg 212w, https:\/\/www.greenpeace.org\/static\/planet4-sweden-stateless\/2022\/08\/8ce9a637-nordic-volunteer-report-2020.jpg 514w\" sizes=\"auto, (max-width: 240px) 100vw, 240px\" \/><figcaption><div class=\"credit icon-left\"> \u00a9 Greenpeace Nordic Volunteer Unit<\/div><\/figcaption><\/figure>\n\n\n\n<h5 class=\"wp-block-heading has-text-align-center is-style-chevron\" style=\"font-size:1rem\"><a href=\"https:\/\/www.greenpeace.org\/static\/planet4-sweden-stateless\/2022\/08\/9ca3790f-nordic-volunteer-report-2020.pdf\" target=\"_blank\" rel=\"noreferrer noopener\">L\u00e4s hela rapporten f\u00f6r 2020 h\u00e4r<\/a><\/h5>\n\n\n\n<div style=\"height:16px\" aria-hidden=\"true\" class=\"wp-block-spacer\"><\/div>\n<\/div>\n<\/div>\n\n\n\n<div class=\"wp-block-column is-layout-flow wp-block-column-is-layout-flow\">\n<div class=\"wp-block-group group-stretched-link is-layout-flow wp-block-group-is-layout-flow\">\n<figure class=\"wp-block-image aligncenter size-articles-medium-large force-no-lightbox force-no-caption is-style-default\"><img loading=\"lazy\" decoding=\"async\" width=\"239\" height=\"340\" src=\"https:\/\/www.greenpeace.org\/static\/planet4-sweden-stateless\/2022\/08\/0e921bcd-nordic-volunteer-report-2019-239x340.jpg\" title=\"Omslagsbild av Nordic Volunteer Report 2019\" alt=\"Omslagsbild av Nordic Volunteer Report 2019\" class=\"wp-image-52467\" srcset=\"https:\/\/www.greenpeace.org\/static\/planet4-sweden-stateless\/2022\/08\/0e921bcd-nordic-volunteer-report-2019-239x340.jpg 239w, https:\/\/www.greenpeace.org\/static\/planet4-sweden-stateless\/2022\/08\/0e921bcd-nordic-volunteer-report-2019-211x300.jpg 211w, https:\/\/www.greenpeace.org\/static\/planet4-sweden-stateless\/2022\/08\/0e921bcd-nordic-volunteer-report-2019-719x1024.jpg 719w, https:\/\/www.greenpeace.org\/static\/planet4-sweden-stateless\/2022\/08\/0e921bcd-nordic-volunteer-report-2019.jpg 744w\" sizes=\"auto, (max-width: 239px) 100vw, 239px\" \/><figcaption><div class=\"credit icon-left\"> \u00a9 Greenpeace Nordic Volunteer Unit<\/div><\/figcaption><\/figure>\n\n\n\n<h5 class=\"wp-block-heading has-text-align-center is-style-chevron\" style=\"font-size:1rem\"><a href=\"https:\/\/www.greenpeace.org\/static\/planet4-sweden-stateless\/2022\/08\/ed835af1-nordic-volunteer-report-2019.pdf\" target=\"_blank\" rel=\"noreferrer noopener\">L\u00e4s hela rapporten f\u00f6r 2019 h\u00e4r<\/a><\/h5>\n\n\n\n<div style=\"height:16px\" aria-hidden=\"true\" class=\"wp-block-spacer\"><\/div>\n<\/div>\n<\/div>\n<\/div>\n<\/div>\n<\/div>\n\n\n<div class=\"wp-block-query posts-list p4-query-loop is-custom-layout-list is-layout-flow wp-block-query-is-layout-flow\">\n<div class=\"wp-block-group is-content-justification-space-between is-layout-flex wp-container-core-group-is-layout-3d213aab wp-block-group-is-layout-flex\">\n<h2 class=\"wp-block-heading\">Further reading<\/h2>\n\n\n<li class=\" wp-block-navigation-item see-all-link wp-block-navigation-link\"><a class=\"wp-block-navigation-item__content\"  href=\"https:\/\/www.greenpeace.org\/sweden\/nyheter\/?tag=aktivism\"><span class=\"wp-block-navigation-item__label\">See all posts<\/span><\/a><\/li><\/div>\n\n\n\n<p style=\"margin-top:24px;margin-bottom:36px\"><\/p>\n\n\n\n\n<ul class=\"wp-block-post-template is-layout-flow wp-block-post-template-is-layout-flow\"><li class=\"wp-block-post post-66440 post type-post status-publish format-standard has-post-thumbnail hentry category-fred category-greenpeace tag-aktivism tag-stod-oss tag-greenpeaceskepp p4-page-type-artiklar\">\n\n<div class=\"wp-block-columns is-layout-flex wp-container-core-columns-is-layout-9d6595d7 wp-block-columns-is-layout-flex\"><figure class=\"wp-block-post-featured-image\"><a href=\"https:\/\/www.greenpeace.org\/sweden\/artiklar\/greenpeace\/greenpeace-har-anslutit-till-flottilj-pa-vag-mot-gaza\/\" target=\"_self\"  ><img loading=\"lazy\" decoding=\"async\" width=\"1200\" height=\"800\" src=\"https:\/\/www.greenpeace.org\/static\/planet4-sweden-stateless\/2026\/04\/3c7efad5-gp0stznhb_medium-res-1200px.jpg\" class=\"attachment-post-thumbnail size-post-thumbnail wp-post-image wp-stateless-item\" alt=\"Greenpeace har anslutit till flottilj p\u00e5 v\u00e4g mot Gaza\" style=\"object-fit:cover;\" srcset=\"https:\/\/www.greenpeace.org\/static\/planet4-sweden-stateless\/2026\/04\/3c7efad5-gp0stznhb_medium-res-1200px.jpg 1200w, https:\/\/www.greenpeace.org\/static\/planet4-sweden-stateless\/2026\/04\/3c7efad5-gp0stznhb_medium-res-1200px-300x200.jpg 300w, https:\/\/www.greenpeace.org\/static\/planet4-sweden-stateless\/2026\/04\/3c7efad5-gp0stznhb_medium-res-1200px-1024x683.jpg 1024w, https:\/\/www.greenpeace.org\/static\/planet4-sweden-stateless\/2026\/04\/3c7efad5-gp0stznhb_medium-res-1200px-768x512.jpg 768w, https:\/\/www.greenpeace.org\/static\/planet4-sweden-stateless\/2026\/04\/3c7efad5-gp0stznhb_medium-res-1200px-510x340.jpg 510w\" sizes=\"auto, (max-width: 1200px) 100vw, 1200px\" data-image-size=\"post-thumbnail\" data-stateless-media-bucket=\"planet4-sweden-stateless\" data-stateless-media-name=\"2026\/04\/3c7efad5-gp0stznhb_medium-res-1200px.jpg\" \/><\/a><\/figure>\n\n\n<div class=\"wp-block-group is-layout-flow wp-block-group-is-layout-flow\">\n<div class=\"wp-block-group is-layout-flex wp-block-group-is-layout-flex\"><div class=\"wp-block-post-terms\"><a href=\"https:\/\/www.greenpeace.org\/sweden\/kategori\/fred\/\">Fred<\/a><\/div>\n\n<div class=\"taxonomy-post_tag wp-block-post-terms\"><a href=\"https:\/\/www.greenpeace.org\/sweden\/tag\/aktivism\/\" rel=\"tag\">aktivism<\/a><span class=\"wp-block-post-terms__separator\"> <\/span><a href=\"https:\/\/www.greenpeace.org\/sweden\/tag\/stod-oss\/\" rel=\"tag\">st\u00f6doss<\/a><span class=\"wp-block-post-terms__separator\"> <\/span><a href=\"https:\/\/www.greenpeace.org\/sweden\/tag\/greenpeaceskepp\/\" rel=\"tag\">greenpeaceskepp<\/a><\/div><\/div>\n\n\n<h3 class=\"wp-block-post-title\"><a href=\"https:\/\/www.greenpeace.org\/sweden\/artiklar\/greenpeace\/greenpeace-har-anslutit-till-flottilj-pa-vag-mot-gaza\/\" target=\"_self\" >Greenpeace har anslutit till flottilj p\u00e5 v\u00e4g mot Gaza<\/a><\/h3>\n\n<div class=\"wp-block-post-excerpt\"><p class=\"wp-block-post-excerpt__excerpt\">Greenpeace-fartyget Arctic Sunrise har anslutit sig till den internationella flottiljen Global Sumud Flotilla, som seglade fr\u00e5n Barcelona mot Gaza den 12 april 2026. <\/p><\/div>\n\n\n<div class=\"wp-block-group posts-list-meta is-layout-flow wp-block-group-is-layout-flow\"><span class='article-list-item-author'><a href='https:\/\/www.greenpeace.org\/sweden\/author\/gp_sweden\/'>Greenpeace Sverige<\/a><\/span>\n\n<div class=\"wp-block-post-date\"><time datetime=\"2026-04-21T12:19:49+01:00\">april 21, 2026<\/time><\/div><\/div>\n<\/div>\n<\/div>\n\n<\/li><li class=\"wp-block-post post-66148 post type-post status-publish format-standard has-post-thumbnail hentry category-greenpeace tag-omgreenpeace tag-aktivism tag-stod-oss p4-page-type-artiklar\">\n\n<div class=\"wp-block-columns is-layout-flex wp-container-core-columns-is-layout-9d6595d7 wp-block-columns-is-layout-flex\"><figure class=\"wp-block-post-featured-image\"><a href=\"https:\/\/www.greenpeace.org\/sweden\/artiklar\/greenpeace\/vad-kostar-din-yttrandefrihet-poddavsnitt-om-slapp-ute-nu\/\" target=\"_self\"  ><img loading=\"lazy\" decoding=\"async\" width=\"1200\" height=\"900\" src=\"https:\/\/www.greenpeace.org\/static\/planet4-sweden-stateless\/2026\/03\/c0022f5c-gp0su55i3.jpg\" class=\"attachment-post-thumbnail size-post-thumbnail wp-post-image wp-stateless-item\" alt=\"Vad kostar din yttrandefrihet? Poddavsnitt om SLAPP ute nu!\" style=\"object-fit:cover;\" srcset=\"https:\/\/www.greenpeace.org\/static\/planet4-sweden-stateless\/2026\/03\/c0022f5c-gp0su55i3.jpg 1200w, https:\/\/www.greenpeace.org\/static\/planet4-sweden-stateless\/2026\/03\/c0022f5c-gp0su55i3-300x225.jpg 300w, https:\/\/www.greenpeace.org\/static\/planet4-sweden-stateless\/2026\/03\/c0022f5c-gp0su55i3-1024x768.jpg 1024w, https:\/\/www.greenpeace.org\/static\/planet4-sweden-stateless\/2026\/03\/c0022f5c-gp0su55i3-768x576.jpg 768w, https:\/\/www.greenpeace.org\/static\/planet4-sweden-stateless\/2026\/03\/c0022f5c-gp0su55i3-453x340.jpg 453w\" sizes=\"auto, (max-width: 1200px) 100vw, 1200px\" data-image-size=\"post-thumbnail\" data-stateless-media-bucket=\"planet4-sweden-stateless\" data-stateless-media-name=\"2026\/03\/c0022f5c-gp0su55i3.jpg\" \/><\/a><\/figure>\n\n\n<div class=\"wp-block-group is-layout-flow wp-block-group-is-layout-flow\">\n<div class=\"wp-block-group is-layout-flex wp-block-group-is-layout-flex\"><div class=\"wp-block-post-terms\"><a href=\"https:\/\/www.greenpeace.org\/sweden\/kategori\/greenpeace\/\">Greenpeace<\/a><\/div>\n\n<div class=\"taxonomy-post_tag wp-block-post-terms\"><a href=\"https:\/\/www.greenpeace.org\/sweden\/tag\/omgreenpeace\/\" rel=\"tag\">omgreenpeace<\/a><span class=\"wp-block-post-terms__separator\"> <\/span><a href=\"https:\/\/www.greenpeace.org\/sweden\/tag\/aktivism\/\" rel=\"tag\">aktivism<\/a><span class=\"wp-block-post-terms__separator\"> <\/span><a href=\"https:\/\/www.greenpeace.org\/sweden\/tag\/stod-oss\/\" rel=\"tag\">st\u00f6doss<\/a><\/div><\/div>\n\n\n<h3 class=\"wp-block-post-title\"><a href=\"https:\/\/www.greenpeace.org\/sweden\/artiklar\/greenpeace\/vad-kostar-din-yttrandefrihet-poddavsnitt-om-slapp-ute-nu\/\" target=\"_self\" >Vad kostar din yttrandefrihet? Poddavsnitt om SLAPP ute nu!<\/a><\/h3>\n\n<div class=\"wp-block-post-excerpt\"><p class=\"wp-block-post-excerpt__excerpt\">Nyligen d\u00f6mdes Greenpeace i USA och Greenpeace International till att betala \u00f6ver 3 miljarder kronor f\u00f6r att de visade solidaritet med milj\u00f6k\u00e4mpar fr\u00e5n urfolken som motsatte sig en oljeledning som&hellip; <\/p><\/div>\n\n\n<div class=\"wp-block-group posts-list-meta is-layout-flow wp-block-group-is-layout-flow\"><span class='article-list-item-author'><a href='https:\/\/www.greenpeace.org\/sweden\/author\/gp_sweden\/'>Greenpeace Sverige<\/a><\/span>\n\n<div class=\"wp-block-post-date\"><time datetime=\"2026-03-31T10:25:02+01:00\">mars 31, 2026<\/time><\/div><\/div>\n<\/div>\n<\/div>\n\n<\/li><li class=\"wp-block-post post-66133 post type-post status-publish format-standard has-post-thumbnail hentry category-skog tag-skyddaskogen tag-biodiversitet tag-aktivism p4-page-type-pressmeddelanden\">\n\n<div class=\"wp-block-columns is-layout-flex wp-container-core-columns-is-layout-9d6595d7 wp-block-columns-is-layout-flex\"><figure class=\"wp-block-post-featured-image\"><a href=\"https:\/\/www.greenpeace.org\/sweden\/pressmeddelanden\/skog\/sca-avverkar-systematiskt-skog-som-myndigheter-vill-skydda-protest-vid-arsstamma-idag\/\" target=\"_self\"  ><img loading=\"lazy\" decoding=\"async\" width=\"1280\" height=\"853\" src=\"https:\/\/www.greenpeace.org\/static\/planet4-sweden-stateless\/2026\/03\/efdb3f1a-greenpeace_forest-scandal-015_webb.jpg\" class=\"attachment-post-thumbnail size-post-thumbnail wp-post-image wp-stateless-item\" alt=\"SCA avverkar systematiskt skog som myndigheter vill skydda &#8211; protest vid \u00e5rsst\u00e4mma idag\" style=\"object-fit:cover;\" srcset=\"https:\/\/www.greenpeace.org\/static\/planet4-sweden-stateless\/2026\/03\/efdb3f1a-greenpeace_forest-scandal-015_webb.jpg 1280w, https:\/\/www.greenpeace.org\/static\/planet4-sweden-stateless\/2026\/03\/efdb3f1a-greenpeace_forest-scandal-015_webb-300x200.jpg 300w, https:\/\/www.greenpeace.org\/static\/planet4-sweden-stateless\/2026\/03\/efdb3f1a-greenpeace_forest-scandal-015_webb-1024x682.jpg 1024w, https:\/\/www.greenpeace.org\/static\/planet4-sweden-stateless\/2026\/03\/efdb3f1a-greenpeace_forest-scandal-015_webb-768x512.jpg 768w, https:\/\/www.greenpeace.org\/static\/planet4-sweden-stateless\/2026\/03\/efdb3f1a-greenpeace_forest-scandal-015_webb-510x340.jpg 510w\" sizes=\"auto, (max-width: 1280px) 100vw, 1280px\" data-image-size=\"post-thumbnail\" data-stateless-media-bucket=\"planet4-sweden-stateless\" data-stateless-media-name=\"2026\/03\/efdb3f1a-greenpeace_forest-scandal-015_webb.jpg\" \/><\/a><\/figure>\n\n\n<div class=\"wp-block-group is-layout-flow wp-block-group-is-layout-flow\">\n<div class=\"wp-block-group is-layout-flex wp-block-group-is-layout-flex\"><div class=\"wp-block-post-terms\"><a href=\"https:\/\/www.greenpeace.org\/sweden\/kategori\/skog\/\">Skog<\/a><\/div>\n\n<div class=\"taxonomy-post_tag wp-block-post-terms\"><a href=\"https:\/\/www.greenpeace.org\/sweden\/tag\/skyddaskogen\/\" rel=\"tag\">skyddaskogen<\/a><span class=\"wp-block-post-terms__separator\"> <\/span><a href=\"https:\/\/www.greenpeace.org\/sweden\/tag\/biodiversitet\/\" rel=\"tag\">biodiversitet<\/a><span class=\"wp-block-post-terms__separator\"> <\/span><a href=\"https:\/\/www.greenpeace.org\/sweden\/tag\/aktivism\/\" rel=\"tag\">aktivism<\/a><\/div><\/div>\n\n\n<h3 class=\"wp-block-post-title\"><a href=\"https:\/\/www.greenpeace.org\/sweden\/pressmeddelanden\/skog\/sca-avverkar-systematiskt-skog-som-myndigheter-vill-skydda-protest-vid-arsstamma-idag\/\" target=\"_self\" >SCA avverkar systematiskt skog som myndigheter vill skydda &#8211; protest vid \u00e5rsst\u00e4mma idag<\/a><\/h3>\n\n<div class=\"wp-block-post-excerpt\"><p class=\"wp-block-post-excerpt__excerpt\">Omkring 50 representanter fr\u00e5n 8 milj\u00f6organisationer och Ohredahke sameby har samlats f\u00f6r att protestera mot SCA:s oh\u00e5llbara och kontroversiella skogsbruk. <\/p><\/div>\n\n\n<div class=\"wp-block-group posts-list-meta is-layout-flow wp-block-group-is-layout-flow\"><span class='article-list-item-author'><a href='https:\/\/www.greenpeace.org\/sweden\/author\/ltillman\/'>Ludvig Tillman<\/a><\/span>\n\n<div class=\"wp-block-post-date\"><time datetime=\"2026-03-27T15:10:27+01:00\">mars 27, 2026<\/time><\/div><\/div>\n<\/div>\n<\/div>\n\n<\/li><\/ul>\n\n\n<div class=\"wp-block-buttons carousel-controls is-horizontal is-content-justification-space-between is-nowrap is-layout-flex wp-container-core-buttons-is-layout-044bd602 wp-block-buttons-is-layout-flex\">\n<div class=\"wp-block-button carousel-control-prev\"><button type=\"button\" class=\"wp-block-button__link wp-element-button\">Previous Carousel Slide<\/button><\/div>\n\n\n\n<div class=\"wp-block-button carousel-control-next\"><button type=\"button\" class=\"wp-block-button__link wp-element-button\">Next Carousel Slide<\/button><\/div>\n<\/div>\n\n\n<li class=\" wp-block-navigation-item see-all-link wp-block-navigation-link\"><a class=\"wp-block-navigation-item__content\"  href=\"https:\/\/www.greenpeace.org\/sweden\/nyheter\/?tag=aktivism\"><span class=\"wp-block-navigation-item__label\">Read more<\/span><\/a><\/li><\/div>\n\n<p><\/p>\n","protected":false},"excerpt":{"rendered":"<p>At Greenpeace we adhere to the four principles of civil disobedience as applied by Mahatma Gandhi and Martin Luther-King.<\/p>\n","protected":false},"author":45,"featured_media":55401,"parent":234,"menu_order":0,"comment_status":"closed","ping_status":"closed","template":"","meta":{"ep_exclude_from_search":false,"p4_hide_page_title_checkbox":"on","p4_title":"","p4_subtitle":"","p4_description":"","background_image_id":"","background_image":"","p4_button_title":"","p4_button_link":"","p4_button_link_checkbox":"","p4_og_title":"","p4_og_description":"","p4_og_image":"","p4_og_image_id":"","p4_seo_canonical_url":"https:\/\/www.greenpeace.org\/sweden\/om-oss\/civil-olydnad-och-vara-aktioner\/","p4_campaign_name":"not set","p4_local_project":"not set","p4_basket_name":"not set","p4_department":"","footnotes":""},"categories":[1],"tags":[13,31],"class_list":["post-57013","page","type-page","status-publish","has-post-thumbnail","hentry","category-greenpeace","tag-omgreenpeace","tag-aktivism"],"_links":{"self":[{"href":"https:\/\/www.greenpeace.org\/sweden\/wp-json\/wp\/v2\/pages\/57013","targetHints":{"allow":["GET"]}}],"collection":[{"href":"https:\/\/www.greenpeace.org\/sweden\/wp-json\/wp\/v2\/pages"}],"about":[{"href":"https:\/\/www.greenpeace.org\/sweden\/wp-json\/wp\/v2\/types\/page"}],"author":[{"embeddable":true,"href":"https:\/\/www.greenpeace.org\/sweden\/wp-json\/wp\/v2\/users\/45"}],"replies":[{"embeddable":true,"href":"https:\/\/www.greenpeace.org\/sweden\/wp-json\/wp\/v2\/comments?post=57013"}],"version-history":[{"count":20,"href":"https:\/\/www.greenpeace.org\/sweden\/wp-json\/wp\/v2\/pages\/57013\/revisions"}],"predecessor-version":[{"id":64761,"href":"https:\/\/www.greenpeace.org\/sweden\/wp-json\/wp\/v2\/pages\/57013\/revisions\/64761"}],"up":[{"embeddable":true,"href":"https:\/\/www.greenpeace.org\/sweden\/wp-json\/wp\/v2\/pages\/234"}],"wp:featuredmedia":[{"embeddable":true,"href":"https:\/\/www.greenpeace.org\/sweden\/wp-json\/wp\/v2\/media\/55401"}],"wp:attachment":[{"href":"https:\/\/www.greenpeace.org\/sweden\/wp-json\/wp\/v2\/media?parent=57013"}],"wp:term":[{"taxonomy":"category","embeddable":true,"href":"https:\/\/www.greenpeace.org\/sweden\/wp-json\/wp\/v2\/categories?post=57013"},{"taxonomy":"post_tag","embeddable":true,"href":"https:\/\/www.greenpeace.org\/sweden\/wp-json\/wp\/v2\/tags?post=57013"}],"curies":[{"name":"wp","href":"https:\/\/api.w.org\/{rel}","templated":true}]}}