{"id":60096,"date":"2024-05-10T12:40:00","date_gmt":"2024-05-10T11:40:00","guid":{"rendered":"https:\/\/www.greenpeace.org\/sweden\/?page_id=60096"},"modified":"2024-06-20T14:55:02","modified_gmt":"2024-06-20T13:55:02","slug":"boka-en-gratis-forelasning-med-greenpeace","status":"publish","type":"page","link":"https:\/\/www.greenpeace.org\/sweden\/agera\/boka-en-gratis-forelasning-med-greenpeace\/","title":{"rendered":"Boka en gratis f\u00f6rel\u00e4sning med Greenpeace"},"content":{"rendered":"\n\n<div class=\"wp-block-group alignfull has-grey-050-background-color has-background is-layout-flow wp-block-group-is-layout-flow\">\n<div class=\"wp-block-group container is-layout-flow wp-block-group-is-layout-flow\">\n<div class=\"wp-block-media-text alignfull has-media-on-the-right is-stacked-on-mobile is-pattern-p4-page-header is-style-parallax\"><div class=\"wp-block-media-text__content\">\n<div class=\"wp-block-group is-layout-flow wp-block-group-is-layout-flow\">\n<h1 class=\"wp-block-heading has-grey-050-background-color has-background\">Boka en gratis f\u00f6rel\u00e4sning med Greenpeace<\/h1>\n<\/div>\n\n\n\n<p style=\"font-size:1.1rem\">Vilka \u00e4r Greenpeace? Hur kan vi stoppa de stora f\u00f6retagen som sk\u00f6vlar v\u00e5r natur och f\u00f6rorenar v\u00e5r luft? Hur kan vi forma en gr\u00f6n och r\u00e4ttvis framtid tillsammans? <\/p>\n\n\n\n<p style=\"font-size:1.1rem\">Hos Greenpeace har vi ett <strong>team av skickliga och dedikerade volont\u00e4rer<\/strong> som h\u00e5ller i <strong>f\u00f6rel\u00e4sningar <\/strong>och <strong>workshops <\/strong>om Greenpeace och omr\u00e5dena vi arbetar med. Vi kallar dem Greenspeakers.<\/p>\n\n\n\n<div class=\"wp-block-buttons is-layout-flex wp-block-buttons-is-layout-flex\">\n<div class=\"wp-block-button is-style-cta\"><a class=\"wp-block-button__link wp-element-button\" href=\"https:\/\/docs.google.com\/forms\/d\/e\/1FAIpQLSdPpK-wm5_Zox32USttd_KTH3tWSHm2ftDv_Q0o3obO_YMvTA\/viewform\" target=\"_blank\" rel=\"noreferrer noopener\">Bjud in en Greenspeaker<\/a><\/div>\n<\/div>\n<\/div><figure class=\"wp-block-media-text__media\"><img decoding=\"async\" src=\"https:\/\/www.greenpeace.org\/static\/planet4-denmark-stateless\/2022\/06\/177fb53c-greenpeaker.jpg\" alt=\"\" sizes=\"(min-width: 601px) 50vw, 100vw\" srcset=\"\" class=\"wp-image-51356 size-full\"\/><\/figure><\/div>\n<\/div>\n<\/div>\n\n\n<p>\ud83c\uddec\ud83c\udde7 <a href=\"https:\/\/www.greenpeace.org\/sweden\/agera\/bli-volontar\/get-a-free-talk-by-greenpeace\/\"><em>Read the page in English here*<\/em><\/a><\/p>\n\n<div class=\"wp-block-media-text is-stacked-on-mobile is-style-default\"><figure class=\"wp-block-media-text__media\"><img decoding=\"async\" src=\"https:\/\/www.greenpeace.org\/static\/planet4-denmark-stateless\/2024\/03\/dbd58d87-gp1sxds8-1024x732.jpg\" alt=\"\" sizes=\"(min-width: 1600px) calc((1320px - 24px) \/ 2),(min-width: 1200px) calc((1140px - 24px) \/ 2),(min-width: 992px) calc((960px - 24px) \/ 2),(min-width: 768px) calc((720px - 24px) \/ 2),(min-width: 601px) calc((540px - 24px) \/ 2),(min-width: 577px) calc((540px - 24px) \/ 1), calc(100vw - 24px)\" srcset=\"\" class=\"wp-image-60275 size-full\"\/><\/figure><div class=\"wp-block-media-text__content\">\n<h2 class=\"wp-block-heading\"><strong>V\u00e5ra f\u00f6rel\u00e4sningar<\/strong><\/h2>\n\n\n\n<p>Greenpeaces fantastiska <em>Greenspeakers <\/em>h\u00e5ller offline- och onlinef\u00f6rel\u00e4sningar och workshops om oss och v\u00e5ra kampanjer, p\u00e5 svenska och engelska.<\/p>\n\n\n\n<p>De bes\u00f6ker g\u00e4rna din skola, organisation, gymnasium eller arbetsplats f\u00f6r att prata om kampen f\u00f6r en levande och blomstrande planet.<\/p>\n<\/div><\/div>\n\n<div style=\"height:10px\" aria-hidden=\"true\" class=\"wp-block-spacer\"><\/div>\n\n<div class=\"wp-block-group has-beige-100-background-color has-background is-content-justification-center is-layout-constrained wp-container-core-group-is-layout-42edfff7 wp-block-group-is-layout-constrained\" style=\"border-top-left-radius:0px;border-top-right-radius:23px;border-bottom-left-radius:23px;border-bottom-right-radius:0px;padding-top:var(--wp--preset--spacing--50);padding-right:var(--wp--preset--spacing--30);padding-bottom:var(--wp--preset--spacing--30);padding-left:var(--wp--preset--spacing--30)\">\n<div class=\"wp-block-group is-nowrap is-layout-flex wp-container-core-group-is-layout-ad2f72ca wp-block-group-is-layout-flex\">\n<div class=\"wp-block-columns is-layout-flex wp-container-core-columns-is-layout-9d6595d7 wp-block-columns-is-layout-flex\">\n<div class=\"wp-block-column is-vertically-aligned-center is-layout-flow wp-block-column-is-layout-flow\" style=\"flex-basis:20%\">\n<figure class=\"wp-block-image alignleft size-thumbnail is-resized is-style-default\"><img decoding=\"async\" src=\"https:\/\/www.greenpeace.org\/static\/planet4-denmark-stateless\/2024\/03\/558bc509-7_climate_justice-1_icon-150x150.png\" alt=\"\" class=\"wp-image-60283\" style=\"aspect-ratio:1.3333333333333333;object-fit:cover;width:148px;height:auto\"\/><\/figure>\n<\/div>\n\n\n\n<div class=\"wp-block-column is-vertically-aligned-center is-layout-flow wp-block-column-is-layout-flow\" style=\"flex-basis:80%\">\n<h4 class=\"wp-block-heading\">Just nu \u00e4r v\u00e5ra Greenspeakers mycket intresserade av att prata med dig om f\u00f6ljande \u00e4mnen:<\/h4>\n<\/div>\n<\/div>\n<\/div>\n<\/div>\n\n<div class=\"wp-block-media-text has-media-on-the-right is-stacked-on-mobile is-style-default\"><div class=\"wp-block-media-text__content\">\n<h2 class=\"wp-block-heading\"><a href=\"https:\/\/www.greenpeace.org\/sweden\/skog\/\">Skog<\/a><\/h2>\n\n\n\n<p>Skogen \u00e4r en v\u00e4sentlig del av liv, kultur och h\u00e4lsa f\u00f6r m\u00e4nniskorna p\u00e5 den h\u00e4r planeten. \u00c4nd\u00e5 \u00e4r <strong>v\u00e5ra sista skogar till salu och riskerar att omvandlas till kalhyggen. <\/strong>Sedan<a href=\"https:\/\/cdn.naturskyddsforeningen.se\/uploads\/2021\/05\/11103511\/Rapport_fran_mangfald_till_enfald_0.pdf\" target=\"_blank\" rel=\"noreferrer noopener\"> 1950-talet har \u00f6ver 60 %<\/a> av skogen i Sverige kalavverkats och forskare varnar f\u00f6r att om vi forts\u00e4tter med den nuvarande avskogningstakten kommer vi helt att<a href=\"https:\/\/theconversation.com\/sweden-has-vast-old-growth-forests-but-they-are-being-chopped-down-faster-than-the-amazon-218753\" target=\"_blank\" rel=\"noreferrer noopener\"> f\u00f6rlora v\u00e5ra gammelskogar till 2070<\/a>. Bjud in v\u00e5ra Greenspeakers f\u00f6r att h\u00f6ra mer om vad detta inneb\u00e4r och<strong> hur vi kan l\u00f6sa det tillsammans<\/strong>!<\/p>\n\n\n\n<h5 class=\"wp-block-heading is-style-chevron\"><a href=\"https:\/\/www.greenpeace.org\/sweden\/skog\/\">L\u00e4s mer om detta \u00e4mne h\u00e4r<\/a><\/h5>\n<\/div><figure class=\"wp-block-media-text__media\"><img loading=\"lazy\" decoding=\"async\" width=\"1024\" height=\"684\" src=\"https:\/\/www.greenpeace.org\/static\/planet4-sweden-stateless\/2024\/06\/c92c947c-copy-of-ubmeje3-1024x684.jpg\" alt=\"\" sizes=\"auto, (min-width: 1600px) calc((1320px - 24px) \/ 2),(min-width: 1200px) calc((1140px - 24px) \/ 2),(min-width: 992px) calc((960px - 24px) \/ 2),(min-width: 768px) calc((720px - 24px) \/ 2),(min-width: 601px) calc((540px - 24px) \/ 2),(min-width: 577px) calc((540px - 24px) \/ 1), calc(100vw - 24px)\" srcset=\"https:\/\/www.greenpeace.org\/static\/planet4-sweden-stateless\/2024\/06\/c92c947c-copy-of-ubmeje3.jpg 1489w, https:\/\/www.greenpeace.org\/static\/planet4-sweden-stateless\/2024\/06\/c92c947c-copy-of-ubmeje3-300x200.jpg 300w, https:\/\/www.greenpeace.org\/static\/planet4-sweden-stateless\/2024\/06\/c92c947c-copy-of-ubmeje3-1024x684.jpg 1024w, https:\/\/www.greenpeace.org\/static\/planet4-sweden-stateless\/2024\/06\/c92c947c-copy-of-ubmeje3-768x513.jpg 768w, https:\/\/www.greenpeace.org\/static\/planet4-sweden-stateless\/2024\/06\/c92c947c-copy-of-ubmeje3-510x340.jpg 510w\" class=\"wp-image-60519 size-full\"\/><\/figure><\/div>\n\n<div class=\"wp-block-media-text is-stacked-on-mobile is-style-default\"><figure class=\"wp-block-media-text__media\"><img loading=\"lazy\" decoding=\"async\" width=\"1024\" height=\"684\" src=\"https:\/\/www.greenpeace.org\/static\/planet4-sweden-stateless\/2024\/06\/dd5acfca-copy-of-lulea-5978-1024x684.jpg\" alt=\"\" sizes=\"auto, (min-width: 1600px) calc((1320px - 24px) \/ 2),(min-width: 1200px) calc((1140px - 24px) \/ 2),(min-width: 992px) calc((960px - 24px) \/ 2),(min-width: 768px) calc((720px - 24px) \/ 2),(min-width: 601px) calc((540px - 24px) \/ 2),(min-width: 577px) calc((540px - 24px) \/ 1), calc(100vw - 24px)\" srcset=\"https:\/\/www.greenpeace.org\/static\/planet4-sweden-stateless\/2024\/06\/dd5acfca-copy-of-lulea-5978.jpg 1300w, https:\/\/www.greenpeace.org\/static\/planet4-sweden-stateless\/2024\/06\/dd5acfca-copy-of-lulea-5978-300x200.jpg 300w, https:\/\/www.greenpeace.org\/static\/planet4-sweden-stateless\/2024\/06\/dd5acfca-copy-of-lulea-5978-1024x684.jpg 1024w, https:\/\/www.greenpeace.org\/static\/planet4-sweden-stateless\/2024\/06\/dd5acfca-copy-of-lulea-5978-768x513.jpg 768w, https:\/\/www.greenpeace.org\/static\/planet4-sweden-stateless\/2024\/06\/dd5acfca-copy-of-lulea-5978-510x340.jpg 510w\" class=\"wp-image-60522 size-full\"\/><\/figure><div class=\"wp-block-media-text__content\">\n<h2 class=\"wp-block-heading\"><a href=\"https:\/\/www.greenpeace.org\/sweden\/agera\/minska-jordbrukets-metanutslapp\/\">Maten, metan &amp; klimatet<\/a><\/h2>\n\n\n\n<p>F\u00f6rest\u00e4ll dig att <strong>maten p\u00e5 v\u00e5ra tallrikar var h\u00e4lsosam f\u00f6r oss <em>och <\/em>f\u00f6r v\u00e5r planet<\/strong>, utan att vi beh\u00f6vde fundera v\u00e4rst mycket \u00f6ver det. Med hj\u00e4lp av <strong>lokal demokrati<\/strong> kan vi faktiskt uppn\u00e5 detta! Metan \u00e4r en av de st\u00f6rsta och v\u00e4rsta v\u00e4xthusgaserna och det industriella jordbrukets produktion av k\u00f6tt och mejeri \u00e4r den st\u00f6rsta utsl\u00e4ppsk\u00e4llan av metan i Sverige. Bjud in en Greenspeaker och l\u00e4r dig mer om metans roll i klimatkrisen och hur du kan vara del av omst\u00e4llningen i din kommun!<\/p>\n\n\n\n<h5 class=\"wp-block-heading is-style-chevron\"><a href=\"https:\/\/www.greenpeace.org\/sweden\/agera\/minska-jordbrukets-metanutslapp\/\">L\u00e4s mer om detta \u00e4mne h\u00e4r<\/a><\/h5>\n<\/div><\/div>\n\n<div class=\"wp-block-media-text has-media-on-the-right is-stacked-on-mobile is-style-default\"><div class=\"wp-block-media-text__content\">\n<h2 class=\"wp-block-heading\"><a href=\"https:\/\/www.greenpeace.org\/sweden\/om-oss\/civil-olydnad-och-vara-aktioner\/\">Civil Olydnad<\/a><\/h2>\n\n\n\n<p>Civil olydnad \u00e4r en del av Greenpeaces DNA, i mer \u00e4n 50 \u00e5r har vi anv\u00e4nt civil olydnad f\u00f6r att st\u00e4lla makthavare till svars f\u00f6r deras handlingar, eller brist p\u00e5 handlingar. Civil olydnad \u00e4r ett demokratiskt verktyg som visat sig vara avg\u00f6rande i flera av historiens st\u00f6rsta samh\u00e4llsomst\u00e4llningar. Vill du <strong>l\u00e4ra dig mer om vad civil olydnad \u00e4r<\/strong>, hur vi i Greenpeace anv\u00e4nder det och lyssna p\u00e5 n\u00e5gra sp\u00e4nnande exempel p\u00e5 omr\u00e5det? Bjud in en Greenspeaker!<\/p>\n\n\n\n<h5 class=\"wp-block-heading is-style-chevron\"><a href=\"https:\/\/www.greenpeace.org\/sweden\/om-oss\/civil-olydnad-och-vara-aktioner\/\">L\u00e4s mer om detta \u00e4mne h\u00e4r<\/a><\/h5>\n<\/div><figure class=\"wp-block-media-text__media\"><img loading=\"lazy\" decoding=\"async\" width=\"1024\" height=\"768\" src=\"https:\/\/www.greenpeace.org\/static\/planet4-sweden-stateless\/2024\/05\/d4d41d28-signal-2024-03-01-144602_002-1024x768.jpeg\" alt=\"\" sizes=\"auto, (min-width: 1600px) calc((1320px - 24px) \/ 2),(min-width: 1200px) calc((1140px - 24px) \/ 2),(min-width: 992px) calc((960px - 24px) \/ 2),(min-width: 768px) calc((720px - 24px) \/ 2),(min-width: 601px) calc((540px - 24px) \/ 2),(min-width: 577px) calc((540px - 24px) \/ 1), calc(100vw - 24px)\" srcset=\"https:\/\/www.greenpeace.org\/static\/planet4-sweden-stateless\/2024\/05\/d4d41d28-signal-2024-03-01-144602_002.jpeg 1600w, https:\/\/www.greenpeace.org\/static\/planet4-sweden-stateless\/2024\/05\/d4d41d28-signal-2024-03-01-144602_002-300x225.jpeg 300w, https:\/\/www.greenpeace.org\/static\/planet4-sweden-stateless\/2024\/05\/d4d41d28-signal-2024-03-01-144602_002-1024x768.jpeg 1024w, https:\/\/www.greenpeace.org\/static\/planet4-sweden-stateless\/2024\/05\/d4d41d28-signal-2024-03-01-144602_002-768x576.jpeg 768w, https:\/\/www.greenpeace.org\/static\/planet4-sweden-stateless\/2024\/05\/d4d41d28-signal-2024-03-01-144602_002-1536x1152.jpeg 1536w, https:\/\/www.greenpeace.org\/static\/planet4-sweden-stateless\/2024\/05\/d4d41d28-signal-2024-03-01-144602_002-453x340.jpeg 453w\" class=\"wp-image-60101 size-full\"\/><\/figure><\/div>\n\n<div class=\"wp-block-media-text is-stacked-on-mobile is-style-default\"><figure class=\"wp-block-media-text__media\"><img decoding=\"async\" src=\"https:\/\/www.greenpeace.org\/static\/planet4-denmark-stateless\/2024\/03\/9a6b74ca-gp1sxb7a-1024x731.jpg\" alt=\"\" sizes=\"(min-width: 1600px) calc((1320px - 24px) \/ 2),(min-width: 1200px) calc((1140px - 24px) \/ 2),(min-width: 992px) calc((960px - 24px) \/ 2),(min-width: 768px) calc((720px - 24px) \/ 2),(min-width: 601px) calc((540px - 24px) \/ 2),(min-width: 577px) calc((540px - 24px) \/ 1), calc(100vw - 24px)\" srcset=\"\" class=\"wp-image-60273 size-full\"\/><\/figure><div class=\"wp-block-media-text__content\">\n<h2 class=\"wp-block-heading\"><strong>V\u00e4lj \u00e4mne sj\u00e4lv!<\/strong><\/h2>\n\n\n\n<p>V\u00e5ra Greenspeakers \u00e4r ocks\u00e5 intresserade av att h\u00f6ra dina \u00f6nskem\u00e5l om andra \u00e4mnen, och kan anpassa sina f\u00f6rel\u00e4sningar f\u00f6r att passa olika \u00e5ldersgrupper eller m\u00e5lgrupper.<\/p>\n\n\n\n<div style=\"height:10px\" aria-hidden=\"true\" class=\"wp-block-spacer\"><\/div>\n\n\n\n<div class=\"wp-block-buttons is-content-justification-left is-layout-flex wp-container-core-buttons-is-layout-fdcfc74e wp-block-buttons-is-layout-flex\">\n<div class=\"wp-block-button is-style-cta\"><a class=\"wp-block-button__link has-text-align-center wp-element-button\" href=\"https:\/\/docs.google.com\/forms\/d\/e\/1FAIpQLSdPpK-wm5_Zox32USttd_KTH3tWSHm2ftDv_Q0o3obO_YMvTA\/viewform\" target=\"_blank\" rel=\"noreferrer noopener\">Bjud in en Greenspeaker<\/a><\/div>\n<\/div>\n<\/div><\/div>\n\n<div class=\"wp-block-group has-beige-100-background-color has-background is-content-justification-center is-layout-constrained wp-container-core-group-is-layout-42edfff7 wp-block-group-is-layout-constrained\" style=\"border-top-left-radius:0px;border-top-right-radius:23px;border-bottom-left-radius:23px;border-bottom-right-radius:0px;padding-top:var(--wp--preset--spacing--50);padding-right:var(--wp--preset--spacing--30);padding-bottom:var(--wp--preset--spacing--30);padding-left:var(--wp--preset--spacing--30)\">\n<div class=\"wp-block-group is-nowrap is-layout-flex wp-container-core-group-is-layout-ad2f72ca wp-block-group-is-layout-flex\">\n<div class=\"wp-block-columns is-layout-flex wp-container-core-columns-is-layout-9d6595d7 wp-block-columns-is-layout-flex\">\n<div class=\"wp-block-column is-vertically-aligned-center is-layout-flow wp-block-column-is-layout-flow\" style=\"flex-basis:20%\">\n<figure class=\"wp-block-image alignleft size-thumbnail is-resized is-style-default\"><img decoding=\"async\" src=\"https:\/\/www.greenpeace.org\/static\/planet4-denmark-stateless\/2024\/03\/0dcad776-24_greenpeace_ships-1_icon-150x150.png\" alt=\"\" class=\"wp-image-60299\" style=\"aspect-ratio:1.3333333333333333;object-fit:cover;width:148px;height:auto\"\/><\/figure>\n<\/div>\n\n\n\n<div class=\"wp-block-column is-vertically-aligned-center is-layout-flow wp-block-column-is-layout-flow\" style=\"flex-basis:80%\">\n<h4 class=\"wp-block-heading\"><strong>Greenpeace talare \u00e4r perfekta f\u00f6r<\/strong>:<\/h4>\n\n\n\n<p style=\"font-size:19px\">Skolor, gymnasier, arbetsplatser, politiska ungdomspartier, organisationer, andra grupper eller f\u00f6reningar<\/p>\n<\/div>\n<\/div>\n<\/div>\n<\/div>\n\n<div class=\"wp-block-media-text is-stacked-on-mobile is-image-fill\"><figure class=\"wp-block-media-text__media\" style=\"background-image:url(https:\/\/www.greenpeace.org\/static\/planet4-sweden-stateless\/2024\/06\/fa63a330-copy-of-jokkmokk-04088-1024x685.jpg);background-position:58% 49%\"><img loading=\"lazy\" decoding=\"async\" width=\"1024\" height=\"685\" src=\"https:\/\/www.greenpeace.org\/static\/planet4-sweden-stateless\/2024\/06\/fa63a330-copy-of-jokkmokk-04088-1024x685.jpg\" alt=\"\" sizes=\"auto, (min-width: 1600px) calc((1320px - 24px) \/ 2),(min-width: 1200px) calc((1140px - 24px) \/ 2),(min-width: 992px) calc((960px - 24px) \/ 2),(min-width: 768px) calc((720px - 24px) \/ 2),(min-width: 601px) calc((540px - 24px) \/ 2),(min-width: 577px) calc((540px - 24px) \/ 1), calc(100vw - 24px)\" srcset=\"https:\/\/www.greenpeace.org\/static\/planet4-sweden-stateless\/2024\/06\/fa63a330-copy-of-jokkmokk-04088.jpg 1041w, https:\/\/www.greenpeace.org\/static\/planet4-sweden-stateless\/2024\/06\/fa63a330-copy-of-jokkmokk-04088-300x201.jpg 300w, https:\/\/www.greenpeace.org\/static\/planet4-sweden-stateless\/2024\/06\/fa63a330-copy-of-jokkmokk-04088-1024x685.jpg 1024w, https:\/\/www.greenpeace.org\/static\/planet4-sweden-stateless\/2024\/06\/fa63a330-copy-of-jokkmokk-04088-768x513.jpg 768w, https:\/\/www.greenpeace.org\/static\/planet4-sweden-stateless\/2024\/06\/fa63a330-copy-of-jokkmokk-04088-510x340.jpg 510w\" class=\"wp-image-60520 size-full\"\/><\/figure><div class=\"wp-block-media-text__content\">\n<div style=\"height:30px\" aria-hidden=\"true\" class=\"wp-block-spacer\"><\/div>\n\n\n\n<h2 class=\"wp-block-heading\"><strong><strong>Vill du sj\u00e4lv bli en Greenspeaker?<\/strong><\/strong><\/h2>\n\n\n\n<p>Om du brinner f\u00f6r att engagera fler m\u00e4nniskor i kampen f\u00f6r v\u00e5r planet och k\u00e4nner dig trygg med att tala inf\u00f6r st\u00f6rre och mindre grupper, \u00e4r du varmt v\u00e4lkommen att g\u00e5 med i v\u00e5rt team av Greenspeakers! Detta fantastiska volont\u00e4rteam hj\u00e4lper till att utveckla f\u00f6rel\u00e4sningsmaterialet, tr\u00e4nar tillsammans och st\u00f6ttar varandra.<\/p>\n\n\n\n<p>Greenpeace anordnar utbildning f\u00f6r nya Greenspeakers tv\u00e5 g\u00e5nger per \u00e5r. Vi g\u00f6r v\u00e5rt b\u00e4sta f\u00f6r att bjuda in alla som ans\u00f6ker, men vi kan inte garantera en plats.<\/p>\n\n\n\n<p>F\u00f6r mer information om Greenspeakers-teamet och andra m\u00f6jligheter till volont\u00e4rarbete hos Greenpeace, anm\u00e4l dig till n\u00e4sta introduktionsm\u00f6te f\u00f6r volont\u00e4rer.<\/p>\n\n\n\n<div class=\"wp-block-buttons is-layout-flex wp-block-buttons-is-layout-flex\">\n<div class=\"wp-block-button is-style-secondary\"><a class=\"wp-block-button__link wp-element-button\" href=\"https:\/\/www.greenpeace.org\/sweden\/agera\/bli-volontar\/\">Bli Greenpeace volont\u00e4r<\/a><\/div>\n<\/div>\n\n\n\n<div style=\"height:30px\" aria-hidden=\"true\" class=\"wp-block-spacer\"><\/div>\n<\/div><\/div>\n","protected":false},"excerpt":{"rendered":"<p>Vill du h\u00f6ra mer om Greenpeace jobbar? Boka ett f\u00f6redrag fr\u00e5n en av v\u00e5ra engagerade Greenspeakers!<\/p>\n","protected":false},"author":45,"featured_media":2257,"parent":9,"menu_order":0,"comment_status":"closed","ping_status":"closed","template":"","meta":{"ep_exclude_from_search":false,"p4_hide_page_title_checkbox":"on","p4_title":"","p4_subtitle":"","p4_description":"","background_image_id":"","background_image":"","p4_button_title":"","p4_button_link":"","p4_button_link_checkbox":"","p4_og_title":"","p4_og_description":"","p4_og_image":"","p4_og_image_id":"","p4_seo_canonical_url":"","p4_campaign_name":"","p4_local_project":"","p4_basket_name":"","p4_department":"","footnotes":""},"categories":[1],"tags":[31],"class_list":["post-60096","page","type-page","status-publish","has-post-thumbnail","hentry","category-greenpeace","tag-aktivism"],"_links":{"self":[{"href":"https:\/\/www.greenpeace.org\/sweden\/wp-json\/wp\/v2\/pages\/60096","targetHints":{"allow":["GET"]}}],"collection":[{"href":"https:\/\/www.greenpeace.org\/sweden\/wp-json\/wp\/v2\/pages"}],"about":[{"href":"https:\/\/www.greenpeace.org\/sweden\/wp-json\/wp\/v2\/types\/page"}],"author":[{"embeddable":true,"href":"https:\/\/www.greenpeace.org\/sweden\/wp-json\/wp\/v2\/users\/45"}],"replies":[{"embeddable":true,"href":"https:\/\/www.greenpeace.org\/sweden\/wp-json\/wp\/v2\/comments?post=60096"}],"version-history":[{"count":12,"href":"https:\/\/www.greenpeace.org\/sweden\/wp-json\/wp\/v2\/pages\/60096\/revisions"}],"predecessor-version":[{"id":61084,"href":"https:\/\/www.greenpeace.org\/sweden\/wp-json\/wp\/v2\/pages\/60096\/revisions\/61084"}],"up":[{"embeddable":true,"href":"https:\/\/www.greenpeace.org\/sweden\/wp-json\/wp\/v2\/pages\/9"}],"wp:featuredmedia":[{"embeddable":true,"href":"https:\/\/www.greenpeace.org\/sweden\/wp-json\/wp\/v2\/media\/2257"}],"wp:attachment":[{"href":"https:\/\/www.greenpeace.org\/sweden\/wp-json\/wp\/v2\/media?parent=60096"}],"wp:term":[{"taxonomy":"category","embeddable":true,"href":"https:\/\/www.greenpeace.org\/sweden\/wp-json\/wp\/v2\/categories?post=60096"},{"taxonomy":"post_tag","embeddable":true,"href":"https:\/\/www.greenpeace.org\/sweden\/wp-json\/wp\/v2\/tags?post=60096"}],"curies":[{"name":"wp","href":"https:\/\/api.w.org\/{rel}","templated":true}]}}