{"id":64391,"date":"2025-09-04T09:43:46","date_gmt":"2025-09-04T08:43:46","guid":{"rendered":"https:\/\/www.greenpeace.org\/sweden\/?page_id=64391"},"modified":"2026-04-08T09:59:21","modified_gmt":"2026-04-08T08:59:21","slug":"skydda-amazonas-radda-klimatet","status":"publish","type":"page","link":"https:\/\/www.greenpeace.org\/sweden\/agera\/skydda-amazonas-radda-klimatet\/","title":{"rendered":"Skydda Amazonas, r\u00e4dda klimatet!"},"content":{"rendered":"<div id=\"leads-form-block_68b6acfb45033\" :class=\"'leads-form--mounted'\" class=\"leads-form hero left light\" data-block-id=\"block_68b6acfb45033\" data-form-id=\"64445\">\n\n    <div class=\"leads-form__grid  \">\n        <div class=\"leads-form__content\" v-show=\"!success\">\n    <h2 :class=\"lengthClass(heroTitle)\" v-if=\"heroTitle !== ''\">Vill du ge Amazonas en framtid?<\/h2>\n    <div class=\"description\">\n        <div class=\"text\" ref=\"heroDescription\" v-html=\"limitedText(heroDescription, textOpen)\" v-if=\"heroDescription !== ''\">Regnskogen i Amazonas \u00e4r v\u00e5r viktigaste allierade mot klimatkrisen \u2013 just nu hotas dess \u00f6verlevnad av industriellt jordbruk. Storf\u00f6retagen sk\u00f6vlar ov\u00e4rderlig regnskog f\u00f6r kortsiktiga vinster. H\u00f6j DIN r\u00f6st med oss \u2013 visa att omv\u00e4rlden ser vad som h\u00e4nder, och att vi \u00e4r en majoritet som kr\u00e4ver att Amazonas skyddas, SKRIV UNDER!        <\/div>\n        <div v-if=\"showReadMore\">\n            <a @click=\"toggleText()\" class='button--arrow'>\n                <span class=\"arrow-icon\" :class=\"{ 'arrow-icon--rotated' : textOpen }\"><svg width=\"20\" height=\"20\" viewBox=\"0 0 20 20\" fill=\"none\" xmlns=\"http:\/\/www.w3.org\/2000\/svg\">\n<path d=\"M10.0013 18.3333C14.6037 18.3333 18.3346 14.6023 18.3346 9.99996C18.3346 5.39759 14.6037 1.66663 10.0013 1.66663C5.39893 1.66663 1.66797 5.39759 1.66797 9.99996C1.66797 14.6023 5.39893 18.3333 10.0013 18.3333Z\" stroke=\"#005C42\" stroke-width=\"2\" stroke-linecap=\"round\" stroke-linejoin=\"round\"\/>\n<path d=\"M6.66797 9.16663L10.0013 12.5L13.3346 9.16663\" stroke=\"#005C42\" stroke-width=\"2\" stroke-linecap=\"round\" stroke-linejoin=\"round\"\/>\n<\/svg>\n<\/span>\n                <span v-text=\"moreButtonText\"><\/span>\n            <\/a>\n        <\/div>\n    <\/div>\n<\/div><form class=\"leads-form__form default leads-form__main-container\" v-show=\"!success\" name=\"leads-form\">\n            <div class=\"leads-form__counter\">\n            <div class=\"leads-form__counter__headings\">\n                <small>Har skrivit under<\/small>\n                <small>M\u00e5l<\/small>\n            <\/div>\n            <div class=\"leads-form__counter__values\">\n                <p>{{targetCounter}}<\/p>\n                <p>{{goal}}<\/p>\n            <\/div>\n\n            <div class=\"leads-form__counter__progress\">\n                <div class=\"leads-form__counter__progress__bar\" :style=\"{ width: `${percentReachedGoal}%` }\" :class=\"{ 'done' : reachedGoal }\"><\/div>\n            <\/div>\n        <\/div>\n        <div class=\"leads-form__form__container\">\n                            <h3>Skydda Amazonas nu! Din r\u00f6st g\u00f6r skillnad. <\/h3>\n            <p><span style=\"font-weight: 400;\">Varje \u00e5r sk\u00f6vlas enorma omr\u00e5den av Amazonas f\u00f6r att ge plats \u00e5t industriellt jordbruk. I oktober 2025 kom chockerande beskedet att Brasilien \u00f6ppnar f\u00f6r ny oljeborrning, mitt i hj\u00e4rtat av Amazonas. <strong>Detta f\u00e5r inte forts\u00e4tta!<\/strong><\/span><\/p>\n<p>\ud83d\udde3\ufe0f Vi kr\u00e4ver att f\u00f6retagen som sk\u00f6vlar Amazonas och andra v\u00e4rdefulla skogar f\u00f6r kortsiktiga vinster st\u00e4lls till svars! <span style=\"font-weight: 400;\"><strong>Skriv under och var med i den globala r\u00f6relsen av motst\u00e5nd \ud83d\udce3<\/strong><\/span><\/p>\n<p><em>*Du hittar v\u00e5r kravlista och Forest action-plan f\u00f6r att skydda Amazonas och v\u00e4rldens skogar l\u00e4ngre ned p\u00e5 sidan.\u00a0<\/em><\/p>\n                <div>\n            <div class=\"input-container\">\n                <input @focus=\"hideInput = false; startedFilling = true\" class=\"input--icon\" :class=\"{ 'error' : emailErrors.length}\" type=\"email\" name=\"email\" placeholder=\"E-post*\" v-model=\"formFields.email.value\" @keyup.enter=\"submit\" @keyup=\"emailErrors = []\" \/>\n                <svg width=\"16\" height=\"14\" viewBox=\"0 0 16 14\" fill=\"none\" xmlns=\"http:\/\/www.w3.org\/2000\/svg\">\n<path d=\"M2.66732 1.66669H13.334C14.0673 1.66669 14.6673 2.26669 14.6673 3.00002V11C14.6673 11.7334 14.0673 12.3334 13.334 12.3334H2.66732C1.93398 12.3334 1.33398 11.7334 1.33398 11V3.00002C1.33398 2.26669 1.93398 1.66669 2.66732 1.66669Z\" stroke=\"#212121\" stroke-width=\"2\" stroke-linecap=\"round\" stroke-linejoin=\"round\"\/>\n<path d=\"M14.6673 3L8.00065 7.66667L1.33398 3\" stroke=\"#212121\" stroke-width=\"2\" stroke-linecap=\"round\" stroke-linejoin=\"round\"\/>\n<\/svg>\n            <\/div>\n            <div v-if=\"hasFieldErrors(emailErrors)\" class=\"input-container__error\">\n                <ul>\n                    <li v-for=\"(error, index) in emailErrors\" :key=\"index\" v-html=\"error\"><\/li>\n                <\/ul>\n            <\/div>\n        <\/div>\n        <div>\n            <div class=\"overflow-hidden\">\n                <transition name=\"fade\">\n                    <div class=\"input-container name\" v-show=\"!hideInput\">\n                        <input class=\"fname input--icon\" :class=\"{ 'error' : firstNameErrors.length}\" type=\"text\" name=\"fname\" placeholder=\"F\u00f6rnamn*\" v-model=\"formFields.fname.value\" @keyup.enter=\"submit\" @keyup=\"firstNameErrors = []\" \/>\n                        <svg width=\"14\" height=\"14\" viewBox=\"0 0 14 14\" fill=\"none\" xmlns=\"http:\/\/www.w3.org\/2000\/svg\">\n<path d=\"M12.3327 13V11.6667C12.3327 10.9594 12.0517 10.2811 11.5516 9.78105C11.0515 9.28095 10.3733 9 9.66602 9H4.33268C3.62544 9 2.94716 9.28095 2.44706 9.78105C1.94697 10.2811 1.66602 10.9594 1.66602 11.6667V13\" stroke=\"#212121\" stroke-width=\"2\" stroke-linecap=\"round\" stroke-linejoin=\"round\"\/>\n<path d=\"M7.00065 6.33333C8.47341 6.33333 9.66732 5.13943 9.66732 3.66667C9.66732 2.19391 8.47341 1 7.00065 1C5.52789 1 4.33398 2.19391 4.33398 3.66667C4.33398 5.13943 5.52789 6.33333 7.00065 6.33333Z\" stroke=\"#212121\" stroke-width=\"2\" stroke-linecap=\"round\" stroke-linejoin=\"round\"\/>\n<\/svg>\n                    <\/div>\n                <\/transition>\n                <transition name=\"fade\">\n                    <div class=\"input-container name\" v-show=\"!hideInput\">\n                        <input class=\"lname\" :class=\"{ 'error' : lastNameErrors.length}\" type=\"text\" name=\"lname\" placeholder=\"Efternamn*\" v-model=\"formFields.lname.value\" @keyup.enter=\"submit\" @keyup=\"lastNameErrors = []\" \/>\n                    <\/div>\n                <\/transition>\n            <\/div>\n            <div v-if=\"hasFieldErrors(firstNameErrors) || hasFieldErrors(lastNameErrors)\" class=\"input-container__error\">\n                <ul>\n                    <li v-for=\"(error, index) in firstNameErrors\" :key=\"index\" v-html=\"error\"><\/li>\n                    <li v-for=\"(error, index) in lastNameErrors\" :key=\"index\" v-html=\"error\"><\/li>\n                <\/ul>\n            <\/div>\n        <\/div>\n                    <transition name=\"fade\">\n                <div v-show=\"!hideInput\">\n                    <div class=\"input-container phone\">\n                        <input class=\"countrycode\" type=\"text\" name=\"phone-countrycode\" disabled placeholder=\"+46\" value=\"+46\">\n                        <input class=\"input--icon\" type=\"tel\" name=\"phone\" placeholder=\"Telefonnummer*\" v-model=\"formFields.phone.value\" @keyup.enter=\"submit\" \/>\n                        <svg width=\"16\" height=\"16\" viewBox=\"0 0 16 16\" fill=\"none\" xmlns=\"http:\/\/www.w3.org\/2000\/svg\">\n<path d=\"M14.2587 10.9467V12.9467C14.2595 13.1324 14.2215 13.3162 14.1471 13.4863C14.0727 13.6564 13.9636 13.8091 13.8268 13.9346C13.69 14.0602 13.5285 14.1557 13.3526 14.2152C13.1767 14.2747 12.9903 14.2968 12.8054 14.2801C10.754 14.0572 8.78341 13.3562 7.05208 12.2334C5.4413 11.2098 4.07564 9.84418 3.05208 8.2334C1.9254 6.4942 1.22424 4.51406 1.00541 2.4534C0.988751 2.26904 1.01066 2.08324 1.06974 1.90781C1.12883 1.73239 1.22379 1.57119 1.34859 1.43448C1.47339 1.29777 1.62528 1.18854 1.79461 1.11375C1.96393 1.03895 2.14697 1.00024 2.33208 1.00006H4.33208C4.65562 0.99688 4.96927 1.11145 5.21459 1.32242C5.4599 1.53339 5.62013 1.82636 5.66541 2.14673C5.74983 2.78678 5.90638 3.41522 6.13208 4.02006C6.22177 4.25868 6.24119 4.51801 6.18802 4.76732C6.13485 5.01663 6.01132 5.24547 5.83208 5.42673L4.98541 6.2734C5.93445 7.94243 7.31638 9.32436 8.98541 10.2734L9.83208 9.42673C10.0133 9.24749 10.2422 9.12396 10.4915 9.07079C10.7408 9.01762 11.0001 9.03704 11.2387 9.12673C11.8436 9.35243 12.472 9.50898 13.1121 9.5934C13.4359 9.63909 13.7317 9.8022 13.9431 10.0517C14.1545 10.3013 14.2669 10.6198 14.2587 10.9467Z\" stroke=\"#212121\" stroke-width=\"2\" stroke-linecap=\"round\" stroke-linejoin=\"round\"\/>\n<\/svg>\n\n                    <\/div>\n                    <div v-if=\"hasFieldErrors(phoneErrors)\" class=\"input-container__error\">\n                        <ul>\n                            <li v-for=\"(error, index) in phoneErrors\" :key=\"index\" v-html=\"error\"><\/li>\n                        <\/ul>\n                    <\/div>\n                <\/div>\n            <\/transition>\n                        <a @click=\"submit\" class=\"button button--submit\" id=\"btn-submit\">\n            <span v-if=\"!loading\"><svg width=\"17\" height=\"16\" viewBox=\"0 0 17 16\" fill=\"none\" xmlns=\"http:\/\/www.w3.org\/2000\/svg\">\n<path d=\"M15.1673 1.33331L7.83398 8.66665\" stroke=\"#212121\" stroke-width=\"2\" stroke-linecap=\"round\" stroke-linejoin=\"round\"\/>\n<path d=\"M15.1673 1.33331L10.5007 14.6666L7.83398 8.66665L1.83398 5.99998L15.1673 1.33331Z\" stroke=\"#212121\" stroke-width=\"2\" stroke-linecap=\"round\" stroke-linejoin=\"round\"\/>\n<\/svg>\n<\/span>\n            <span v-html=\"loading ? 'Skickar...' : 'L\u00e4gg till mitt namn'\"><\/span>\n        <\/a>\n                    <small><p><span style=\"font-weight: 400;\">Jag vill visa mitt st\u00f6d f\u00f6r arbetet Greenpeace g\u00f6r f\u00f6r Amazonas regnskog. Genom att skriva under g\u00e5r jag med p\u00e5 att ta emot information fr\u00e5n Greenpeace om deras arbete och hur jag kan skydda milj\u00f6n.<\/span> <em>Greenpeace respekterar din integritet, <a href=\"https:\/\/www.greenpeace.org\/sweden\/privacy-and-cookies\/#integritetspolicy-for-greenpeace-supporters\" target=\"_blank\" rel=\"noopener\">l\u00e4s v\u00e5r sekretesspolicy<\/a><\/em><\/p>\n<\/small>\n            <\/div>\n<\/form>    <div class=\"leads-form__thank-you-animation\" ref=\"animation\" v-show=\"showThankYouAnimation\"><\/div>\n    <div v-show=\"success\" class=\"leads-form__thank-you\">\n        <h2 :class=\"lengthClass(thankYouTitle)\" v-html=\"thankYouTitle\"><\/h2>\n        <div class=\"preamble\" v-html=\"thankYouDescription\"><\/div>\n    <\/div>\n\n<div v-show=\"success\" class=\"leads-form__further-actions\">\n        <div class=\"leads-form__counter leads-form__counter--success\">\n        <div class=\"leads-form__counter__headings\">\n            <small>Signed up<\/small>\n            <small>Goal<\/small>\n        <\/div>\n        <div class=\"leads-form__counter__values\">\n            <p>{{targetCounter}}<\/p>\n            <p>{{goal}}<\/p>\n        <\/div>\n\n        <div class=\"leads-form__counter__progress\">\n            <div class=\"leads-form__counter__progress__bar\" :style=\"{ width: `${percentReachedGoal}%` }\" :class=\"{ 'done' : reachedGoal }\"><\/div>\n        <\/div>\n    <\/div>\n\n<div class=\"leads-form__share\">\n    <h4>\n                  <span class=\"leads-form__icon\"><svg width=\"16\" height=\"16\" viewBox=\"0 0 16 16\" fill=\"none\" xmlns=\"http:\/\/www.w3.org\/2000\/svg\">\n<path d=\"M2.66602 8V13.3333C2.66602 13.687 2.80649 14.0261 3.05654 14.2761C3.30659 14.5262 3.64573 14.6667 3.99935 14.6667H11.9993C12.353 14.6667 12.6921 14.5262 12.9422 14.2761C13.1922 14.0261 13.3327 13.687 13.3327 13.3333V8\" stroke=\"#005C42\" stroke-width=\"2\" stroke-linecap=\"round\" stroke-linejoin=\"round\"\/>\n<path d=\"M10.6673 4.00004L8.00065 1.33337L5.33398 4.00004\" stroke=\"#005C42\" stroke-width=\"2\" stroke-linecap=\"round\" stroke-linejoin=\"round\"\/>\n<path d=\"M8 1.33337V10\" stroke=\"#005C42\" stroke-width=\"2\" stroke-linecap=\"round\" stroke-linejoin=\"round\"\/>\n<\/svg>\n<\/span>\n                Steg 2\/3: Dela och engagera fler!     <\/h4>\n    <p>Vill du hj\u00e4lpa oss bli \u00e4nnu fler som st\u00e5r upp mot f\u00f6retagen som vill exploatera regnskogen f\u00f6r kortsiktiga vinster? J<span style=\"font-weight: 400;\">u fler underskrifter, desto st\u00f6rre m\u00f6jlighet har vi att p\u00e5verka. Dela g\u00e4rna kampanjen i dina kanaler och <strong>visa att du \u00e4r med och st\u00e5r upp f\u00f6r att skydda Amazonas regnskog.\u00a0<\/strong><\/span><\/p>\n    <div class=\"leads-form__share__icons\">\n        <a @click=\"\" id=\"facebook\" class=\"button button--share\" href=\"https:\/\/www.facebook.com\/sharer\/sharer.php?u=https:\/\/www.greenpeace.org\/sweden\/agera\/skydda-amazonas-radda-klimatet\/?utm_source=facebook.com%26utm_medium=share_button\" target=\"_blank\"><svg xmlns=\"http:\/\/www.w3.org\/2000\/svg\" height=\"40\" width=\"130\" viewBox=\"-150 -48.38625 1300 290.3175\">\n<path d=\"M63.35 190.562H25.669V96.628H0V66.045h25.668V44.283C25.668 18.495 37.021 0 74.6 0c7.948 0 20.426 1.602 20.426 1.602V30H81.92c-13.354 0-18.568 4.062-18.568 15.292v20.753h31.174L91.75 96.628H63.351zm86.46-126.961c-.549 0-1.114.02-1.673.034-34.94 0-50.926 26.282-50.926 63.59 0 46.998 20.736 65.808 51.199 65.808 17.429 0 28.88-7.336 35.84-21.026v18.568h35.84V66.058h-35.84v19.149c-5.683-12.32-17.454-21.46-34.44-21.606zm9.113 29.423c14.675 0 23.483 10.236 23.483 27.647l.034 17.783c0 11.735-7.275 25.464-23.517 25.464-24.97 0-24.303-26.962-24.303-35.942 0-30.207 13.304-34.952 24.303-34.952zm75.641 35.299c0-15.131-.724-64.641 63.78-64.641 25.893 0 36.705 8.233 36.705 8.233l-8.69 26.953s-10.798-5.946-24.868-5.946c-18.021 0-29.52 10.447-29.52 28.828l.02 13.18c0 17.662 11.095 29.452 29.537 29.452 12.818 0 24.632-6.002 24.632-6.002l8.668 26.39s-9.886 8.285-36.303 8.285c-61.418 0-63.96-44.42-63.96-64.732zm310.628-64.688c34.941 0 51.179 26.282 51.179 63.59 0 46.998-20.737 65.808-51.2 65.808-17.429 0-30.313-7.335-37.273-21.026v18.568l-35.389-.014V3.786L510.083.509V83.52c5.423-14.523 23.245-19.885 35.11-19.885zm-10.534 29.389c-14.675 0-24.575 10.236-24.575 27.647l-.035 17.783c-.022 11.735 6.856 25.464 24.61 25.464 24.97 0 24.303-26.962 24.303-35.942 0-30.207-13.303-34.952-24.303-34.952zM400.243 63.738c-39.63 0-60.552 21.607-60.552 60.005v7.134c0 49.837 29.381 62.668 64.409 62.668 34.047 0 49.458-9.523 49.458-9.523l-7.031-25.36s-18.128 7.713-37.922 7.713c-20.52 0-29.345-5.23-31.607-24.95h79.564V121.08c0-41.652-23.481-57.343-56.32-57.343zm.955 25.394c13.718 0 22.607 8.412 22.119 27.921h-46.25c.802-20.533 10.388-27.92 24.131-27.92zm270.094-25.565c-40.697 0-62.122 22.934-62.122 64.033 0 56.39 36.932 65.467 62.19 65.467 36.976 0 61.576-19.907 61.576-64.955 0-46.887-27.66-64.545-61.644-64.545zm-.512 29.559c17.895 0 24.986 13.393 24.986 28.638v13.107c0 18.468-9.922 29.15-25.054 29.15-14.152 0-24.098-9.992-24.098-29.15v-13.107c0-20.432 11.835-28.638 24.166-28.638zm137.01-29.559c-40.697 0-62.122 22.934-62.122 64.033 0 56.39 36.932 65.467 62.19 65.467 36.975 0 61.576-19.907 61.576-64.955 0-46.887-27.661-64.545-61.644-64.545zm-.512 29.559c17.895 0 24.985 13.393 24.985 28.638v13.107c0 18.468-9.922 29.15-25.053 29.15-14.152 0-24.098-9.992-24.098-29.15v-13.107c0-20.432 11.835-28.638 24.166-28.638zm76.355 97.436V3.786L921.316.51v125.189l37.386-59.653h39.796l-39 61.783L1000 190.562h-39.909l-38.775-60.914v60.914z\" fill=\"none\"\/>\n<\/svg>\n<\/a>\n        <button @click=\"copyLink(`https:\/\/www.greenpeace.org\/sweden\/agera\/skydda-amazonas-radda-klimatet\/?utm_source=copy_link&#038;utm_medium=share_button` )\" id=\"copy-link\" class=\"button button--share\"><svg id=\"link\" data-name=\"link\" xmlns=\"http:\/\/www.w3.org\/2000\/svg\" viewBox=\"0 0 20 20\" width=\"25\" height=\"25\" fill=\"none\">\n<path d=\"M13.1,3.4C13,3.6,13,3.7,13,3.9c-0.1,0.5-0.4,1-0.7,1.3c-1,1-1.9,2-2.9,3c-1.1,1.1-3,1.1-4.2,0\n\t\tC4.8,7.8,4.7,7.3,5.1,6.9c0.3-0.4,0.9-0.4,1.3,0c0.5,0.4,1.1,0.5,1.6,0.2C8,7,8.1,7,8.2,6.9C9.1,6,10,5,10.9,4.1\n\t\tc0.7-0.7,0.4-2-0.6-2.2c-0.5-0.1-0.9,0-1.3,0.4c-0.5,0.5-1,1-1.5,1.6C7.4,3.9,7.3,3.9,7.1,3.9C6.7,3.7,6.3,3.6,5.8,3.6\n\t\tc-0.1,0-0.2,0-0.3-0.1c-0.1-0.1,0-0.2,0.1-0.3C6.3,2.5,7.1,1.7,7.8,1c0.5-0.5,1.2-0.9,1.9-1c0,0,0,0,0.1,0c0.2,0,0.4,0,0.5,0\n\t\tc0,0,0.1,0,0.1,0c1.3,0.2,2.1,0.9,2.6,2.2C13,2.4,13,2.6,13.1,2.8C13.1,3,13.1,3.2,13.1,3.4z\"\/>\n<path d=\"M0,10c0-0.2,0.1-0.3,0.1-0.5c0.1-0.5,0.4-1,0.8-1.4c0.9-1,1.9-2,2.9-2.9C4.9,4,6.8,4,7.9,5.2\n\t\tC8.3,5.5,8.3,6.1,8,6.4C7.7,6.8,7.1,6.8,6.8,6.5c-0.3-0.3-0.6-0.4-1-0.4c-0.4,0-0.7,0.2-0.9,0.4C4.4,7,3.9,7.4,3.5,7.9\n\t\tC3,8.4,2.6,8.8,2.1,9.3c-0.7,0.7-0.4,1.9,0.5,2.2c0.5,0.2,1,0,1.3-0.3c0.5-0.5,1-1,1.5-1.6c0.1-0.1,0.2-0.2,0.4-0.1\n\t\tc0.4,0.2,0.9,0.2,1.3,0.2c0.1,0,0.2,0,0.3,0.1c0.1,0.1,0,0.2-0.1,0.3c-0.7,0.8-1.5,1.5-2.2,2.3c-0.5,0.5-1.1,0.8-1.8,0.9\n\t\tc0,0-0.1,0-0.1,0c-0.2,0-0.4,0-0.5,0c0,0-0.1,0-0.1,0c-1.3-0.2-2.3-1.1-2.6-2.3c0-0.2-0.1-0.3-0.1-0.5C0,10.3,0,10.1,0,10z\"\/>\n<\/svg>\nKopiera l\u00e4nk<\/button>\n    <\/div>\n    <\/div>\n<div v-show=\"success\" class=\"leads-form__donate\">\n    <h4>\n                    <span class=\"leads-form__icon\"><svg width=\"16\" height=\"16\" viewBox=\"0 0 16 16\" fill=\"none\" xmlns=\"http:\/\/www.w3.org\/2000\/svg\">\n<path d=\"M13.8941 3.07333C13.5536 2.73267 13.1493 2.46243 12.7043 2.27805C12.2593 2.09368 11.7824 1.99878 11.3007 1.99878C10.8191 1.99878 10.3421 2.09368 9.89716 2.27805C9.45219 2.46243 9.0479 2.73267 8.7074 3.07333L8.00073 3.78L7.29406 3.07333C6.60627 2.38553 5.67342 1.99914 4.70073 1.99914C3.72804 1.99914 2.79519 2.38553 2.1074 3.07333C1.4196 3.76112 1.0332 4.69397 1.0332 5.66666C1.0332 6.63935 1.4196 7.5722 2.1074 8.26L2.81406 8.96666L8.00073 14.1533L13.1874 8.96666L13.8941 8.26C14.2347 7.91949 14.505 7.51521 14.6893 7.07023C14.8737 6.62526 14.9686 6.14832 14.9686 5.66666C14.9686 5.185 14.8737 4.70807 14.6893 4.26309C14.505 3.81812 14.2347 3.41383 13.8941 3.07333V3.07333Z\" stroke=\"#005C42\" stroke-width=\"2\" stroke-linecap=\"round\" stroke-linejoin=\"round\"\/>\n<\/svg>\n<\/span>\n                STEG 3\/3: Bli givare    <\/h4>\n    <p><strong>Greenpeace har k\u00e4mpat f\u00f6r att skydda Amazonas i \u00f6ver 20 \u00e5r<\/strong>, b\u00e5de p\u00e5 plats och globalt, f\u00f6r att stoppa f\u00f6r\u00f6delsen och r\u00e4dda regnskogen \u2013 och vi kommer inte ge upp. <strong>Som v\u00e4rldens st\u00f6rsta oberoende milj\u00f6r\u00f6relse har vi en unik position att p\u00e5verka.<\/strong> Vill du vara med och se till s\u00e5 att vi kan forts\u00e4tta v\u00e5rt arbete f\u00f6r att skydda Amazonas artrika regnskog? Tack f\u00f6r ditt st\u00f6d, tillsammans g\u00f6r vi skillnad!<\/p>\n    <div id=\"donate-container\" class=\"donate-container\">\n                                <div id=\"donate-input-amount\" class=\"input-container\">\n                <input placeholder=\"Custom amount\" id=\"ghost\" class=\"ghost donation-options\" type=\"number\" :min=\"blockData.donateMinimumAmount\" pattern=\"[0-9]*\" :value=\"donateAmountInputValue\" @keypress=\"numbersOnly($event), presetDonateAmount = 0\" @keyup=\"setDonateAmount($event)\" @change=\"checkMinVal($event), presetDonateAmount = 0, setDonateAmount($event)\"> <span class=\"currency\">kr.<\/span>\n            <\/div>\n                <a @click=\"\" id=\"donate-button\" :href=\"getDonateUrl(`https:\/\/stod.greenpeace.org\/bli-manadsgivare-amazonas-regnskog\/~se-min-donation?amount=%amount%&#038;frequency=regular`)\" class=\"button--submit button donation-options\" target=\"_blank\"><svg width=\"20\" height=\"20\" viewBox=\"0 0 20 20\" fill=\"none\" xmlns=\"http:\/\/www.w3.org\/2000\/svg\">\n<g>\n<path d=\"M16.6673 10V18.3333H3.33398V10\" stroke=\"white\" stroke-width=\"2\" stroke-linecap=\"round\" stroke-linejoin=\"round\"\/>\n<path d=\"M18.3327 5.83337H1.66602V10H18.3327V5.83337Z\" stroke=\"white\" stroke-width=\"2\" stroke-linecap=\"round\" stroke-linejoin=\"round\"\/>\n<path d=\"M10 18.3334V5.83337\" stroke=\"white\" stroke-width=\"2\" stroke-linecap=\"round\" stroke-linejoin=\"round\"\/>\n<path d=\"M9.99935 5.83329H6.24935C5.69681 5.83329 5.16691 5.6138 4.77621 5.2231C4.38551 4.8324 4.16602 4.30249 4.16602 3.74996C4.16602 3.19742 4.38551 2.66752 4.77621 2.27682C5.16691 1.88612 5.69681 1.66663 6.24935 1.66663C9.16602 1.66663 9.99935 5.83329 9.99935 5.83329Z\" stroke=\"white\" stroke-width=\"2\" stroke-linecap=\"round\" stroke-linejoin=\"round\"\/>\n<path d=\"M10 5.83329H13.75C14.3025 5.83329 14.8324 5.6138 15.2231 5.2231C15.6138 4.8324 15.8333 4.30249 15.8333 3.74996C15.8333 3.19742 15.6138 2.66752 15.2231 2.27682C14.8324 1.88612 14.3025 1.66663 13.75 1.66663C10.8333 1.66663 10 5.83329 10 5.83329Z\" stroke=\"white\" stroke-width=\"2\" stroke-linecap=\"round\" stroke-linejoin=\"round\"\/>\n<\/g>\n<\/svg>\nGe en g\u00e5va<\/a>\n    <\/div>\n    <\/div><\/div>    <\/div>\n            <div ref=\"smallBkg\" class=\"leads-form__bkg leads-form__bkg--small opacity--50\" style=\"background-image: url(https:\/\/www.greenpeace.org\/static\/planet4-sweden-stateless\/2025\/09\/ad2de89b-1200x1000_amazon_greenpeace_split.jpg);\"><\/div>\n        <div ref=\"bkg\" class=\"leads-form__bkg opacity--50 leads-form__bkg--large\" style=\"background-image: url(https:\/\/www.greenpeace.org\/static\/planet4-sweden-stateless\/2025\/09\/bae63592-1080x1080_forest-destruction-1024x1024.jpg);\"><\/div>\n    <div v-if=\"!success || formType === 'multistep'\" class=\"leads-form__bottom-label\"><?xml version=\"1.0\" encoding=\"utf-8\"?>\n<!-- Generator: Adobe Illustrator 25.0.0, SVG Export Plug-In . SVG Version: 6.00 Build 0)  -->\n<svg version=\"1.1\" id=\"Layer_1\" xmlns=\"http:\/\/www.w3.org\/2000\/svg\" xmlns:xlink=\"http:\/\/www.w3.org\/1999\/xlink\" x=\"0px\" y=\"0px\"\n\t viewBox=\"0 0 112 32\" style=\"enable-background:new 0 0 112 32;\" xml:space=\"preserve\">\n<g>\n\t<g>\n\t\t<path class=\"st0\" fill=\"#ffffff\" d=\"M56,0C32.7,0,18.7,32,0,32h112C93.3,32,79.3,0,56,0z M56.7,19.7C56.5,19.9,56.3,20,56,20s-0.5-0.1-0.7-0.3\n\t\t\tl-4-4c-0.4-0.4-0.4-1,0-1.4s1-0.4,1.4,0l3.3,3.3l3.3-3.3c0.4-0.4,1-0.4,1.4,0s0.4,1,0,1.4L56.7,19.7z\"\/>\n\t<\/g>\n<\/g>\n<\/svg>\n<\/div>\n<\/div>\n\n<style>\n    \/* hide overflowing background on editor screen *\/\n    .acf-block-component.acf-block-body .acf-block-preview {\n        max-width: 70vw !important;\n        overflow: hidden;\n    }\n\n    .leads-form {\n        opacity: 1 !important;\n    }\n\n    \/* Counter *\/\n    #leads-form-block_68b6acfb45033 .leads-form__counter {\n        background: #005c42;\n        color: #ffffff;\n    }\n\n    #leads-form-block_68b6acfb45033 .leads-form__counter--success {\n        background: transparent;\n    }\n\n    #leads-form-block_68b6acfb45033 .leads-form__counter__progress__bar {\n        background: #73BE1E;\n    }\n\n    #leads-form-block_68b6acfb45033 .leads-form__counter--success .leads-form__counter__headings {\n        color: #005c42;\n    }\n\n    #leads-form-block_68b6acfb45033 .leads-form__counter__headings {\n        color: #73BE1E;\n    }\n\n    \/* Buttons *\/\n    #leads-form-block_68b6acfb45033 .button:not(.button--ghost):not(.button--secondary),\n    #leads-form-block_68b6acfb45033 .button--share {\n        background: #73BE1E;\n        color: #ffffff !important;\n        fill: #ffffff !important;\n    }\n\n    #leads-form-block_68b6acfb45033 .button--donate-preset:not(.button--ghost) {\n        border: 1px solid #73BE1E;\n    }\n\n    #leads-form-block_68b6acfb45033 .button--share svg path {\n        fill: #ffffff !important;\n    }\n\n    \/* Style links *\/\n    #leads-form-block_68b6acfb45033 .leads-form__form__container span a,\n    #leads-form-block_68b6acfb45033 .leads-form__thank-you .preamble p a,\n    #leads-form-block_68b6acfb45033 .leads-form__thank-you .preamble p span a {\n        border-bottom-color: #73BE1E !important;\n    }\n\n    #leads-form-block_68b6acfb45033 .leads-form__form__container span a:hover {\n        color: #005c42 !important;\n        border-bottom-color: #005c42 !important;\n    }\n\n    #leads-form-block_68b6acfb45033 .leads-form__thank-you .preamble p a:hover,\n    #leads-form-block_68b6acfb45033 .leads-form__thank-you .preamble p span a:hover {\n        color: #ffffff !important;\n        border-bottom-color: #ffffff !important;\n    }\n\n    \/* implementing the winnig A\/B test *\/\n    #leads-form-block_68b6acfb45033 #facebook.button--share {\n        background-color: #4267B2;\n        box-shadow: 0 0 0 0 rgba(115,190,30,0.5) !important;\n        cursor: pointer;\n        -webkit-animation: pulse 1.5s infinite;\n        -moz-animation: pulse 1.5s infinite;\n        animation: pulse 1.5s infinite;\n        text-align: center;\n        padding: 0.3rem 0.5rem;\n        border-radius: 0.2rem;\n        min-width: 9rem;\n        max-height: 3.4rem;\n    }\n\n    #leads-form-block_68b6acfb45033 #facebook svg {\n        padding-bottom: 0.2rem;\n    }\n\n    #leads-form-block_68b6acfb45033 #facebook svg path {\n        fill: white !important;\n    }\n\n    #leads-form-block_68b6acfb45033 #facebook.button--share:hover {\n        -webkit-animation: none;\n        -moz-animation: none;\n        animation: none;\n    }\n\n    #leads-form-block_68b6acfb45033 #facebook.button--share:active {\n        -webkit-animation: none;\n        -moz-animation: none;\n        animation: none;\n    }\n\n    @-webkit-keyframes pulse {\n        0% {\n            -moz-transform: scale(0.9);\n            -ms-transform: scale(0.9);\n            -webkit-transform: scale(0.9);\n            transform: scale(0.9);\n        }\n\n        70% {\n            -moz-transform: scale(1);\n            -ms-transform: scale(1);\n            -webkit-transform: scale(1);\n            transform: scale(1);\n            box-shadow: 0 0 0 50px rgba(90, 153, 212, 0);\n        }\n\n        100% {\n            -moz-transform: scale(0.9);\n            -ms-transform: scale(0.9);\n            -webkit-transform: scale(0.9);\n            transform: scale(0.9);\n            box-shadow: 0 0 0 0 rgba(90, 153, 212, 0);\n        }\n    }\n\n    @-moz-keyframes pulse {\n        0% {\n            -moz-transform: scale(0.9);\n            -ms-transform: scale(0.9);\n            -webkit-transform: scale(0.9);\n            transform: scale(0.9);\n        }\n\n        70% {\n            -moz-transform: scale(1);\n            -ms-transform: scale(1);\n            -webkit-transform: scale(1);\n            transform: scale(1);\n            box-shadow: 0 0 0 50px rgba(90, 153, 212, 0);\n        }\n\n        100% {\n            -moz-transform: scale(0.9);\n            -ms-transform: scale(0.9);\n            -webkit-transform: scale(0.9);\n            transform: scale(0.9);\n            box-shadow: 0 0 0 0 rgba(90, 153, 212, 0);\n        }\n    }\n\n    @keyframes pulse {\n        0% {\n            -moz-transform: scale(0.9);\n            -ms-transform: scale(0.9);\n            -webkit-transform: scale(0.9);\n            transform: scale(0.9);\n        }\n\n        70% {\n            -moz-transform: scale(1);\n            -ms-transform: scale(1);\n            -webkit-transform: scale(1);\n            transform: scale(1);\n            box-shadow: 0 0 0 50px rgba(90, 153, 212, 0);\n        }\n\n        100% {\n            -moz-transform: scale(0.9);\n            -ms-transform: scale(0.9);\n            -webkit-transform: scale(0.9);\n            transform: scale(0.9);\n            box-shadow: 0 0 0 0 rgba(90, 153, 212, 0);\n        }\n    }\n\n    #leads-form-block_68b6acfb45033 #copy-link::before {\n        display: none;\n    }\n\n    #leads-form-block_68b6acfb45033 #copy-link::before {\n        display: none;\n    }\n\n    #leads-form-block_68b6acfb45033 #copy-link {\n        background: #73BE1E;\n        color: #ffffff;\n    }\n\n\n    #leads-form-block_68b6acfb45033 #copy-link svg#link {\n        margin-top: 0.25rem;\n    }\n\n    #leads-form-block_68b6acfb45033 #copy-link svg#link path {\n        fill: #ffffff !important;\n        background: transparent !important;\n    }\n\n    \/* Implementing the winning A\/B test *\/\n    \/* #leads-form-block_68b6acfb45033 .button--share.email svg path {\n        fill: transparent !important;\n        stroke: #ffffff !important;\n    } *\/\n\n    #leads-form-block_68b6acfb45033 .button--submit span,\n    .button--submit svg path {\n        color: #ffffff;\n        stroke: #ffffff;\n    }\n\n    #leads-form-block_68b6acfb45033 h3 {\n        color: #73BE1E;\n    }\n\n    #leads-form-block_68b6acfb45033 a:not(.button--arrow):not(.button--submit):not(.button--ghost) {\n        color: #73BE1E;\n    }\n\n    #leads-form-block_68b6acfb45033 .leads-form__bkg::after {\n        background-color: #005c42;\n    }\n\n    #leads-form-block_68b6acfb45033 .leads-form__icon {\n        background-color: #73BE1E;\n    }\n\n    #leads-form-block_68b6acfb45033 .leads-form__icon svg path {\n        stroke: #ffffff;\n    }\n\n    \/* small screens *\/\n    @media (max-width: 1140px) {\n\n        \/*\n        #leads-form-block_68b6acfb45033 .description>.text,\n        .description p {\n            color: #005c42;\n        }\n        #leads-form-block_68b6acfb45033 .leads-form__content h2 {\n            color: #005c42;\n        }\n\n        #leads-form-block_68b6acfb45033 .button--arrow {\n            color: #005c42;\n        }\n\n        #leads-form-block_68b6acfb45033 .button--arrow svg path {\n            stroke: #005c42;\n        }\n        *\/\n    }\n\n    \/* Checkbox *\/\n    #leads-form-block_68b6acfb45033 .checkbox {\n        stroke: #005c42;\n        border-bottom-color: #73BE1E;\n        border-left-color: #73BE1E;\n    }\n\n    #leads-form-block_68b6acfb45033 .checkbox input:checked~.checkbox__box {\n        border-color: #73BE1E;\n        background-color: rgba(115,190,30,0.2);\n    }\n\n    #leads-form-block_68b6acfb45033 .checkbox .checkbox__box svg path {\n        stroke: #73BE1E;\n    }\n\n    #leads-form-block_68b6acfb45033 input:focus,\n    input:active {\n        border-color: rgba(115,190,30,0.6);\n    }\n\n    #leads-form-block_68b6acfb45033 input:focus~svg path,\n    input:active~svg path {\n        stroke: #73BE1E;\n    }\n\n    .leads-form {\n        background-color: #005c42;\n    }\n\n    \/* Errors *\/\n\n    #leads-form-block_68b6acfb45033.leads-form .input-container__error ul li {\n        color: #FF785A;\n        background-color: rgba(255,120,90,0.1);\n    }\n\n    #leads-form-block_68b6acfb45033 input.error {\n        border-color: #FF785A !important;\n    }\n\n    #leads-form-block_68b6acfb45033 input.error~svg path {\n        stroke: #FF785A !important;\n    }\n\n\n    \/* Dark mode *\/\n    #leads-form-block_68b6acfb45033.dark .leads-form__form {\n        background-color: #005c42;\n    }\n\n    #leads-form-block_68b6acfb45033.dark .leads-form__multistep__step {\n        background-color: #005c42;\n    }\n\n    #leads-form-block_68b6acfb45033.dark .checkbox .checkbox__box {\n        border-color: #73BE1E;\n        background-color: rgba(115,190,30,0.2);\n    }\n\n    #leads-form-block_68b6acfb45033.dark input:-internal-autofill-selected,\n    input:-webkit-autofill input:-webkit-autofill:hover,\n    input:-webkit-autofill:focus,\n    input:-webkit-autofill:active {\n        background-color: rgba(115,190,30,0.8) !important;\n        -webkit-box-shadow: inset 0 0 0 1px rgba(255, 255, 255, 0), inset 0 0 0 100px rgba(115,190,30,0.8) !important;\n        box-shadow: inset 0 0 0 1px rgba(255, 255, 255, 0), inset 0 0 0 100px rgba(115,190,30,0.8) !important;\n        color: white !important;\n    }\n\n    #leads-form-block_68b6acfb45033.dark .leads-form__counter {\n        background-color: rgba(255, 255, 255, .05);\n    }\n\n    #leads-form-block_68b6acfb45033.dark .leads-form__counter__progress {\n        background-color: #005c42;\n    }\n\n    #leads-form-block_68b6acfb45033.dark .leads-form__counter--success {\n        background: rgba(255, 255, 255, 0.25);\n    }\n\n    #leads-form-block_68b6acfb45033 .leads-form__form__container span a:hover {\n        color: #ffffff !important;\n        border-bottom-color: #ffffff !important;\n    }\n\n    \/* Multistep *\/\n    #leads-form-block_68b6acfb45033 .leads-form__multistep__step h2,\n    #leads-form-block_68b6acfb45033 .leads-form__multistep__step h4 {\n        color: #73BE1E;\n    }\n\n    #leads-form-block_68b6acfb45033 .leads-form__bullet-navigation ul::after {\n        background-color: rgba(115,190,30,0.4);\n    }\n\n    #leads-form-block_68b6acfb45033 .leads-form__bullet-navigation ul li button,\n    #leads-form-block_68b6acfb45033 .leads-form__bullet-navigation ul li .mock-button {\n        border-color: rgba(115,190,30,0.4);\n        color: rgba(115,190,30,0.4);\n    }\n\n    #leads-form-block_68b6acfb45033.dark .leads-form__bullet-navigation ul li button,\n    #leads-form-block_68b6acfb45033.dark .leads-form__bullet-navigation ul li .mock-button {\n        background-color: #005c42;\n    }\n\n    #leads-form-block_68b6acfb45033 .leads-form__bullet-navigation ul li button.completed,\n    #leads-form-block_68b6acfb45033 .leads-form__bullet-navigation ul li .mock-button.completed {\n        border-color: #73BE1E;\n    }\n\n    #leads-form-block_68b6acfb45033 .leads-form__bullet-navigation ul li button.completed svg path,\n    #leads-form-block_68b6acfb45033 .leads-form__bullet-navigation ul li .mock-button.completed svg path {\n        fill: #73BE1E;\n    }\n\n    #leads-form-block_68b6acfb45033 .leads-form__bullet-navigation ul li button.skipped {\n        border-color: #FF785A;\n    }\n\n    #leads-form-block_68b6acfb45033 .leads-form__bullet-navigation ul li button.skipped svg path {\n        fill: #FF785A;\n    }\n\n    #leads-form-block_68b6acfb45033 .leads-form__bullet-navigation ul li button.active {\n        color: white;\n        border-color: #73BE1E;\n        background-color: #73BE1E;\n    }\n\n    #leads-form-block_68b6acfb45033 .leads-form__bullet-navigation ul li button.active svg path {\n        fill: white;\n    }\n\n    #leads-form-block_68b6acfb45033 .leads-form__multistep .button--secondary {\n        background-color: rgba(115,190,30,0.4);\n        color: #73BE1E    }\n<\/style>\n\n<script>\n    window['leads_form_block_68b6acfb45033'] = {\n        \/\/ toggle donations amount\n        donateAmount: 225,\n        donateMinimumAmount: 100,\n        thankYouTitle: 'Stort tack, ${fname}!',\n        thankYouDescription: '<p><span style=\\\"font-weight: 400;\\\">Tack vare dig \u00e4r vi nu uppe i ${counterCurrent} namn som st\u00e5r bakom v\u00e5ra krav f\u00f6r att skydda Amazonas regnskog. Tack f\u00f6r att du vill vara med oss f\u00f6r<\/span><b>\u00a0att skydda v\u00e4rldens mest artrika regnskog<\/b><span style=\\\"font-weight: 400;\\\"> &#8211; tillsammans ger vi Amazonas en r\u00f6st! \ud83d\udc9a<\/span><\/p>',\n        pluginUrl: 'https:\/\/www.greenpeace.org\/sweden\/wp-content\/plugins\/planet4-gpnordic-plugin-leads\/',\n        \/\/heroTitle trim slashes,remove tags and new lines\n        heroTitle: 'Vill du ge Amazonas en framtid?',\n        heroDescription: \"Regnskogen i Amazonas \\u00e4r v\\u00e5r viktigaste allierade mot klimatkrisen \\u2013 just nu hotas dess \\u00f6verlevnad av industriellt jordbruk. Storf\\u00f6retagen sk\\u00f6vlar ov\\u00e4rderlig regnskog f\\u00f6r kortsiktiga vinster. H\\u00f6j DIN r\\u00f6st med oss \\u2013 visa att omv\\u00e4rlden ser vad som h\\u00e4nder, och att vi \\u00e4r en majoritet som kr\\u00e4ver att Amazonas skyddas, SKRIV UNDER!\",\n        display: \"hero\",\n        formStyle: 'collapse',\n        enableCounter: '1',\n        counter: 27810,\n        counterGoalValue: '1000000',\n        counterApiEndpoints: [\"https:\/\/www.greenpeace.org\/sweden\/external-counter-api\/?var=unique_count&url=https:\/\/counter.greenpeace.org\/signups?id=respectamazon\"],\n        sourceCode: 'FRFO25SFOWBLGA1PT',\n        readMore: 'L\u00e4s mer',\n        readLess: 'Se mindre',\n        formFields: {\n            form_id: {\n                value: 64445,\n                fieldName: 'Form ID',\n                required: false,\n                regex: ''\n            },\n            utm: {\n                value: function() {\n                    \/\/ Parsing of the UTM values from a dynamic URL\n                    const currentUTM = new URLSearchParams(window.location.search);\n                    const postcodeInput = document.querySelector('input[type=\"tel\"][name=\"postcode\"]');\n\n                    if (postcodeInput) {\n                        postcodeInput.addEventListener('input', () => {\n                            const postcodeRegex = \/^\\d{5}$\/;\n                            const utmInputValue = postcodeInput.value;\n\n                            if (postcodeRegex.test(utmInputValue)) {\n                                let utmCampaignValue = currentUTM.get('utm_campaign');\n\n                                \/\/utm_campaign exists\n                                if (utmCampaignValue) {\n                                    if (hasFiveDigits(utmCampaignValue)) {\n                                        \/\/& has 5 digits at the end\n                                        utmCampaignValue = utmInputValue.slice(0, -5) + utmInputValue.slice(-5);\n                                    } else {\n                                        \/\/Doesn't have 5 digits at the end\n                                        utmCampaignValue += `${utmInputValue.slice(-5)}`;\n                                    }\n                                } else {\n                                    \/\/utm_campaign doesn't exists\n                                    if (currentUTM.toString() !== '') {\n                                        \/\/There are other utms\n                                        utmCampaignValue = `${utmInputValue.slice(-5)}`;\n                                    } else {\n                                        \/\/There are no other utms\n                                        utmCampaignValue = `${utmInputValue.slice(-5)}`;\n                                    }\n                                }\n                                currentUTM.set('utm_campaign', utmCampaignValue);\n                                \/\/ console.log(currentUTM);\n                            }\n                        });\n\n                        \/\/ Update the URL without reloading the page\n                        const newURL = `${window.location.origin}${window.location.pathname}${currentUTM.toString() === '' ? '&' : '?'}${currentUTM.toString()}`;\n                        window.history.replaceState({}, document.title, newURL);\n\n                        \/\/ Return the latest utm\n                        return window.location.search;\n\n                    } else {\n                        \/\/ Return the initial utm\n                        return window.location.search;\n                    }\n                },\n                fieldName: 'UTM',\n                required: false,\n                regex: ''\n            },\n            docref: {\n                value: (!document.referrer || document.referrer.indexOf('greenpeace.org') !== -1) ?\n                    (sessionStorage.getItem('lead_referrer')) : ((sessionStorage.getItem('lead_referrer') !== null) ?\n                        (sessionStorage.getItem('lead_referrer')) :\n                        (sessionStorage.setItem('lead_referrer', document.referrer), document.referrer)),\n                fieldName: 'Referrer',\n                required: false,\n                regex: ''\n            },\n            fname: {\n                value: '',\n                id: 'fname',\n                fieldName: 'F\u00f6rnamn',\n                required: true,\n                regex: \/^([^0-9]*){2,30}$\/\n            },\n            lname: {\n                value: '',\n                id: 'lname',\n                fieldName: 'Efternamn',\n                required: true,\n                regex: \/^([^0-9]*){2,30}$\/\n            },\n            email: {\n                value: '',\n                id: 'email',\n                fieldName: 'E-post',\n                required: true,\n                regex: \/^(([^<>()\\[\\]\\\\.,;:\\s@\"]+(\\.[^<>()\\[\\]\\\\.,;:\\s@\"]+)*)|(\".+\"))@((\\[[0-9]{1,3}\\.[0-9]{1,3}\\.[0-9]{1,3}\\.[0-9]{1,3}\\])|(([a-zA-Z\\-0-9]+\\.)+[a-zA-Z]{2,}))$\/\n            },\n            phone: {\n                value: '',\n                id: 'phone',\n                fieldName: 'Telefonnummer',\n                required: 1,\n                regex: (function() {\n    const path = window.location.pathname.toLowerCase();\n    const countryRules = {\n        \"\/denmark\/\":  { min: 7, max: 8 },\n        \"\/norway\/\":   { min: 7, max: 8 },\n        \"\/finland\/\":  { min: 8, max: 10 },\n        \"\/sweden\/\":   { min: 7, max: 9 }\n    };\n    for (const prefix in countryRules) {\n        if (path.startsWith(prefix)) {\n            const { min, max } = countryRules[prefix];\n            return new RegExp(`^\\\\d{${min},${max}}$`);\n        }\n    }\n    return \/^[0-9]{6,11}$\/;\n})()            },\n            consent: {\n                value: true,\n                fieldName: \"D\u00e5 du skriver under v\u00e5ra krav g\u00e5r du \u00e4ven med p\u00e5 att h\u00e5llas uppdaterad om v\u00e5rt kampanjarbete. Vi respekterar din integritet. L\u00e4s v\u00e5r sekretesspolicy\",\n                required: false,\n                regex: ''\n            },\n        },\n        errorMessages: {\n            required: \"Obligatoriskt f\\u00e4lt \\\"${fieldName}\\\" hittas inte.\",\n            format: \"F\\u00e4ltet \\\"${fieldName}\\\" \\u00e4r i fel format.\",\n            phoneFormat: \"Oj, f\\u00e4ltet f\\u00f6r \\\"telefonnummer\\\" har fel format. Ta bort 0 n\\u00e4r du fyller i ditt mobil- eller riktnummer, och anv\\u00e4nd inga mellanslag.\"        },\n        formType: 'default',\n        multistepCount: 0,\n        finalData: {\"multistep_count\":0,\"final_all_completed_headline\":null,\"final_all_completed_description\":null,\"final_all_completed_button_caption\":null,\"final_all_completed_button_url\":null,\"final_incomplete_headline\":null,\"final_incomplete_description\":null,\"final_incomplete_button_caption\":null,\"final_incomplete_button_url\":null},\n        steps: null    };\n<\/script>\n<h2 class=\"wp-block-heading\">Skydda Amazonas \u2013 f\u00f6r klimatet<\/h2>\n\n<p><strong>Amazonas brinner, regnskogen sk\u00f6vlas \u2013 och klimatkrisen f\u00f6rv\u00e4rras.<\/strong> Om vi inte agerar nu kan stora delar av v\u00e4rldens st\u00f6rsta regnskog f\u00f6rsvinna f\u00f6r alltid. Det p\u00e5verkar inte bara m\u00e4nniskor och djur i Sydamerika \u2013 <strong>det p\u00e5verkar oss h\u00e4r i Sverige med<\/strong>.<\/p>\n\n<blockquote class=\"wp-block-quote is-layout-flow wp-block-quote-is-layout-flow\">\n<p>Amazonas regnskog \u00e4r ett av v\u00e4rldens mest levande och artrika ekosystem \u2013 ett naturens under som bidrar till att h\u00e5lla klimatet i balans.<\/p>\n<\/blockquote>\n\n<h2 class=\"wp-block-heading\">Amazonas \u00e4r livsviktigt f\u00f6r klimatet<\/h2>\n\n<p>Regnskogen lagrar enorma m\u00e4ngder koldioxid och fungerar som en global klimatbroms. <strong>Att skydda denna livsviktiga regnskog \u00e4r att skydda v\u00e5r egen framtid<\/strong> \u2013 hela planetens klimat h\u00e4nger p\u00e5 Amazonas.<\/p>\n\n<p>Trots detta \u00e4r v\u00e4rldens st\u00f6rsta tropiska regnskog under attack. <strong>Industriellt jordbruk \u00e4r den fr\u00e4msta orsaken till denna katastrofala f\u00f6rst\u00f6relse.<\/strong> Stora f\u00f6retag, som v\u00e4rldens ledande k\u00f6ttproducent JBS, hugger ner och br\u00e4nner enorma m\u00e4ngder regnskog i Amazonas f\u00f6r kortsiktig ekonomisk vinning. Just nu <a href=\"https:\/\/www.nature.com\/articles\/s41586-023-06970-0\">varnar forskare<\/a> f\u00f6r att Amazonas \u00e4r n\u00e4ra en <strong>kritisk brytpunkt<\/strong>&nbsp;&#8211; d\u00e4r regnskogen inte l\u00e4ngre kommer att kunna \u00e5terh\u00e4mta sig.&nbsp;<br><br><strong>Om skogen kollapsar riskerar vi att f\u00f6rlora en av v\u00e5ra viktigaste allierade i kampen mot klimatkrisen.<\/strong><\/p>\n\n<div class=\"wp-block-media-text is-stacked-on-mobile is-style-parallax\" style=\"grid-template-columns:42% auto\"><figure class=\"wp-block-media-text__media\"><img loading=\"lazy\" decoding=\"async\" width=\"576\" height=\"1024\" src=\"https:\/\/www.greenpeace.org\/static\/planet4-sweden-stateless\/2025\/09\/e0a861b8-1080x1920_forest-destruction-576x1024.jpg\" alt=\"\" sizes=\"auto, (min-width: 1600px) calc((1320px - 24px) \/ 2.381),(min-width: 1200px) calc((1140px - 24px) \/ 2.381),(min-width: 992px) calc((960px - 24px) \/ 2.381),(min-width: 768px) calc((720px - 24px) \/ 2.381),(min-width: 601px) calc((540px - 24px) \/ 2.381),(min-width: 577px) calc((540px - 24px) \/ 1), calc(100vw - 24px)\" srcset=\"https:\/\/www.greenpeace.org\/static\/planet4-sweden-stateless\/2025\/09\/e0a861b8-1080x1920_forest-destruction-scaled.jpg 1440w, https:\/\/www.greenpeace.org\/static\/planet4-sweden-stateless\/2025\/09\/e0a861b8-1080x1920_forest-destruction-169x300.jpg 169w, https:\/\/www.greenpeace.org\/static\/planet4-sweden-stateless\/2025\/09\/e0a861b8-1080x1920_forest-destruction-576x1024.jpg 576w, https:\/\/www.greenpeace.org\/static\/planet4-sweden-stateless\/2025\/09\/e0a861b8-1080x1920_forest-destruction-768x1366.jpg 768w, https:\/\/www.greenpeace.org\/static\/planet4-sweden-stateless\/2025\/09\/e0a861b8-1080x1920_forest-destruction-864x1536.jpg 864w, https:\/\/www.greenpeace.org\/static\/planet4-sweden-stateless\/2025\/09\/e0a861b8-1080x1920_forest-destruction-1152x2048.jpg 1152w, https:\/\/www.greenpeace.org\/static\/planet4-sweden-stateless\/2025\/09\/e0a861b8-1080x1920_forest-destruction-191x340.jpg 191w\" class=\"wp-image-64404 size-full\"\/><\/figure><div class=\"wp-block-media-text__content\">\n<h1 class=\"wp-block-heading\"><mark style=\"background-color:rgba(0, 0, 0, 0)\" class=\"has-inline-color has-gp-nor-green-3-color\"><strong>\u2192 17 %<\/strong><\/mark><\/h1>\n\n\n\n<p class=\"has-text-align-left\"><mark style=\"background-color:rgba(0, 0, 0, 0)\" class=\"has-inline-color has-black-color\"><strong>av regnskogen \u00e4r redan f\u00f6rlorad.<\/strong><\/mark><\/p>\n\n\n\n<hr class=\"wp-block-separator has-alpha-channel-opacity\"\/>\n\n\n\n<h1 class=\"wp-block-heading\"><mark style=\"background-color:rgba(0, 0, 0, 0)\" class=\"has-inline-color has-orange-1-color\"><strong>\u2192 20-25 %<\/strong><\/mark><\/h1>\n\n\n\n<p class=\"has-text-align-left\"><mark style=\"background-color:rgba(0, 0, 0, 0)\" class=\"has-inline-color has-black-color\"><strong>\u00e4r gr\u00e4nsen f\u00f6r ekosystemets kollaps.<\/strong><\/mark><\/p>\n\n\n\n<hr class=\"wp-block-separator has-alpha-channel-opacity\"\/>\n\n\n\n<h1 class=\"wp-block-heading\"><strong>\u2192 \u00d6ver 10,000<\/strong><\/h1>\n\n\n\n<p class=\"has-text-align-left\"><mark style=\"background-color:rgba(0, 0, 0, 0)\" class=\"has-inline-color has-black-color\"><strong>arter riskerar att utrotas.<\/strong><\/mark><\/p>\n\n\n\n<hr class=\"wp-block-separator has-alpha-channel-opacity\"\/>\n<\/div><\/div>\n\n<h2 class=\"wp-block-heading\">Hur kan jag hj\u00e4lpa till att r\u00e4dda Amazonas regnskog?<\/h2>\n\n<p><strong>Just nu har vi ett unikt momentum:<\/strong> Senaste klimatm\u00f6tet i FN (COP30) h\u00f6lls i november 2025 i Bel\u00e9m, Brasilien \u2013 <strong>mitt i hj\u00e4rtat av Amazonas regnskog<\/strong>. Under m\u00f6tets g\u00e5ng var det fler \u00e4n 80 l\u00e4nder som stod bakom en f\u00e4rdplan f\u00f6r att fasa ut fossila br\u00e4nslen, och <strong>\u00f6ver 90 l\u00e4nder<\/strong> st\u00f6ttade en motsvarande plan f\u00f6r att <strong>stoppa avskogning<\/strong>. Trots detta avslutades <a href=\"https:\/\/www.greenpeace.org\/sweden\/artiklar\/greenpeace\/cop30-ett-svek-mot-vart-gemensamma-hem\/\" target=\"_blank\" rel=\"noreferrer noopener\">COP30 med frustration<\/a>, f\u00f6r alla oss som bryr oss om v\u00e5r planet. <br><strong>Carolina Pasquali, chef f\u00f6r Greenpeace Brasilien, uttryckte sin besvikelse:<\/strong><br><em>&nbsp;\u2013 Vi stod vid ett v\u00e4gsk\u00e4l \u2013 en v\u00e4l finansierad v\u00e4g mot 1,5 grader eller en motorv\u00e4g mot klimatkatastrof. M\u00e5nga regeringar vill agera, men en m\u00e4ktig minoritet st\u00e5r i v\u00e4gen.<\/em><br><br><strong>Men COP30 var ocks\u00e5 ett exempel p\u00e5 motkraft: <\/strong>Med den massiva uppslutningen av <a href=\"https:\/\/www.aljazeera.com\/gallery\/2025\/11\/16\/thousands-march-in-brazil-town-hosting-cop30-for-climate-justice\" target=\"_blank\" rel=\"noreferrer noopener\">civilsamh\u00e4lle<\/a> och <a href=\"https:\/\/www.dn.se\/varlden\/urfolk-protesterar-vid-toppmotet-kanner-av-klimatforandringarna-i-huden\/\" target=\"_blank\" rel=\"noreferrer noopener\">urfolksrepresentanter<\/a> som fyllde gatorna i Bel\u00e9m<strong><strong>. <\/strong><\/strong>Vi fr\u00e5n Greenpeace var med p\u00e5 plats b\u00e5de i m\u00f6teslokalerna och p\u00e5 gatorna utanf\u00f6r. Och oavsett utg\u00e5ngen av COP30 s\u00e5 st\u00e5r det helt klart att alla vi som vill ha en r\u00e4ttvis och ambiti\u00f6s klimatomst\u00e4llning <strong>\u00e4r betydligt fler \u00e4n de som h\u00e5ller emot! <\/strong><br><br>Och vi vet att det \u00e4r f\u00f6rst n\u00e4r vi g\u00e5r samman och med gemensam kraft kr\u00e4ver f\u00f6r\u00e4ndring \u2013 som vi lyckas. <strong>Vi har gjort det f\u00f6rr, och vi kommer att g\u00f6ra det igen.<\/strong> Vi fr\u00e5n Greenpeace kommer forts\u00e4tta pressa p\u00e5 f\u00f6r bindande m\u00e5l, st\u00e4rkt skydd av skog och ordentlig klimatfinansiering \u2013 och se till s\u00e5 att f\u00f6retagen som vill forts\u00e4tta exploatera regnskogen m\u00f6ter motst\u00e5nd. <strong><mark style=\"background-color:#B9E696\" class=\"has-inline-color\"> \u00c4r du med oss? <\/mark><\/strong><\/p>\n\n<p>Genom att <a href=\"#top\">skriva under v\u00e5r namninsamling<\/a> \u00e4r du med och <a href=\"#krav\" data-type=\"internal\" data-id=\"#krav\">ger tyngd \u00e5t v\u00e5ra krav<\/a>, tillsammans kan vi g\u00f6ra skillnad!<\/p>\n\n<h3 class=\"wp-block-heading\">Vill du g\u00f6ra mer f\u00f6r Amazonas? <\/h3>\n\n<p>\ud83d\udce2&nbsp;<strong><mark><mark style=\"background-color:#B9E696\" class=\"has-inline-color\">Sprid kunskap i dina n\u00e4tverk&nbsp;<\/mark><\/mark><\/strong>\u2013 prata med v\u00e4nner, familj och kollegor om hoten mot Amazonas.<\/p>\n\n<p>\ud83d\udcec&nbsp;<strong><mark><mark style=\"background-color:#B9E696\" class=\"has-inline-color\">Kontakta beslutsfattare<\/mark><\/mark><\/strong>&nbsp;\u2013 fr\u00e5ga hur din regering driver fr\u00e5gan i FN: <em><a href=\"https:\/\/www.greenpeace.org\/sweden\/artiklar\/greenpeace\/cop30-ett-svek-mot-vart-gemensamma-hem\/\" target=\"_blank\" rel=\"noreferrer noopener\">stod de svenska delegaterna upp f\u00f6r Amazonas och v\u00e4rldens skogar under COP30?<\/a><\/em> <br><br>\ud83e\udd1d&nbsp;<mark><mark style=\"background-color:#B9E696\" class=\"has-inline-color\"><a href=\"https:\/\/stod.greenpeace.org\/bli-manadsgivare-amazonas-regnskog\/~se-min-donation\" target=\"_blank\" rel=\"noreferrer noopener\"><strong>St\u00f6d organisationer<\/strong><\/a><\/mark><\/mark> som arbetar f\u00f6r att skydda Amazonas och stoppa skogssk\u00f6vlingen.<\/p>\n\n<p>\ud83d\udca1 <mark style=\"background-color:#B9E696\" class=\"has-inline-color\"><a style=\"background-color: rgb(185, 230, 150);\" href=\"http:\/\/greenpeace.org\/sweden\/artiklar\/skog\/5-tips-for-att-radda-amazonas-regnskog\/\" target=\"_blank\" rel=\"noreferrer noopener\"><strong>Fler tips i vardagen<\/strong><\/a><\/mark> \u2013 l\u00e4s mer om vad du kan \u00e4ndra i din vardag f\u00f6r att vara en del av r\u00f6relsen f\u00f6r att skydda Amazonas.<\/p>\n\n<h2 class=\"wp-block-heading\" id=\"krav\">Detta kr\u00e4ver vi f\u00f6r att skydda Amazonas:<\/h2>\n\n<p>V\u00e4rldens ledare m\u00e5ste h\u00e5lla sin l\u00f6ften och:<\/p>\n\n<ul class=\"wp-block-list\">\n<li><strong>Agera f\u00f6r att stoppa skogssk\u00f6vlingen<\/strong> till 2030.<\/li>\n\n\n\n<li><strong>Kapa pengafl\u00f6det till jordbruksindustrin<\/strong> och andra destruktiva verksamheter som driver p\u00e5 skogsf\u00f6rst\u00f6relsen.<\/li>\n\n\n\n<li><strong>St\u00f6tta \u00e4kta naturskydd<\/strong> \u2013 och s\u00e4kerst\u00e4lla att resurser g\u00e5r direkt till urfolk och lokala samh\u00e4llen som har l\u00f6sningarna f\u00f6r att skydda och \u00e5terst\u00e4lla skogen. <br><a href=\"https:\/\/www.greenpeace.org\/sweden\/artiklar\/skog\/handlingsplan-for-varldens-skogar\/\" target=\"_blank\" rel=\"noreferrer noopener\">&gt; \ud83d\udccb L\u00e4s mer om v\u00e5r <em>Forest Action Plan <\/em><\/a><\/li>\n<\/ul>\n\n<p>N\u00e4r du skriver under st\u00e5r du bakom v\u00e5ra krav och anv\u00e4nder din r\u00f6st f\u00f6r att skydda Amazonas.&nbsp;<strong>Ju fler vi \u00e4r, desto st\u00f6rre m\u00f6jlighet har vi att p\u00e5verka beslutsfattarna \u2013 g\u00f6r din r\u00f6st h\u00f6rd med oss!<\/strong><\/p>\n\n<p>Det \u00e4r dags att p\u00e5minna v\u00e4rldens ledare:&nbsp;<strong><a href=\"#top\">Skydda Amazonas, skydda v\u00e5r framtid! <\/a><\/strong><\/p>\n\n<hr class=\"wp-block-separator has-alpha-channel-opacity\"\/>\n\n<div class=\"wp-block-cover has-parallax\" style=\"min-height:662px;aspect-ratio:unset;\"><div class=\"wp-block-cover__image-background wp-image-64427 size-full has-parallax\" style=\"background-position:50% 50%;background-image:url(https:\/\/www.greenpeace.org\/static\/planet4-sweden-stateless\/2025\/09\/c00da7af-1amazonas-apa-closeup-scaled.jpg)\"><\/div><span aria-hidden=\"true\" class=\"wp-block-cover__background has-background-dim\" style=\"background-color:#506b64\"><\/span><div class=\"wp-block-cover__inner-container is-layout-flow wp-block-cover-is-layout-flow\">\n<p class=\"has-text-align-center has-medium-font-size\">AMAZONAS BEH\u00d6VER DIN R\u00d6ST! <\/p>\n\n\n\n<div class=\"wp-block-buttons is-content-justification-center is-layout-flex wp-container-core-buttons-is-layout-16018d1d wp-block-buttons-is-layout-flex\">\n<div class=\"wp-block-button\"><a class=\"wp-block-button__link wp-element-button\" href=\"#top\">Skriv under<\/a><\/div>\n<\/div>\n<\/div><\/div>\n\n<hr class=\"wp-block-separator has-alpha-channel-opacity\"\/>\n\n<div class=\"wp-block-query posts-list p4-query-loop is-custom-layout-list is-layout-flow wp-block-query-is-layout-flow\">\n<div class=\"wp-block-group is-content-justification-center is-layout-flex wp-container-core-group-is-layout-16018d1d wp-block-group-is-layout-flex\">\n<h2 class=\"wp-block-heading\">L\u00e4s mer om v\u00e5rt arbete f\u00f6r Amazonas och andra skogar<\/h2>\n\n\n<li class=\" wp-block-navigation-item see-all-link wp-block-navigation-link\"><a class=\"wp-block-navigation-item__content\"  href=\"https:\/\/www.greenpeace.org\/sweden\/nyheter\/?tag=regnskog&#038;post-type=artiklar\"><span class=\"wp-block-navigation-item__label\">See all posts<\/span><\/a><\/li><\/div>\n\n\n\n<p style=\"margin-top:24px;margin-bottom:36px\">H\u00e4r hittar du nyheter om regnskogen och Greenpeace arbete. <\/p>\n\n\n<ul class=\"wp-block-post-template is-layout-flow wp-block-post-template-is-layout-flow\"><li class=\"wp-block-post post-66168 post type-post status-publish format-standard has-post-thumbnail hentry category-skog tag-biodiversitet tag-skyddaskogen tag-segrar p4-page-type-pressmeddelanden\">\n\n<div class=\"wp-block-columns is-layout-flex wp-container-core-columns-is-layout-9d6595d7 wp-block-columns-is-layout-flex\"><figure class=\"wp-block-post-featured-image\"><a href=\"https:\/\/www.greenpeace.org\/sweden\/pressmeddelanden\/skog\/loreal-bryter-med-sca-bolaget-tappar-annu-en-global-kund\/\" target=\"_self\"  ><img loading=\"lazy\" decoding=\"async\" width=\"1280\" height=\"853\" src=\"https:\/\/www.greenpeace.org\/static\/planet4-sweden-stateless\/2026\/03\/be44c303-greenpeace_forest-scandal-010_web.jpg\" class=\"attachment-post-thumbnail size-post-thumbnail wp-post-image wp-stateless-item\" alt=\"L\u2019Or\u00e9al bryter med SCA &#8211; bolaget tappar \u00e4nnu en global kund\" style=\"object-fit:cover;\" srcset=\"https:\/\/www.greenpeace.org\/static\/planet4-sweden-stateless\/2026\/03\/be44c303-greenpeace_forest-scandal-010_web.jpg 1280w, https:\/\/www.greenpeace.org\/static\/planet4-sweden-stateless\/2026\/03\/be44c303-greenpeace_forest-scandal-010_web-300x200.jpg 300w, https:\/\/www.greenpeace.org\/static\/planet4-sweden-stateless\/2026\/03\/be44c303-greenpeace_forest-scandal-010_web-1024x682.jpg 1024w, https:\/\/www.greenpeace.org\/static\/planet4-sweden-stateless\/2026\/03\/be44c303-greenpeace_forest-scandal-010_web-768x512.jpg 768w, https:\/\/www.greenpeace.org\/static\/planet4-sweden-stateless\/2026\/03\/be44c303-greenpeace_forest-scandal-010_web-510x340.jpg 510w\" sizes=\"auto, (max-width: 1280px) 100vw, 1280px\" data-image-size=\"post-thumbnail\" data-stateless-media-bucket=\"planet4-sweden-stateless\" data-stateless-media-name=\"2026\/03\/be44c303-greenpeace_forest-scandal-010_web.jpg\" \/><\/a><\/figure>\n\n\n<div class=\"wp-block-group is-layout-flow wp-block-group-is-layout-flow\">\n<div class=\"wp-block-group is-layout-flex wp-block-group-is-layout-flex\"><div class=\"wp-block-post-terms\"><a href=\"https:\/\/www.greenpeace.org\/sweden\/kategori\/skog\/\">Skog<\/a><\/div>\n\n<div class=\"taxonomy-post_tag wp-block-post-terms\"><a href=\"https:\/\/www.greenpeace.org\/sweden\/tag\/biodiversitet\/\" rel=\"tag\">biodiversitet<\/a><span class=\"wp-block-post-terms__separator\"> <\/span><a href=\"https:\/\/www.greenpeace.org\/sweden\/tag\/skyddaskogen\/\" rel=\"tag\">skyddaskogen<\/a><span class=\"wp-block-post-terms__separator\"> <\/span><a href=\"https:\/\/www.greenpeace.org\/sweden\/tag\/segrar\/\" rel=\"tag\">segrar<\/a><\/div><\/div>\n\n\n<h3 class=\"wp-block-post-title\"><a href=\"https:\/\/www.greenpeace.org\/sweden\/pressmeddelanden\/skog\/loreal-bryter-med-sca-bolaget-tappar-annu-en-global-kund\/\" target=\"_self\" >L\u2019Or\u00e9al bryter med SCA &#8211; bolaget tappar \u00e4nnu en global kund<\/a><\/h3>\n\n<div class=\"wp-block-post-excerpt\"><p class=\"wp-block-post-excerpt__excerpt\">Det h\u00e4r \u00e4r den tredje globala j\u00e4ttekoncernen som p\u00e5 kort tid brutit med det kontroversiella skogsbolaget. <\/p><\/div>\n\n\n<div class=\"wp-block-group posts-list-meta is-layout-flow wp-block-group-is-layout-flow\"><span class='article-list-item-author'><a href='https:\/\/www.greenpeace.org\/sweden\/author\/ltillman\/'>Ludvig Tillman<\/a><\/span>\n\n<div class=\"wp-block-post-date\"><time datetime=\"2026-03-31T14:51:08+01:00\">mars 31, 2026<\/time><\/div><\/div>\n<\/div>\n<\/div>\n\n<\/li><li class=\"wp-block-post post-66236 post type-post status-publish format-standard has-post-thumbnail hentry category-skog tag-biodiversitet tag-skyddaskogen tag-english p4-page-type-pressmeddelanden\">\n\n<div class=\"wp-block-columns is-layout-flex wp-container-core-columns-is-layout-9d6595d7 wp-block-columns-is-layout-flex\"><figure class=\"wp-block-post-featured-image\"><a href=\"https:\/\/www.greenpeace.org\/sweden\/pressmeddelanden\/skog\/loreal-severs-ties-with-sca-swedish-forestry-giant-loses-another-global-client\/\" target=\"_self\"  ><img loading=\"lazy\" decoding=\"async\" width=\"1280\" height=\"853\" src=\"https:\/\/www.greenpeace.org\/static\/planet4-sweden-stateless\/2026\/03\/be44c303-greenpeace_forest-scandal-010_web.jpg\" class=\"attachment-post-thumbnail size-post-thumbnail wp-post-image wp-stateless-item\" alt=\"L\u2019Or\u00e9al Severs Ties with SCA \u2013 Swedish Forestry Giant Loses Another Global Client\" style=\"object-fit:cover;\" srcset=\"https:\/\/www.greenpeace.org\/static\/planet4-sweden-stateless\/2026\/03\/be44c303-greenpeace_forest-scandal-010_web.jpg 1280w, https:\/\/www.greenpeace.org\/static\/planet4-sweden-stateless\/2026\/03\/be44c303-greenpeace_forest-scandal-010_web-300x200.jpg 300w, https:\/\/www.greenpeace.org\/static\/planet4-sweden-stateless\/2026\/03\/be44c303-greenpeace_forest-scandal-010_web-1024x682.jpg 1024w, https:\/\/www.greenpeace.org\/static\/planet4-sweden-stateless\/2026\/03\/be44c303-greenpeace_forest-scandal-010_web-768x512.jpg 768w, https:\/\/www.greenpeace.org\/static\/planet4-sweden-stateless\/2026\/03\/be44c303-greenpeace_forest-scandal-010_web-510x340.jpg 510w\" sizes=\"auto, (max-width: 1280px) 100vw, 1280px\" data-image-size=\"post-thumbnail\" data-stateless-media-bucket=\"planet4-sweden-stateless\" data-stateless-media-name=\"2026\/03\/be44c303-greenpeace_forest-scandal-010_web.jpg\" \/><\/a><\/figure>\n\n\n<div class=\"wp-block-group is-layout-flow wp-block-group-is-layout-flow\">\n<div class=\"wp-block-group is-layout-flex wp-block-group-is-layout-flex\"><div class=\"wp-block-post-terms\"><a href=\"https:\/\/www.greenpeace.org\/sweden\/kategori\/skog\/\">Skog<\/a><\/div>\n\n<div class=\"taxonomy-post_tag wp-block-post-terms\"><a href=\"https:\/\/www.greenpeace.org\/sweden\/tag\/biodiversitet\/\" rel=\"tag\">biodiversitet<\/a><span class=\"wp-block-post-terms__separator\"> <\/span><a href=\"https:\/\/www.greenpeace.org\/sweden\/tag\/skyddaskogen\/\" rel=\"tag\">skyddaskogen<\/a><span class=\"wp-block-post-terms__separator\"> <\/span><a href=\"https:\/\/www.greenpeace.org\/sweden\/tag\/english\/\" rel=\"tag\">english<\/a><\/div><\/div>\n\n\n<h3 class=\"wp-block-post-title\"><a href=\"https:\/\/www.greenpeace.org\/sweden\/pressmeddelanden\/skog\/loreal-severs-ties-with-sca-swedish-forestry-giant-loses-another-global-client\/\" target=\"_self\" >L\u2019Or\u00e9al Severs Ties with SCA \u2013 Swedish Forestry Giant Loses Another Global Client<\/a><\/h3>\n\n<div class=\"wp-block-post-excerpt\"><p class=\"wp-block-post-excerpt__excerpt\">This marks the third global corporation in a short period to distance itself from the controversial Swedish forestry company. <\/p><\/div>\n\n\n<div class=\"wp-block-group posts-list-meta is-layout-flow wp-block-group-is-layout-flow\"><span class='article-list-item-author'><a href='https:\/\/www.greenpeace.org\/sweden\/author\/ltillman\/'>Ludvig Tillman<\/a><\/span>\n\n<div class=\"wp-block-post-date\"><time datetime=\"2026-03-31T14:50:00+01:00\">mars 31, 2026<\/time><\/div><\/div>\n<\/div>\n<\/div>\n\n<\/li><li class=\"wp-block-post post-66133 post type-post status-publish format-standard has-post-thumbnail hentry category-skog tag-skyddaskogen tag-biodiversitet tag-aktivism p4-page-type-pressmeddelanden\">\n\n<div class=\"wp-block-columns is-layout-flex wp-container-core-columns-is-layout-9d6595d7 wp-block-columns-is-layout-flex\"><figure class=\"wp-block-post-featured-image\"><a href=\"https:\/\/www.greenpeace.org\/sweden\/pressmeddelanden\/skog\/sca-avverkar-systematiskt-skog-som-myndigheter-vill-skydda-protest-vid-arsstamma-idag\/\" target=\"_self\"  ><img loading=\"lazy\" decoding=\"async\" width=\"1280\" height=\"853\" src=\"https:\/\/www.greenpeace.org\/static\/planet4-sweden-stateless\/2026\/03\/efdb3f1a-greenpeace_forest-scandal-015_webb.jpg\" class=\"attachment-post-thumbnail size-post-thumbnail wp-post-image wp-stateless-item\" alt=\"SCA avverkar systematiskt skog som myndigheter vill skydda &#8211; protest vid \u00e5rsst\u00e4mma idag\" style=\"object-fit:cover;\" srcset=\"https:\/\/www.greenpeace.org\/static\/planet4-sweden-stateless\/2026\/03\/efdb3f1a-greenpeace_forest-scandal-015_webb.jpg 1280w, https:\/\/www.greenpeace.org\/static\/planet4-sweden-stateless\/2026\/03\/efdb3f1a-greenpeace_forest-scandal-015_webb-300x200.jpg 300w, https:\/\/www.greenpeace.org\/static\/planet4-sweden-stateless\/2026\/03\/efdb3f1a-greenpeace_forest-scandal-015_webb-1024x682.jpg 1024w, https:\/\/www.greenpeace.org\/static\/planet4-sweden-stateless\/2026\/03\/efdb3f1a-greenpeace_forest-scandal-015_webb-768x512.jpg 768w, https:\/\/www.greenpeace.org\/static\/planet4-sweden-stateless\/2026\/03\/efdb3f1a-greenpeace_forest-scandal-015_webb-510x340.jpg 510w\" sizes=\"auto, (max-width: 1280px) 100vw, 1280px\" data-image-size=\"post-thumbnail\" data-stateless-media-bucket=\"planet4-sweden-stateless\" data-stateless-media-name=\"2026\/03\/efdb3f1a-greenpeace_forest-scandal-015_webb.jpg\" \/><\/a><\/figure>\n\n\n<div class=\"wp-block-group is-layout-flow wp-block-group-is-layout-flow\">\n<div class=\"wp-block-group is-layout-flex wp-block-group-is-layout-flex\"><div class=\"wp-block-post-terms\"><a href=\"https:\/\/www.greenpeace.org\/sweden\/kategori\/skog\/\">Skog<\/a><\/div>\n\n<div class=\"taxonomy-post_tag wp-block-post-terms\"><a href=\"https:\/\/www.greenpeace.org\/sweden\/tag\/skyddaskogen\/\" rel=\"tag\">skyddaskogen<\/a><span class=\"wp-block-post-terms__separator\"> <\/span><a href=\"https:\/\/www.greenpeace.org\/sweden\/tag\/biodiversitet\/\" rel=\"tag\">biodiversitet<\/a><span class=\"wp-block-post-terms__separator\"> <\/span><a href=\"https:\/\/www.greenpeace.org\/sweden\/tag\/aktivism\/\" rel=\"tag\">aktivism<\/a><\/div><\/div>\n\n\n<h3 class=\"wp-block-post-title\"><a href=\"https:\/\/www.greenpeace.org\/sweden\/pressmeddelanden\/skog\/sca-avverkar-systematiskt-skog-som-myndigheter-vill-skydda-protest-vid-arsstamma-idag\/\" target=\"_self\" >SCA avverkar systematiskt skog som myndigheter vill skydda &#8211; protest vid \u00e5rsst\u00e4mma idag<\/a><\/h3>\n\n<div class=\"wp-block-post-excerpt\"><p class=\"wp-block-post-excerpt__excerpt\">Omkring 50 representanter fr\u00e5n 8 milj\u00f6organisationer och Ohredahke sameby har samlats f\u00f6r att protestera mot SCA:s oh\u00e5llbara och kontroversiella skogsbruk. <\/p><\/div>\n\n\n<div class=\"wp-block-group posts-list-meta is-layout-flow wp-block-group-is-layout-flow\"><span class='article-list-item-author'><a href='https:\/\/www.greenpeace.org\/sweden\/author\/ltillman\/'>Ludvig Tillman<\/a><\/span>\n\n<div class=\"wp-block-post-date\"><time datetime=\"2026-03-27T15:10:27+01:00\">mars 27, 2026<\/time><\/div><\/div>\n<\/div>\n<\/div>\n\n<\/li><li class=\"wp-block-post post-66119 post type-post status-publish format-standard has-post-thumbnail hentry category-skog tag-skyddaskogen tag-aktivism tag-biodiversitet p4-page-type-pressmeddelanden\">\n\n<div class=\"wp-block-columns is-layout-flex wp-container-core-columns-is-layout-9d6595d7 wp-block-columns-is-layout-flex\"><figure class=\"wp-block-post-featured-image\"><a href=\"https:\/\/www.greenpeace.org\/sweden\/pressmeddelanden\/skog\/miljoorganisationer-uppmanar-essity-att-dumpa-sca\/\" target=\"_self\"  ><img loading=\"lazy\" decoding=\"async\" width=\"2500\" height=\"1667\" src=\"https:\/\/www.greenpeace.org\/static\/planet4-sweden-stateless\/2026\/03\/dd48c595-gp0su8j30_pressmedia-2500px.jpg\" class=\"attachment-post-thumbnail size-post-thumbnail wp-post-image wp-stateless-item\" alt=\"Milj\u00f6organisationer uppmanar Essity att dumpa SCA\" style=\"object-fit:cover;\" srcset=\"https:\/\/www.greenpeace.org\/static\/planet4-sweden-stateless\/2026\/03\/dd48c595-gp0su8j30_pressmedia-2500px.jpg 2500w, https:\/\/www.greenpeace.org\/static\/planet4-sweden-stateless\/2026\/03\/dd48c595-gp0su8j30_pressmedia-2500px-300x200.jpg 300w, https:\/\/www.greenpeace.org\/static\/planet4-sweden-stateless\/2026\/03\/dd48c595-gp0su8j30_pressmedia-2500px-1024x683.jpg 1024w, https:\/\/www.greenpeace.org\/static\/planet4-sweden-stateless\/2026\/03\/dd48c595-gp0su8j30_pressmedia-2500px-768x512.jpg 768w, https:\/\/www.greenpeace.org\/static\/planet4-sweden-stateless\/2026\/03\/dd48c595-gp0su8j30_pressmedia-2500px-1536x1024.jpg 1536w, https:\/\/www.greenpeace.org\/static\/planet4-sweden-stateless\/2026\/03\/dd48c595-gp0su8j30_pressmedia-2500px-2048x1366.jpg 2048w, https:\/\/www.greenpeace.org\/static\/planet4-sweden-stateless\/2026\/03\/dd48c595-gp0su8j30_pressmedia-2500px-510x340.jpg 510w\" sizes=\"auto, (max-width: 2500px) 100vw, 2500px\" data-image-size=\"post-thumbnail\" data-stateless-media-bucket=\"planet4-sweden-stateless\" data-stateless-media-name=\"2026\/03\/dd48c595-gp0su8j30_pressmedia-2500px.jpg\" \/><\/a><\/figure>\n\n\n<div class=\"wp-block-group is-layout-flow wp-block-group-is-layout-flow\">\n<div class=\"wp-block-group is-layout-flex wp-block-group-is-layout-flex\"><div class=\"wp-block-post-terms\"><a href=\"https:\/\/www.greenpeace.org\/sweden\/kategori\/skog\/\">Skog<\/a><\/div>\n\n<div class=\"taxonomy-post_tag wp-block-post-terms\"><a href=\"https:\/\/www.greenpeace.org\/sweden\/tag\/skyddaskogen\/\" rel=\"tag\">skyddaskogen<\/a><span class=\"wp-block-post-terms__separator\"> <\/span><a href=\"https:\/\/www.greenpeace.org\/sweden\/tag\/aktivism\/\" rel=\"tag\">aktivism<\/a><span class=\"wp-block-post-terms__separator\"> <\/span><a href=\"https:\/\/www.greenpeace.org\/sweden\/tag\/biodiversitet\/\" rel=\"tag\">biodiversitet<\/a><\/div><\/div>\n\n\n<h3 class=\"wp-block-post-title\"><a href=\"https:\/\/www.greenpeace.org\/sweden\/pressmeddelanden\/skog\/miljoorganisationer-uppmanar-essity-att-dumpa-sca\/\" target=\"_self\" >Milj\u00f6organisationer uppmanar Essity att dumpa SCA<\/a><\/h3>\n\n<div class=\"wp-block-post-excerpt\"><p class=\"wp-block-post-excerpt__excerpt\">Vid Essitys \u00e5rsst\u00e4mma demonstrerar idag flera milj\u00f6organisationer och uppmanar koncernen att f\u00f6lja Nestl\u00e9 och Zalando och sluta k\u00f6pa skogsr\u00e5vara fr\u00e5n det kontroversiella skogsbolaget SCA. <\/p><\/div>\n\n\n<div class=\"wp-block-group posts-list-meta is-layout-flow wp-block-group-is-layout-flow\"><span class='article-list-item-author'><a href='https:\/\/www.greenpeace.org\/sweden\/author\/ltillman\/'>Ludvig Tillman<\/a><\/span>\n\n<div class=\"wp-block-post-date\"><time datetime=\"2026-03-26T15:14:59+01:00\">mars 26, 2026<\/time><\/div><\/div>\n<\/div>\n<\/div>\n\n<\/li><li class=\"wp-block-post post-65784 post type-post status-publish format-standard has-post-thumbnail hentry category-skog tag-skyddaskogen tag-svenskpolitik tag-sapmi p4-page-type-pressmeddelanden\">\n\n<div class=\"wp-block-columns is-layout-flex wp-container-core-columns-is-layout-9d6595d7 wp-block-columns-is-layout-flex\"><figure class=\"wp-block-post-featured-image\"><a href=\"https:\/\/www.greenpeace.org\/sweden\/pressmeddelanden\/skog\/e-handelsjatten-zalando-dumpar-sca-annu-ett-storbolag-flyr-kontroversiellt-svenskt-skogsbruk\/\" target=\"_self\"  ><img loading=\"lazy\" decoding=\"async\" width=\"1558\" height=\"1039\" src=\"https:\/\/www.greenpeace.org\/static\/planet4-sweden-stateless\/2026\/02\/f77793e6-greenpeace_sca_forest_03_small.jpg\" class=\"attachment-post-thumbnail size-post-thumbnail wp-post-image wp-stateless-item\" alt=\"E-handelsj\u00e4tten Zalando dumpar SCA \u2013 \u00e4nnu ett storbolag flyr kontroversiellt svenskt skogsbruk\" style=\"object-fit:cover;\" srcset=\"https:\/\/www.greenpeace.org\/static\/planet4-sweden-stateless\/2026\/02\/f77793e6-greenpeace_sca_forest_03_small.jpg 1558w, https:\/\/www.greenpeace.org\/static\/planet4-sweden-stateless\/2026\/02\/f77793e6-greenpeace_sca_forest_03_small-300x200.jpg 300w, https:\/\/www.greenpeace.org\/static\/planet4-sweden-stateless\/2026\/02\/f77793e6-greenpeace_sca_forest_03_small-1024x683.jpg 1024w, https:\/\/www.greenpeace.org\/static\/planet4-sweden-stateless\/2026\/02\/f77793e6-greenpeace_sca_forest_03_small-768x512.jpg 768w, https:\/\/www.greenpeace.org\/static\/planet4-sweden-stateless\/2026\/02\/f77793e6-greenpeace_sca_forest_03_small-1536x1024.jpg 1536w, https:\/\/www.greenpeace.org\/static\/planet4-sweden-stateless\/2026\/02\/f77793e6-greenpeace_sca_forest_03_small-510x340.jpg 510w\" sizes=\"auto, (max-width: 1558px) 100vw, 1558px\" data-image-size=\"post-thumbnail\" data-stateless-media-bucket=\"planet4-sweden-stateless\" data-stateless-media-name=\"2026\/02\/f77793e6-greenpeace_sca_forest_03_small.jpg\" \/><\/a><\/figure>\n\n\n<div class=\"wp-block-group is-layout-flow wp-block-group-is-layout-flow\">\n<div class=\"wp-block-group is-layout-flex wp-block-group-is-layout-flex\"><div class=\"wp-block-post-terms\"><a href=\"https:\/\/www.greenpeace.org\/sweden\/kategori\/skog\/\">Skog<\/a><\/div>\n\n<div class=\"taxonomy-post_tag wp-block-post-terms\"><a href=\"https:\/\/www.greenpeace.org\/sweden\/tag\/skyddaskogen\/\" rel=\"tag\">skyddaskogen<\/a><span class=\"wp-block-post-terms__separator\"> <\/span><a href=\"https:\/\/www.greenpeace.org\/sweden\/tag\/svenskpolitik\/\" rel=\"tag\">svenskpolitik<\/a><span class=\"wp-block-post-terms__separator\"> <\/span><a href=\"https:\/\/www.greenpeace.org\/sweden\/tag\/sapmi\/\" rel=\"tag\">sapmi<\/a><\/div><\/div>\n\n\n<h3 class=\"wp-block-post-title\"><a href=\"https:\/\/www.greenpeace.org\/sweden\/pressmeddelanden\/skog\/e-handelsjatten-zalando-dumpar-sca-annu-ett-storbolag-flyr-kontroversiellt-svenskt-skogsbruk\/\" target=\"_self\" >E-handelsj\u00e4tten Zalando dumpar SCA \u2013 \u00e4nnu ett storbolag flyr kontroversiellt svenskt skogsbruk<\/a><\/h3>\n\n<div class=\"wp-block-post-excerpt\"><p class=\"wp-block-post-excerpt__excerpt\">Zalando kommer att fasa ut produkter kopplade till det svenska skogsbolaget SCA. Beslutet kommer efter att Zalando best\u00e4llt en oberoende utredning f\u00f6r att granska SCA:s skogsbruk <\/p><\/div>\n\n\n<div class=\"wp-block-group posts-list-meta is-layout-flow wp-block-group-is-layout-flow\"><span class='article-list-item-author'><a href='https:\/\/www.greenpeace.org\/sweden\/author\/ltillman\/'>Ludvig Tillman<\/a><\/span>\n\n<div class=\"wp-block-post-date\"><time datetime=\"2026-02-16T11:10:41+01:00\">februari 16, 2026<\/time><\/div><\/div>\n<\/div>\n<\/div>\n\n<\/li><\/ul>\n\n\n<div class=\"wp-block-buttons carousel-controls is-horizontal is-content-justification-space-between is-nowrap is-layout-flex wp-container-core-buttons-is-layout-044bd602 wp-block-buttons-is-layout-flex\">\n<div class=\"wp-block-button carousel-control-prev\"><button type=\"button\" class=\"wp-block-button__link wp-element-button\">Previous Carousel Slide<\/button><\/div>\n\n\n\n<div class=\"wp-block-button carousel-control-next\"><button type=\"button\" class=\"wp-block-button__link wp-element-button\">Next Carousel Slide<\/button><\/div>\n<\/div>\n\n\n<li class=\" wp-block-navigation-item see-all-link wp-block-navigation-link\"><a class=\"wp-block-navigation-item__content\"  href=\"https:\/\/www.greenpeace.org\/sweden\/nyheter\/?tag=regnskog&#038;post-type=artiklar\"><span class=\"wp-block-navigation-item__label\">Se alla artiklar<\/span><\/a><\/li><\/div>\n\n<script>\n(function () {\n  \/\/console.log('[UTM Test] Script loading...');\n\n  function init() {\n    \/\/console.log('[UTM Test] init triggered');\n\n    const params = new URLSearchParams(window.location.search);\n    if (!params.has('utm_test') || params.get('utm_test') !== 'true') {\n      \/\/console.log('[UTM Test] Skipped \u2013 utm_test=true not found in URL');\n      return;\n    }\n\n    const version = params.get('utm_version') || 'original';\n    const medium = version === 'variation1' ? 'share_button_b' : 'share_button_a';\n    \/\/console.log(`[UTM Test] Detected version: ${version}, medium: ${medium}`);\n\n    const thankYouSelector = '.leads-form__thank-you';\n    const facebookSelector = '#facebook';\n    const copyLinkSelector = '#copy-link';\n\n    const getCleanUrl = () => window.location.origin + window.location.pathname;\n\n    function addOrUpdateParam(url, key, value) {\n      const u = new URL(url);\n      u.searchParams.set(key, value);\n      return u.toString();\n    }\n\n    function updateShareLinks() {\n      \/\/console.log('[UTM Test] Updating share links...');\n      const facebookEl = document.querySelector(facebookSelector);\n      const copyBtn = document.querySelector(copyLinkSelector);\n      const cleanUrl = getCleanUrl();\n\n      if (facebookEl) {\n        \/\/console.log('[UTM Test] Facebook link updated');\n        const fbUrlBase = `https:\/\/www.facebook.com\/sharer\/sharer.php?u=${encodeURIComponent(cleanUrl)}`;\n        const fbShareUrl = addOrUpdateParam(fbUrlBase, 'utm_source', 'facebook.com');\n        facebookEl.href = addOrUpdateParam(fbShareUrl, 'utm_medium', medium);\n      }\n\n      if (copyBtn && !copyBtn.dataset.listenerAdded) {\n        \/\/console.log('[UTM Test] Copy button listener added');\n        copyBtn.dataset.listenerAdded = 'true';\n        copyBtn.addEventListener('click', () => {\n          const input = document.createElement('input');\n          const msg = 'Linkki kopioitu!';\n          const sharedUrl = addOrUpdateParam(window.location.href, 'utm_medium', medium);\n\n          document.body.appendChild(input);\n          input.value = sharedUrl;\n          input.select();\n          document.execCommand('copy');\n          document.body.removeChild(input);\n          copyBtn.innerHTML = msg;\n\n          window.dataLayer?.push({\n            event: 'uaEvent',\n            eventAction: 'Copy link',\n            eventCategory: 'Social share',\n          });\n\n          \/\/console.log(`[UTM Test] Copy link clicked \u2013 URL copied with ${medium}:`, sharedUrl);\n        });\n      }\n    }\n\n    function observeThankYou() {\n      const el = document.querySelector(thankYouSelector);\n      if (!el) {\n        \/\/console.log('[UTM Test] TY section not found yet, retrying...');\n        setTimeout(observeThankYou, 300);\n        return;\n      }\n\n      \/\/console.log('[UTM Test] Observing TY section for visibility changes');\n      const observer = new MutationObserver(() => {\n        if (el.style.display !== 'none') {\n          \/\/console.log('[UTM Test] TY section visible \u2013 updating links');\n          updateShareLinks();\n        }\n      });\n\n      observer.observe(el, { attributes: true, attributeFilter: ['style'] });\n      if (el.style.display !== 'none') {\n        \/\/console.log('[UTM Test] TY section already visible on load');\n        updateShareLinks();\n      }\n    }\n\n    setTimeout(() => {\n      \/\/console.log('[UTM Test] Starting observer with delay...');\n      observeThankYou();\n    }, 500);\n  }\n\n  if (document.readyState === 'loading') {\n    document.addEventListener('DOMContentLoaded', init);\n  } else {\n    init();\n  }\n})();\n\n<\/script>\n\n<div id=\"gpi-counter\"><\/div>\n<script>\n\/\/Default TY flow \nwindow.jQuery(document).ready(function() {\n    const lpC = window.jQuery('.leads-form__thank-you');\n    const lpTY = window.jQuery('#gpi-counter');\n    let iframeAppended = false;\n\n    checkDisplay(lpC);\n    \n    \/\/ Function to check the display state\n    function checkDisplay(element) {\n        if (element.css('display') === 'none') {\n             \/\/console.log('display nothing');\n        } else {\n             \/\/console.log('display counter');\n            if (!iframeAppended) {\n            window.jQuery(lpTY).append(`\n                <iframe loading=\"lazy\" style=\"overflow: hidden; opacity: 0;\" src=\"https:\/\/counter.greenpeace.org\/count?id=skydda-amazonas\" width=\"1\" height=\"1\" frameborder=\"0\" scrolling=\"no\"><\/iframe> `);\n           iframeAppended = true;  \n        } else {\n            \/\/console.log('iframe already appended');\n        }\n        }\n    }\n\n    \/\/ Set up a MutationObserver to listen for changes in the 'style' attribute\n    const observer = new MutationObserver(function(mutationsList) {\n        mutationsList.forEach(function(mutation) {\n            if (mutation.attributeName === 'style') {\n                checkDisplay(lpC);\n            }\n        });\n    });\n\n    \/\/ Configure the observer to watch for changes to the 'style' attribute\n    observer.observe(lpC[0], { attributes: true, attributeFilter: ['style'] });\n});\n\n<\/script>\n","protected":false},"excerpt":{"rendered":"<p>Amazonas, den mest artrika skogen p\u00e5 jorden sk\u00f6vlas och br\u00e4nns f\u00f6r snabba vinster &#8211; att f\u00f6rlora Amazonas, \u00e4r att f\u00f6rlora klimatkrisen. Men DU kan g\u00f6ra skillnad!<\/p>\n","protected":false},"author":35,"featured_media":64441,"parent":9,"menu_order":0,"comment_status":"closed","ping_status":"closed","template":"","meta":{"ep_exclude_from_search":false,"p4_hide_page_title_checkbox":"on","p4_title":"","p4_subtitle":"","p4_description":"","background_image_id":"","background_image":"","p4_button_title":"","p4_button_link":"","p4_button_link_checkbox":"","p4_og_title":"Skydda Amazonas regnskog! ","p4_og_description":"Amazonas, den mest artrika skogen p\u00e5 jorden sk\u00f6vlas och br\u00e4nns f\u00f6r snabba vinster - att f\u00f6rlora Amazonas, \u00e4r att f\u00f6rlora klimatkrisen. Men DU kan g\u00f6ra skillnad!","p4_og_image":"https:\/\/www.greenpeace.org\/static\/planet4-sweden-stateless\/2025\/09\/bae63592-1080x1080_forest-destruction.jpg","p4_og_image_id":"64441","p4_seo_canonical_url":"","p4_campaign_name":"Amazon","p4_local_project":"Big Ag Nordic","p4_basket_name":"","p4_department":"","footnotes":""},"categories":[22],"tags":[47],"class_list":["post-64391","page","type-page","status-publish","has-post-thumbnail","hentry","category-skog","tag-regnskog"],"_links":{"self":[{"href":"https:\/\/www.greenpeace.org\/sweden\/wp-json\/wp\/v2\/pages\/64391","targetHints":{"allow":["GET"]}}],"collection":[{"href":"https:\/\/www.greenpeace.org\/sweden\/wp-json\/wp\/v2\/pages"}],"about":[{"href":"https:\/\/www.greenpeace.org\/sweden\/wp-json\/wp\/v2\/types\/page"}],"author":[{"embeddable":true,"href":"https:\/\/www.greenpeace.org\/sweden\/wp-json\/wp\/v2\/users\/35"}],"replies":[{"embeddable":true,"href":"https:\/\/www.greenpeace.org\/sweden\/wp-json\/wp\/v2\/comments?post=64391"}],"version-history":[{"count":20,"href":"https:\/\/www.greenpeace.org\/sweden\/wp-json\/wp\/v2\/pages\/64391\/revisions"}],"predecessor-version":[{"id":65519,"href":"https:\/\/www.greenpeace.org\/sweden\/wp-json\/wp\/v2\/pages\/64391\/revisions\/65519"}],"up":[{"embeddable":true,"href":"https:\/\/www.greenpeace.org\/sweden\/wp-json\/wp\/v2\/pages\/9"}],"wp:featuredmedia":[{"embeddable":true,"href":"https:\/\/www.greenpeace.org\/sweden\/wp-json\/wp\/v2\/media\/64441"}],"wp:attachment":[{"href":"https:\/\/www.greenpeace.org\/sweden\/wp-json\/wp\/v2\/media?parent=64391"}],"wp:term":[{"taxonomy":"category","embeddable":true,"href":"https:\/\/www.greenpeace.org\/sweden\/wp-json\/wp\/v2\/categories?post=64391"},{"taxonomy":"post_tag","embeddable":true,"href":"https:\/\/www.greenpeace.org\/sweden\/wp-json\/wp\/v2\/tags?post=64391"}],"curies":[{"name":"wp","href":"https:\/\/api.w.org\/{rel}","templated":true}]}}