{"id":1351,"date":"2019-09-30T14:37:19","date_gmt":"2019-09-30T11:37:19","guid":{"rendered":"https:\/\/master.k8s.p4.greenpeace.org\/turkey\/nukleer\/"},"modified":"2026-04-08T11:59:09","modified_gmt":"2026-04-08T08:59:09","slug":"nukleer","status":"publish","type":"page","link":"https:\/\/www.greenpeace.org\/turkey\/nukleer\/","title":{"rendered":"#N\u00fckleer"},"content":{"rendered":"\n                    <div class=\"wp-block-group is-vertical is-layout-flex wp-container-core-group-is-layout-8cf370e7 wp-block-group-is-layout-flex\">\n                    \n\n                    \n                    <\/div>\n                    \n        <div class=\"wp-block-query actions-list p4-query-loop is-custom-layout-actions-list is-custom-layout-grid is-layout-grid wp-container-core-query-is-layout-29f43435 wp-block-query-is-layout-grid\"><h2 class=\"wp-block-heading\">Yapabileceklerin<\/h2>\n        <p style=\"margin-top: 24px; margin-bottom: 32px;\">Harekete ge\u00e7meni istiyoruz \u00e7\u00fcnk\u00fc birlikte g\u00fc\u00e7l\u00fcy\u00fcz.<\/p>\n        <div class=\"wp-block-query-no-results\">\n        <p >No posts found.<\/p>\n        <\/div>\n        \n        \n<div class=\"wp-block-buttons carousel-controls is-horizontal is-content-justification-space-between is-nowrap is-layout-flex wp-container-core-buttons-is-layout-044bd602 wp-block-buttons-is-layout-flex\">\n            <div class=\"wp-block-button carousel-control-prev\"><button type=\"button\" class=\"wp-block-button__link wp-element-button\">Prev<\/button><\/div>\n        \n\n            <div class=\"wp-block-button carousel-control-next\"><button type=\"button\" class=\"wp-block-button__link wp-element-button\">Next<\/button><\/div>\n        <\/div>\n\n        \n<div class=\"wp-block-buttons load-more-actions-container is-content-justification-center is-layout-flex wp-container-core-buttons-is-layout-16018d1d wp-block-buttons-is-layout-flex\">\n                <div class=\"wp-block-button is-style-secondary\"><button type=\"button\" class=\"wp-block-button__link wp-element-button\">Daha Fazlas\u0131<\/button><\/div>\n            \n<\/div>\n<\/div>\n        \n    <div class=\"wp-block-query posts-list p4-query-loop is-custom-layout-list is-layout-flow wp-block-query-is-layout-flow\">\n        <div class=\"wp-block-group is-content-justification-space-between is-layout-flex wp-container-core-group-is-layout-3d213aab wp-block-group-is-layout-flex\"><h2 class=\"wp-block-heading\">\u0130lgili Yaz\u0131lar<\/h2>\n        <li class=\" wp-block-navigation-item see-all-link wp-block-navigation-link\"><a class=\"wp-block-navigation-item__content\"  href=\"http:\/\/www.greenpeace.org\/turkey\/news-stories\/?tag=nukleer\"><span class=\"wp-block-navigation-item__label\">See all stories<\/span><\/a><\/li>\n        \n        <\/div>\n        \n\n    <p style=\"margin-top: 24px; margin-bottom: 36px;\"><\/p>\n\n    \n\n    <ul class=\"wp-block-post-template is-layout-flow wp-block-post-template-is-layout-flow\"><li class=\"wp-block-post post-9987 post type-post status-publish format-standard has-post-thumbnail hentry category-sorunlar-ve-cozumler category-enerji tag-nukleer p4-page-type-blog\">\n            \n<div class=\"wp-block-columns is-layout-flex wp-container-core-columns-is-layout-9d6595d7 wp-block-columns-is-layout-flex\"><figure class=\"wp-block-post-featured-image\"><a href=\"https:\/\/www.greenpeace.org\/turkey\/blog\/fukusima-nukleer-felaketinin-15-yili-260311\/\" target=\"_self\"  ><img loading=\"lazy\" decoding=\"async\" width=\"1200\" height=\"810\" src=\"https:\/\/www.greenpeace.org\/static\/planet4-turkey-stateless\/2026\/03\/c4e0e07f-gp02bh0.jpg\" class=\"attachment-post-thumbnail size-post-thumbnail wp-post-image wp-stateless-item\" alt=\"Fuku\u015fima n\u00fckleer felaketinin 15. y\u0131l\u0131: Fosilden \u00e7\u0131k\u0131\u015f\u0131n alternatifi n\u00fckleer de\u011fil\" style=\"object-fit:cover;\" srcset=\"https:\/\/www.greenpeace.org\/static\/planet4-turkey-stateless\/2026\/03\/c4e0e07f-gp02bh0.jpg 1200w, https:\/\/www.greenpeace.org\/static\/planet4-turkey-stateless\/2026\/03\/c4e0e07f-gp02bh0-300x203.jpg 300w, https:\/\/www.greenpeace.org\/static\/planet4-turkey-stateless\/2026\/03\/c4e0e07f-gp02bh0-1024x691.jpg 1024w, https:\/\/www.greenpeace.org\/static\/planet4-turkey-stateless\/2026\/03\/c4e0e07f-gp02bh0-768x518.jpg 768w, https:\/\/www.greenpeace.org\/static\/planet4-turkey-stateless\/2026\/03\/c4e0e07f-gp02bh0-504x340.jpg 504w\" sizes=\"auto, (max-width: 1200px) 100vw, 1200px\" data-image-size=\"post-thumbnail\" data-stateless-media-bucket=\"planet4-turkey-stateless\" data-stateless-media-name=\"2026\/03\/c4e0e07f-gp02bh0.jpg\" \/><\/a><\/figure>\n\n        <div class=\"wp-block-group is-layout-flow wp-block-group-is-layout-flow\">\n                <div class=\"wp-block-group is-layout-flex wp-block-group-is-layout-flex\"><div class=\"wp-block-post-terms\"><a href=\"https:\/\/www.greenpeace.org\/turkey\/category\/sorunlar-ve-cozumler\/\">\u00c7al\u0131\u015ft\u0131\u011f\u0131m\u0131z Alanlar<\/a><\/div>\n                <div class=\"taxonomy-post_tag wp-block-post-terms\"><a href=\"https:\/\/www.greenpeace.org\/turkey\/tag\/nukleer\/\" rel=\"tag\">N\u00fckleer<\/a><\/div>\n                \n                <\/div>\n                \n        <h3 class=\"wp-block-post-title\"><a href=\"https:\/\/www.greenpeace.org\/turkey\/blog\/fukusima-nukleer-felaketinin-15-yili-260311\/\" target=\"_self\" >Fuku\u015fima n\u00fckleer felaketinin 15. y\u0131l\u0131: Fosilden \u00e7\u0131k\u0131\u015f\u0131n alternatifi n\u00fckleer de\u011fil<\/a><\/h3>\n        <div class=\"wp-block-post-excerpt\"><p class=\"wp-block-post-excerpt__excerpt\">11 Mart 2026, \u0130stanbul &#8211; Fuku\u015fima n\u00fckleer felaketinin \u00fczerinden 15 y\u0131l ge\u00e7ti. Japonya&#8217;n\u0131n kuzeydo\u011fu b\u00f6lgesini y\u0131k\u0131ma u\u011fratan B\u00fcy\u00fck Do\u011fu Japonya Depremi ve Fuku\u015fima Daiichi n\u00fckleer felaketinin izleri 15. y\u0131lda da&hellip; <\/p><\/div>\n        \n        <div class=\"wp-block-group posts-list-meta is-layout-flow wp-block-group-is-layout-flow\"><span class='article-list-item-author'><a href='https:\/\/www.greenpeace.org\/turkey\/author\/bececeli\/'>Greenpeace T\u00fcrkiye<\/a><\/span>\n        <div class=\"wp-block-post-date\"><time datetime=\"2026-03-11T10:23:29+03:00\">11 Mart 2026<\/time><\/div>\n        \n        <\/div>\n        <\/div>\n        <\/div>\n\n            <\/li><li class=\"wp-block-post post-9983 post type-post status-publish format-standard has-post-thumbnail hentry category-sorunlar-ve-cozumler category-enerji tag-nukleer p4-page-type-basin-bultenleri\">\n            \n<div class=\"wp-block-columns is-layout-flex wp-container-core-columns-is-layout-9d6595d7 wp-block-columns-is-layout-flex\"><figure class=\"wp-block-post-featured-image\"><a href=\"https:\/\/www.greenpeace.org\/turkey\/basin-bultenleri\/fukusima-nukleer-felaketinin-15-yili\/\" target=\"_self\"  ><img loading=\"lazy\" decoding=\"async\" width=\"1200\" height=\"810\" src=\"https:\/\/www.greenpeace.org\/static\/planet4-turkey-stateless\/2026\/03\/c4e0e07f-gp02bh0.jpg\" class=\"attachment-post-thumbnail size-post-thumbnail wp-post-image wp-stateless-item\" alt=\"Fuku\u015fima N\u00fckleer Felaketinin 15. Y\u0131l\u0131: Fosilden \u00c7\u0131k\u0131\u015f\u0131n Alternatifi N\u00fckleer De\u011fil\" style=\"object-fit:cover;\" srcset=\"https:\/\/www.greenpeace.org\/static\/planet4-turkey-stateless\/2026\/03\/c4e0e07f-gp02bh0.jpg 1200w, https:\/\/www.greenpeace.org\/static\/planet4-turkey-stateless\/2026\/03\/c4e0e07f-gp02bh0-300x203.jpg 300w, https:\/\/www.greenpeace.org\/static\/planet4-turkey-stateless\/2026\/03\/c4e0e07f-gp02bh0-1024x691.jpg 1024w, https:\/\/www.greenpeace.org\/static\/planet4-turkey-stateless\/2026\/03\/c4e0e07f-gp02bh0-768x518.jpg 768w, https:\/\/www.greenpeace.org\/static\/planet4-turkey-stateless\/2026\/03\/c4e0e07f-gp02bh0-504x340.jpg 504w\" sizes=\"auto, (max-width: 1200px) 100vw, 1200px\" data-image-size=\"post-thumbnail\" data-stateless-media-bucket=\"planet4-turkey-stateless\" data-stateless-media-name=\"2026\/03\/c4e0e07f-gp02bh0.jpg\" \/><\/a><\/figure>\n\n        <div class=\"wp-block-group is-layout-flow wp-block-group-is-layout-flow\">\n                <div class=\"wp-block-group is-layout-flex wp-block-group-is-layout-flex\"><div class=\"wp-block-post-terms\"><a href=\"https:\/\/www.greenpeace.org\/turkey\/category\/sorunlar-ve-cozumler\/\">\u00c7al\u0131\u015ft\u0131\u011f\u0131m\u0131z Alanlar<\/a><\/div>\n                <div class=\"taxonomy-post_tag wp-block-post-terms\"><a href=\"https:\/\/www.greenpeace.org\/turkey\/tag\/nukleer\/\" rel=\"tag\">N\u00fckleer<\/a><\/div>\n                \n                <\/div>\n                \n        <h3 class=\"wp-block-post-title\"><a href=\"https:\/\/www.greenpeace.org\/turkey\/basin-bultenleri\/fukusima-nukleer-felaketinin-15-yili\/\" target=\"_self\" >Fuku\u015fima N\u00fckleer Felaketinin 15. Y\u0131l\u0131: Fosilden \u00c7\u0131k\u0131\u015f\u0131n Alternatifi N\u00fckleer De\u011fil<\/a><\/h3>\n        <div class=\"wp-block-post-excerpt\"><p class=\"wp-block-post-excerpt__excerpt\">11 Mart 2026, \u0130stanbul &#8211; Fuku\u015fima n\u00fckleer felaketinin \u00fczerinden 15 y\u0131l ge\u00e7ti. Japonya&#8217;n\u0131n kuzeydo\u011fu b\u00f6lgesini y\u0131k\u0131ma u\u011fratan B\u00fcy\u00fck Do\u011fu Japonya Depremi ve Fuku\u015fima Daiichi n\u00fckleer felaketinin izleri 15. y\u0131lda da&hellip; <\/p><\/div>\n        \n        <div class=\"wp-block-group posts-list-meta is-layout-flow wp-block-group-is-layout-flow\"><span class='article-list-item-author'><a href='https:\/\/www.greenpeace.org\/turkey\/author\/bececeli\/'>Greenpeace T\u00fcrkiye<\/a><\/span>\n        <div class=\"wp-block-post-date\"><time datetime=\"2026-03-11T10:20:47+03:00\">11 Mart 2026<\/time><\/div>\n        \n        <\/div>\n        <\/div>\n        <\/div>\n\n            <\/li><li class=\"wp-block-post post-7051 post type-post status-publish format-standard has-post-thumbnail hentry category-enerji tag-nukleer p4-page-type-haberler\">\n            \n<div class=\"wp-block-columns is-layout-flex wp-container-core-columns-is-layout-9d6595d7 wp-block-columns-is-layout-flex\"><figure class=\"wp-block-post-featured-image\"><a href=\"https:\/\/www.greenpeace.org\/turkey\/haberler\/fukusima-nukleer-felaketi-dakika-dakika-neler-oldu\/\" target=\"_self\"  ><img loading=\"lazy\" decoding=\"async\" width=\"1200\" height=\"630\" src=\"https:\/\/www.greenpeace.org\/static\/planet4-turkey-stateless\/2022\/03\/c4546fe3-fukisima-nukleer-2022-2.jpg\" class=\"attachment-post-thumbnail size-post-thumbnail wp-post-image wp-stateless-item\" alt=\"Fuku\u015fima n\u00fckleer felaketi: Dakika dakika neler oldu?\" style=\"object-fit:cover;\" srcset=\"https:\/\/www.greenpeace.org\/static\/planet4-turkey-stateless\/2022\/03\/c4546fe3-fukisima-nukleer-2022-2.jpg 1200w, https:\/\/www.greenpeace.org\/static\/planet4-turkey-stateless\/2022\/03\/c4546fe3-fukisima-nukleer-2022-2-300x158.jpg 300w, https:\/\/www.greenpeace.org\/static\/planet4-turkey-stateless\/2022\/03\/c4546fe3-fukisima-nukleer-2022-2-1024x538.jpg 1024w, https:\/\/www.greenpeace.org\/static\/planet4-turkey-stateless\/2022\/03\/c4546fe3-fukisima-nukleer-2022-2-768x403.jpg 768w, https:\/\/www.greenpeace.org\/static\/planet4-turkey-stateless\/2022\/03\/c4546fe3-fukisima-nukleer-2022-2-510x268.jpg 510w\" sizes=\"auto, (max-width: 1200px) 100vw, 1200px\" data-image-size=\"post-thumbnail\" data-stateless-media-bucket=\"planet4-turkey-stateless\" data-stateless-media-name=\"2022\/03\/c4546fe3-fukisima-nukleer-2022-2.jpg\" \/><\/a><\/figure>\n\n        <div class=\"wp-block-group is-layout-flow wp-block-group-is-layout-flow\">\n                <div class=\"wp-block-group is-layout-flex wp-block-group-is-layout-flex\"><div class=\"wp-block-post-terms\"><a href=\"https:\/\/www.greenpeace.org\/turkey\/category\/sorunlar-ve-cozumler\/enerji\/\">Enerji<\/a><\/div>\n                <div class=\"taxonomy-post_tag wp-block-post-terms\"><a href=\"https:\/\/www.greenpeace.org\/turkey\/tag\/nukleer\/\" rel=\"tag\">N\u00fckleer<\/a><\/div>\n                \n                <\/div>\n                \n        <h3 class=\"wp-block-post-title\"><a href=\"https:\/\/www.greenpeace.org\/turkey\/haberler\/fukusima-nukleer-felaketi-dakika-dakika-neler-oldu\/\" target=\"_self\" >Fuku\u015fima n\u00fckleer felaketi: Dakika dakika neler oldu?<\/a><\/h3>\n        <div class=\"wp-block-post-excerpt\"><p class=\"wp-block-post-excerpt__excerpt\">11 sene \u00f6nce bug\u00fcn Fuku\u015fima N\u00fckleer Santrali&#8217;nde neler oldu? Ge\u00e7mi\u015fte bug\u00fcne, Japonya&#8217;ya gidiyoruz. <\/p><\/div>\n        \n        <div class=\"wp-block-group posts-list-meta is-layout-flow wp-block-group-is-layout-flow\"><span class='article-list-item-author'>Greenpeace T\u00fcrkiye<\/span>\n        <div class=\"wp-block-post-date\"><time datetime=\"2022-03-11T12:01:35+03:00\">11 Mart 2022<\/time><\/div>\n        \n        <\/div>\n        <\/div>\n        <\/div>\n\n            <\/li><\/ul>\n\n    \n<div class=\"wp-block-buttons carousel-controls is-horizontal is-content-justification-space-between is-nowrap is-layout-flex wp-container-core-buttons-is-layout-044bd602 wp-block-buttons-is-layout-flex\">\n            <div class=\"wp-block-button carousel-control-prev\"><button type=\"button\" class=\"wp-block-button__link wp-element-button\">Prev<\/button><\/div>\n        \n\n            <div class=\"wp-block-button carousel-control-next\"><button type=\"button\" class=\"wp-block-button__link wp-element-button\">Next<\/button><\/div>\n        <\/div>\n\n\n    <li class=\" wp-block-navigation-item see-all-link wp-block-navigation-link\"><a class=\"wp-block-navigation-item__content\"  href=\"http:\/\/www.greenpeace.org\/turkey\/news-stories\/?tag=nukleer\"><span class=\"wp-block-navigation-item__label\">See all stories<\/span><\/a><\/li><\/div>\n    \n    <div class=\"wp-block-query posts-list p4-query-loop is-custom-layout-grid is-layout-grid wp-container-core-query-is-layout-b8bb0bd1 wp-block-query-is-layout-grid\">\n        <div class=\"wp-block-group is-content-justification-space-between is-layout-flex wp-container-core-group-is-layout-3d213aab wp-block-group-is-layout-flex\"><h2 class=\"wp-block-heading\">Yay\u0131nlar<\/h2>\n        <li class=\" wp-block-navigation-item see-all-link wp-block-navigation-link\"><a class=\"wp-block-navigation-item__content\"  href=\"http:\/\/www.greenpeace.org\/turkey\/news-stories\/?tag=nukleer&#038;post-type=\"><span class=\"wp-block-navigation-item__label\">See all stories<\/span><\/a><\/li>\n        \n        <\/div>\n        \n\n    <p style=\"margin-top: 24px; margin-bottom: 36px;\"><\/p>\n\n    <div class=\"wp-block-query-no-results\">\n        <p style=\"\">No posts found.<\/p>\n        <\/div>\n\n    \n\n    \n<div class=\"wp-block-buttons carousel-controls is-horizontal is-content-justification-space-between is-nowrap is-layout-flex wp-container-core-buttons-is-layout-044bd602 wp-block-buttons-is-layout-flex\">\n            <div class=\"wp-block-button carousel-control-prev\"><button type=\"button\" class=\"wp-block-button__link wp-element-button\">Prev<\/button><\/div>\n        \n\n            <div class=\"wp-block-button carousel-control-next\"><button type=\"button\" class=\"wp-block-button__link wp-element-button\">Next<\/button><\/div>\n        <\/div>\n\n\n    <li class=\" wp-block-navigation-item see-all-link wp-block-navigation-link\"><a class=\"wp-block-navigation-item__content\"  href=\"http:\/\/www.greenpeace.org\/turkey\/news-stories\/?tag=nukleer&#038;post-type=\"><span class=\"wp-block-navigation-item__label\">See all stories<\/span><\/a><\/li><\/div>\n    <div data-render=\"planet4-blocks\/happypoint\" data-attributes=\"{&quot;attributes&quot;:{&quot;focus_image&quot;:&quot;0% 0%&quot;,&quot;mailing_list_iframe&quot;:true,&quot;opacity&quot;:30,&quot;override_default_content&quot;:false,&quot;local_content_provider&quot;:&quot;none&quot;}}\"><\/div>","protected":false},"excerpt":{"rendered":"","protected":false},"author":25,"featured_media":0,"parent":0,"menu_order":0,"comment_status":"closed","ping_status":"closed","template":"","meta":{"ep_exclude_from_search":false,"p4_hide_page_title_checkbox":"","p4_title":"","p4_subtitle":"","p4_description":"","background_image_id":"","background_image":"","p4_button_title":"","p4_button_link":"","p4_button_link_checkbox":"","p4_og_title":"","p4_og_description":"","p4_og_image":"","p4_og_image_id":"","p4_seo_canonical_url":"","p4_campaign_name":"not set","p4_local_project":"","p4_basket_name":"not set","p4_department":"","footnotes":""},"categories":[2],"tags":[32],"class_list":["post-1351","page","type-page","status-publish","hentry","category-enerji","tag-nukleer"],"_links":{"self":[{"href":"https:\/\/www.greenpeace.org\/turkey\/wp-json\/wp\/v2\/pages\/1351","targetHints":{"allow":["GET"]}}],"collection":[{"href":"https:\/\/www.greenpeace.org\/turkey\/wp-json\/wp\/v2\/pages"}],"about":[{"href":"https:\/\/www.greenpeace.org\/turkey\/wp-json\/wp\/v2\/types\/page"}],"author":[{"embeddable":true,"href":"https:\/\/www.greenpeace.org\/turkey\/wp-json\/wp\/v2\/users\/25"}],"replies":[{"embeddable":true,"href":"https:\/\/www.greenpeace.org\/turkey\/wp-json\/wp\/v2\/comments?post=1351"}],"version-history":[{"count":17,"href":"https:\/\/www.greenpeace.org\/turkey\/wp-json\/wp\/v2\/pages\/1351\/revisions"}],"predecessor-version":[{"id":10035,"href":"https:\/\/www.greenpeace.org\/turkey\/wp-json\/wp\/v2\/pages\/1351\/revisions\/10035"}],"wp:attachment":[{"href":"https:\/\/www.greenpeace.org\/turkey\/wp-json\/wp\/v2\/media?parent=1351"}],"wp:term":[{"taxonomy":"category","embeddable":true,"href":"https:\/\/www.greenpeace.org\/turkey\/wp-json\/wp\/v2\/categories?post=1351"},{"taxonomy":"post_tag","embeddable":true,"href":"https:\/\/www.greenpeace.org\/turkey\/wp-json\/wp\/v2\/tags?post=1351"}],"curies":[{"name":"wp","href":"https:\/\/api.w.org\/{rel}","templated":true}]}}