{"id":1368,"date":"2018-09-30T15:43:14","date_gmt":"2018-09-30T12:43:14","guid":{"rendered":"https:\/\/master.k8s.p4.greenpeace.org\/turkey\/?page_id=1368"},"modified":"2025-09-23T13:06:42","modified_gmt":"2025-09-23T10:06:42","slug":"komuru-es-gec","status":"publish","type":"page","link":"https:\/\/www.greenpeace.org\/turkey\/komuru-es-gec\/","title":{"rendered":"Eski\u015fehir&#8217;de K\u00f6m\u00fcr\u00fc ES Ge\u00e7"},"content":{"rendered":"\n\n<div class=\"wp-block-group alignfull is-layout-flow wp-block-group-is-layout-flow\">\n<div class=\"wp-block-group container is-layout-flow wp-block-group-is-layout-flow\">\n<div class=\"wp-block-media-text alignfull has-media-on-the-right is-stacked-on-mobile is-pattern-p4-page-header is-style-parallax\"><div class=\"wp-block-media-text__content\">\n<div class=\"wp-block-group is-layout-flow wp-block-group-is-layout-flow\">\n<h1 class=\"wp-block-heading has-white-background-color has-background\">\n                            Eski\u015fehir&#8217;de K\u00f6m\u00fcr\u00fc ES Ge\u00e7\n                        <\/h1>\n<\/div>\n<\/div><figure class=\"wp-block-media-text__media\"><img loading=\"lazy\" decoding=\"async\" width=\"1200\" height=\"800\" src=\"https:\/\/www.greenpeace.org\/static\/planet4-turkey-stateless\/2019\/09\/4a6c176c-gp1stpcf.jpg\" alt=\"\" sizes=\"auto, (min-width: 601px) 50vw, 100vw\" srcset=\"https:\/\/www.greenpeace.org\/static\/planet4-turkey-stateless\/2019\/09\/4a6c176c-gp1stpcf.jpg 1200w, https:\/\/www.greenpeace.org\/static\/planet4-turkey-stateless\/2019\/09\/4a6c176c-gp1stpcf-300x200.jpg 300w, https:\/\/www.greenpeace.org\/static\/planet4-turkey-stateless\/2019\/09\/4a6c176c-gp1stpcf-768x512.jpg 768w, https:\/\/www.greenpeace.org\/static\/planet4-turkey-stateless\/2019\/09\/4a6c176c-gp1stpcf-1024x683.jpg 1024w, https:\/\/www.greenpeace.org\/static\/planet4-turkey-stateless\/2019\/09\/4a6c176c-gp1stpcf-510x340.jpg 510w\" class=\"wp-image-1060 size-full\"\/><\/figure><\/div>\n<\/div>\n<\/div>\n\n<div data-render=\"planet4-blocks\/columns\" data-attributes=\"{&quot;attributes&quot;:{&quot;columns&quot;:[{&quot;description&quot;:&quot;Tarihinde pek \\u00e7ok medeniyete ev sahipli\\u011fi yapm\\u0131\\u015f Eski\\u015fehir, k\\u00f6m\\u00fcrl\\u00fc termik santral tehdidiyle kar\\u015f\\u0131 kar\\u015f\\u0131ya. Alpu Ovas\\u0131&#039;na kurulmak istenen termik santralin onaylanan \\u00c7ED raporu eksiklikler ve hatalarla dolu.&quot;,&quot;link_new_tab&quot;:false},{&quot;description&quot;:&quot;Miad\\u0131 dolmu\\u015f fosil yak\\u0131t kayna\\u011f\\u0131 k\\u00f6m\\u00fcr ile enerji \\u00fcretimi yap\\u0131lacak bu proje hayata ge\\u00e7erse b\\u00f6lgede verimli tar\\u0131m arazileri zarar g\\u00f6recek ve erken \\u00f6l\\u00fcmlere yol a\\u00e7acak.&quot;,&quot;link_new_tab&quot;:false},{&quot;description&quot;:&quot;Hem cebimizi yakacak, hem de bizi sa\\u011fl\\u0131\\u011f\\u0131m\\u0131zdan edecek k\\u00f6m\\u00fcrl\\u00fc termik santral projesine kar\\u015f\\u0131 m\\u00fccadeleye kat\\u0131l, imza ver.&quot;,&quot;link_new_tab&quot;:false}],&quot;className&quot;:&quot;is-style-no_image&quot;,&quot;columns_block_style&quot;:&quot;no_image&quot;}}\"><\/div><div data-render=\"planet4-blocks\/columns\" data-attributes=\"{&quot;attributes&quot;:{&quot;columns_block_style&quot;:&quot;tasks&quot;,&quot;columns_title&quot;:&quot;Neler yapabilirsin?&quot;,&quot;columns&quot;:[{&quot;title&quot;:&quot;\\u00c7evre ve \\u015eehircilik Bakanl\\u0131\\u011f\\u0131&#039;na seslen&quot;,&quot;description&quot;:&quot;Eski\\u015fehir&#039;in havas\\u0131n\\u0131, suyunu, tar\\u0131m alanlar\\u0131n\\u0131 etkileyecek olan k\\u00f6m\\u00fcrl\\u00fc termik santralin eksikliklerle\\\/hatalarla dolu \\u00c7evresel Etki De\\u011ferlendirmesi (\\u00c7ED) raporu iptal edilsin.&quot;,&quot;cta_link&quot;:&quot;https:\\\/\\\/act.greenpeace.org\\\/page\\\/22588\\\/petition\\\/1?locale=tr-TR&quot;,&quot;link_new_tab&quot;:false,&quot;cta_text&quot;:&quot;\\u0130MZA VER&quot;},{&quot;title&quot;:&quot;K\\u00f6m\\u00fcr Hikayeleri&quot;,&quot;description&quot;:&quot;T\\u00fcrkiye&#039;de k\\u00f6m\\u00fcrl\\u00fc termik santrallerin etkiledi\\u011fi ya\\u015famlara yak\\u0131ndan bak.&quot;,&quot;cta_link&quot;:&quot;https:\\\/\\\/komurhikayeleri.org\\\/&quot;,&quot;link_new_tab&quot;:false,&quot;cta_text&quot;:&quot;Tan\\u0131k Ol&quot;}],&quot;className&quot;:&quot;is-style-tasks&quot;}}\"><\/div>\n    <div class=\"wp-block-query posts-list p4-query-loop is-custom-layout-grid is-layout-grid wp-container-core-query-is-layout-b8bb0bd1 wp-block-query-is-layout-grid\">\n        <div class=\"wp-block-group is-content-justification-space-between is-layout-flex wp-container-core-group-is-layout-3d213aab wp-block-group-is-layout-flex\"><h2 class=\"wp-block-heading\"><\/h2>\n        <li class=\" wp-block-navigation-item see-all-link wp-block-navigation-link\"><a class=\"wp-block-navigation-item__content\"  href=\"http:\/\/www.greenpeace.org\/turkey\/news-stories\/\"><span class=\"wp-block-navigation-item__label\">See all stories<\/span><\/a><\/li>\n        \n        <\/div>\n        \n\n    <p style=\"margin-top: 24px; margin-bottom: 36px;\"><\/p>\n\n    \n\n    <ul class=\"wp-block-post-template is-layout-flow wp-block-post-template-is-layout-flow\"><li class=\"wp-block-post post-820 post type-post status-publish format-standard has-post-thumbnail hentry category-enerji tag-komur p4-page-type-raporlar\">\n            \n<div class=\"wp-block-columns is-layout-flex wp-container-core-columns-is-layout-9d6595d7 wp-block-columns-is-layout-flex\"><figure class=\"wp-block-post-featured-image\"><a href=\"https:\/\/www.greenpeace.org\/turkey\/raporlar\/eskisehirde-termik-santral-tehlikesi-rapor\/\" target=\"_self\"  ><img loading=\"lazy\" decoding=\"async\" width=\"1000\" height=\"1194\" src=\"https:\/\/www.greenpeace.org\/static\/planet4-turkey-stateless\/2018\/02\/186fe167-eskisehirde-termik-santral-tehlikesi-cover.png\" class=\"attachment-post-thumbnail size-post-thumbnail wp-post-image wp-stateless-item\" alt=\"Eski\u015fehir&#8217;de Termik Santral Tehlikesi &#8211; Rapor\" style=\"object-fit:cover;\" srcset=\"https:\/\/www.greenpeace.org\/static\/planet4-turkey-stateless\/2018\/02\/186fe167-eskisehirde-termik-santral-tehlikesi-cover.png 1000w, https:\/\/www.greenpeace.org\/static\/planet4-turkey-stateless\/2018\/02\/186fe167-eskisehirde-termik-santral-tehlikesi-cover-251x300.png 251w, https:\/\/www.greenpeace.org\/static\/planet4-turkey-stateless\/2018\/02\/186fe167-eskisehirde-termik-santral-tehlikesi-cover-768x917.png 768w, https:\/\/www.greenpeace.org\/static\/planet4-turkey-stateless\/2018\/02\/186fe167-eskisehirde-termik-santral-tehlikesi-cover-858x1024.png 858w, https:\/\/www.greenpeace.org\/static\/planet4-turkey-stateless\/2018\/02\/186fe167-eskisehirde-termik-santral-tehlikesi-cover-285x340.png 285w\" sizes=\"auto, (max-width: 1000px) 100vw, 1000px\" data-image-size=\"post-thumbnail\" data-stateless-media-bucket=\"planet4-turkey-stateless\" data-stateless-media-name=\"2018\/02\/186fe167-eskisehirde-termik-santral-tehlikesi-cover.png\" \/><\/a><\/figure>\n\n        <div class=\"wp-block-group is-layout-flow wp-block-group-is-layout-flow\">\n                <div class=\"wp-block-group is-layout-flow wp-block-group-is-layout-flow\"><div class=\"wp-block-post-terms\"><a href=\"https:\/\/www.greenpeace.org\/turkey\/category\/sorunlar-ve-cozumler\/enerji\/\">Enerji<\/a><\/div>\n                <div class=\"taxonomy-post_tag wp-block-post-terms\"><a href=\"https:\/\/www.greenpeace.org\/turkey\/tag\/komur\/\" rel=\"tag\">K\u00f6m\u00fcr<\/a><\/div>\n                \n                <\/div>\n                \n        <h3 class=\"wp-block-post-title\"><a href=\"https:\/\/www.greenpeace.org\/turkey\/raporlar\/eskisehirde-termik-santral-tehlikesi-rapor\/\" target=\"_self\" >Eski\u015fehir&#8217;de Termik Santral Tehlikesi &#8211; Rapor<\/a><\/h3>\n        <div class=\"wp-block-post-excerpt\"><p class=\"wp-block-post-excerpt__excerpt\">\u201cEski\u015fehir\u2019de K\u00f6m\u00fcrl\u00fc Termik Santral Tehlikesi\u201d isimli hava modellemesi raporu kurulmas\u0131 planlanan santralin T\u00fcrkiye i\u00e7in \u00e7ok b\u00fcy\u00fck bir hava kirlili\u011fi kayna\u011f\u0131 olaca\u011f\u0131na ve b\u00f6lgedeki yerle\u015fim yerleri ile ekosistemler \u00fczerinde b\u00fcy\u00fck sorunlar yarataca\u011f\u0131na dikkat \u00e7ekiyor. <\/p><\/div>\n        \n        <div class=\"wp-block-group posts-list-meta is-layout-flow wp-block-group-is-layout-flow\"><span class='article-list-item-author'>Greenpeace Turkey<\/span>\n        <div class=\"wp-block-post-date\"><time datetime=\"2018-02-28T00:00:00+03:00\">28 \u015eubat 2018<\/time><\/div>\n        \n        <\/div>\n        <\/div>\n        <\/div>\n\n            <\/li><li class=\"wp-block-post post-835 post type-post status-publish format-standard has-post-thumbnail hentry category-enerji tag-komur p4-page-type-haberler\">\n            \n<div class=\"wp-block-columns is-layout-flex wp-container-core-columns-is-layout-9d6595d7 wp-block-columns-is-layout-flex\"><figure class=\"wp-block-post-featured-image\"><a href=\"https:\/\/www.greenpeace.org\/turkey\/haberler\/eskisehirde-termik-santrale-harcanacak-parayla-neler-yapilabilir\/\" target=\"_self\"  ><img loading=\"lazy\" decoding=\"async\" width=\"800\" height=\"533\" src=\"https:\/\/www.greenpeace.org\/static\/planet4-turkey-stateless\/2019\/09\/e3efc505-e3efc505-alpu-ovas\u0131-2.jpg\" class=\"attachment-post-thumbnail size-post-thumbnail wp-post-image wp-stateless-item\" alt=\"Eski\u015fehir\u2019de termik santrale harcanacak parayla neler yap\u0131labilir?\" style=\"object-fit:cover;\" srcset=\"https:\/\/www.greenpeace.org\/static\/planet4-turkey-stateless\/2019\/09\/e3efc505-e3efc505-alpu-ovas\u0131-2.jpg 800w, https:\/\/www.greenpeace.org\/static\/planet4-turkey-stateless\/2019\/09\/e3efc505-e3efc505-alpu-ovas\u0131-2-300x200.jpg 300w, https:\/\/www.greenpeace.org\/static\/planet4-turkey-stateless\/2019\/09\/e3efc505-e3efc505-alpu-ovas\u0131-2-768x512.jpg 768w, https:\/\/www.greenpeace.org\/static\/planet4-turkey-stateless\/2019\/09\/e3efc505-e3efc505-alpu-ovas\u0131-2-510x340.jpg 510w\" sizes=\"auto, (max-width: 800px) 100vw, 800px\" data-image-size=\"post-thumbnail\" data-stateless-media-bucket=\"planet4-turkey-stateless\" data-stateless-media-name=\"2019\/09\/e3efc505-e3efc505-alpu-ovas\u0131-2.jpg\" \/><\/a><\/figure>\n\n        <div class=\"wp-block-group is-layout-flow wp-block-group-is-layout-flow\">\n                <div class=\"wp-block-group is-layout-flow wp-block-group-is-layout-flow\"><div class=\"wp-block-post-terms\"><a href=\"https:\/\/www.greenpeace.org\/turkey\/category\/sorunlar-ve-cozumler\/enerji\/\">Enerji<\/a><\/div>\n                <div class=\"taxonomy-post_tag wp-block-post-terms\"><a href=\"https:\/\/www.greenpeace.org\/turkey\/tag\/komur\/\" rel=\"tag\">K\u00f6m\u00fcr<\/a><\/div>\n                \n                <\/div>\n                \n        <h3 class=\"wp-block-post-title\"><a href=\"https:\/\/www.greenpeace.org\/turkey\/haberler\/eskisehirde-termik-santrale-harcanacak-parayla-neler-yapilabilir\/\" target=\"_self\" >Eski\u015fehir\u2019de termik santrale harcanacak parayla neler yap\u0131labilir?<\/a><\/h3>\n        <div class=\"wp-block-post-excerpt\"><p class=\"wp-block-post-excerpt__excerpt\">Eski\u015fehir\u2019in Alpu Ovas\u0131\u2019na yap\u0131lmak istenen k\u00f6m\u00fcrl\u00fc termik santral projesi hala masada duruyor. <\/p><\/div>\n        \n        <div class=\"wp-block-group posts-list-meta is-layout-flow wp-block-group-is-layout-flow\"><span class='article-list-item-author'>Greenpeace T\u00fcrkiye<\/span>\n        <div class=\"wp-block-post-date\"><time datetime=\"2018-08-26T00:00:00+03:00\">26 A\u011fustos 2018<\/time><\/div>\n        \n        <\/div>\n        <\/div>\n        <\/div>\n\n            <\/li><li class=\"wp-block-post post-723 post type-post status-publish format-standard has-post-thumbnail hentry category-enerji tag-komur p4-page-type-haberler\">\n            \n<div class=\"wp-block-columns is-layout-flex wp-container-core-columns-is-layout-9d6595d7 wp-block-columns-is-layout-flex\"><figure class=\"wp-block-post-featured-image\"><a href=\"https:\/\/www.greenpeace.org\/turkey\/haberler\/porsuk-cayindan-mesaj-komuru-es-gec\/\" target=\"_self\"  ><img loading=\"lazy\" decoding=\"async\" width=\"600\" height=\"400\" src=\"https:\/\/www.greenpeace.org\/static\/planet4-turkey-stateless\/2019\/09\/0144f3e5-0144f3e5-eskisehir-activity-1.jpg\" class=\"attachment-post-thumbnail size-post-thumbnail wp-post-image wp-stateless-item\" alt=\"Porsuk \u00c7ay\u0131\u2019ndan mesaj: \u201cK\u00f6m\u00fcr\u00fc ES Ge\u00e7\u201d\" style=\"object-fit:cover;\" srcset=\"https:\/\/www.greenpeace.org\/static\/planet4-turkey-stateless\/2019\/09\/0144f3e5-0144f3e5-eskisehir-activity-1.jpg 600w, https:\/\/www.greenpeace.org\/static\/planet4-turkey-stateless\/2019\/09\/0144f3e5-0144f3e5-eskisehir-activity-1-300x200.jpg 300w, https:\/\/www.greenpeace.org\/static\/planet4-turkey-stateless\/2019\/09\/0144f3e5-0144f3e5-eskisehir-activity-1-510x340.jpg 510w\" sizes=\"auto, (max-width: 600px) 100vw, 600px\" data-image-size=\"post-thumbnail\" data-stateless-media-bucket=\"planet4-turkey-stateless\" data-stateless-media-name=\"2019\/09\/0144f3e5-0144f3e5-eskisehir-activity-1.jpg\" \/><\/a><\/figure>\n\n        <div class=\"wp-block-group is-layout-flow wp-block-group-is-layout-flow\">\n                <div class=\"wp-block-group is-layout-flow wp-block-group-is-layout-flow\"><div class=\"wp-block-post-terms\"><a href=\"https:\/\/www.greenpeace.org\/turkey\/category\/sorunlar-ve-cozumler\/enerji\/\">Enerji<\/a><\/div>\n                <div class=\"taxonomy-post_tag wp-block-post-terms\"><a href=\"https:\/\/www.greenpeace.org\/turkey\/tag\/komur\/\" rel=\"tag\">K\u00f6m\u00fcr<\/a><\/div>\n                \n                <\/div>\n                \n        <h3 class=\"wp-block-post-title\"><a href=\"https:\/\/www.greenpeace.org\/turkey\/haberler\/porsuk-cayindan-mesaj-komuru-es-gec\/\" target=\"_self\" >Porsuk \u00c7ay\u0131\u2019ndan mesaj: \u201cK\u00f6m\u00fcr\u00fc ES Ge\u00e7\u201d<\/a><\/h3>\n        <div class=\"wp-block-post-excerpt\"><p class=\"wp-block-post-excerpt__excerpt\">Eski\u015fehirliler, k\u00f6m\u00fcr istemedi\u011fini bir kez daha hayk\u0131rd\u0131. Porsuk \u00c7ay\u0131\u2019nda \u201cK\u00f6m\u00fcr\u00fc Es Ge\u00e7\u201d mesaj\u0131 veren bir pankart a\u00e7\u0131ld\u0131. Nehirdeki teknelerden a\u00e7\u0131lan 45m\u00b2\u2019lik pankarta \u00e7evredekilerin de ilgisi yo\u011fundu. <\/p><\/div>\n        \n        <div class=\"wp-block-group posts-list-meta is-layout-flow wp-block-group-is-layout-flow\"><span class='article-list-item-author'>Greenpeace Turkey<\/span>\n        <div class=\"wp-block-post-date\"><time datetime=\"2018-05-05T00:00:00+03:00\">5 May\u0131s 2018<\/time><\/div>\n        \n        <\/div>\n        <\/div>\n        <\/div>\n\n            <\/li><\/ul>\n\n    \n<div class=\"wp-block-buttons carousel-controls is-horizontal is-content-justification-space-between is-nowrap is-layout-flex wp-container-core-buttons-is-layout-044bd602 wp-block-buttons-is-layout-flex\">\n            <div class=\"wp-block-button carousel-control-prev\"><button type=\"button\" class=\"wp-block-button__link wp-element-button\">Prev<\/button><\/div>\n        \n\n            <div class=\"wp-block-button carousel-control-next\"><button type=\"button\" class=\"wp-block-button__link wp-element-button\">Next<\/button><\/div>\n        <\/div>\n\n\n    <li class=\" wp-block-navigation-item see-all-link wp-block-navigation-link\"><a class=\"wp-block-navigation-item__content\"  href=\"http:\/\/www.greenpeace.org\/turkey\/news-stories\/\"><span class=\"wp-block-navigation-item__label\">See all stories<\/span><\/a><\/li><\/div>\n    <div data-hydrate=\"planet4-blocks\/gallery\" data-attributes=\"{&quot;attributes&quot;:{&quot;gallery_block_style&quot;:1,&quot;multiple_image&quot;:&quot;1282,1278,1060,653&quot;,&quot;gallery_block_focus_points&quot;:&quot;{u0022653u0022:u00220% 0%u0022,u00221060u0022:u00220% 0%u0022,u00221278u0022:u00220% 0%u0022,u00221282u0022:u00220% 0%u0022}&quot;,&quot;gallery_block_title&quot;:&quot;&quot;,&quot;gallery_block_description&quot;:&quot;&quot;,&quot;image_data&quot;:[],&quot;images&quot;:[{&quot;image_src&quot;:&quot;https:\\\/\\\/www.greenpeace.org\\\/static\\\/planet4-turkey-stateless\\\/2019\\\/09\\\/be4900ea-gp0stt0nh.jpg&quot;,&quot;image_srcset&quot;:&quot;https:\\\/\\\/www.greenpeace.org\\\/static\\\/planet4-turkey-stateless\\\/2019\\\/09\\\/be4900ea-gp0stt0nh.jpg 1200w, https:\\\/\\\/www.greenpeace.org\\\/static\\\/planet4-turkey-stateless\\\/2019\\\/09\\\/be4900ea-gp0stt0nh-300x200.jpg 300w, https:\\\/\\\/www.greenpeace.org\\\/static\\\/planet4-turkey-stateless\\\/2019\\\/09\\\/be4900ea-gp0stt0nh-768x512.jpg 768w, https:\\\/\\\/www.greenpeace.org\\\/static\\\/planet4-turkey-stateless\\\/2019\\\/09\\\/be4900ea-gp0stt0nh-1024x683.jpg 1024w, https:\\\/\\\/www.greenpeace.org\\\/static\\\/planet4-turkey-stateless\\\/2019\\\/09\\\/be4900ea-gp0stt0nh-510x340.jpg 510w&quot;,&quot;image_sizes&quot;:false,&quot;alt_text&quot;:&quot;Coal Power Plant Chimney in Turkey. \\u00a9 Caner Ozkan \\\/ Greenpeace&quot;,&quot;caption&quot;:&quot;&quot;,&quot;focus_image&quot;:&quot;&quot;,&quot;credits&quot;:&quot;&quot;},{&quot;image_src&quot;:&quot;https:\\\/\\\/www.greenpeace.org\\\/static\\\/planet4-turkey-stateless\\\/2019\\\/09\\\/f8b73bb2-gp0stsxzj.jpg&quot;,&quot;image_srcset&quot;:&quot;https:\\\/\\\/www.greenpeace.org\\\/static\\\/planet4-turkey-stateless\\\/2019\\\/09\\\/f8b73bb2-gp0stsxzj.jpg 1200w, https:\\\/\\\/www.greenpeace.org\\\/static\\\/planet4-turkey-stateless\\\/2019\\\/09\\\/f8b73bb2-gp0stsxzj-300x200.jpg 300w, https:\\\/\\\/www.greenpeace.org\\\/static\\\/planet4-turkey-stateless\\\/2019\\\/09\\\/f8b73bb2-gp0stsxzj-768x512.jpg 768w, https:\\\/\\\/www.greenpeace.org\\\/static\\\/planet4-turkey-stateless\\\/2019\\\/09\\\/f8b73bb2-gp0stsxzj-1024x683.jpg 1024w, https:\\\/\\\/www.greenpeace.org\\\/static\\\/planet4-turkey-stateless\\\/2019\\\/09\\\/f8b73bb2-gp0stsxzj-510x340.jpg 510w&quot;,&quot;image_sizes&quot;:false,&quot;alt_text&quot;:&quot;Coal-fired Power Plant in Turkey. \\u00a9 Caner Ozkan \\\/ Greenpeace&quot;,&quot;caption&quot;:&quot;&quot;,&quot;focus_image&quot;:&quot;&quot;,&quot;credits&quot;:&quot;&quot;},{&quot;image_src&quot;:&quot;https:\\\/\\\/www.greenpeace.org\\\/static\\\/planet4-turkey-stateless\\\/2019\\\/09\\\/4a6c176c-gp1stpcf.jpg&quot;,&quot;image_srcset&quot;:&quot;https:\\\/\\\/www.greenpeace.org\\\/static\\\/planet4-turkey-stateless\\\/2019\\\/09\\\/4a6c176c-gp1stpcf.jpg 1200w, https:\\\/\\\/www.greenpeace.org\\\/static\\\/planet4-turkey-stateless\\\/2019\\\/09\\\/4a6c176c-gp1stpcf-300x200.jpg 300w, https:\\\/\\\/www.greenpeace.org\\\/static\\\/planet4-turkey-stateless\\\/2019\\\/09\\\/4a6c176c-gp1stpcf-768x512.jpg 768w, https:\\\/\\\/www.greenpeace.org\\\/static\\\/planet4-turkey-stateless\\\/2019\\\/09\\\/4a6c176c-gp1stpcf-1024x683.jpg 1024w, https:\\\/\\\/www.greenpeace.org\\\/static\\\/planet4-turkey-stateless\\\/2019\\\/09\\\/4a6c176c-gp1stpcf-510x340.jpg 510w&quot;,&quot;image_sizes&quot;:false,&quot;alt_text&quot;:&quot;Break Free from Fossil Fuel Action in Eski\\u015fehir. \\u00a9 Caner Ozkan \\\/ Greenpeace&quot;,&quot;caption&quot;:&quot;&quot;,&quot;focus_image&quot;:&quot;&quot;,&quot;credits&quot;:&quot;&quot;},{&quot;image_src&quot;:&quot;https:\\\/\\\/www.greenpeace.org\\\/static\\\/planet4-turkey-stateless\\\/2019\\\/09\\\/73d63c5b-gp0stt3kp.jpg&quot;,&quot;image_srcset&quot;:&quot;https:\\\/\\\/www.greenpeace.org\\\/static\\\/planet4-turkey-stateless\\\/2019\\\/09\\\/73d63c5b-gp0stt3kp.jpg 1200w, https:\\\/\\\/www.greenpeace.org\\\/static\\\/planet4-turkey-stateless\\\/2019\\\/09\\\/73d63c5b-gp0stt3kp-300x194.jpg 300w, https:\\\/\\\/www.greenpeace.org\\\/static\\\/planet4-turkey-stateless\\\/2019\\\/09\\\/73d63c5b-gp0stt3kp-768x496.jpg 768w, https:\\\/\\\/www.greenpeace.org\\\/static\\\/planet4-turkey-stateless\\\/2019\\\/09\\\/73d63c5b-gp0stt3kp-1024x661.jpg 1024w, https:\\\/\\\/www.greenpeace.org\\\/static\\\/planet4-turkey-stateless\\\/2019\\\/09\\\/73d63c5b-gp0stt3kp-510x329.jpg 510w&quot;,&quot;image_sizes&quot;:false,&quot;alt_text&quot;:&quot;Projection onto Coal Power Plant in Turkey. \\u00a9 Caner Ozkan \\\/ Greenpeace&quot;,&quot;caption&quot;:&quot;&quot;,&quot;focus_image&quot;:&quot;&quot;,&quot;credits&quot;:&quot;&quot;}]}}\"><section class=\"block carousel-wrap \"><\/section><\/div>\n    <div class=\"wp-block-query posts-list p4-query-loop is-custom-layout-list is-layout-flow wp-block-query-is-layout-flow\">\n        <div class=\"wp-block-group is-content-justification-space-between is-layout-flex wp-container-core-group-is-layout-3d213aab wp-block-group-is-layout-flex\"><h2 class=\"wp-block-heading\">\u0130lgili Yaz\u0131lar<\/h2>\n        <li class=\" wp-block-navigation-item see-all-link wp-block-navigation-link\"><a class=\"wp-block-navigation-item__content\"  href=\"http:\/\/www.greenpeace.org\/turkey\/news-stories\/?tag=komur\"><span class=\"wp-block-navigation-item__label\">See all stories<\/span><\/a><\/li>\n        \n        <\/div>\n        \n\n    <p style=\"margin-top: 24px; margin-bottom: 36px;\"><\/p>\n\n    \n\n    <ul class=\"wp-block-post-template is-layout-flow wp-block-post-template-is-layout-flow\"><li class=\"wp-block-post post-9963 post type-post status-publish format-standard has-post-thumbnail hentry category-sorunlar-ve-cozumler category-enerji category-iklim-krizi tag-komur tag-hava-kirliligi p4-page-type-blog\">\n            \n<div class=\"wp-block-columns is-layout-flex wp-container-core-columns-is-layout-9d6595d7 wp-block-columns-is-layout-flex\"><figure class=\"wp-block-post-featured-image\"><a href=\"https:\/\/www.greenpeace.org\/turkey\/blog\/cevreciler-geliyor-diye-kapanan-termik-santral-260219\/\" target=\"_self\"  ><img loading=\"lazy\" decoding=\"async\" width=\"2000\" height=\"1333\" src=\"https:\/\/www.greenpeace.org\/static\/planet4-turkey-stateless\/2026\/02\/92fa35bb-kerem-yucel-can-europe-4-.jpg\" class=\"attachment-post-thumbnail size-post-thumbnail wp-post-image wp-stateless-item\" alt=\"\u201c\u00c7evreciler Geliyor\u201d diye kapanan termik santralde bilirki\u015fi g\u00fcn\u00fc\" style=\"object-fit:cover;\" srcset=\"https:\/\/www.greenpeace.org\/static\/planet4-turkey-stateless\/2026\/02\/92fa35bb-kerem-yucel-can-europe-4-.jpg 2000w, https:\/\/www.greenpeace.org\/static\/planet4-turkey-stateless\/2026\/02\/92fa35bb-kerem-yucel-can-europe-4--300x200.jpg 300w, https:\/\/www.greenpeace.org\/static\/planet4-turkey-stateless\/2026\/02\/92fa35bb-kerem-yucel-can-europe-4--1024x682.jpg 1024w, https:\/\/www.greenpeace.org\/static\/planet4-turkey-stateless\/2026\/02\/92fa35bb-kerem-yucel-can-europe-4--768x512.jpg 768w, https:\/\/www.greenpeace.org\/static\/planet4-turkey-stateless\/2026\/02\/92fa35bb-kerem-yucel-can-europe-4--1536x1024.jpg 1536w, https:\/\/www.greenpeace.org\/static\/planet4-turkey-stateless\/2026\/02\/92fa35bb-kerem-yucel-can-europe-4--510x340.jpg 510w\" sizes=\"auto, (max-width: 2000px) 100vw, 2000px\" data-image-size=\"post-thumbnail\" data-stateless-media-bucket=\"planet4-turkey-stateless\" data-stateless-media-name=\"2026\/02\/92fa35bb-kerem-yucel-can-europe-4-.jpg\" \/><\/a><\/figure>\n\n        <div class=\"wp-block-group is-layout-flow wp-block-group-is-layout-flow\">\n                <div class=\"wp-block-group is-layout-flex wp-block-group-is-layout-flex\"><div class=\"wp-block-post-terms\"><a href=\"https:\/\/www.greenpeace.org\/turkey\/category\/sorunlar-ve-cozumler\/\">\u00c7al\u0131\u015ft\u0131\u011f\u0131m\u0131z Alanlar<\/a><\/div>\n                <div class=\"taxonomy-post_tag wp-block-post-terms\"><a href=\"https:\/\/www.greenpeace.org\/turkey\/tag\/komur\/\" rel=\"tag\">K\u00f6m\u00fcr<\/a><span class=\"wp-block-post-terms__separator\"> <\/span><a href=\"https:\/\/www.greenpeace.org\/turkey\/tag\/hava-kirliligi\/\" rel=\"tag\">Hava Kirlili\u011fi<\/a><\/div>\n                \n                <\/div>\n                \n        <h3 class=\"wp-block-post-title\"><a href=\"https:\/\/www.greenpeace.org\/turkey\/blog\/cevreciler-geliyor-diye-kapanan-termik-santral-260219\/\" target=\"_self\" >\u201c\u00c7evreciler Geliyor\u201d diye kapanan termik santralde bilirki\u015fi g\u00fcn\u00fc<\/a><\/h3>\n        <div class=\"wp-block-post-excerpt\"><p class=\"wp-block-post-excerpt__excerpt\">\u201c6 ya\u015f\u0131ndaki \u00e7ocu\u011fumu sabah k\u00fclle kapl\u0131 servise bindiriyorum. Ordan santrale 450 metre mesafedeki okuluna gidiyor. Bizim i\u00e7in zaten \u00e7ok ge\u00e7 ama en az\u0131ndan onlar\u0131 kurtarmam\u0131z laz\u0131m.\u201d <\/p><\/div>\n        \n        <div class=\"wp-block-group posts-list-meta is-layout-flow wp-block-group-is-layout-flow\"><span class='article-list-item-author'>Emel T\u00fcrker Alpay &#8211; Greenpeace T\u00fcrkiye \u0130klim ve Enerji Kampanya Sorumlusu<\/span>\n        <div class=\"wp-block-post-date\"><time datetime=\"2026-02-19T09:17:10+03:00\">19 \u015eubat 2026<\/time><\/div>\n        \n        <\/div>\n        <\/div>\n        <\/div>\n\n            <\/li><li class=\"wp-block-post post-9912 post type-post status-publish format-standard has-post-thumbnail hentry category-sorunlar-ve-cozumler category-iklim-krizi tag-iklim-adaleti tag-yenilenebilir-enerji tag-ormanlar tag-okyanuslar tag-plastik tag-iklim-degisikligi tag-komur tag-gidatarim p4-page-type-blog\">\n            \n<div class=\"wp-block-columns is-layout-flex wp-container-core-columns-is-layout-9d6595d7 wp-block-columns-is-layout-flex\"><figure class=\"wp-block-post-featured-image\"><a href=\"https:\/\/www.greenpeace.org\/turkey\/blog\/2025te-one-cikan-kampanyalarimiz\/\" target=\"_self\"  ><img loading=\"lazy\" decoding=\"async\" width=\"1200\" height=\"794\" src=\"https:\/\/www.greenpeace.org\/static\/planet4-turkey-stateless\/2026\/01\/f2d3746b-gp0su5nhh.jpg\" class=\"attachment-post-thumbnail size-post-thumbnail wp-post-image wp-stateless-item\" alt=\"2025\u2019te Greenpeace T\u00fcrkiye\u2019de \u00f6ne \u00e7\u0131kan kampanyalar\u0131m\u0131z\" style=\"object-fit:cover;\" srcset=\"https:\/\/www.greenpeace.org\/static\/planet4-turkey-stateless\/2026\/01\/f2d3746b-gp0su5nhh.jpg 1200w, https:\/\/www.greenpeace.org\/static\/planet4-turkey-stateless\/2026\/01\/f2d3746b-gp0su5nhh-300x199.jpg 300w, https:\/\/www.greenpeace.org\/static\/planet4-turkey-stateless\/2026\/01\/f2d3746b-gp0su5nhh-1024x678.jpg 1024w, https:\/\/www.greenpeace.org\/static\/planet4-turkey-stateless\/2026\/01\/f2d3746b-gp0su5nhh-768x508.jpg 768w, https:\/\/www.greenpeace.org\/static\/planet4-turkey-stateless\/2026\/01\/f2d3746b-gp0su5nhh-510x337.jpg 510w\" sizes=\"auto, (max-width: 1200px) 100vw, 1200px\" data-image-size=\"post-thumbnail\" data-stateless-media-bucket=\"planet4-turkey-stateless\" data-stateless-media-name=\"2026\/01\/f2d3746b-gp0su5nhh.jpg\" \/><\/a><\/figure>\n\n        <div class=\"wp-block-group is-layout-flow wp-block-group-is-layout-flow\">\n                <div class=\"wp-block-group is-layout-flex wp-block-group-is-layout-flex\"><div class=\"wp-block-post-terms\"><a href=\"https:\/\/www.greenpeace.org\/turkey\/category\/sorunlar-ve-cozumler\/\">\u00c7al\u0131\u015ft\u0131\u011f\u0131m\u0131z Alanlar<\/a><\/div>\n                <div class=\"taxonomy-post_tag wp-block-post-terms\"><a href=\"https:\/\/www.greenpeace.org\/turkey\/tag\/iklim-adaleti\/\" rel=\"tag\">\u0130klim Adaleti<\/a><span class=\"wp-block-post-terms__separator\"> <\/span><a href=\"https:\/\/www.greenpeace.org\/turkey\/tag\/yenilenebilir-enerji\/\" rel=\"tag\">Yenilenebilir Enerji<\/a><span class=\"wp-block-post-terms__separator\"> <\/span><a href=\"https:\/\/www.greenpeace.org\/turkey\/tag\/ormanlar\/\" rel=\"tag\">Ormanlar<\/a><span class=\"wp-block-post-terms__separator\"> <\/span><a href=\"https:\/\/www.greenpeace.org\/turkey\/tag\/okyanuslar\/\" rel=\"tag\">Okyanuslar<\/a><span class=\"wp-block-post-terms__separator\"> <\/span><a href=\"https:\/\/www.greenpeace.org\/turkey\/tag\/plastik\/\" rel=\"tag\">Plastik<\/a><span class=\"wp-block-post-terms__separator\"> <\/span><a href=\"https:\/\/www.greenpeace.org\/turkey\/tag\/iklim-degisikligi\/\" rel=\"tag\">\u0130klim De\u011fi\u015fikli\u011fi<\/a><span class=\"wp-block-post-terms__separator\"> <\/span><a href=\"https:\/\/www.greenpeace.org\/turkey\/tag\/komur\/\" rel=\"tag\">K\u00f6m\u00fcr<\/a><span class=\"wp-block-post-terms__separator\"> <\/span><a href=\"https:\/\/www.greenpeace.org\/turkey\/tag\/gidatarim\/\" rel=\"tag\">G\u0131da Tar\u0131m<\/a><\/div>\n                \n                <\/div>\n                \n        <h3 class=\"wp-block-post-title\"><a href=\"https:\/\/www.greenpeace.org\/turkey\/blog\/2025te-one-cikan-kampanyalarimiz\/\" target=\"_self\" >2025\u2019te Greenpeace T\u00fcrkiye\u2019de \u00f6ne \u00e7\u0131kan kampanyalar\u0131m\u0131z<\/a><\/h3>\n        <div class=\"wp-block-post-excerpt\"><p class=\"wp-block-post-excerpt__excerpt\">\u0130\u015fte k\u00f6m\u00fcr\u00fcn tozundan okyanuslar\u0131n derinli\u011fine, sofram\u0131zdaki g\u0131dadan soludu\u011fumuz havaya kadar verdi\u011fimiz m\u00fccadele ile 2025\u2019te ba\u015fard\u0131klar\u0131m\u0131z.\u00a0 <\/p><\/div>\n        \n        <div class=\"wp-block-group posts-list-meta is-layout-flow wp-block-group-is-layout-flow\"><span class='article-list-item-author'><a href='https:\/\/www.greenpeace.org\/turkey\/author\/bececeli\/'>Greenpeace T\u00fcrkiye<\/a><\/span>\n        <div class=\"wp-block-post-date\"><time datetime=\"2026-01-06T11:31:48+03:00\">6 Ocak 2026<\/time><\/div>\n        \n        <\/div>\n        <\/div>\n        <\/div>\n\n            <\/li><li class=\"wp-block-post post-9754 post type-post status-publish format-standard has-post-thumbnail hentry category-sorunlar-ve-cozumler category-iklim-krizi tag-iklim-adaleti tag-iklim-degisikligi tag-komur p4-page-type-blog\">\n            \n<div class=\"wp-block-columns is-layout-flex wp-container-core-columns-is-layout-9d6595d7 wp-block-columns-is-layout-flex\"><figure class=\"wp-block-post-featured-image\"><a href=\"https:\/\/www.greenpeace.org\/turkey\/blog\/iklim-eylemi-durum-raporu-2025-paris-anlasmasindan-10-yil-sonra-hala-hedefin-gerisindeyiz\/\" target=\"_self\"  ><img loading=\"lazy\" decoding=\"async\" width=\"1200\" height=\"800\" src=\"https:\/\/www.greenpeace.org\/static\/planet4-turkey-stateless\/2025\/10\/e7f410a4-gp0su0o6y.jpg\" class=\"attachment-post-thumbnail size-post-thumbnail wp-post-image wp-stateless-item\" alt=\"\u0130klim Eylemi Durum Raporu 2025: Paris Anla\u015fmas\u0131\u2019ndan 10 y\u0131l sonra h\u00e2l\u00e2 hedefin gerisindeyiz\" style=\"object-fit:cover;\" srcset=\"https:\/\/www.greenpeace.org\/static\/planet4-turkey-stateless\/2025\/10\/e7f410a4-gp0su0o6y.jpg 1200w, https:\/\/www.greenpeace.org\/static\/planet4-turkey-stateless\/2025\/10\/e7f410a4-gp0su0o6y-300x200.jpg 300w, https:\/\/www.greenpeace.org\/static\/planet4-turkey-stateless\/2025\/10\/e7f410a4-gp0su0o6y-1024x683.jpg 1024w, https:\/\/www.greenpeace.org\/static\/planet4-turkey-stateless\/2025\/10\/e7f410a4-gp0su0o6y-768x512.jpg 768w, https:\/\/www.greenpeace.org\/static\/planet4-turkey-stateless\/2025\/10\/e7f410a4-gp0su0o6y-510x340.jpg 510w\" sizes=\"auto, (max-width: 1200px) 100vw, 1200px\" data-image-size=\"post-thumbnail\" data-stateless-media-bucket=\"planet4-turkey-stateless\" data-stateless-media-name=\"2025\/10\/e7f410a4-gp0su0o6y.jpg\" \/><\/a><\/figure>\n\n        <div class=\"wp-block-group is-layout-flow wp-block-group-is-layout-flow\">\n                <div class=\"wp-block-group is-layout-flex wp-block-group-is-layout-flex\"><div class=\"wp-block-post-terms\"><a href=\"https:\/\/www.greenpeace.org\/turkey\/category\/sorunlar-ve-cozumler\/\">\u00c7al\u0131\u015ft\u0131\u011f\u0131m\u0131z Alanlar<\/a><\/div>\n                <div class=\"taxonomy-post_tag wp-block-post-terms\"><a href=\"https:\/\/www.greenpeace.org\/turkey\/tag\/iklim-adaleti\/\" rel=\"tag\">\u0130klim Adaleti<\/a><span class=\"wp-block-post-terms__separator\"> <\/span><a href=\"https:\/\/www.greenpeace.org\/turkey\/tag\/iklim-degisikligi\/\" rel=\"tag\">\u0130klim De\u011fi\u015fikli\u011fi<\/a><span class=\"wp-block-post-terms__separator\"> <\/span><a href=\"https:\/\/www.greenpeace.org\/turkey\/tag\/komur\/\" rel=\"tag\">K\u00f6m\u00fcr<\/a><\/div>\n                \n                <\/div>\n                \n        <h3 class=\"wp-block-post-title\"><a href=\"https:\/\/www.greenpeace.org\/turkey\/blog\/iklim-eylemi-durum-raporu-2025-paris-anlasmasindan-10-yil-sonra-hala-hedefin-gerisindeyiz\/\" target=\"_self\" >\u0130klim Eylemi Durum Raporu 2025: Paris Anla\u015fmas\u0131\u2019ndan 10 y\u0131l sonra h\u00e2l\u00e2 hedefin gerisindeyiz<\/a><\/h3>\n        <div class=\"wp-block-post-excerpt\"><p class=\"wp-block-post-excerpt__excerpt\">\u0130klim Eylemi Durum Raporu\u2019na g\u00f6re, Paris Antla\u015fmas\u0131n\u0131n imzalanmas\u0131n\u0131n \u00fczerinden ge\u00e7en on y\u0131lda 2030 hedeflerine ula\u015f\u0131p ula\u015famayaca\u011f\u0131m\u0131za dair 45 g\u00f6stergeden hi\u00e7biri olumlu yan\u0131t vermiyor. Yap\u0131lmas\u0131 gerekenlerin ba\u015f\u0131nda k\u00f6m\u00fcrl\u00fc termik santralleri kapatmak&hellip; <\/p><\/div>\n        \n        <div class=\"wp-block-group posts-list-meta is-layout-flow wp-block-group-is-layout-flow\"><span class='article-list-item-author'>Emel T\u00fcrker Alpay | Greenpeace T\u00fcrkiye \u0130klim ve Enerji Kampanya Sorumlusu<\/span>\n        <div class=\"wp-block-post-date\"><time datetime=\"2025-10-24T16:57:27+03:00\">24 Ekim 2025<\/time><\/div>\n        \n        <\/div>\n        <\/div>\n        <\/div>\n\n            <\/li><\/ul>\n\n    \n<div class=\"wp-block-buttons carousel-controls is-horizontal is-content-justification-space-between is-nowrap is-layout-flex wp-container-core-buttons-is-layout-044bd602 wp-block-buttons-is-layout-flex\">\n            <div class=\"wp-block-button carousel-control-prev\"><button type=\"button\" class=\"wp-block-button__link wp-element-button\">Prev<\/button><\/div>\n        \n\n            <div class=\"wp-block-button carousel-control-next\"><button type=\"button\" class=\"wp-block-button__link wp-element-button\">Next<\/button><\/div>\n        <\/div>\n\n\n    <li class=\" wp-block-navigation-item see-all-link wp-block-navigation-link\"><a class=\"wp-block-navigation-item__content\"  href=\"http:\/\/www.greenpeace.org\/turkey\/news-stories\/?tag=komur\"><span class=\"wp-block-navigation-item__label\">See all stories<\/span><\/a><\/li><\/div>\n    ","protected":false},"excerpt":{"rendered":"<p>Eski\u015fehir&#8217;in Alpu Ovas\u0131&#8217;na kurulmak istenen k\u00f6m\u00fcrl\u00fc termik santrale kar\u015f\u0131 sen de harekete ge\u00e7, kampanyaya kat\u0131l.<\/p>\n","protected":false},"author":25,"featured_media":1060,"parent":0,"menu_order":0,"comment_status":"closed","ping_status":"closed","template":"","meta":{"ep_exclude_from_search":false,"p4_hide_page_title_checkbox":"on","p4_title":"","p4_subtitle":"","p4_description":"","background_image_id":"","background_image":"","p4_button_title":"","p4_button_link":"","p4_button_link_checkbox":"","p4_og_title":"","p4_og_description":"","p4_og_image":"","p4_og_image_id":"","p4_seo_canonical_url":"","p4_campaign_name":"not set","p4_local_project":"","p4_basket_name":"not set","p4_department":"","footnotes":""},"categories":[2],"tags":[27],"class_list":["post-1368","page","type-page","status-publish","has-post-thumbnail","hentry","category-enerji","tag-komur"],"_links":{"self":[{"href":"https:\/\/www.greenpeace.org\/turkey\/wp-json\/wp\/v2\/pages\/1368","targetHints":{"allow":["GET"]}}],"collection":[{"href":"https:\/\/www.greenpeace.org\/turkey\/wp-json\/wp\/v2\/pages"}],"about":[{"href":"https:\/\/www.greenpeace.org\/turkey\/wp-json\/wp\/v2\/types\/page"}],"author":[{"embeddable":true,"href":"https:\/\/www.greenpeace.org\/turkey\/wp-json\/wp\/v2\/users\/25"}],"replies":[{"embeddable":true,"href":"https:\/\/www.greenpeace.org\/turkey\/wp-json\/wp\/v2\/comments?post=1368"}],"version-history":[{"count":20,"href":"https:\/\/www.greenpeace.org\/turkey\/wp-json\/wp\/v2\/pages\/1368\/revisions"}],"predecessor-version":[{"id":9594,"href":"https:\/\/www.greenpeace.org\/turkey\/wp-json\/wp\/v2\/pages\/1368\/revisions\/9594"}],"wp:featuredmedia":[{"embeddable":true,"href":"https:\/\/www.greenpeace.org\/turkey\/wp-json\/wp\/v2\/media\/1060"}],"wp:attachment":[{"href":"https:\/\/www.greenpeace.org\/turkey\/wp-json\/wp\/v2\/media?parent=1368"}],"wp:term":[{"taxonomy":"category","embeddable":true,"href":"https:\/\/www.greenpeace.org\/turkey\/wp-json\/wp\/v2\/categories?post=1368"},{"taxonomy":"post_tag","embeddable":true,"href":"https:\/\/www.greenpeace.org\/turkey\/wp-json\/wp\/v2\/tags?post=1368"}],"curies":[{"name":"wp","href":"https:\/\/api.w.org\/{rel}","templated":true}]}}