{"id":1405,"date":"2019-01-01T00:39:46","date_gmt":"2018-12-31T21:39:46","guid":{"rendered":"https:\/\/master.k8s.p4.greenpeace.org\/turkey\/?page_id=1405"},"modified":"2025-07-02T10:44:09","modified_gmt":"2025-07-02T07:44:09","slug":"turkiye-paris-anlasmasini-onaylasin","status":"publish","type":"page","link":"https:\/\/www.greenpeace.org\/turkey\/turkiye-paris-anlasmasini-onaylasin\/","title":{"rendered":"T\u00fcrkiye Paris Anla\u015fmas\u0131&#8217;n\u0131 Onaylas\u0131n"},"content":{"rendered":"\n\n<div class=\"wp-block-group alignfull is-layout-flow wp-block-group-is-layout-flow\">\n<div class=\"wp-block-group container is-layout-flow wp-block-group-is-layout-flow\">\n<div class=\"wp-block-media-text alignfull has-media-on-the-right is-stacked-on-mobile is-pattern-p4-page-header is-style-parallax\"><div class=\"wp-block-media-text__content\">\n<div class=\"wp-block-group is-layout-flow wp-block-group-is-layout-flow\">\n<h1 class=\"wp-block-heading has-white-background-color has-background\">\n                            T\u00fcrkiye Paris Anla\u015fmas\u0131&#8217;n\u0131 Onaylas\u0131n\n                        <\/h1>\n<\/div>\n<\/div><figure class=\"wp-block-media-text__media\"><img loading=\"lazy\" decoding=\"async\" width=\"2000\" height=\"1199\" src=\"https:\/\/www.greenpeace.org\/static\/planet4-turkey-stateless\/2019\/09\/15651f3b-paris-back.jpg\" alt=\"\" sizes=\"auto, (min-width: 601px) 50vw, 100vw\" srcset=\"https:\/\/www.greenpeace.org\/static\/planet4-turkey-stateless\/2019\/09\/15651f3b-paris-back.jpg 2000w, https:\/\/www.greenpeace.org\/static\/planet4-turkey-stateless\/2019\/09\/15651f3b-paris-back-300x180.jpg 300w, https:\/\/www.greenpeace.org\/static\/planet4-turkey-stateless\/2019\/09\/15651f3b-paris-back-768x460.jpg 768w, https:\/\/www.greenpeace.org\/static\/planet4-turkey-stateless\/2019\/09\/15651f3b-paris-back-1024x614.jpg 1024w, https:\/\/www.greenpeace.org\/static\/planet4-turkey-stateless\/2019\/09\/15651f3b-paris-back-510x306.jpg 510w\" class=\"wp-image-1073 size-full\"\/><\/figure><\/div>\n<\/div>\n<\/div>\n\n<div data-render=\"planet4-blocks\/columns\" data-attributes=\"{&quot;attributes&quot;:{&quot;columns&quot;:[{&quot;title&quot;:&quot;2015&#039;ten beri bekleyi\\u015f s\\u00fcr\\u00fcyor&quot;,&quot;description&quot;:&quot;\\u0130klim de\\u011fi\\u015fikli\\u011finden en \\u00e7ok etkilenecek b\\u00f6lgelerden biri olan Akdeniz Havzas\\u0131&#039;nda yer alan T\\u00fcrkiye, Paris Anla\\u015fmas\\u0131&#039;n\\u0131 2015 y\\u0131l\\u0131nda imzalamas\\u0131na ra\\u011fmen halen onaylamad\\u0131. Anla\\u015fman\\u0131n uygulamaya ge\\u00e7mesi i\\u00e7in her uluslararas\\u0131 anla\\u015fma gibi \\u00f6nce TBMM&#039;de onaylanmas\\u0131 gerekiyor.&quot;,&quot;link_new_tab&quot;:false},{&quot;title&quot;:&quot;\\u00c7ok vakit kaybettik&quot;,&quot;description&quot;:&quot;D\\u00f6rt y\\u0131lda anla\\u015fmay\\u0131 onaylamayarak \\u00e7ok vakit kaybettik. Ancak iklim de\\u011fi\\u015fikli\\u011fi beklemiyor. T\\u00fcrkiye&#039;nin iklim kriziyle m\\u00fccadeleye bir an \\u00f6nce dahil olmas\\u0131 i\\u00e7in bug\\u00fcne kadar haz\\u0131rlanm\\u0131\\u015f en ciddi ve kapsaml\\u0131 uluslararas\\u0131 ad\\u0131m olan Paris Anla\\u015fmas\\u0131&#039;n\\u0131 onaylamas\\u0131 \\u015fart.&quot;,&quot;link_new_tab&quot;:false}],&quot;className&quot;:&quot;is-style-no_image&quot;,&quot;columns_block_style&quot;:&quot;no_image&quot;}}\"><\/div><div data-render=\"planet4-blocks\/columns\" data-attributes=\"{&quot;attributes&quot;:{&quot;columns_block_style&quot;:&quot;tasks&quot;,&quot;columns&quot;:[{&quot;description&quot;:&quot;T\\u00fcrkiye B\\u00fcy\\u00fck Millet Meclisi&#039;nden Paris Anla\\u015fmas\\u0131\\u2019n\\u0131 meclis g\\u00fcndemine getirip kabul etmesini talep et.&quot;,&quot;attachment&quot;:&quot;https:\\\/\\\/www.greenpeace.org\\\/static\\\/planet4-turkey-stateless\\\/2019\\\/09\\\/15651f3b-paris-back-510x306.jpg&quot;,&quot;cta_link&quot;:&quot;https:\\\/\\\/act.greenpeace.org\\\/page\\\/39504\\\/-\\\/1?locale=tr-TR&quot;,&quot;link_new_tab&quot;:false,&quot;cta_text&quot;:&quot;\\u0130MZA VER&quot;,&quot;attachment_srcset&quot;:&quot;https:\\\/\\\/www.greenpeace.org\\\/static\\\/planet4-turkey-stateless\\\/2019\\\/09\\\/15651f3b-paris-back-510x306.jpg 510w, https:\\\/\\\/www.greenpeace.org\\\/static\\\/planet4-turkey-stateless\\\/2019\\\/09\\\/15651f3b-paris-back-300x180.jpg 300w, https:\\\/\\\/www.greenpeace.org\\\/static\\\/planet4-turkey-stateless\\\/2019\\\/09\\\/15651f3b-paris-back-768x460.jpg 768w, https:\\\/\\\/www.greenpeace.org\\\/static\\\/planet4-turkey-stateless\\\/2019\\\/09\\\/15651f3b-paris-back-1024x614.jpg 1024w, https:\\\/\\\/www.greenpeace.org\\\/static\\\/planet4-turkey-stateless\\\/2019\\\/09\\\/15651f3b-paris-back.jpg 2000w&quot;},{&quot;description&quot;:&quot;D\\u00f6rt y\\u0131ld\\u0131r Paris Anla\\u015fmas\\u0131&#039;n\\u0131 onaylamayarak \\u00e7ok vakit kaybettik. Ancak iklim de\\u011fi\\u015fikli\\u011fi beklemiyor. Kampanyay\\u0131 arkada\\u015flar\\u0131nla payla\\u015f.&quot;,&quot;attachment&quot;:&quot;https:\\\/\\\/www.greenpeace.org\\\/static\\\/planet4-turkey-stateless\\\/2019\\\/10\\\/54e9f131-131623_231553-510x306.jpg&quot;,&quot;cta_link&quot;:&quot;https:\\\/\\\/www.instagram.com\\\/p\\\/B1_X4Z_gm4Q\\\/&quot;,&quot;link_new_tab&quot;:false,&quot;cta_text&quot;:&quot;PAYLA\\u015e&quot;,&quot;attachment_srcset&quot;:&quot;https:\\\/\\\/www.greenpeace.org\\\/static\\\/planet4-turkey-stateless\\\/2019\\\/10\\\/54e9f131-131623_231553-510x306.jpg 510w, https:\\\/\\\/www.greenpeace.org\\\/static\\\/planet4-turkey-stateless\\\/2019\\\/10\\\/54e9f131-131623_231553-300x180.jpg 300w, https:\\\/\\\/www.greenpeace.org\\\/static\\\/planet4-turkey-stateless\\\/2019\\\/10\\\/54e9f131-131623_231553.jpg 600w&quot;}],&quot;className&quot;:&quot;is-style-tasks&quot;}}\"><\/div><div data-hydrate=\"planet4-blocks\/gallery\" data-attributes=\"{&quot;attributes&quot;:{&quot;gallery_block_style&quot;:1,&quot;multiple_image&quot;:&quot;1401,1404,1389,1387,1385,1413&quot;,&quot;gallery_block_focus_points&quot;:&quot;{\\&quot;1385\\&quot;:\\&quot;0% 0%\\&quot;,\\&quot;1387\\&quot;:\\&quot;0% 0%\\&quot;,\\&quot;1389\\&quot;:\\&quot;0% 0%\\&quot;,\\&quot;1401\\&quot;:\\&quot;0% 0%\\&quot;,\\&quot;1404\\&quot;:\\&quot;0% 0%\\&quot;,\\&quot;1413\\&quot;:\\&quot;0% 0%\\&quot;}&quot;,&quot;gallery_block_title&quot;:&quot;&quot;,&quot;gallery_block_description&quot;:&quot;&quot;,&quot;image_data&quot;:[],&quot;images&quot;:[{&quot;image_src&quot;:&quot;https:\\\/\\\/www.greenpeace.org\\\/static\\\/planet4-turkey-stateless\\\/2019\\\/10\\\/d09e4e46-gp02huy.jpg&quot;,&quot;image_srcset&quot;:&quot;https:\\\/\\\/www.greenpeace.org\\\/static\\\/planet4-turkey-stateless\\\/2019\\\/10\\\/d09e4e46-gp02huy.jpg 1200w, https:\\\/\\\/www.greenpeace.org\\\/static\\\/planet4-turkey-stateless\\\/2019\\\/10\\\/d09e4e46-gp02huy-300x200.jpg 300w, https:\\\/\\\/www.greenpeace.org\\\/static\\\/planet4-turkey-stateless\\\/2019\\\/10\\\/d09e4e46-gp02huy-768x512.jpg 768w, https:\\\/\\\/www.greenpeace.org\\\/static\\\/planet4-turkey-stateless\\\/2019\\\/10\\\/d09e4e46-gp02huy-1024x683.jpg 1024w, https:\\\/\\\/www.greenpeace.org\\\/static\\\/planet4-turkey-stateless\\\/2019\\\/10\\\/d09e4e46-gp02huy-510x340.jpg 510w&quot;,&quot;image_sizes&quot;:false,&quot;alt_text&quot;:&quot;Arctic Sunrise Expedition to Svalbard. \\u00a9 Nick Cobbing \\\/ Greenpeace&quot;,&quot;caption&quot;:&quot;&quot;,&quot;focus_image&quot;:&quot;0% 0%&quot;,&quot;credits&quot;:&quot;\\u00a9 Nick Cobbing \\\/ Greenpeace&quot;},{&quot;image_src&quot;:&quot;https:\\\/\\\/www.greenpeace.org\\\/static\\\/planet4-turkey-stateless\\\/2019\\\/10\\\/4ad50b14-gp0stsxnh.jpg&quot;,&quot;image_srcset&quot;:&quot;https:\\\/\\\/www.greenpeace.org\\\/static\\\/planet4-turkey-stateless\\\/2019\\\/10\\\/4ad50b14-gp0stsxnh.jpg 1200w, https:\\\/\\\/www.greenpeace.org\\\/static\\\/planet4-turkey-stateless\\\/2019\\\/10\\\/4ad50b14-gp0stsxnh-300x225.jpg 300w, https:\\\/\\\/www.greenpeace.org\\\/static\\\/planet4-turkey-stateless\\\/2019\\\/10\\\/4ad50b14-gp0stsxnh-768x576.jpg 768w, https:\\\/\\\/www.greenpeace.org\\\/static\\\/planet4-turkey-stateless\\\/2019\\\/10\\\/4ad50b14-gp0stsxnh-1024x768.jpg 1024w, https:\\\/\\\/www.greenpeace.org\\\/static\\\/planet4-turkey-stateless\\\/2019\\\/10\\\/4ad50b14-gp0stsxnh-453x340.jpg 453w&quot;,&quot;image_sizes&quot;:false,&quot;alt_text&quot;:&quot;Action at Power Plant Niederaussem in Germany. \\u00a9 Greenpeace&quot;,&quot;caption&quot;:&quot;&quot;,&quot;focus_image&quot;:&quot;0% 0%&quot;,&quot;credits&quot;:&quot;\\u00a9 Greenpeace&quot;},{&quot;image_src&quot;:&quot;https:\\\/\\\/www.greenpeace.org\\\/static\\\/planet4-turkey-stateless\\\/2019\\\/09\\\/f594999f-gp0rck.jpg&quot;,&quot;image_srcset&quot;:&quot;https:\\\/\\\/www.greenpeace.org\\\/static\\\/planet4-turkey-stateless\\\/2019\\\/09\\\/f594999f-gp0rck.jpg 1200w, https:\\\/\\\/www.greenpeace.org\\\/static\\\/planet4-turkey-stateless\\\/2019\\\/09\\\/f594999f-gp0rck-300x200.jpg 300w, https:\\\/\\\/www.greenpeace.org\\\/static\\\/planet4-turkey-stateless\\\/2019\\\/09\\\/f594999f-gp0rck-768x512.jpg 768w, https:\\\/\\\/www.greenpeace.org\\\/static\\\/planet4-turkey-stateless\\\/2019\\\/09\\\/f594999f-gp0rck-1024x683.jpg 1024w, https:\\\/\\\/www.greenpeace.org\\\/static\\\/planet4-turkey-stateless\\\/2019\\\/09\\\/f594999f-gp0rck-510x340.jpg 510w&quot;,&quot;image_sizes&quot;:false,&quot;alt_text&quot;:&quot;Severe Drought in Brazilian Amazon. \\u00a9 Greenpeace \\\/ Alberto Cesar Ara\\u00fajo&quot;,&quot;caption&quot;:&quot;&quot;,&quot;focus_image&quot;:&quot;0% 0%&quot;,&quot;credits&quot;:&quot;\\u00a9 Greenpeace \\\/ Alberto Cesar Ara\\u00fajo&quot;},{&quot;image_src&quot;:&quot;https:\\\/\\\/www.greenpeace.org\\\/static\\\/planet4-turkey-stateless\\\/2019\\\/09\\\/45c1369d-gp0stsxn3.jpg&quot;,&quot;image_srcset&quot;:&quot;https:\\\/\\\/www.greenpeace.org\\\/static\\\/planet4-turkey-stateless\\\/2019\\\/09\\\/45c1369d-gp0stsxn3.jpg 1200w, https:\\\/\\\/www.greenpeace.org\\\/static\\\/planet4-turkey-stateless\\\/2019\\\/09\\\/45c1369d-gp0stsxn3-300x200.jpg 300w, https:\\\/\\\/www.greenpeace.org\\\/static\\\/planet4-turkey-stateless\\\/2019\\\/09\\\/45c1369d-gp0stsxn3-768x512.jpg 768w, https:\\\/\\\/www.greenpeace.org\\\/static\\\/planet4-turkey-stateless\\\/2019\\\/09\\\/45c1369d-gp0stsxn3-1024x683.jpg 1024w, https:\\\/\\\/www.greenpeace.org\\\/static\\\/planet4-turkey-stateless\\\/2019\\\/09\\\/45c1369d-gp0stsxn3-510x340.jpg 510w&quot;,&quot;image_sizes&quot;:false,&quot;alt_text&quot;:&quot;Action at Power Plant Niederaussem in Germany. \\u00a9 Greenpeace&quot;,&quot;caption&quot;:&quot;&quot;,&quot;focus_image&quot;:&quot;0% 0%&quot;,&quot;credits&quot;:&quot;\\u00a9 Greenpeace&quot;},{&quot;image_src&quot;:&quot;https:\\\/\\\/www.greenpeace.org\\\/static\\\/planet4-turkey-stateless\\\/2019\\\/09\\\/093b553a-gp0sttsmn.jpg&quot;,&quot;image_srcset&quot;:&quot;https:\\\/\\\/www.greenpeace.org\\\/static\\\/planet4-turkey-stateless\\\/2019\\\/09\\\/093b553a-gp0sttsmn.jpg 1200w, https:\\\/\\\/www.greenpeace.org\\\/static\\\/planet4-turkey-stateless\\\/2019\\\/09\\\/093b553a-gp0sttsmn-300x200.jpg 300w, https:\\\/\\\/www.greenpeace.org\\\/static\\\/planet4-turkey-stateless\\\/2019\\\/09\\\/093b553a-gp0sttsmn-768x512.jpg 768w, https:\\\/\\\/www.greenpeace.org\\\/static\\\/planet4-turkey-stateless\\\/2019\\\/09\\\/093b553a-gp0sttsmn-1024x683.jpg 1024w, https:\\\/\\\/www.greenpeace.org\\\/static\\\/planet4-turkey-stateless\\\/2019\\\/09\\\/093b553a-gp0sttsmn-510x340.jpg 510w&quot;,&quot;image_sizes&quot;:false,&quot;alt_text&quot;:&quot;Burning Earth Action in Vienna. \\u00a9 Mitja  Kobal \\\/ Greenpeace&quot;,&quot;caption&quot;:&quot;&quot;,&quot;focus_image&quot;:&quot;0% 0%&quot;,&quot;credits&quot;:&quot;\\u00a9 Mitja  Kobal \\\/ Greenpeace&quot;},{&quot;image_src&quot;:&quot;https:\\\/\\\/www.greenpeace.org\\\/static\\\/planet4-turkey-stateless\\\/2019\\\/10\\\/54e9f131-131623_231553.jpg&quot;,&quot;image_srcset&quot;:&quot;https:\\\/\\\/www.greenpeace.org\\\/static\\\/planet4-turkey-stateless\\\/2019\\\/10\\\/54e9f131-131623_231553.jpg 600w, https:\\\/\\\/www.greenpeace.org\\\/static\\\/planet4-turkey-stateless\\\/2019\\\/10\\\/54e9f131-131623_231553-300x180.jpg 300w, https:\\\/\\\/www.greenpeace.org\\\/static\\\/planet4-turkey-stateless\\\/2019\\\/10\\\/54e9f131-131623_231553-510x306.jpg 510w&quot;,&quot;image_sizes&quot;:false,&quot;alt_text&quot;:&quot;&quot;,&quot;caption&quot;:&quot;&quot;,&quot;focus_image&quot;:&quot;0% 0%&quot;,&quot;credits&quot;:&quot;&quot;}]}}\"><section class=\"block carousel-wrap \"><\/section><\/div>","protected":false},"excerpt":{"rendered":"<p>T\u00fcrkiye, iklim de\u011fi\u015fikli\u011finden en fazla etkilenecek b\u00f6lgelerden biri olan Akdeniz havzas\u0131nda yer al\u0131yor. Ancak T\u00fcrkiye, Paris Anla\u015fmas\u0131 kapsam\u0131nda sundu\u011fu iklim taahh\u00fcd\u00fcnde iddial\u0131 bir emisyon azalt\u0131m\u0131 \u00f6ng\u00f6rm\u00fcyor. T\u00fcrkiye\u2019nin bir an \u00f6nce Paris Anla\u015fmas\u0131\u2019n\u0131 onaylayarak bu tarihsel i\u015fbirli\u011finden kendini izole etmemesi, iklim taahh\u00fctlerini Birle\u015fmi\u015f Milletler H\u00fck\u00fcmetleraras\u0131 \u0130klim De\u011fi\u015fikli\u011fi Paneli\u2019nin ( IPCC) 1,5 Derece raporu \u0131\u015f\u0131\u011f\u0131nda g\u00fcncelleyerek kazanan tarafta yerini almas\u0131 gerekiyor.<\/p>\n","protected":false},"author":25,"featured_media":1073,"parent":0,"menu_order":0,"comment_status":"closed","ping_status":"closed","template":"","meta":{"ep_exclude_from_search":false,"p4_hide_page_title_checkbox":"on","p4_title":"","p4_subtitle":"","p4_description":"","background_image_id":"","background_image":"","p4_button_title":"","p4_button_link":"","p4_button_link_checkbox":"","p4_og_title":"","p4_og_description":"","p4_og_image":"","p4_og_image_id":"","p4_seo_canonical_url":"","p4_campaign_name":"not set","p4_local_project":"","p4_basket_name":"not set","p4_department":"","footnotes":""},"categories":[24],"tags":[25],"class_list":["post-1405","page","type-page","status-publish","has-post-thumbnail","hentry","category-iklim-krizi","tag-iklim-degisikligi"],"_links":{"self":[{"href":"https:\/\/www.greenpeace.org\/turkey\/wp-json\/wp\/v2\/pages\/1405","targetHints":{"allow":["GET"]}}],"collection":[{"href":"https:\/\/www.greenpeace.org\/turkey\/wp-json\/wp\/v2\/pages"}],"about":[{"href":"https:\/\/www.greenpeace.org\/turkey\/wp-json\/wp\/v2\/types\/page"}],"author":[{"embeddable":true,"href":"https:\/\/www.greenpeace.org\/turkey\/wp-json\/wp\/v2\/users\/25"}],"replies":[{"embeddable":true,"href":"https:\/\/www.greenpeace.org\/turkey\/wp-json\/wp\/v2\/comments?post=1405"}],"version-history":[{"count":18,"href":"https:\/\/www.greenpeace.org\/turkey\/wp-json\/wp\/v2\/pages\/1405\/revisions"}],"predecessor-version":[{"id":9279,"href":"https:\/\/www.greenpeace.org\/turkey\/wp-json\/wp\/v2\/pages\/1405\/revisions\/9279"}],"wp:featuredmedia":[{"embeddable":true,"href":"https:\/\/www.greenpeace.org\/turkey\/wp-json\/wp\/v2\/media\/1073"}],"wp:attachment":[{"href":"https:\/\/www.greenpeace.org\/turkey\/wp-json\/wp\/v2\/media?parent=1405"}],"wp:term":[{"taxonomy":"category","embeddable":true,"href":"https:\/\/www.greenpeace.org\/turkey\/wp-json\/wp\/v2\/categories?post=1405"},{"taxonomy":"post_tag","embeddable":true,"href":"https:\/\/www.greenpeace.org\/turkey\/wp-json\/wp\/v2\/tags?post=1405"}],"curies":[{"name":"wp","href":"https:\/\/api.w.org\/{rel}","templated":true}]}}