{"id":1727,"date":"2019-12-25T14:31:05","date_gmt":"2019-12-25T11:31:05","guid":{"rendered":"https:\/\/www.greenpeace.org\/turkey\/?page_id=1727"},"modified":"2025-09-23T13:05:46","modified_gmt":"2025-09-23T10:05:46","slug":"turkiye-uretici-pazarlari-haritasi","status":"publish","type":"page","link":"https:\/\/www.greenpeace.org\/turkey\/turkiye-uretici-pazarlari-haritasi\/","title":{"rendered":"T\u00fcrkiye \u00dcretici Pazarlar\u0131 Haritas\u0131"},"content":{"rendered":"\n                    <div class=\"wp-block-group is-vertical is-layout-flex wp-container-core-group-is-layout-8cf370e7 wp-block-group-is-layout-flex\">\n                    \n\n                    \n                    <\/div>\n                    \n<iframe loading=\"lazy\" src=\"https:\/\/www.google.com\/maps\/d\/embed?mid=1MIgcmrNuSgQjGrwNp-qPSOCnxuQvBBZ5\" width=\"100%\" height=\"480\"><\/iframe>\n\n<p class=\"has-text-align-center\"><img loading=\"lazy\" decoding=\"async\" width=\"40\" height=\"40\" class=\"wp-image-1729\" style=\"width: 40px;\" src=\"https:\/\/www.greenpeace.org\/static\/planet4-turkey-stateless\/2019\/12\/3925c1c1-woman-farmer-icon.png\" alt=\"\"><strong><a rel=\"noreferrer noopener\" aria-label=\"HAL KAYIT S\u0130TEM\u0130NE KAYITLI PAZARLAR (opens in a new tab)\" href=\"http:\/\/www.hal.gov.tr\/Sayfalar\/Pazar-Yerleri.aspx\" target=\"_blank\">HAL KAYIT S\u0130STEM\u0130&#8217;NE KAYITLI PAZARLAR<\/a><\/strong><\/p>\n\n<p class=\"has-text-align-center\"><img loading=\"lazy\" decoding=\"async\" width=\"40\" height=\"40\" class=\"wp-image-1728\" style=\"width: 40px;\" src=\"https:\/\/www.greenpeace.org\/static\/planet4-turkey-stateless\/2019\/12\/00636586-renewable-ecology.png\" alt=\"\"> <strong>S\u0130ZDEN GELENLER<\/strong><\/p>\n\n<h2 class=\"wp-block-heading\">Haritay\u0131 Geli\u015ftirmemize Yard\u0131m Et<\/h2>\n\n<p class=\"has-background has-grey-200-background-color\">T\u00fcrkiye\u2019de \u00fcretici pazarlar\u0131 var fakat ortada b\u00fcy\u00fck bir bilgi eksikli\u011fi de var. \u00dcreticiyle t\u00fcketicilerin do\u011frudan bulu\u015ftu\u011fu pazarlar\u0131n ne zaman ve nerede eri\u015filebilir oldu\u011funa dair kamuya a\u00e7\u0131k bilgi \u00e7ok k\u0131s\u0131tl\u0131. Belediyelerin Hal Kay\u0131t Sistemi&#8217;ne bildirdi\u011fi kadar\u0131yla T\u00fcrkiye\u2019deki \u00fcretici pazarlar\u0131n\u0131 g\u00f6steren bir harita haz\u0131rlad\u0131k. Ancak bunun geli\u015ftirilmesine ihtiya\u00e7 var. \u015eimdi sen de a\u015fa\u011f\u0131daki ba\u011flant\u0131dan ilgili formu doldur ve haritay\u0131 geli\u015ftirmemize yard\u0131m et.<\/p>\n\n<div class=\"wp-block-button is-style-cta\"><a class=\"wp-block-button__link has-text-color has-grey-200-color has-background has-green-500-background-color\" href=\"https:\/\/gpmed.typeform.com\/to\/EBZEhf\" target=\"_blank\" rel=\"noreferrer noopener\">\u00d6NER\u0130DE BULUN<\/a><\/div>\n\n    <div class=\"wp-block-query posts-list p4-query-loop is-custom-layout-list is-layout-flow wp-block-query-is-layout-flow\">\n        <div class=\"wp-block-group is-content-justification-space-between is-layout-flex wp-container-core-group-is-layout-3d213aab wp-block-group-is-layout-flex\"><h2 class=\"wp-block-heading\">\u0130lgili Makaleler<\/h2>\n        <li class=\" wp-block-navigation-item see-all-link wp-block-navigation-link\"><a class=\"wp-block-navigation-item__content\"  href=\"http:\/\/www.greenpeace.org\/turkey\/news-stories\/\"><span class=\"wp-block-navigation-item__label\">See all stories<\/span><\/a><\/li>\n        \n        <\/div>\n        \n\n    <p style=\"margin-top: 24px; margin-bottom: 36px;\"><\/p>\n\n    \n\n    <ul class=\"wp-block-post-template is-layout-flow wp-block-post-template-is-layout-flow\"><li class=\"wp-block-post post-10080 post type-post status-publish format-standard has-post-thumbnail hentry category-sorunlar-ve-cozumler category-enerji category-iklim-adaleti category-iklim-krizi tag-iklim-adaleti p4-page-type-blog\">\n            \n<div class=\"wp-block-columns is-layout-flex wp-container-core-columns-is-layout-9d6595d7 wp-block-columns-is-layout-flex\"><figure class=\"wp-block-post-featured-image\"><a href=\"https:\/\/www.greenpeace.org\/turkey\/blog\/santa-marta-konferansinda-gundem-kuresel-enerji-krizi-260429-2\/\" target=\"_self\"  ><img loading=\"lazy\" decoding=\"async\" width=\"1200\" height=\"675\" src=\"https:\/\/www.greenpeace.org\/static\/planet4-turkey-stateless\/2026\/04\/223b056d-gp0su8rhj_medium-res-with-credit-line-1200px.jpg\" class=\"attachment-post-thumbnail size-post-thumbnail wp-post-image wp-stateless-item\" alt=\"Fosil yak\u0131tlar\u0131n kullan\u0131m\u0131na son vermeyi ama\u00e7layan Santa Marta konferans\u0131nda g\u00fcndem k\u00fcresel enerji krizi\" style=\"object-fit:cover;\" srcset=\"https:\/\/www.greenpeace.org\/static\/planet4-turkey-stateless\/2026\/04\/223b056d-gp0su8rhj_medium-res-with-credit-line-1200px.jpg 1200w, https:\/\/www.greenpeace.org\/static\/planet4-turkey-stateless\/2026\/04\/223b056d-gp0su8rhj_medium-res-with-credit-line-1200px-300x169.jpg 300w, https:\/\/www.greenpeace.org\/static\/planet4-turkey-stateless\/2026\/04\/223b056d-gp0su8rhj_medium-res-with-credit-line-1200px-1024x576.jpg 1024w, https:\/\/www.greenpeace.org\/static\/planet4-turkey-stateless\/2026\/04\/223b056d-gp0su8rhj_medium-res-with-credit-line-1200px-768x432.jpg 768w, https:\/\/www.greenpeace.org\/static\/planet4-turkey-stateless\/2026\/04\/223b056d-gp0su8rhj_medium-res-with-credit-line-1200px-510x287.jpg 510w\" sizes=\"auto, (max-width: 1200px) 100vw, 1200px\" data-image-size=\"post-thumbnail\" data-stateless-media-bucket=\"planet4-turkey-stateless\" data-stateless-media-name=\"2026\/04\/223b056d-gp0su8rhj_medium-res-with-credit-line-1200px.jpg\" \/><\/a><\/figure>\n\n        <div class=\"wp-block-group is-layout-flow wp-block-group-is-layout-flow\">\n                <div class=\"wp-block-group is-layout-flex wp-block-group-is-layout-flex\"><div class=\"wp-block-post-terms\"><a href=\"https:\/\/www.greenpeace.org\/turkey\/category\/sorunlar-ve-cozumler\/\">\u00c7al\u0131\u015ft\u0131\u011f\u0131m\u0131z Alanlar<\/a><\/div>\n                <div class=\"taxonomy-post_tag wp-block-post-terms\"><a href=\"https:\/\/www.greenpeace.org\/turkey\/tag\/iklim-adaleti\/\" rel=\"tag\">\u0130klim Adaleti<\/a><\/div>\n                \n                <\/div>\n                \n        <h3 class=\"wp-block-post-title\"><a href=\"https:\/\/www.greenpeace.org\/turkey\/blog\/santa-marta-konferansinda-gundem-kuresel-enerji-krizi-260429-2\/\" target=\"_self\" >Fosil yak\u0131tlar\u0131n kullan\u0131m\u0131na son vermeyi ama\u00e7layan Santa Marta konferans\u0131nda g\u00fcndem k\u00fcresel enerji krizi<\/a><\/h3>\n        <div class=\"wp-block-post-excerpt\"><p class=\"wp-block-post-excerpt__excerpt\">Santa Marta, Kolombiya \u2013 Greenpeace, Santa Marta konferans\u0131na kat\u0131lan h\u00fck\u00fcmetlere, \u0130ran\u2019a kar\u015f\u0131 s\u00fcren sava\u015f\u0131n yaratt\u0131\u011f\u0131 mevcut enerji arz\u0131 krizini f\u0131rsat bilerek, insanlar\u0131 koruyan ve uzun vadeli iklim ve enerji istikrar\u0131&hellip; <\/p><\/div>\n        \n        <div class=\"wp-block-group posts-list-meta is-layout-flow wp-block-group-is-layout-flow\"><span class='article-list-item-author'><a href='https:\/\/www.greenpeace.org\/turkey\/author\/bececeli\/'>Greenpeace T\u00fcrkiye<\/a><\/span>\n        <div class=\"wp-block-post-date\"><time datetime=\"2026-04-29T13:23:24+03:00\">29 Nisan 2026<\/time><\/div>\n        \n        <\/div>\n        <\/div>\n        <\/div>\n\n            <\/li><li class=\"wp-block-post post-10076 post type-post status-publish format-standard has-post-thumbnail hentry category-sorunlar-ve-cozumler category-enerji category-iklim-adaleti category-iklim-krizi tag-iklim-adaleti p4-page-type-basin-bultenleri\">\n            \n<div class=\"wp-block-columns is-layout-flex wp-container-core-columns-is-layout-9d6595d7 wp-block-columns-is-layout-flex\"><figure class=\"wp-block-post-featured-image\"><a href=\"https:\/\/www.greenpeace.org\/turkey\/basin-bultenleri\/santa-marta-konferansinda-gundem-kuresel-enerji-krizi-260429\/\" target=\"_self\"  ><img loading=\"lazy\" decoding=\"async\" width=\"1200\" height=\"900\" src=\"https:\/\/www.greenpeace.org\/static\/planet4-turkey-stateless\/2026\/04\/ff0a9ce3-gp0su8rhs_medium-res-with-credit-line-1200px.jpg\" class=\"attachment-post-thumbnail size-post-thumbnail wp-post-image wp-stateless-item\" alt=\"Fosil yak\u0131tlar\u0131n kullan\u0131m\u0131na son vermeyi ama\u00e7layan Santa Marta konferans\u0131nda g\u00fcndem k\u00fcresel enerji krizi\" style=\"object-fit:cover;\" srcset=\"https:\/\/www.greenpeace.org\/static\/planet4-turkey-stateless\/2026\/04\/ff0a9ce3-gp0su8rhs_medium-res-with-credit-line-1200px.jpg 1200w, https:\/\/www.greenpeace.org\/static\/planet4-turkey-stateless\/2026\/04\/ff0a9ce3-gp0su8rhs_medium-res-with-credit-line-1200px-300x225.jpg 300w, https:\/\/www.greenpeace.org\/static\/planet4-turkey-stateless\/2026\/04\/ff0a9ce3-gp0su8rhs_medium-res-with-credit-line-1200px-1024x768.jpg 1024w, https:\/\/www.greenpeace.org\/static\/planet4-turkey-stateless\/2026\/04\/ff0a9ce3-gp0su8rhs_medium-res-with-credit-line-1200px-768x576.jpg 768w, https:\/\/www.greenpeace.org\/static\/planet4-turkey-stateless\/2026\/04\/ff0a9ce3-gp0su8rhs_medium-res-with-credit-line-1200px-453x340.jpg 453w\" sizes=\"auto, (max-width: 1200px) 100vw, 1200px\" data-image-size=\"post-thumbnail\" data-stateless-media-bucket=\"planet4-turkey-stateless\" data-stateless-media-name=\"2026\/04\/ff0a9ce3-gp0su8rhs_medium-res-with-credit-line-1200px.jpg\" \/><\/a><\/figure>\n\n        <div class=\"wp-block-group is-layout-flow wp-block-group-is-layout-flow\">\n                <div class=\"wp-block-group is-layout-flex wp-block-group-is-layout-flex\"><div class=\"wp-block-post-terms\"><a href=\"https:\/\/www.greenpeace.org\/turkey\/category\/sorunlar-ve-cozumler\/\">\u00c7al\u0131\u015ft\u0131\u011f\u0131m\u0131z Alanlar<\/a><\/div>\n                <div class=\"taxonomy-post_tag wp-block-post-terms\"><a href=\"https:\/\/www.greenpeace.org\/turkey\/tag\/iklim-adaleti\/\" rel=\"tag\">\u0130klim Adaleti<\/a><\/div>\n                \n                <\/div>\n                \n        <h3 class=\"wp-block-post-title\"><a href=\"https:\/\/www.greenpeace.org\/turkey\/basin-bultenleri\/santa-marta-konferansinda-gundem-kuresel-enerji-krizi-260429\/\" target=\"_self\" >Fosil yak\u0131tlar\u0131n kullan\u0131m\u0131na son vermeyi ama\u00e7layan Santa Marta konferans\u0131nda g\u00fcndem k\u00fcresel enerji krizi<\/a><\/h3>\n        <div class=\"wp-block-post-excerpt\"><p class=\"wp-block-post-excerpt__excerpt\">Santa Marta, Kolombiya \u2013 Greenpeace, Santa Marta konferans\u0131na kat\u0131lan h\u00fck\u00fcmetlere, \u0130ran\u2019a kar\u015f\u0131 s\u00fcren sava\u015f\u0131n yaratt\u0131\u011f\u0131 mevcut enerji arz\u0131 krizini f\u0131rsat bilerek, insanlar\u0131 koruyan ve uzun vadeli iklim ve enerji istikrar\u0131&hellip; <\/p><\/div>\n        \n        <div class=\"wp-block-group posts-list-meta is-layout-flow wp-block-group-is-layout-flow\"><span class='article-list-item-author'><a href='https:\/\/www.greenpeace.org\/turkey\/author\/bececeli\/'>Greenpeace T\u00fcrkiye<\/a><\/span>\n        <div class=\"wp-block-post-date\"><time datetime=\"2026-04-29T13:20:14+03:00\">29 Nisan 2026<\/time><\/div>\n        \n        <\/div>\n        <\/div>\n        <\/div>\n\n            <\/li><li class=\"wp-block-post post-10069 post type-post status-publish format-standard has-post-thumbnail hentry category-sorunlar-ve-cozumler category-iklim-adaleti p4-page-type-blog\">\n            \n<div class=\"wp-block-columns is-layout-flex wp-container-core-columns-is-layout-9d6595d7 wp-block-columns-is-layout-flex\"><figure class=\"wp-block-post-featured-image\"><a href=\"https:\/\/www.greenpeace.org\/turkey\/blog\/baris-arctic-sunrisedan-bildiriyor-1-260429\/\" target=\"_self\"  ><img loading=\"lazy\" decoding=\"async\" width=\"1200\" height=\"800\" src=\"https:\/\/www.greenpeace.org\/static\/planet4-turkey-stateless\/2026\/04\/c23f978a-gp0su8q96.jpg\" class=\"attachment-post-thumbnail size-post-thumbnail wp-post-image wp-stateless-item\" alt=\"Bar\u0131\u015f, Arctic Sunrise&#8217;dan bildiriyor #1: Sicilya&#8217;dan yola \u00e7\u0131kt\u0131k\" style=\"object-fit:cover;\" srcset=\"https:\/\/www.greenpeace.org\/static\/planet4-turkey-stateless\/2026\/04\/c23f978a-gp0su8q96.jpg 1200w, https:\/\/www.greenpeace.org\/static\/planet4-turkey-stateless\/2026\/04\/c23f978a-gp0su8q96-300x200.jpg 300w, https:\/\/www.greenpeace.org\/static\/planet4-turkey-stateless\/2026\/04\/c23f978a-gp0su8q96-1024x683.jpg 1024w, https:\/\/www.greenpeace.org\/static\/planet4-turkey-stateless\/2026\/04\/c23f978a-gp0su8q96-768x512.jpg 768w, https:\/\/www.greenpeace.org\/static\/planet4-turkey-stateless\/2026\/04\/c23f978a-gp0su8q96-510x340.jpg 510w\" sizes=\"auto, (max-width: 1200px) 100vw, 1200px\" data-image-size=\"post-thumbnail\" data-stateless-media-bucket=\"planet4-turkey-stateless\" data-stateless-media-name=\"2026\/04\/c23f978a-gp0su8q96.jpg\" \/><\/a><\/figure>\n\n        <div class=\"wp-block-group is-layout-flow wp-block-group-is-layout-flow\">\n                <div class=\"wp-block-group is-layout-flex wp-block-group-is-layout-flex\"><div class=\"wp-block-post-terms\"><a href=\"https:\/\/www.greenpeace.org\/turkey\/category\/sorunlar-ve-cozumler\/\">\u00c7al\u0131\u015ft\u0131\u011f\u0131m\u0131z Alanlar<\/a><\/div>\n                \n                \n                <\/div>\n                \n        <h3 class=\"wp-block-post-title\"><a href=\"https:\/\/www.greenpeace.org\/turkey\/blog\/baris-arctic-sunrisedan-bildiriyor-1-260429\/\" target=\"_self\" >Bar\u0131\u015f, Arctic Sunrise&#8217;dan bildiriyor #1: Sicilya&#8217;dan yola \u00e7\u0131kt\u0131k<\/a><\/h3>\n        <div class=\"wp-block-post-excerpt\"><p class=\"wp-block-post-excerpt__excerpt\">U\u00e7a\u011f\u0131m \u00e7ok erken saatte oldu\u011fu i\u00e7in geceyi havaliman\u0131nda ge\u00e7irmeye karar vermi\u015ftim. Sabah, kapal\u0131 bir havada Katanya\u2019ya indim. Gemiye en son binen ki\u015filerden biri oldu\u011fum i\u00e7in yan\u0131mda ekibe ula\u015ft\u0131r\u0131lacak bir s\u00fcr\u00fc&hellip; <\/p><\/div>\n        \n        <div class=\"wp-block-group posts-list-meta is-layout-flow wp-block-group-is-layout-flow\"><span class='article-list-item-author'>Bar\u0131\u015f Ece\u00e7elik<\/span>\n        <div class=\"wp-block-post-date\"><time datetime=\"2026-04-29T09:33:59+03:00\">29 Nisan 2026<\/time><\/div>\n        \n        <\/div>\n        <\/div>\n        <\/div>\n\n            <\/li><\/ul>\n\n    \n<div class=\"wp-block-buttons carousel-controls is-horizontal is-content-justification-space-between is-nowrap is-layout-flex wp-container-core-buttons-is-layout-044bd602 wp-block-buttons-is-layout-flex\">\n            <div class=\"wp-block-button carousel-control-prev\"><button type=\"button\" class=\"wp-block-button__link wp-element-button\">Prev<\/button><\/div>\n        \n\n            <div class=\"wp-block-button carousel-control-next\"><button type=\"button\" class=\"wp-block-button__link wp-element-button\">Next<\/button><\/div>\n        <\/div>\n\n\n    <li class=\" wp-block-navigation-item see-all-link wp-block-navigation-link\"><a class=\"wp-block-navigation-item__content\"  href=\"http:\/\/www.greenpeace.org\/turkey\/news-stories\/\"><span class=\"wp-block-navigation-item__label\">See all stories<\/span><\/a><\/li><\/div>\n    ","protected":false},"excerpt":{"rendered":"<p>\u015eehrindeki \u00fcretici pazar\u0131 nerede? Hangi g\u00fcnler a\u00e7\u0131k? Nas\u0131l gidebilirsin?<\/p>\n","protected":false},"author":25,"featured_media":1726,"parent":0,"menu_order":0,"comment_status":"closed","ping_status":"closed","template":"","meta":{"ep_exclude_from_search":false,"p4_hide_page_title_checkbox":"","p4_title":"","p4_subtitle":"","p4_description":"","background_image_id":"","background_image":"","p4_button_title":"","p4_button_link":"","p4_button_link_checkbox":"","p4_og_title":"","p4_og_description":"","p4_og_image":"https:\/\/www.greenpeace.org\/static\/planet4-turkey-stateless\/2019\/12\/7f40906d-uretici-pazarlari-graph.png","p4_og_image_id":"1738","p4_seo_canonical_url":"","p4_campaign_name":"not set","p4_local_project":"not set","p4_basket_name":"not set","p4_department":"","footnotes":""},"categories":[3],"tags":[30],"class_list":["post-1727","page","type-page","status-publish","has-post-thumbnail","hentry","category-biyocesitlilik-doga","tag-gidatarim"],"_links":{"self":[{"href":"https:\/\/www.greenpeace.org\/turkey\/wp-json\/wp\/v2\/pages\/1727","targetHints":{"allow":["GET"]}}],"collection":[{"href":"https:\/\/www.greenpeace.org\/turkey\/wp-json\/wp\/v2\/pages"}],"about":[{"href":"https:\/\/www.greenpeace.org\/turkey\/wp-json\/wp\/v2\/types\/page"}],"author":[{"embeddable":true,"href":"https:\/\/www.greenpeace.org\/turkey\/wp-json\/wp\/v2\/users\/25"}],"replies":[{"embeddable":true,"href":"https:\/\/www.greenpeace.org\/turkey\/wp-json\/wp\/v2\/comments?post=1727"}],"version-history":[{"count":20,"href":"https:\/\/www.greenpeace.org\/turkey\/wp-json\/wp\/v2\/pages\/1727\/revisions"}],"predecessor-version":[{"id":9574,"href":"https:\/\/www.greenpeace.org\/turkey\/wp-json\/wp\/v2\/pages\/1727\/revisions\/9574"}],"wp:featuredmedia":[{"embeddable":true,"href":"https:\/\/www.greenpeace.org\/turkey\/wp-json\/wp\/v2\/media\/1726"}],"wp:attachment":[{"href":"https:\/\/www.greenpeace.org\/turkey\/wp-json\/wp\/v2\/media?parent=1727"}],"wp:term":[{"taxonomy":"category","embeddable":true,"href":"https:\/\/www.greenpeace.org\/turkey\/wp-json\/wp\/v2\/categories?post=1727"},{"taxonomy":"post_tag","embeddable":true,"href":"https:\/\/www.greenpeace.org\/turkey\/wp-json\/wp\/v2\/tags?post=1727"}],"curies":[{"name":"wp","href":"https:\/\/api.w.org\/{rel}","templated":true}]}}